{"id":43313,"date":"2025-03-28T14:50:45","date_gmt":"2025-03-28T13:50:45","guid":{"rendered":"https:\/\/www.abk-stuttgart.de\/academy\/contact-persons-for-sexual-harassment-and-anti-discrimination\/"},"modified":"2026-04-28T15:03:03","modified_gmt":"2026-04-28T13:03:03","slug":"contact-persons-for-sexual-harassment-and-anti-discrimination","status":"publish","type":"academy","link":"https:\/\/www.abk-stuttgart.de\/en\/academy\/contact-persons-for-sexual-harassment-and-anti-discrimination\/","title":{"rendered":"Contact person for sexual harassment and anti-discrimination"},"content":{"rendered":"\n<div class=\"block block-gallery size--big\" data-count=\"1\">\n\n    <div class=\"slider\">\n        \n            \n            \n                \n                <div class=\"slider__slide width--full fit--cover type--image\"  style=\"background-color:#ffffff\" >\n                    \n\n    \n<figure class=\"ratio--landscape\" style=\"--ratio:1.5001464986815\">\n\n    <img decoding=\"async\"\n        class=\"lozad\"\n        src=\"data:image\/gif;base64,R0lGODlhAQABAIAAAAAAAP\/\/\/yH5BAEAAAAALAAAAAABAAEAAAIBRAA7\"\n        data-src=\"https:\/\/www.abk-stuttgart.de\/wp-content\/uploads\/2024\/05\/abk_campus_gesamtansicht_nb1_nb2_gonzalez_2019-320x213.jpg\"\n        data-srcset=\"https:\/\/www.abk-stuttgart.de\/wp-content\/uploads\/2024\/05\/abk_campus_gesamtansicht_nb1_nb2_gonzalez_2019-2048x1365.jpg 2048w, https:\/\/www.abk-stuttgart.de\/wp-content\/uploads\/2024\/05\/abk_campus_gesamtansicht_nb1_nb2_gonzalez_2019-1600x1067.jpg 1600w, https:\/\/www.abk-stuttgart.de\/wp-content\/uploads\/2024\/05\/abk_campus_gesamtansicht_nb1_nb2_gonzalez_2019-1440x960.jpg 1440w, https:\/\/www.abk-stuttgart.de\/wp-content\/uploads\/2024\/05\/abk_campus_gesamtansicht_nb1_nb2_gonzalez_2019-1024x683.jpg 1024w, https:\/\/www.abk-stuttgart.de\/wp-content\/uploads\/2024\/05\/abk_campus_gesamtansicht_nb1_nb2_gonzalez_2019.jpg 800w, https:\/\/www.abk-stuttgart.de\/wp-content\/uploads\/2024\/05\/abk_campus_gesamtansicht_nb1_nb2_gonzalez_2019.jpg 640w, https:\/\/www.abk-stuttgart.de\/wp-content\/uploads\/2024\/05\/abk_campus_gesamtansicht_nb1_nb2_gonzalez_2019-320x213.jpg 320w\"\n        data-sizes=\"100vw\"\n        data-iesrc=\"https:\/\/www.abk-stuttgart.de\/wp-content\/uploads\/2024\/05\/abk_campus_gesamtansicht_nb1_nb2_gonzalez_2019.jpg\"\n        alt=\"\"\n        data-ratio=\"1.5001464986815\"\n        style=\"display:block;min-height:1rem;opacity:1;\"\n    \/>\n\n<\/figure>\n\n\n    \n\n<div class=\"mediainfo\" data-id=\"image-793\">\n    <button class=\"btn btn--circle btn-mediainfoclose\" aria-label=\"Close media info\"><span>&times;<\/span><\/button>\n    <div class=\"mediainfo--innerwrapper\">\n        <div class=\"mediainfo--inner\">\n            <div class=\"mediainfo--content\">\n\n                <div class=\"preview\">No Preview<\/div>\n\n                \n                                                            \n                            <\/div>\n        <\/div>\n    <\/div>\n<\/div>\n\n    \n\n    <div class=\"media-interface\">\n\n        <button class=\"btn btn--circle btn-mediainfo\" data-id=\"image-793\" aria-label=\"Open media info\"><span>i<\/span><\/button>\n\n        \n    <\/div>\n\n                <\/div>\n            \n            <\/div>\n    <button class=\"slider__button slider__button--prev keyboard-navigation-only\" aria-label=\"Previous slide\"><\/button>\n    <button class=\"slider__button slider__button--next keyboard-navigation-only\" aria-label=\"Next slide\"><\/button>\n<\/div>\n\n<details class=\"block-bundle collapse-section\">\n    <summary class=\"block block-subsection-title\">\n        <h3>Contact persons for sexual harassment<\/h3>    <\/summary>\n    \n\n    <div class=\"block block-text\">\n        <div class=\"fs-text\">\n            \n<p>Die Ansprechpersonen f&uuml;r Fragen im Zusammenhang mit sexueller Bel&auml;stigung kl&auml;ren weibliche und m&auml;nnliche Mitglieder und Angeh&ouml;rige der ABK Stuttgart in Fragen im Zusammenhang mit sexueller Bel&auml;stigung &uuml;ber interne und externe M&ouml;glichkeiten der Beratung und Information auf. Die Gespr&auml;che sind selbstverst&auml;ndlich vertraulich.<\/p>\n\n        <\/div>\n    <\/div>\n\n\n\n<div class=\"block block-teaser block-link block-card person has-image has-backgroundcolor\" style=\"--color-bg: var(--color-coral);\">\n\n        <a href=\"https:\/\/www.abk-stuttgart.de\/en\/person\/carmen-westermeier-2\/\"\n        class=\"block-link__link\"\n        aria-label=\"Zur Personenseite von Carmen Westermeier\">\n    <\/a>\n\n                <div class=\"area image\">\n            \n\n    \n<figure class=\"ratio--landscape\" style=\"--ratio:1\">\n\n    <img decoding=\"async\"\n        class=\"lozad\"\n        src=\"data:image\/gif;base64,R0lGODlhAQABAIAAAAAAAP\/\/\/yH5BAEAAAAALAAAAAABAAEAAAIBRAA7\"\n        data-src=\"https:\/\/www.abk-stuttgart.de\/wp-content\/uploads\/2024\/06\/P_Westermeier_Carmen_privat-320x320.jpg\"\n        data-srcset=\"https:\/\/www.abk-stuttgart.de\/wp-content\/uploads\/2024\/06\/P_Westermeier_Carmen_privat.jpg 2048w, https:\/\/www.abk-stuttgart.de\/wp-content\/uploads\/2024\/06\/P_Westermeier_Carmen_privat.jpg 1600w, https:\/\/www.abk-stuttgart.de\/wp-content\/uploads\/2024\/06\/P_Westermeier_Carmen_privat.jpg 1440w, https:\/\/www.abk-stuttgart.de\/wp-content\/uploads\/2024\/06\/P_Westermeier_Carmen_privat.jpg 1024w, https:\/\/www.abk-stuttgart.de\/wp-content\/uploads\/2024\/06\/P_Westermeier_Carmen_privat.jpg 800w, https:\/\/www.abk-stuttgart.de\/wp-content\/uploads\/2024\/06\/P_Westermeier_Carmen_privat.jpg 640w, https:\/\/www.abk-stuttgart.de\/wp-content\/uploads\/2024\/06\/P_Westermeier_Carmen_privat-320x320.jpg 320w\"\n        data-sizes=\"100vw\"\n        data-iesrc=\"https:\/\/www.abk-stuttgart.de\/wp-content\/uploads\/2024\/06\/P_Westermeier_Carmen_privat.jpg\"\n        alt=\"Portr\u00e4tfoto Carmen Westermeier\"\n        data-ratio=\"1\"\n        style=\"display:block;min-height:1rem;opacity:1;\"\n    \/>\n\n<\/figure>\n\n\n        <\/div>\n    \n        <div class=\"area text\">\n\n                    <div class=\"meta-container\">\n                <span class=\"subhead top\">Dipl.-K\u00fcnstlerin<\/span>\n            <\/div>\n        \n        <div class=\"title\">\n            <span>Carmen Westermeier<\/span>\n\n                    <\/div>\n\n                    <div class=\"description\">\n                <p>Academic associate for Art Education and Educational Sciences in the Department of Art. Contact person for sexual harassment and Equal Opportunities Officer of ABK. Member of the Senate and the University Board<\/p>\n            <\/div>\n        \n                    <div class=\"description\">\n                <p>Campus Wei\u00dfenhof, Neubau 2<\/p>\n            <\/div>\n        \n                <div class=\"btn-group\">\n\n            \n<a\n    href=\"mailto:carmen.westermeier@abk-stuttgart.de\"\n   class=\"link btn btn--default type-mail has-icon icon-left\"\n    target=\"_blank\" rel=\"noopener noreferrer\"   data-type=\"mail\"\n      >\n\n            <span class=\"shrink-to-fit\">carmen.westermeier@abk-stuttgart.de<\/span>\n    \n    \n    \n            <svg width=\"25\" height=\"25\" viewBox=\"0 0 25 25\" fill=\"none\" xmlns=\"http:\/\/www.w3.org\/2000\/svg\">\n    <path d=\"M18.1328 7.86621L12.4995 13.0662L6.86615 7.86621\" stroke=\"black\" \/>\n    <rect x=\"6.5\" y=\"7.5\" width=\"12\" height=\"9.4\" stroke=\"black\" \/>\n<\/svg>\n    <\/a>\n\n<a\n    href=\"\"\n   class=\"link btn btn--default type-download has-icon icon-left\"\n    target=\"_blank\" rel=\"noopener noreferrer\"   data-type=\"download\"\n      >\n\n    \n            <span class=\"filetype\">VCF<\/span>\n    \n    \n            <svg width=\"25\" height=\"25\" viewBox=\"0 0 25 25\" fill=\"none\" xmlns=\"http:\/\/www.w3.org\/2000\/svg\">\n    <path d=\"M18 10.5L12.5 15L7 10.5\" stroke=\"black\" \/>\n    <path d=\"M12.5 6V15\" stroke=\"black\" \/>\n    <path d=\"M18 19H7\" stroke=\"black\" \/>\n<\/svg>\n    <\/a>\n\n        <\/div>\n\n    <\/div>\n\n<\/div>\n\n\n<div class=\"block block-teaser block-link block-card person has-image has-backgroundcolor\" style=\"--color-bg: var(--color-coral);\">\n\n        <a href=\"https:\/\/www.abk-stuttgart.de\/en\/person\/wolfgang-mayer-2\/\"\n        class=\"block-link__link\"\n        aria-label=\"Zur Personenseite von Wolfgang Mayer\">\n    <\/a>\n\n                <div class=\"area image\">\n            \n\n    \n<figure class=\"ratio--portrait\" style=\"--ratio:0.95833333333333\">\n\n    <img decoding=\"async\"\n        class=\"lozad\"\n        src=\"data:image\/gif;base64,R0lGODlhAQABAIAAAAAAAP\/\/\/yH5BAEAAAAALAAAAAABAAEAAAIBRAA7\"\n        data-src=\"https:\/\/www.abk-stuttgart.de\/wp-content\/uploads\/2024\/05\/mayer_portrait_abk_big-1.jpg\"\n        data-srcset=\"https:\/\/www.abk-stuttgart.de\/wp-content\/uploads\/2024\/05\/mayer_portrait_abk_big-1.jpg 2048w, https:\/\/www.abk-stuttgart.de\/wp-content\/uploads\/2024\/05\/mayer_portrait_abk_big-1.jpg 1600w, https:\/\/www.abk-stuttgart.de\/wp-content\/uploads\/2024\/05\/mayer_portrait_abk_big-1.jpg 1440w, https:\/\/www.abk-stuttgart.de\/wp-content\/uploads\/2024\/05\/mayer_portrait_abk_big-1.jpg 1024w, https:\/\/www.abk-stuttgart.de\/wp-content\/uploads\/2024\/05\/mayer_portrait_abk_big-1.jpg 800w, https:\/\/www.abk-stuttgart.de\/wp-content\/uploads\/2024\/05\/mayer_portrait_abk_big-1.jpg 640w, https:\/\/www.abk-stuttgart.de\/wp-content\/uploads\/2024\/05\/mayer_portrait_abk_big-1.jpg 320w\"\n        data-sizes=\"100vw\"\n        data-iesrc=\"https:\/\/www.abk-stuttgart.de\/wp-content\/uploads\/2024\/05\/mayer_portrait_abk_big-1.jpg\"\n        alt=\"Schwarz-Wei\u00df-Portr\u00e4t einer Person mit glattem, hellem, zur Seite gek\u00e4mmtem Haar, Ohrringen und direktem Blick in die Kamera vor einem dunklen Hintergrund.\"\n        data-ratio=\"0.95833333333333\"\n        style=\"display:block;min-height:1rem;opacity:1;\"\n    \/>\n\n<\/figure>\n\n\n        <\/div>\n    \n        <div class=\"area text\">\n\n                    <div class=\"meta-container\">\n                <span class=\"subhead top\">Prof.<\/span>\n            <\/div>\n        \n        <div class=\"title\">\n            <span>Wolfgang Mayer<\/span>\n\n                    <\/div>\n\n                    <div class=\"description\">\n                <p>Professor of Body, Theory and the Poetics of the Performative in the Department of Art.\u00a0Contact person for sexual harassment and anti-discrimination<\/p>\n<p>&nbsp;<\/p>\n<p>&nbsp;<\/p>\n            <\/div>\n        \n                    <div class=\"description\">\n                <p>Au\u00dfenstelle Mozartstra\u00dfe<\/p>\n            <\/div>\n        \n                <div class=\"btn-group\">\n\n            \n<a\n    href=\"tel:+49711609763\"\n   class=\"link btn btn--default type-phone has-icon icon-left fs-uppercase\"\n    target=\"_blank\" rel=\"noopener noreferrer\"   data-type=\"phone\"\n      >\n\n            <span class=\"shrink-to-fit\">+49 711 609763<\/span>\n    \n    \n    \n            <svg width=\"25\" height=\"25\" viewBox=\"0 0 25 25\" fill=\"none\" xmlns=\"http:\/\/www.w3.org\/2000\/svg\">\n    <path d=\"M16.3886 14.7105L19 18.6969L17.1097 19.9138C13.3307 20.482 10.6279 18.1526 8.843 15.4993C7.12395 12.8036 6.07668 9.40838 8.13738 6.21696L10.0277 5L12.6167 8.95233L9.8672 10.7225C11.134 13.1039 11.9599 14.3647 13.6392 16.4806L16.3886 14.7105Z\" stroke=\"black\" \/>\n<\/svg>\n    <\/a>\n\n<a\n    href=\"mailto:wolfgang.mayer@abk-stuttgart.de\"\n   class=\"link btn btn--default type-mail has-icon icon-left\"\n    target=\"_blank\" rel=\"noopener noreferrer\"   data-type=\"mail\"\n      >\n\n            <span class=\"shrink-to-fit\">wolfgang.mayer@abk-stuttgart.de<\/span>\n    \n    \n    \n            <svg width=\"25\" height=\"25\" viewBox=\"0 0 25 25\" fill=\"none\" xmlns=\"http:\/\/www.w3.org\/2000\/svg\">\n    <path d=\"M18.1328 7.86621L12.4995 13.0662L6.86615 7.86621\" stroke=\"black\" \/>\n    <rect x=\"6.5\" y=\"7.5\" width=\"12\" height=\"9.4\" stroke=\"black\" \/>\n<\/svg>\n    <\/a>\n\n<a\n    href=\"\"\n   class=\"link btn btn--default type-download has-icon icon-left\"\n    target=\"_blank\" rel=\"noopener noreferrer\"   data-type=\"download\"\n      >\n\n    \n            <span class=\"filetype\">VCF<\/span>\n    \n    \n            <svg width=\"25\" height=\"25\" viewBox=\"0 0 25 25\" fill=\"none\" xmlns=\"http:\/\/www.w3.org\/2000\/svg\">\n    <path d=\"M18 10.5L12.5 15L7 10.5\" stroke=\"black\" \/>\n    <path d=\"M12.5 6V15\" stroke=\"black\" \/>\n    <path d=\"M18 19H7\" stroke=\"black\" \/>\n<\/svg>\n    <\/a>\n\n        <\/div>\n\n    <\/div>\n\n<\/div>\n\n<\/details>\n\n<details class=\"block-bundle collapse-section\">\n    <summary class=\"block block-subsection-title\">\n        <h3>Contact persons for anti-discrimination<\/h3>    <\/summary>\n    \n\n    <div class=\"block block-text\">\n        <div class=\"fs-text\">\n            \n<p>Die Ansprechpersonen f&uuml;r Antidiskriminierung sorgen daf&uuml;r, dass Mitglieder und Angeh&ouml;rige der Hochschule vor Diskriminierungen aus rassistischen Gr&uuml;nden, wegen der ethnischen Herkunft oder der religi&ouml;sen und weltanschaulichen Identit&auml;t gesch&uuml;tzt werden. Die Gespr&auml;che sind selbstverst&auml;ndlich vertraulich.<\/p>\n\n        <\/div>\n    <\/div>\n\n\n\n<div class=\"block block-teaser block-link block-card person has-image has-backgroundcolor\" style=\"--color-bg: var(--color-coral);\">\n\n        <a href=\"https:\/\/www.abk-stuttgart.de\/en\/person\/lisa-dautel-2\/\"\n        class=\"block-link__link\"\n        aria-label=\"Zur Personenseite von Lisa Dautel M.A.\">\n    <\/a>\n\n                <div class=\"area image\">\n            \n\n    \n<figure class=\"ratio--landscape\" style=\"--ratio:1\">\n\n    <img decoding=\"async\"\n        class=\"lozad\"\n        src=\"data:image\/gif;base64,R0lGODlhAQABAIAAAAAAAP\/\/\/yH5BAEAAAAALAAAAAABAAEAAAIBRAA7\"\n        data-src=\"https:\/\/www.abk-stuttgart.de\/wp-content\/uploads\/2025\/01\/P_Dautel_Lisa_privat-320x320.png\"\n        data-srcset=\"https:\/\/www.abk-stuttgart.de\/wp-content\/uploads\/2025\/01\/P_Dautel_Lisa_privat.png 2048w, https:\/\/www.abk-stuttgart.de\/wp-content\/uploads\/2025\/01\/P_Dautel_Lisa_privat.png 1600w, https:\/\/www.abk-stuttgart.de\/wp-content\/uploads\/2025\/01\/P_Dautel_Lisa_privat.png 1440w, https:\/\/www.abk-stuttgart.de\/wp-content\/uploads\/2025\/01\/P_Dautel_Lisa_privat.png 1024w, https:\/\/www.abk-stuttgart.de\/wp-content\/uploads\/2025\/01\/P_Dautel_Lisa_privat.png 800w, https:\/\/www.abk-stuttgart.de\/wp-content\/uploads\/2025\/01\/P_Dautel_Lisa_privat-320x320.png 640w, https:\/\/www.abk-stuttgart.de\/wp-content\/uploads\/2025\/01\/P_Dautel_Lisa_privat-320x320.png 320w\"\n        data-sizes=\"100vw\"\n        data-iesrc=\"https:\/\/www.abk-stuttgart.de\/wp-content\/uploads\/2025\/01\/P_Dautel_Lisa_privat.png\"\n        alt=\"\"\n        data-ratio=\"1\"\n        style=\"display:block;min-height:1rem;opacity:1;\"\n    \/>\n\n<\/figure>\n\n\n        <\/div>\n    \n        <div class=\"area text\">\n\n        \n        <div class=\"title\">\n            <span>Lisa Dautel M.A.<\/span>\n\n                    <\/div>\n\n                    <div class=\"description\">\n                <p>Academic associate\u00a0for Urban Design (Deputy staff) in the\u00a0Department of Architecture.\u00a0Contact person for\u00a0anti-discrimination<\/p>\n            <\/div>\n        \n                    <div class=\"description\">\n                <p>Campus Wei\u00dfenhof, Neubau 1, Room 209<\/p>\n            <\/div>\n        \n                <div class=\"btn-group\">\n\n            \n<a\n    href=\"tel:+4971128440-199\"\n   class=\"link btn btn--default type-phone has-icon icon-left fs-uppercase\"\n    target=\"_blank\" rel=\"noopener noreferrer\"   data-type=\"phone\"\n      >\n\n            <span class=\"shrink-to-fit\">+49 711 28440-199<\/span>\n    \n    \n    \n            <svg width=\"25\" height=\"25\" viewBox=\"0 0 25 25\" fill=\"none\" xmlns=\"http:\/\/www.w3.org\/2000\/svg\">\n    <path d=\"M16.3886 14.7105L19 18.6969L17.1097 19.9138C13.3307 20.482 10.6279 18.1526 8.843 15.4993C7.12395 12.8036 6.07668 9.40838 8.13738 6.21696L10.0277 5L12.6167 8.95233L9.8672 10.7225C11.134 13.1039 11.9599 14.3647 13.6392 16.4806L16.3886 14.7105Z\" stroke=\"black\" \/>\n<\/svg>\n    <\/a>\n\n<a\n    href=\"mailto:lisa.dautel@abk-stuttgart.de\"\n   class=\"link btn btn--default type-mail has-icon icon-left\"\n    target=\"_blank\" rel=\"noopener noreferrer\"   data-type=\"mail\"\n      >\n\n            <span class=\"shrink-to-fit\">lisa.dautel@abk-stuttgart.de<\/span>\n    \n    \n    \n            <svg width=\"25\" height=\"25\" viewBox=\"0 0 25 25\" fill=\"none\" xmlns=\"http:\/\/www.w3.org\/2000\/svg\">\n    <path d=\"M18.1328 7.86621L12.4995 13.0662L6.86615 7.86621\" stroke=\"black\" \/>\n    <rect x=\"6.5\" y=\"7.5\" width=\"12\" height=\"9.4\" stroke=\"black\" \/>\n<\/svg>\n    <\/a>\n\n<a\n    href=\"\"\n   class=\"link btn btn--default type-download has-icon icon-left\"\n    target=\"_blank\" rel=\"noopener noreferrer\"   data-type=\"download\"\n      >\n\n    \n            <span class=\"filetype\">VCF<\/span>\n    \n    \n            <svg width=\"25\" height=\"25\" viewBox=\"0 0 25 25\" fill=\"none\" xmlns=\"http:\/\/www.w3.org\/2000\/svg\">\n    <path d=\"M18 10.5L12.5 15L7 10.5\" stroke=\"black\" \/>\n    <path d=\"M12.5 6V15\" stroke=\"black\" \/>\n    <path d=\"M18 19H7\" stroke=\"black\" \/>\n<\/svg>\n    <\/a>\n\n        <\/div>\n\n    <\/div>\n\n<\/div>\n\n\n<div class=\"block block-teaser block-link block-card person has-image has-backgroundcolor\" style=\"--color-bg: var(--color-coral);\">\n\n        <a href=\"https:\/\/www.abk-stuttgart.de\/en\/person\/wolfgang-mayer-2\/\"\n        class=\"block-link__link\"\n        aria-label=\"Zur Personenseite von Wolfgang Mayer\">\n    <\/a>\n\n                <div class=\"area image\">\n            \n\n    \n<figure class=\"ratio--portrait\" style=\"--ratio:0.95833333333333\">\n\n    <img decoding=\"async\"\n        class=\"lozad\"\n        src=\"data:image\/gif;base64,R0lGODlhAQABAIAAAAAAAP\/\/\/yH5BAEAAAAALAAAAAABAAEAAAIBRAA7\"\n        data-src=\"https:\/\/www.abk-stuttgart.de\/wp-content\/uploads\/2024\/05\/mayer_portrait_abk_big-1.jpg\"\n        data-srcset=\"https:\/\/www.abk-stuttgart.de\/wp-content\/uploads\/2024\/05\/mayer_portrait_abk_big-1.jpg 2048w, https:\/\/www.abk-stuttgart.de\/wp-content\/uploads\/2024\/05\/mayer_portrait_abk_big-1.jpg 1600w, https:\/\/www.abk-stuttgart.de\/wp-content\/uploads\/2024\/05\/mayer_portrait_abk_big-1.jpg 1440w, https:\/\/www.abk-stuttgart.de\/wp-content\/uploads\/2024\/05\/mayer_portrait_abk_big-1.jpg 1024w, https:\/\/www.abk-stuttgart.de\/wp-content\/uploads\/2024\/05\/mayer_portrait_abk_big-1.jpg 800w, https:\/\/www.abk-stuttgart.de\/wp-content\/uploads\/2024\/05\/mayer_portrait_abk_big-1.jpg 640w, https:\/\/www.abk-stuttgart.de\/wp-content\/uploads\/2024\/05\/mayer_portrait_abk_big-1.jpg 320w\"\n        data-sizes=\"100vw\"\n        data-iesrc=\"https:\/\/www.abk-stuttgart.de\/wp-content\/uploads\/2024\/05\/mayer_portrait_abk_big-1.jpg\"\n        alt=\"Schwarz-Wei\u00df-Portr\u00e4t einer Person mit glattem, hellem, zur Seite gek\u00e4mmtem Haar, Ohrringen und direktem Blick in die Kamera vor einem dunklen Hintergrund.\"\n        data-ratio=\"0.95833333333333\"\n        style=\"display:block;min-height:1rem;opacity:1;\"\n    \/>\n\n<\/figure>\n\n\n        <\/div>\n    \n        <div class=\"area text\">\n\n                    <div class=\"meta-container\">\n                <span class=\"subhead top\">Prof.<\/span>\n            <\/div>\n        \n        <div class=\"title\">\n            <span>Wolfgang Mayer<\/span>\n\n                    <\/div>\n\n                    <div class=\"description\">\n                <p>Professor of Body, Theory and the Poetics of the Performative in the Department of Art.\u00a0Contact person for sexual harassment and anti-discrimination<\/p>\n<p>&nbsp;<\/p>\n<p>&nbsp;<\/p>\n            <\/div>\n        \n                    <div class=\"description\">\n                <p>Au\u00dfenstelle Mozartstra\u00dfe<\/p>\n            <\/div>\n        \n                <div class=\"btn-group\">\n\n            \n<a\n    href=\"tel:+49711609763\"\n   class=\"link btn btn--default type-phone has-icon icon-left fs-uppercase\"\n    target=\"_blank\" rel=\"noopener noreferrer\"   data-type=\"phone\"\n      >\n\n            <span class=\"shrink-to-fit\">+49 711 609763<\/span>\n    \n    \n    \n            <svg width=\"25\" height=\"25\" viewBox=\"0 0 25 25\" fill=\"none\" xmlns=\"http:\/\/www.w3.org\/2000\/svg\">\n    <path d=\"M16.3886 14.7105L19 18.6969L17.1097 19.9138C13.3307 20.482 10.6279 18.1526 8.843 15.4993C7.12395 12.8036 6.07668 9.40838 8.13738 6.21696L10.0277 5L12.6167 8.95233L9.8672 10.7225C11.134 13.1039 11.9599 14.3647 13.6392 16.4806L16.3886 14.7105Z\" stroke=\"black\" \/>\n<\/svg>\n    <\/a>\n\n<a\n    href=\"mailto:wolfgang.mayer@abk-stuttgart.de\"\n   class=\"link btn btn--default type-mail has-icon icon-left\"\n    target=\"_blank\" rel=\"noopener noreferrer\"   data-type=\"mail\"\n      >\n\n            <span class=\"shrink-to-fit\">wolfgang.mayer@abk-stuttgart.de<\/span>\n    \n    \n    \n            <svg width=\"25\" height=\"25\" viewBox=\"0 0 25 25\" fill=\"none\" xmlns=\"http:\/\/www.w3.org\/2000\/svg\">\n    <path d=\"M18.1328 7.86621L12.4995 13.0662L6.86615 7.86621\" stroke=\"black\" \/>\n    <rect x=\"6.5\" y=\"7.5\" width=\"12\" height=\"9.4\" stroke=\"black\" \/>\n<\/svg>\n    <\/a>\n\n<a\n    href=\"\"\n   class=\"link btn btn--default type-download has-icon icon-left\"\n    target=\"_blank\" rel=\"noopener noreferrer\"   data-type=\"download\"\n      >\n\n    \n            <span class=\"filetype\">VCF<\/span>\n    \n    \n            <svg width=\"25\" height=\"25\" viewBox=\"0 0 25 25\" fill=\"none\" xmlns=\"http:\/\/www.w3.org\/2000\/svg\">\n    <path d=\"M18 10.5L12.5 15L7 10.5\" stroke=\"black\" \/>\n    <path d=\"M12.5 6V15\" stroke=\"black\" \/>\n    <path d=\"M18 19H7\" stroke=\"black\" \/>\n<\/svg>\n    <\/a>\n\n        <\/div>\n\n    <\/div>\n\n<\/div>\n\n<\/details>\n\n<details class=\"block-bundle collapse-section\">\n    <summary class=\"block block-subsection-title\">\n        <h3>Counsel of confidence for the areas of sexualized discrimination, sexual harassment and violence<\/h3>    <\/summary>\n    \n\n    <div class=\"block block-text\">\n        <div class=\"fs-text\">\n            \n<p>Rechtsanw&auml;ltin Michaela Spandau<br>\n(Javitz &amp; Spandau Rechtsanw&auml;lte)<br>\nImmenhofer Stra&szlig;e 5<br>\n70180 Stuttgart<br>\n+49 711 673 53 70<\/p>\n<p><a href=\"mailto:vertrauensanwaeltin-mwk@rechtsanwaelte-js.de\" class=\"link btn btn--default has-icon icon-left type-mail\" target=\"blank\">\n            <span class=\"shrink-to-fit\">vertrauensanwaeltin-mwk@rechtsanwaelte-js.de<\/span>\n            <svg width=\"25\" height=\"25\" viewBox=\"0 0 25 25\" fill=\"none\">\n                <path d=\"M18.1328 7.86621L12.4995 13.0662L6.86615 7.86621\" stroke=\"black\"><\/path>\n                <rect x=\"6.5\" y=\"7.5\" width=\"12\" height=\"9.4\" stroke=\"black\"><\/rect>\n            <\/svg>\n        <\/a><\/p>\n<p><a href=\"https:\/\/mwk.baden-wuerttemberg.de\/de\/service\/anwaltliche-beratung\/vertrauensanwaeltin-fuer-sexuelle-belaestigung\" class=\"link btn btn--default has-icon icon-right type-arrow\" target=\"blank\">\n            <span class=\"shrink-to-fit\">mwk.baden-wuerttemberg.de<\/span>\n            <svg width=\"25\" height=\"25\" viewBox=\"0 0 25 25\" fill=\"none\">\n                <path d=\"M10.5 8L15.5 12.5L10.5 17\" stroke=\"black\"><\/path>\n            <\/svg>\n        <\/a><\/p>\n\n        <\/div>\n    <\/div>\n\n\n<\/details>\n","protected":false},"author":4,"featured_media":793,"parent":0,"menu_order":15,"template":"","class_list":["post-43313","academy","type-academy","status-publish","has-post-thumbnail","hentry"],"acf":[],"_links":{"self":[{"href":"https:\/\/www.abk-stuttgart.de\/en\/wp-json\/wp\/v2\/academy\/43313","targetHints":{"allow":["GET"]}}],"collection":[{"href":"https:\/\/www.abk-stuttgart.de\/en\/wp-json\/wp\/v2\/academy"}],"about":[{"href":"https:\/\/www.abk-stuttgart.de\/en\/wp-json\/wp\/v2\/types\/academy"}],"author":[{"embeddable":true,"href":"https:\/\/www.abk-stuttgart.de\/en\/wp-json\/wp\/v2\/users\/4"}],"wp:featuredmedia":[{"embeddable":true,"href":"https:\/\/www.abk-stuttgart.de\/en\/wp-json\/wp\/v2\/media\/793"}],"wp:attachment":[{"href":"https:\/\/www.abk-stuttgart.de\/en\/wp-json\/wp\/v2\/media?parent=43313"}],"curies":[{"name":"wp","href":"https:\/\/api.w.org\/{rel}","templated":true}]}}