{"id":43333,"date":"2025-03-28T14:30:31","date_gmt":"2025-03-28T13:30:31","guid":{"rendered":"https:\/\/www.abk-stuttgart.de\/academy\/representative-for-students-with-disabilities-or-chronic-illnesses-inclusion-representative\/"},"modified":"2026-04-29T15:10:52","modified_gmt":"2026-04-29T13:10:52","slug":"representative-for-students-with-disabilities-or-chronic-illnesses-inclusion-representative","status":"publish","type":"academy","link":"https:\/\/www.abk-stuttgart.de\/en\/academy\/representative-for-students-with-disabilities-or-chronic-illnesses-inclusion-representative\/","title":{"rendered":"Authorised representatives for the interests of students with disabilities or chronic illnesses (Inclusion Representative)"},"content":{"rendered":"\n    <div class=\"block block-text\">\n        <div class=\"fs-text\">\n            \n<p>From the application for a place of study to the last examination, it may be necessary to adapt the conditions of access, study and learning in such a way that students do not suffer any disadvantage due to disabilities or chronic illnesses.<\/p>\n<p>The authorised representatives can be contacted by all university members, applicants and parents. They will pass on all concerns to the appropriate office or institution or provide a solution to the multifaceted problems, whenever possible.<\/p>\n<p>The representatives support ABK Stuttgart in its tasks to address the concerns of applicants and students with disabilities or chronic illnesses regarding access, study and exam conditions. They help implement appropriate measures to enable equal participation and reduce barriers and disadvantages in higher education. In particular, the representatives work towards compensating for disadvantages in access to study programmes, in the organisation of studies and in examinations.<\/p>\n<p>The duties of the representatives for students with disabilities or chronic illnesses are enshrined in Section 18 of the ABK Stuttgart&rsquo;s Constitution (Grundordnung):<\/p>\n<p><a href=\"https:\/\/www.abk-stuttgart.de\/wp-content\/uploads\/2024\/11\/abk_Grundordnung-Lesefassung_2025.pdf\" class=\"link btn btn--default has-icon icon-left type-download\" target=\"_blank\">\n            <span class=\"shrink-to-fit\">Grundordnung ABK Stuttgart<\/span>\n            <span class=\"filetype\">pdf<\/span>\n            <svg width=\"25\" height=\"25\" viewBox=\"0 0 25 25\" fill=\"none\">\n                <path d=\"M17.9497 10.5L13 15.4498L8.05025 10.5\" stroke=\"black\"><\/path>\n                <path d=\"M13 5V15\" stroke=\"black\"><\/path>\n                <path d=\"M20 20H5\" stroke=\"black\"><\/path>\n            <\/svg>\n        <\/a><\/p>\n\n        <\/div>\n    <\/div>\n\n\n\n<details class=\"block-bundle collapse-section\">\n    <summary class=\"block block-subsection-title\">\n        <h3>Counselling services<\/h3>    <\/summary>\n    \n\n    <div class=\"block block-text\">\n        <div class=\"fs-text\">\n            \n<p>If you are experiencing mental health issues, you can seek advice from an external counsellor. The student representative for students with disabilities or chronic illnesses is also always available to listen to your concerns.<\/p>\n<p>However, in order to be able to help, everyone involved relies on being informed by those affected about their disability or other limitations, chronic illness, or any requests and suggestions they may have. It is therefore our hope and our goal that you make use of this resource in good time so that your studies can proceed as smoothly as possible.<\/p>\n<p>Should an application for compensation for disadvantages be necessary following a consultation, this will be gladly accepted directly by the Examination Board of the respective department or by the Examination Office on campus.<\/p>\n<p>The representatives can assist in the following areas:<\/p>\n<ul class=\"simple\">\n<li>Advice on admission, compensation of disabilities, and study planning<\/li>\n<li>Implementation of necessary measures<\/li>\n<li>Exemptions<\/li>\n<li>Cooperation with disability organisations, interest groups and the Studierendenwerk<\/li>\n<\/ul>\n\n        <\/div>\n    <\/div>\n\n\n<\/details>\n\n\n\n<details class=\"block-bundle collapse-section\">\n    <summary class=\"block block-subsection-title\">\n        <h3>Compensation for disadvantages<\/h3>    <\/summary>\n    \n\n    <div class=\"block block-text\">\n        <div class=\"fs-text\">\n            \n<p>Disabilities and chronic illnesses can make everyday student life and upcoming exams very difficult. Students are therefore entitled to compensation for disadvantages to ensure equal opportunities. What this compensation might look like in a specific case depends on the individual impairments and the resulting disadvantages. The content of the examination requirements remains the same, but the conditions under which they are taken can be adapted on an individual basis, e.g. through extended time, technical aids or modified examination formats.<\/p>\n<p>If you wish to apply for compensation for disadvantages, please fill out the application form below and submit it by email or in person to the Examinations Office. The Examinations Office will forward it to the relevant examination board.<\/p>\n<p><a href=\"https:\/\/www.abk-stuttgart.de\/wp-content\/uploads\/2025\/03\/abk_Antrag_Nachteilsausgleich.pdf\" class=\"link btn btn--default has-icon icon-left type-download\" target=\"_blank\">\n            <span class=\"shrink-to-fit\">Antrag Nachteilsausgleich<\/span>\n            <span class=\"filetype\">pdf<\/span>\n            <svg width=\"25\" height=\"25\" viewBox=\"0 0 25 25\" fill=\"none\">\n                <path d=\"M17.9497 10.5L13 15.4498L8.05025 10.5\" stroke=\"black\"><\/path>\n                <path d=\"M13 5V15\" stroke=\"black\"><\/path>\n                <path d=\"M20 20H5\" stroke=\"black\"><\/path>\n            <\/svg>\n        <\/a><\/p>\n<p>The application must be submitted in good time before the relevant examination. If you submit your application too late, you may have to take the next examinations without any adjustments to compensate for your disadvantage, as the Examination Board will no longer be able to process your application. It is not possible to apply retrospectively for adjustments to compensate for disadvantages in examinations that have already been taken.<\/p>\n<p>You are also welcome to schedule a non-binding information session in advance with the representatives for students with disabilities and chronic illnesses to discuss the possibilities and limitations of disability support.<\/p>\n\n        <\/div>\n    <\/div>\n\n\n<\/details>\n\n\n\n<details class=\"block-bundle collapse-section\">\n    <summary class=\"block block-subsection-title\">\n        <h3>Contact us<\/h3>    <\/summary>\n    \n\n<div class=\"block block-teaser block-link block-card person has-image has-backgroundcolor\" style=\"--color-bg: var(--color-coral);\">\n\n        <a href=\"https:\/\/www.abk-stuttgart.de\/en\/person\/daniel-mijic-2\/\"\n        class=\"block-link__link\"\n        aria-label=\"Zur Personenseite von Daniel Mijic\">\n    <\/a>\n\n                <div class=\"area image\">\n            \n\n    \n<figure class=\"ratio--portrait\" style=\"--ratio:0.95833333333333\">\n\n    <img decoding=\"async\"\n        class=\"lozad\"\n        src=\"data:image\/gif;base64,R0lGODlhAQABAIAAAAAAAP\/\/\/yH5BAEAAAAALAAAAAABAAEAAAIBRAA7\"\n        data-src=\"https:\/\/www.abk-stuttgart.de\/wp-content\/uploads\/2024\/05\/mijic_portrait_abk_big-1.jpg\"\n        data-srcset=\"https:\/\/www.abk-stuttgart.de\/wp-content\/uploads\/2024\/05\/mijic_portrait_abk_big-1.jpg 2048w, https:\/\/www.abk-stuttgart.de\/wp-content\/uploads\/2024\/05\/mijic_portrait_abk_big-1.jpg 1600w, https:\/\/www.abk-stuttgart.de\/wp-content\/uploads\/2024\/05\/mijic_portrait_abk_big-1.jpg 1440w, https:\/\/www.abk-stuttgart.de\/wp-content\/uploads\/2024\/05\/mijic_portrait_abk_big-1.jpg 1024w, https:\/\/www.abk-stuttgart.de\/wp-content\/uploads\/2024\/05\/mijic_portrait_abk_big-1.jpg 800w, https:\/\/www.abk-stuttgart.de\/wp-content\/uploads\/2024\/05\/mijic_portrait_abk_big-1.jpg 640w, https:\/\/www.abk-stuttgart.de\/wp-content\/uploads\/2024\/05\/mijic_portrait_abk_big-1.jpg 320w\"\n        data-sizes=\"100vw\"\n        data-iesrc=\"https:\/\/www.abk-stuttgart.de\/wp-content\/uploads\/2024\/05\/mijic_portrait_abk_big-1.jpg\"\n        alt=\"Ein Mann mit runder Brille und zur\u00fcckweichendem Haaransatz blickt mit neutralem Gesichtsausdruck in die Kamera und tr\u00e4gt einen dunklen Pullover mit Rei\u00dfverschluss.\"\n        data-ratio=\"0.95833333333333\"\n        style=\"display:block;min-height:1rem;opacity:1;\"\n    \/>\n\n<\/figure>\n\n\n        <\/div>\n    \n        <div class=\"area text\">\n\n        \n        <div class=\"title\">\n            <span>Daniel Mijic<\/span>\n\n                    <\/div>\n\n                    <div class=\"description\">\n                <p>Artistic-technical teaching staff in the workshop for Printmaking in the Department of Art. Authorised representative\u00a0for the interests of students with disabilities or chronic illnesses<\/p>\n            <\/div>\n        \n                    <div class=\"description\">\n                <p>Campus Wei\u00dfenhof, Altbau, Room 21<\/p>\n            <\/div>\n        \n                <div class=\"btn-group\">\n\n            \n<a\n    href=\"tel:+4971128440-175\"\n   class=\"link btn btn--default type-phone has-icon icon-left fs-uppercase\"\n    target=\"_blank\" rel=\"noopener noreferrer\"   data-type=\"phone\"\n      >\n\n            <span class=\"shrink-to-fit\">+49 711 28440-175<\/span>\n    \n    \n    \n            <svg width=\"25\" height=\"25\" viewBox=\"0 0 25 25\" fill=\"none\" xmlns=\"http:\/\/www.w3.org\/2000\/svg\">\n    <path d=\"M16.3886 14.7105L19 18.6969L17.1097 19.9138C13.3307 20.482 10.6279 18.1526 8.843 15.4993C7.12395 12.8036 6.07668 9.40838 8.13738 6.21696L10.0277 5L12.6167 8.95233L9.8672 10.7225C11.134 13.1039 11.9599 14.3647 13.6392 16.4806L16.3886 14.7105Z\" stroke=\"black\" \/>\n<\/svg>\n    <\/a>\n\n<a\n    href=\"mailto:daniel.mijic@abk-stuttgart.de\"\n   class=\"link btn btn--default type-mail has-icon icon-left\"\n    target=\"_blank\" rel=\"noopener noreferrer\"   data-type=\"mail\"\n      >\n\n            <span class=\"shrink-to-fit\">daniel.mijic@abk-stuttgart.de<\/span>\n    \n    \n    \n            <svg width=\"25\" height=\"25\" viewBox=\"0 0 25 25\" fill=\"none\" xmlns=\"http:\/\/www.w3.org\/2000\/svg\">\n    <path d=\"M18.1328 7.86621L12.4995 13.0662L6.86615 7.86621\" stroke=\"black\" \/>\n    <rect x=\"6.5\" y=\"7.5\" width=\"12\" height=\"9.4\" stroke=\"black\" \/>\n<\/svg>\n    <\/a>\n\n<a\n    href=\"\"\n   class=\"link btn btn--default type-download has-icon icon-left\"\n    target=\"_blank\" rel=\"noopener noreferrer\"   data-type=\"download\"\n      >\n\n    \n            <span class=\"filetype\">VCF<\/span>\n    \n    \n            <svg width=\"25\" height=\"25\" viewBox=\"0 0 25 25\" fill=\"none\" xmlns=\"http:\/\/www.w3.org\/2000\/svg\">\n    <path d=\"M18 10.5L12.5 15L7 10.5\" stroke=\"black\" \/>\n    <path d=\"M12.5 6V15\" stroke=\"black\" \/>\n    <path d=\"M18 19H7\" stroke=\"black\" \/>\n<\/svg>\n    <\/a>\n\n        <\/div>\n\n    <\/div>\n\n<\/div>\n\n\n<div class=\"block block-teaser block-link block-card person has-image has-backgroundcolor\" style=\"--color-bg: var(--color-coral);\">\n\n        <a href=\"https:\/\/www.abk-stuttgart.de\/en\/person\/justyna-koeke-ma-2\/\"\n        class=\"block-link__link\"\n        aria-label=\"Zur Personenseite von Justyna Koeke M.A.\">\n    <\/a>\n\n                <div class=\"area image\">\n            \n\n    \n<figure class=\"ratio--portrait\" style=\"--ratio:0.99137931034483\">\n\n    <img decoding=\"async\"\n        class=\"lozad\"\n        src=\"data:image\/gif;base64,R0lGODlhAQABAIAAAAAAAP\/\/\/yH5BAEAAAAALAAAAAABAAEAAAIBRAA7\"\n        data-src=\"https:\/\/www.abk-stuttgart.de\/wp-content\/uploads\/2024\/05\/koeke_portrait_abk_big-1.jpg\"\n        data-srcset=\"https:\/\/www.abk-stuttgart.de\/wp-content\/uploads\/2024\/05\/koeke_portrait_abk_big-1.jpg 2048w, https:\/\/www.abk-stuttgart.de\/wp-content\/uploads\/2024\/05\/koeke_portrait_abk_big-1.jpg 1600w, https:\/\/www.abk-stuttgart.de\/wp-content\/uploads\/2024\/05\/koeke_portrait_abk_big-1.jpg 1440w, https:\/\/www.abk-stuttgart.de\/wp-content\/uploads\/2024\/05\/koeke_portrait_abk_big-1.jpg 1024w, https:\/\/www.abk-stuttgart.de\/wp-content\/uploads\/2024\/05\/koeke_portrait_abk_big-1.jpg 800w, https:\/\/www.abk-stuttgart.de\/wp-content\/uploads\/2024\/05\/koeke_portrait_abk_big-1.jpg 640w, https:\/\/www.abk-stuttgart.de\/wp-content\/uploads\/2024\/05\/koeke_portrait_abk_big-1.jpg 320w\"\n        data-sizes=\"100vw\"\n        data-iesrc=\"https:\/\/www.abk-stuttgart.de\/wp-content\/uploads\/2024\/05\/koeke_portrait_abk_big-1.jpg\"\n        alt=\"Eine Person mit kurzen, dunklen Haaren und Brille, die einen Kapuzenpullover tr\u00e4gt und vor einem schlichten Hintergrund in die Kamera blickt.\"\n        data-ratio=\"0.99137931034483\"\n        style=\"display:block;min-height:1rem;opacity:1;\"\n    \/>\n\n<\/figure>\n\n\n        <\/div>\n    \n        <div class=\"area text\">\n\n        \n        <div class=\"title\">\n            <span>Justyna Koeke M.A.<\/span>\n\n                    <\/div>\n\n                    <div class=\"description\">\n                <p>Artistic-technical teaching staff in the workshop for Media in the Department of Art<\/p>\n            <\/div>\n        \n                    <div class=\"description\">\n                <p>Campus Wei\u00dfenhof, Altbau, Room 403<\/p>\n            <\/div>\n        \n                <div class=\"btn-group\">\n\n            \n<a\n    href=\"tel:+4971128440-381\/-171\/-218\"\n   class=\"link btn btn--default type-phone has-icon icon-left fs-uppercase\"\n    target=\"_blank\" rel=\"noopener noreferrer\"   data-type=\"phone\"\n      >\n\n            <span class=\"shrink-to-fit\">+49 711 28440-381 \/-171 \/-218<\/span>\n    \n    \n    \n            <svg width=\"25\" height=\"25\" viewBox=\"0 0 25 25\" fill=\"none\" xmlns=\"http:\/\/www.w3.org\/2000\/svg\">\n    <path d=\"M16.3886 14.7105L19 18.6969L17.1097 19.9138C13.3307 20.482 10.6279 18.1526 8.843 15.4993C7.12395 12.8036 6.07668 9.40838 8.13738 6.21696L10.0277 5L12.6167 8.95233L9.8672 10.7225C11.134 13.1039 11.9599 14.3647 13.6392 16.4806L16.3886 14.7105Z\" stroke=\"black\" \/>\n<\/svg>\n    <\/a>\n\n<a\n    href=\"mailto:justyna.koeke@abk-stuttgart.de\"\n   class=\"link btn btn--default type-mail has-icon icon-left\"\n    target=\"_blank\" rel=\"noopener noreferrer\"   data-type=\"mail\"\n      >\n\n            <span class=\"shrink-to-fit\">justyna.koeke@abk-stuttgart.de<\/span>\n    \n    \n    \n            <svg width=\"25\" height=\"25\" viewBox=\"0 0 25 25\" fill=\"none\" xmlns=\"http:\/\/www.w3.org\/2000\/svg\">\n    <path d=\"M18.1328 7.86621L12.4995 13.0662L6.86615 7.86621\" stroke=\"black\" \/>\n    <rect x=\"6.5\" y=\"7.5\" width=\"12\" height=\"9.4\" stroke=\"black\" \/>\n<\/svg>\n    <\/a>\n\n<a\n    href=\"\"\n   class=\"link btn btn--default type-download has-icon icon-left\"\n    target=\"_blank\" rel=\"noopener noreferrer\"   data-type=\"download\"\n      >\n\n    \n            <span class=\"filetype\">VCF<\/span>\n    \n    \n            <svg width=\"25\" height=\"25\" viewBox=\"0 0 25 25\" fill=\"none\" xmlns=\"http:\/\/www.w3.org\/2000\/svg\">\n    <path d=\"M18 10.5L12.5 15L7 10.5\" stroke=\"black\" \/>\n    <path d=\"M12.5 6V15\" stroke=\"black\" \/>\n    <path d=\"M18 19H7\" stroke=\"black\" \/>\n<\/svg>\n    <\/a>\n\n        <\/div>\n\n    <\/div>\n\n<\/div>\n\n\n<div class=\"block block-teaser block-link block-card person has-image has-backgroundcolor\" style=\"--color-bg: var(--color-coral);\">\n\n        <a href=\"https:\/\/www.abk-stuttgart.de\/person\/rafael-rychlik-m-a\/\"\n        class=\"block-link__link\"\n        aria-label=\"Zur Personenseite von Rafael Rychlik\">\n    <\/a>\n\n                <div class=\"area image\">\n            \n\n    \n<figure class=\"ratio--landscape\" style=\"--ratio:1\">\n\n    <img decoding=\"async\"\n        class=\"lozad\"\n        src=\"data:image\/gif;base64,R0lGODlhAQABAIAAAAAAAP\/\/\/yH5BAEAAAAALAAAAAABAAEAAAIBRAA7\"\n        data-src=\"https:\/\/www.abk-stuttgart.de\/wp-content\/themes\/abk\/assets\/img\/dummy-person.jpg\"\n        data-srcset=\"https:\/\/www.abk-stuttgart.de\/wp-content\/themes\/abk\/assets\/img\/dummy-person.jpg 2048w, https:\/\/www.abk-stuttgart.de\/wp-content\/themes\/abk\/assets\/img\/dummy-person.jpg 1600w, https:\/\/www.abk-stuttgart.de\/wp-content\/themes\/abk\/assets\/img\/dummy-person.jpg 1440w, https:\/\/www.abk-stuttgart.de\/wp-content\/themes\/abk\/assets\/img\/dummy-person.jpg 1024w, https:\/\/www.abk-stuttgart.de\/wp-content\/themes\/abk\/assets\/img\/dummy-person.jpg 320w\"\n        data-sizes=\"100vw\"\n        data-iesrc=\"https:\/\/www.abk-stuttgart.de\/wp-content\/themes\/abk\/assets\/img\/dummy-person.jpg\"\n        alt=\"\"\n        data-ratio=\"1\"\n        style=\"display:block;min-height:1rem;opacity:1;\"\n    \/>\n\n<\/figure>\n\n\n        <\/div>\n    \n        <div class=\"area text\">\n\n        \n        <div class=\"title\">\n            <span>Rafael Rychlik<\/span>\n\n                            <span class=\"title__degree\">M.A.<\/span>\n                    <\/div>\n\n                    <div class=\"description\">\n                <p>Akademischer Mitarbeiter f\u00fcr Wohnbau, Grundlagen und Entwerfen in der Fachgruppe Architektur \/ Beauftragter f\u00fcr Studierende mit Behinderung oder chronischen Erkrankungen (Inklusionsbeauftragter)<\/p>\n            <\/div>\n        \n                    <div class=\"description\">\n                <p>Campus Wei\u00dfenhof, Neubau 1, Raum 117<\/p>\n            <\/div>\n        \n                <div class=\"btn-group\">\n\n            \n<a\n    href=\"tel:+4971128440-198\"\n   class=\"link btn btn--default type-phone has-icon icon-left fs-uppercase\"\n    target=\"_blank\" rel=\"noopener noreferrer\"   data-type=\"phone\"\n      >\n\n            <span class=\"shrink-to-fit\">+49 711 28440-198<\/span>\n    \n    \n    \n            <svg width=\"25\" height=\"25\" viewBox=\"0 0 25 25\" fill=\"none\" xmlns=\"http:\/\/www.w3.org\/2000\/svg\">\n    <path d=\"M16.3886 14.7105L19 18.6969L17.1097 19.9138C13.3307 20.482 10.6279 18.1526 8.843 15.4993C7.12395 12.8036 6.07668 9.40838 8.13738 6.21696L10.0277 5L12.6167 8.95233L9.8672 10.7225C11.134 13.1039 11.9599 14.3647 13.6392 16.4806L16.3886 14.7105Z\" stroke=\"black\" \/>\n<\/svg>\n    <\/a>\n\n<a\n    href=\"mailto:rafael.rychlik@abk-stuttgart.de\"\n   class=\"link btn btn--default type-mail has-icon icon-left\"\n    target=\"_blank\" rel=\"noopener noreferrer\"   data-type=\"mail\"\n      >\n\n            <span class=\"shrink-to-fit\">rafael.rychlik@abk-stuttgart.de<\/span>\n    \n    \n    \n            <svg width=\"25\" height=\"25\" viewBox=\"0 0 25 25\" fill=\"none\" xmlns=\"http:\/\/www.w3.org\/2000\/svg\">\n    <path d=\"M18.1328 7.86621L12.4995 13.0662L6.86615 7.86621\" stroke=\"black\" \/>\n    <rect x=\"6.5\" y=\"7.5\" width=\"12\" height=\"9.4\" stroke=\"black\" \/>\n<\/svg>\n    <\/a>\n\n<a\n    href=\"\"\n   class=\"link btn btn--default type-download has-icon icon-left\"\n    target=\"_blank\" rel=\"noopener noreferrer\"   data-type=\"download\"\n      >\n\n    \n            <span class=\"filetype\">VCF<\/span>\n    \n    \n            <svg width=\"25\" height=\"25\" viewBox=\"0 0 25 25\" fill=\"none\" xmlns=\"http:\/\/www.w3.org\/2000\/svg\">\n    <path d=\"M18 10.5L12.5 15L7 10.5\" stroke=\"black\" \/>\n    <path d=\"M12.5 6V15\" stroke=\"black\" \/>\n    <path d=\"M18 19H7\" stroke=\"black\" \/>\n<\/svg>\n    <\/a>\n\n        <\/div>\n\n    <\/div>\n\n<\/div>\n\n\n    <div class=\"block block-text\">\n        <div class=\"fs-text\">\n            \n<h4>Representative of the Student Community<\/h4>\n<p>Linus Geiss<\/p>\n<p><a href=\"mailto:linus.geiss@stud.abk-stuttgart.de\" class=\"link btn btn--default has-icon icon-left type-mail\" target=\"blank\">\n            <span class=\"shrink-to-fit\">linus.geiss@stud.abk-stuttgart.de<\/span>\n            <svg width=\"25\" height=\"25\" viewBox=\"0 0 25 25\" fill=\"none\">\n                <path d=\"M18.1328 7.86621L12.4995 13.0662L6.86615 7.86621\" stroke=\"black\"><\/path>\n                <rect x=\"6.5\" y=\"7.5\" width=\"12\" height=\"9.4\" stroke=\"black\"><\/rect>\n            <\/svg>\n        <\/a><\/p>\n\n        <\/div>\n    <\/div>\n\n\n<\/details>\n","protected":false},"author":13,"featured_media":31342,"parent":0,"menu_order":19,"template":"","class_list":["post-43333","academy","type-academy","status-publish","has-post-thumbnail","hentry"],"acf":[],"_links":{"self":[{"href":"https:\/\/www.abk-stuttgart.de\/en\/wp-json\/wp\/v2\/academy\/43333","targetHints":{"allow":["GET"]}}],"collection":[{"href":"https:\/\/www.abk-stuttgart.de\/en\/wp-json\/wp\/v2\/academy"}],"about":[{"href":"https:\/\/www.abk-stuttgart.de\/en\/wp-json\/wp\/v2\/types\/academy"}],"author":[{"embeddable":true,"href":"https:\/\/www.abk-stuttgart.de\/en\/wp-json\/wp\/v2\/users\/13"}],"wp:featuredmedia":[{"embeddable":true,"href":"https:\/\/www.abk-stuttgart.de\/en\/wp-json\/wp\/v2\/media\/31342"}],"wp:attachment":[{"href":"https:\/\/www.abk-stuttgart.de\/en\/wp-json\/wp\/v2\/media?parent=43333"}],"curies":[{"name":"wp","href":"https:\/\/api.w.org\/{rel}","templated":true}]}}