{"id":42633,"date":"2024-07-11T18:20:17","date_gmt":"2024-07-11T16:20:17","guid":{"rendered":"https:\/\/www.abk-stuttgart.de\/application\/testgelaende\/"},"modified":"2026-02-25T10:40:24","modified_gmt":"2026-02-25T09:40:24","slug":"testgelaende","status":"publish","type":"application","link":"https:\/\/www.abk-stuttgart.de\/en\/application\/testgelaende\/","title":{"rendered":"Testgel\u00e4nde"},"content":{"rendered":"\n<div class=\"block block-gallery size--big\" data-count=\"18\">\n\n    <div class=\"slider js-slick\">\n        \n            \n            \n                \n                <div class=\"slider__slide width--full fit--cover type--image\"  style=\"background-color:#ffffff\" >\n                    \n\n    \n<figure class=\"ratio--landscape\" style=\"--ratio:1.5001464986815\">\n\n    <img decoding=\"async\"\n        class=\"lozad\"\n        src=\"data:image\/gif;base64,R0lGODlhAQABAIAAAAAAAP\/\/\/yH5BAEAAAAALAAAAAABAAEAAAIBRAA7\"\n        data-src=\"https:\/\/www.abk-stuttgart.de\/wp-content\/uploads\/2024\/07\/VA_Testgelaende2024_DanielaWolf_TL02499-320x213.jpg\"\n        data-srcset=\"https:\/\/www.abk-stuttgart.de\/wp-content\/uploads\/2024\/07\/VA_Testgelaende2024_DanielaWolf_TL02499-2048x1365.jpg 2048w, https:\/\/www.abk-stuttgart.de\/wp-content\/uploads\/2024\/07\/VA_Testgelaende2024_DanielaWolf_TL02499-1600x1067.jpg 1600w, https:\/\/www.abk-stuttgart.de\/wp-content\/uploads\/2024\/07\/VA_Testgelaende2024_DanielaWolf_TL02499-1440x960.jpg 1440w, https:\/\/www.abk-stuttgart.de\/wp-content\/uploads\/2024\/07\/VA_Testgelaende2024_DanielaWolf_TL02499-1024x683.jpg 1024w, https:\/\/www.abk-stuttgart.de\/wp-content\/uploads\/2024\/07\/VA_Testgelaende2024_DanielaWolf_TL02499-800x533.jpg 800w, https:\/\/www.abk-stuttgart.de\/wp-content\/uploads\/2024\/07\/VA_Testgelaende2024_DanielaWolf_TL02499-320x213.jpg 640w, https:\/\/www.abk-stuttgart.de\/wp-content\/uploads\/2024\/07\/VA_Testgelaende2024_DanielaWolf_TL02499-320x213.jpg 320w\"\n        data-sizes=\"100vw\"\n        data-iesrc=\"https:\/\/www.abk-stuttgart.de\/wp-content\/uploads\/2024\/07\/VA_Testgelaende2024_DanielaWolf_TL02499.jpg\"\n        alt=\"\"\n        data-ratio=\"1.5001464986815\"\n        style=\"display:block;min-height:1rem;opacity:1;\"\n    \/>\n\n<\/figure>\n\n\n    \n\n<div class=\"mediainfo\" data-id=\"image-34932\">\n    <button class=\"btn btn--circle btn-mediainfoclose\" aria-label=\"Close media info\"><span>&times;<\/span><\/button>\n    <div class=\"mediainfo--innerwrapper\">\n        <div class=\"mediainfo--inner\">\n            <div class=\"mediainfo--content\">\n\n                <div class=\"preview\">No Preview<\/div>\n\n                \n                                                            \n                            <\/div>\n        <\/div>\n    <\/div>\n<\/div>\n\n    \n\n    <div class=\"media-interface\">\n\n        <button class=\"btn btn--circle btn-mediainfo\" data-id=\"image-34932\" aria-label=\"Open media info\"><span>i<\/span><\/button>\n\n        \n    <\/div>\n\n                <\/div>\n            \n        \n            \n            \n                \n                <div class=\"slider__slide width--full fit--cover type--image\"  style=\"background-color:#ffffff\" >\n                    \n\n    \n<figure class=\"ratio--landscape\" style=\"--ratio:1.5001464986815\">\n\n    <img decoding=\"async\"\n        class=\"lozad\"\n        src=\"data:image\/gif;base64,R0lGODlhAQABAIAAAAAAAP\/\/\/yH5BAEAAAAALAAAAAABAAEAAAIBRAA7\"\n        data-src=\"https:\/\/www.abk-stuttgart.de\/wp-content\/uploads\/2024\/07\/VA_Testgelaende2024_Keramikwerkstatt_DanielaWolf_TL03740-320x213.jpg\"\n        data-srcset=\"https:\/\/www.abk-stuttgart.de\/wp-content\/uploads\/2024\/07\/VA_Testgelaende2024_Keramikwerkstatt_DanielaWolf_TL03740-2048x1365.jpg 2048w, https:\/\/www.abk-stuttgart.de\/wp-content\/uploads\/2024\/07\/VA_Testgelaende2024_Keramikwerkstatt_DanielaWolf_TL03740-1600x1067.jpg 1600w, https:\/\/www.abk-stuttgart.de\/wp-content\/uploads\/2024\/07\/VA_Testgelaende2024_Keramikwerkstatt_DanielaWolf_TL03740-1440x960.jpg 1440w, https:\/\/www.abk-stuttgart.de\/wp-content\/uploads\/2024\/07\/VA_Testgelaende2024_Keramikwerkstatt_DanielaWolf_TL03740-1024x683.jpg 1024w, https:\/\/www.abk-stuttgart.de\/wp-content\/uploads\/2024\/07\/VA_Testgelaende2024_Keramikwerkstatt_DanielaWolf_TL03740-800x533.jpg 800w, https:\/\/www.abk-stuttgart.de\/wp-content\/uploads\/2024\/07\/VA_Testgelaende2024_Keramikwerkstatt_DanielaWolf_TL03740-320x213.jpg 640w, https:\/\/www.abk-stuttgart.de\/wp-content\/uploads\/2024\/07\/VA_Testgelaende2024_Keramikwerkstatt_DanielaWolf_TL03740-320x213.jpg 320w\"\n        data-sizes=\"100vw\"\n        data-iesrc=\"https:\/\/www.abk-stuttgart.de\/wp-content\/uploads\/2024\/07\/VA_Testgelaende2024_Keramikwerkstatt_DanielaWolf_TL03740.jpg\"\n        alt=\"\"\n        data-ratio=\"1.5001464986815\"\n        style=\"display:block;min-height:1rem;opacity:1;\"\n    \/>\n\n<\/figure>\n\n\n    \n\n<div class=\"mediainfo\" data-id=\"image-34930\">\n    <button class=\"btn btn--circle btn-mediainfoclose\" aria-label=\"Close media info\"><span>&times;<\/span><\/button>\n    <div class=\"mediainfo--innerwrapper\">\n        <div class=\"mediainfo--inner\">\n            <div class=\"mediainfo--content\">\n\n                <div class=\"preview\">No Preview<\/div>\n\n                \n                                                            \n                            <\/div>\n        <\/div>\n    <\/div>\n<\/div>\n\n    \n\n    <div class=\"media-interface\">\n\n        <button class=\"btn btn--circle btn-mediainfo\" data-id=\"image-34930\" aria-label=\"Open media info\"><span>i<\/span><\/button>\n\n        \n    <\/div>\n\n                <\/div>\n            \n        \n            \n            \n                \n                <div class=\"slider__slide width--full fit--cover type--image\"  style=\"background-color:#ffffff\" >\n                    \n\n    \n<figure class=\"ratio--landscape\" style=\"--ratio:1.5001464986815\">\n\n    <img decoding=\"async\"\n        class=\"lozad\"\n        src=\"data:image\/gif;base64,R0lGODlhAQABAIAAAAAAAP\/\/\/yH5BAEAAAAALAAAAAABAAEAAAIBRAA7\"\n        data-src=\"https:\/\/www.abk-stuttgart.de\/wp-content\/uploads\/2024\/07\/VA_Testgelaende2024_Keramikwerkstatt_DanielaWolf_TL03333-320x213.jpg\"\n        data-srcset=\"https:\/\/www.abk-stuttgart.de\/wp-content\/uploads\/2024\/07\/VA_Testgelaende2024_Keramikwerkstatt_DanielaWolf_TL03333-2048x1365.jpg 2048w, https:\/\/www.abk-stuttgart.de\/wp-content\/uploads\/2024\/07\/VA_Testgelaende2024_Keramikwerkstatt_DanielaWolf_TL03333-1600x1067.jpg 1600w, https:\/\/www.abk-stuttgart.de\/wp-content\/uploads\/2024\/07\/VA_Testgelaende2024_Keramikwerkstatt_DanielaWolf_TL03333-1440x960.jpg 1440w, https:\/\/www.abk-stuttgart.de\/wp-content\/uploads\/2024\/07\/VA_Testgelaende2024_Keramikwerkstatt_DanielaWolf_TL03333-1024x683.jpg 1024w, https:\/\/www.abk-stuttgart.de\/wp-content\/uploads\/2024\/07\/VA_Testgelaende2024_Keramikwerkstatt_DanielaWolf_TL03333-800x533.jpg 800w, https:\/\/www.abk-stuttgart.de\/wp-content\/uploads\/2024\/07\/VA_Testgelaende2024_Keramikwerkstatt_DanielaWolf_TL03333-320x213.jpg 640w, https:\/\/www.abk-stuttgart.de\/wp-content\/uploads\/2024\/07\/VA_Testgelaende2024_Keramikwerkstatt_DanielaWolf_TL03333-320x213.jpg 320w\"\n        data-sizes=\"100vw\"\n        data-iesrc=\"https:\/\/www.abk-stuttgart.de\/wp-content\/uploads\/2024\/07\/VA_Testgelaende2024_Keramikwerkstatt_DanielaWolf_TL03333.jpg\"\n        alt=\"\"\n        data-ratio=\"1.5001464986815\"\n        style=\"display:block;min-height:1rem;opacity:1;\"\n    \/>\n\n<\/figure>\n\n\n    \n\n<div class=\"mediainfo\" data-id=\"image-34928\">\n    <button class=\"btn btn--circle btn-mediainfoclose\" aria-label=\"Close media info\"><span>&times;<\/span><\/button>\n    <div class=\"mediainfo--innerwrapper\">\n        <div class=\"mediainfo--inner\">\n            <div class=\"mediainfo--content\">\n\n                <div class=\"preview\">No Preview<\/div>\n\n                \n                                                            \n                            <\/div>\n        <\/div>\n    <\/div>\n<\/div>\n\n    \n\n    <div class=\"media-interface\">\n\n        <button class=\"btn btn--circle btn-mediainfo\" data-id=\"image-34928\" aria-label=\"Open media info\"><span>i<\/span><\/button>\n\n        \n    <\/div>\n\n                <\/div>\n            \n        \n            \n            \n                \n                <div class=\"slider__slide width--full fit--cover type--image\"  style=\"background-color:#ffffff\" >\n                    \n\n    \n<figure class=\"ratio--landscape\" style=\"--ratio:1.5001464986815\">\n\n    <img decoding=\"async\"\n        class=\"lozad\"\n        src=\"data:image\/gif;base64,R0lGODlhAQABAIAAAAAAAP\/\/\/yH5BAEAAAAALAAAAAABAAEAAAIBRAA7\"\n        data-src=\"https:\/\/www.abk-stuttgart.de\/wp-content\/uploads\/2025\/01\/VA_Testgelaende2024_DanielaWolf_TL01001-320x213.jpg\"\n        data-srcset=\"https:\/\/www.abk-stuttgart.de\/wp-content\/uploads\/2025\/01\/VA_Testgelaende2024_DanielaWolf_TL01001-2048x1365.jpg 2048w, https:\/\/www.abk-stuttgart.de\/wp-content\/uploads\/2025\/01\/VA_Testgelaende2024_DanielaWolf_TL01001-1600x1067.jpg 1600w, https:\/\/www.abk-stuttgart.de\/wp-content\/uploads\/2025\/01\/VA_Testgelaende2024_DanielaWolf_TL01001-1440x960.jpg 1440w, https:\/\/www.abk-stuttgart.de\/wp-content\/uploads\/2025\/01\/VA_Testgelaende2024_DanielaWolf_TL01001-1024x683.jpg 1024w, https:\/\/www.abk-stuttgart.de\/wp-content\/uploads\/2025\/01\/VA_Testgelaende2024_DanielaWolf_TL01001-800x533.jpg 800w, https:\/\/www.abk-stuttgart.de\/wp-content\/uploads\/2025\/01\/VA_Testgelaende2024_DanielaWolf_TL01001-320x213.jpg 640w, https:\/\/www.abk-stuttgart.de\/wp-content\/uploads\/2025\/01\/VA_Testgelaende2024_DanielaWolf_TL01001-320x213.jpg 320w\"\n        data-sizes=\"100vw\"\n        data-iesrc=\"https:\/\/www.abk-stuttgart.de\/wp-content\/uploads\/2025\/01\/VA_Testgelaende2024_DanielaWolf_TL01001.jpg\"\n        alt=\"\"\n        data-ratio=\"1.5001464986815\"\n        style=\"display:block;min-height:1rem;opacity:1;\"\n    \/>\n\n<\/figure>\n\n\n    \n\n<div class=\"mediainfo\" data-id=\"image-34919\">\n    <button class=\"btn btn--circle btn-mediainfoclose\" aria-label=\"Close media info\"><span>&times;<\/span><\/button>\n    <div class=\"mediainfo--innerwrapper\">\n        <div class=\"mediainfo--inner\">\n            <div class=\"mediainfo--content\">\n\n                <div class=\"preview\">No Preview<\/div>\n\n                \n                                                            \n                            <\/div>\n        <\/div>\n    <\/div>\n<\/div>\n\n    \n\n    <div class=\"media-interface\">\n\n        <button class=\"btn btn--circle btn-mediainfo\" data-id=\"image-34919\" aria-label=\"Open media info\"><span>i<\/span><\/button>\n\n        \n    <\/div>\n\n                <\/div>\n            \n        \n            \n            \n                \n                <div class=\"slider__slide width--full fit--cover type--image\"  style=\"background-color:#ffffff\" >\n                    \n\n    \n<figure class=\"ratio--landscape\" style=\"--ratio:1.5001464986815\">\n\n    <img decoding=\"async\"\n        class=\"lozad\"\n        src=\"data:image\/gif;base64,R0lGODlhAQABAIAAAAAAAP\/\/\/yH5BAEAAAAALAAAAAABAAEAAAIBRAA7\"\n        data-src=\"https:\/\/www.abk-stuttgart.de\/wp-content\/uploads\/2024\/07\/VA_Testgelaende2024_DanielaWolf_TL01170-320x213.jpg\"\n        data-srcset=\"https:\/\/www.abk-stuttgart.de\/wp-content\/uploads\/2024\/07\/VA_Testgelaende2024_DanielaWolf_TL01170-2048x1365.jpg 2048w, https:\/\/www.abk-stuttgart.de\/wp-content\/uploads\/2024\/07\/VA_Testgelaende2024_DanielaWolf_TL01170-1600x1067.jpg 1600w, https:\/\/www.abk-stuttgart.de\/wp-content\/uploads\/2024\/07\/VA_Testgelaende2024_DanielaWolf_TL01170-1440x960.jpg 1440w, https:\/\/www.abk-stuttgart.de\/wp-content\/uploads\/2024\/07\/VA_Testgelaende2024_DanielaWolf_TL01170-1024x683.jpg 1024w, https:\/\/www.abk-stuttgart.de\/wp-content\/uploads\/2024\/07\/VA_Testgelaende2024_DanielaWolf_TL01170-800x533.jpg 800w, https:\/\/www.abk-stuttgart.de\/wp-content\/uploads\/2024\/07\/VA_Testgelaende2024_DanielaWolf_TL01170-320x213.jpg 640w, https:\/\/www.abk-stuttgart.de\/wp-content\/uploads\/2024\/07\/VA_Testgelaende2024_DanielaWolf_TL01170-320x213.jpg 320w\"\n        data-sizes=\"100vw\"\n        data-iesrc=\"https:\/\/www.abk-stuttgart.de\/wp-content\/uploads\/2024\/07\/VA_Testgelaende2024_DanielaWolf_TL01170.jpg\"\n        alt=\"\"\n        data-ratio=\"1.5001464986815\"\n        style=\"display:block;min-height:1rem;opacity:1;\"\n    \/>\n\n<\/figure>\n\n\n    \n\n<div class=\"mediainfo\" data-id=\"image-34935\">\n    <button class=\"btn btn--circle btn-mediainfoclose\" aria-label=\"Close media info\"><span>&times;<\/span><\/button>\n    <div class=\"mediainfo--innerwrapper\">\n        <div class=\"mediainfo--inner\">\n            <div class=\"mediainfo--content\">\n\n                <div class=\"preview\">No Preview<\/div>\n\n                \n                                                            \n                            <\/div>\n        <\/div>\n    <\/div>\n<\/div>\n\n    \n\n    <div class=\"media-interface\">\n\n        <button class=\"btn btn--circle btn-mediainfo\" data-id=\"image-34935\" aria-label=\"Open media info\"><span>i<\/span><\/button>\n\n        \n    <\/div>\n\n                <\/div>\n            \n        \n            \n            \n                \n                <div class=\"slider__slide width--full fit--cover type--image\"  style=\"background-color:#ffffff\" >\n                    \n\n    \n<figure class=\"ratio--landscape\" style=\"--ratio:1.5001464986815\">\n\n    <img decoding=\"async\"\n        class=\"lozad\"\n        src=\"data:image\/gif;base64,R0lGODlhAQABAIAAAAAAAP\/\/\/yH5BAEAAAAALAAAAAABAAEAAAIBRAA7\"\n        data-src=\"https:\/\/www.abk-stuttgart.de\/wp-content\/uploads\/2024\/07\/VA_Testgelaende2024_Architektur_DanielaWolf_TL02904-320x213.jpg\"\n        data-srcset=\"https:\/\/www.abk-stuttgart.de\/wp-content\/uploads\/2024\/07\/VA_Testgelaende2024_Architektur_DanielaWolf_TL02904-2048x1365.jpg 2048w, https:\/\/www.abk-stuttgart.de\/wp-content\/uploads\/2024\/07\/VA_Testgelaende2024_Architektur_DanielaWolf_TL02904-1600x1067.jpg 1600w, https:\/\/www.abk-stuttgart.de\/wp-content\/uploads\/2024\/07\/VA_Testgelaende2024_Architektur_DanielaWolf_TL02904-1440x960.jpg 1440w, https:\/\/www.abk-stuttgart.de\/wp-content\/uploads\/2024\/07\/VA_Testgelaende2024_Architektur_DanielaWolf_TL02904-1024x683.jpg 1024w, https:\/\/www.abk-stuttgart.de\/wp-content\/uploads\/2024\/07\/VA_Testgelaende2024_Architektur_DanielaWolf_TL02904-800x533.jpg 800w, https:\/\/www.abk-stuttgart.de\/wp-content\/uploads\/2024\/07\/VA_Testgelaende2024_Architektur_DanielaWolf_TL02904-320x213.jpg 640w, https:\/\/www.abk-stuttgart.de\/wp-content\/uploads\/2024\/07\/VA_Testgelaende2024_Architektur_DanielaWolf_TL02904-320x213.jpg 320w\"\n        data-sizes=\"100vw\"\n        data-iesrc=\"https:\/\/www.abk-stuttgart.de\/wp-content\/uploads\/2024\/07\/VA_Testgelaende2024_Architektur_DanielaWolf_TL02904.jpg\"\n        alt=\"\"\n        data-ratio=\"1.5001464986815\"\n        style=\"display:block;min-height:1rem;opacity:1;\"\n    \/>\n\n<\/figure>\n\n\n    \n\n<div class=\"mediainfo\" data-id=\"image-34940\">\n    <button class=\"btn btn--circle btn-mediainfoclose\" aria-label=\"Close media info\"><span>&times;<\/span><\/button>\n    <div class=\"mediainfo--innerwrapper\">\n        <div class=\"mediainfo--inner\">\n            <div class=\"mediainfo--content\">\n\n                <div class=\"preview\">No Preview<\/div>\n\n                \n                                                            \n                            <\/div>\n        <\/div>\n    <\/div>\n<\/div>\n\n    \n\n    <div class=\"media-interface\">\n\n        <button class=\"btn btn--circle btn-mediainfo\" data-id=\"image-34940\" aria-label=\"Open media info\"><span>i<\/span><\/button>\n\n        \n    <\/div>\n\n                <\/div>\n            \n        \n            \n            \n                \n                <div class=\"slider__slide width--full fit--cover type--image\"  style=\"background-color:#ffffff\" >\n                    \n\n    \n<figure class=\"ratio--landscape\" style=\"--ratio:1.5001464986815\">\n\n    <img decoding=\"async\"\n        class=\"lozad\"\n        src=\"data:image\/gif;base64,R0lGODlhAQABAIAAAAAAAP\/\/\/yH5BAEAAAAALAAAAAABAAEAAAIBRAA7\"\n        data-src=\"https:\/\/www.abk-stuttgart.de\/wp-content\/uploads\/2024\/07\/VA_Testgelaende2024_Architektur_DanielaWolf_TL02979-320x213.jpg\"\n        data-srcset=\"https:\/\/www.abk-stuttgart.de\/wp-content\/uploads\/2024\/07\/VA_Testgelaende2024_Architektur_DanielaWolf_TL02979-2048x1365.jpg 2048w, https:\/\/www.abk-stuttgart.de\/wp-content\/uploads\/2024\/07\/VA_Testgelaende2024_Architektur_DanielaWolf_TL02979-1600x1067.jpg 1600w, https:\/\/www.abk-stuttgart.de\/wp-content\/uploads\/2024\/07\/VA_Testgelaende2024_Architektur_DanielaWolf_TL02979-1440x960.jpg 1440w, https:\/\/www.abk-stuttgart.de\/wp-content\/uploads\/2024\/07\/VA_Testgelaende2024_Architektur_DanielaWolf_TL02979-1024x683.jpg 1024w, https:\/\/www.abk-stuttgart.de\/wp-content\/uploads\/2024\/07\/VA_Testgelaende2024_Architektur_DanielaWolf_TL02979-800x533.jpg 800w, https:\/\/www.abk-stuttgart.de\/wp-content\/uploads\/2024\/07\/VA_Testgelaende2024_Architektur_DanielaWolf_TL02979-320x213.jpg 640w, https:\/\/www.abk-stuttgart.de\/wp-content\/uploads\/2024\/07\/VA_Testgelaende2024_Architektur_DanielaWolf_TL02979-320x213.jpg 320w\"\n        data-sizes=\"100vw\"\n        data-iesrc=\"https:\/\/www.abk-stuttgart.de\/wp-content\/uploads\/2024\/07\/VA_Testgelaende2024_Architektur_DanielaWolf_TL02979.jpg\"\n        alt=\"\"\n        data-ratio=\"1.5001464986815\"\n        style=\"display:block;min-height:1rem;opacity:1;\"\n    \/>\n\n<\/figure>\n\n\n    \n\n<div class=\"mediainfo\" data-id=\"image-34942\">\n    <button class=\"btn btn--circle btn-mediainfoclose\" aria-label=\"Close media info\"><span>&times;<\/span><\/button>\n    <div class=\"mediainfo--innerwrapper\">\n        <div class=\"mediainfo--inner\">\n            <div class=\"mediainfo--content\">\n\n                <div class=\"preview\">No Preview<\/div>\n\n                \n                                                            \n                            <\/div>\n        <\/div>\n    <\/div>\n<\/div>\n\n    \n\n    <div class=\"media-interface\">\n\n        <button class=\"btn btn--circle btn-mediainfo\" data-id=\"image-34942\" aria-label=\"Open media info\"><span>i<\/span><\/button>\n\n        \n    <\/div>\n\n                <\/div>\n            \n        \n            \n            \n                \n                <div class=\"slider__slide width--full fit--cover type--image\"  style=\"background-color:#ffffff\" >\n                    \n\n    \n<figure class=\"ratio--landscape\" style=\"--ratio:1.5001464986815\">\n\n    <img decoding=\"async\"\n        class=\"lozad\"\n        src=\"data:image\/gif;base64,R0lGODlhAQABAIAAAAAAAP\/\/\/yH5BAEAAAAALAAAAAABAAEAAAIBRAA7\"\n        data-src=\"https:\/\/www.abk-stuttgart.de\/wp-content\/uploads\/2024\/07\/VA_Testgelaende2024_Architektur_DanielaWolf_TL03032-320x213.jpg\"\n        data-srcset=\"https:\/\/www.abk-stuttgart.de\/wp-content\/uploads\/2024\/07\/VA_Testgelaende2024_Architektur_DanielaWolf_TL03032-2048x1365.jpg 2048w, https:\/\/www.abk-stuttgart.de\/wp-content\/uploads\/2024\/07\/VA_Testgelaende2024_Architektur_DanielaWolf_TL03032-1600x1067.jpg 1600w, https:\/\/www.abk-stuttgart.de\/wp-content\/uploads\/2024\/07\/VA_Testgelaende2024_Architektur_DanielaWolf_TL03032-1440x960.jpg 1440w, https:\/\/www.abk-stuttgart.de\/wp-content\/uploads\/2024\/07\/VA_Testgelaende2024_Architektur_DanielaWolf_TL03032-1024x683.jpg 1024w, https:\/\/www.abk-stuttgart.de\/wp-content\/uploads\/2024\/07\/VA_Testgelaende2024_Architektur_DanielaWolf_TL03032-800x533.jpg 800w, https:\/\/www.abk-stuttgart.de\/wp-content\/uploads\/2024\/07\/VA_Testgelaende2024_Architektur_DanielaWolf_TL03032-320x213.jpg 640w, https:\/\/www.abk-stuttgart.de\/wp-content\/uploads\/2024\/07\/VA_Testgelaende2024_Architektur_DanielaWolf_TL03032-320x213.jpg 320w\"\n        data-sizes=\"100vw\"\n        data-iesrc=\"https:\/\/www.abk-stuttgart.de\/wp-content\/uploads\/2024\/07\/VA_Testgelaende2024_Architektur_DanielaWolf_TL03032.jpg\"\n        alt=\"\"\n        data-ratio=\"1.5001464986815\"\n        style=\"display:block;min-height:1rem;opacity:1;\"\n    \/>\n\n<\/figure>\n\n\n    \n\n<div class=\"mediainfo\" data-id=\"image-34944\">\n    <button class=\"btn btn--circle btn-mediainfoclose\" aria-label=\"Close media info\"><span>&times;<\/span><\/button>\n    <div class=\"mediainfo--innerwrapper\">\n        <div class=\"mediainfo--inner\">\n            <div class=\"mediainfo--content\">\n\n                <div class=\"preview\">No Preview<\/div>\n\n                \n                                                            \n                            <\/div>\n        <\/div>\n    <\/div>\n<\/div>\n\n    \n\n    <div class=\"media-interface\">\n\n        <button class=\"btn btn--circle btn-mediainfo\" data-id=\"image-34944\" aria-label=\"Open media info\"><span>i<\/span><\/button>\n\n        \n    <\/div>\n\n                <\/div>\n            \n        \n            \n            \n                \n                <div class=\"slider__slide width--auto fit--cover type--image\"  style=\"background-color:#ffffff\" >\n                    \n\n    \n<figure class=\"ratio--portrait\" style=\"--ratio:0.6666015625\">\n\n    <img decoding=\"async\"\n        class=\"lozad\"\n        src=\"data:image\/gif;base64,R0lGODlhAQABAIAAAAAAAP\/\/\/yH5BAEAAAAALAAAAAABAAEAAAIBRAA7\"\n        data-src=\"https:\/\/www.abk-stuttgart.de\/wp-content\/uploads\/2024\/07\/VA_Testgelaende2024_Fotowerkstatt_DanielaWolf_TL02709-320x480.jpg\"\n        data-srcset=\"https:\/\/www.abk-stuttgart.de\/wp-content\/uploads\/2024\/07\/VA_Testgelaende2024_Fotowerkstatt_DanielaWolf_TL02709-2048x3072.jpg 2048w, https:\/\/www.abk-stuttgart.de\/wp-content\/uploads\/2024\/07\/VA_Testgelaende2024_Fotowerkstatt_DanielaWolf_TL02709-1600x2400.jpg 1600w, https:\/\/www.abk-stuttgart.de\/wp-content\/uploads\/2024\/07\/VA_Testgelaende2024_Fotowerkstatt_DanielaWolf_TL02709-1440x2160.jpg 1440w, https:\/\/www.abk-stuttgart.de\/wp-content\/uploads\/2024\/07\/VA_Testgelaende2024_Fotowerkstatt_DanielaWolf_TL02709-1024x1536.jpg 1024w, https:\/\/www.abk-stuttgart.de\/wp-content\/uploads\/2024\/07\/VA_Testgelaende2024_Fotowerkstatt_DanielaWolf_TL02709-800x1200.jpg 800w, https:\/\/www.abk-stuttgart.de\/wp-content\/uploads\/2024\/07\/VA_Testgelaende2024_Fotowerkstatt_DanielaWolf_TL02709-320x480.jpg 640w, https:\/\/www.abk-stuttgart.de\/wp-content\/uploads\/2024\/07\/VA_Testgelaende2024_Fotowerkstatt_DanielaWolf_TL02709-320x480.jpg 320w\"\n        data-sizes=\"100vw\"\n        data-iesrc=\"https:\/\/www.abk-stuttgart.de\/wp-content\/uploads\/2024\/07\/VA_Testgelaende2024_Fotowerkstatt_DanielaWolf_TL02709.jpg\"\n        alt=\"\"\n        data-ratio=\"0.6666015625\"\n        style=\"display:block;min-height:1rem;opacity:1;\"\n    \/>\n\n<\/figure>\n\n\n    \n\n<div class=\"mediainfo\" data-id=\"image-34946\">\n    <button class=\"btn btn--circle btn-mediainfoclose\" aria-label=\"Close media info\"><span>&times;<\/span><\/button>\n    <div class=\"mediainfo--innerwrapper\">\n        <div class=\"mediainfo--inner\">\n            <div class=\"mediainfo--content\">\n\n                <div class=\"preview\">No Preview<\/div>\n\n                \n                                                            \n                            <\/div>\n        <\/div>\n    <\/div>\n<\/div>\n\n    \n\n    <div class=\"media-interface\">\n\n        <button class=\"btn btn--circle btn-mediainfo\" data-id=\"image-34946\" aria-label=\"Open media info\"><span>i<\/span><\/button>\n\n        \n    <\/div>\n\n                <\/div>\n            \n        \n            \n            \n                \n                <div class=\"slider__slide width--full fit--cover type--image\"  style=\"background-color:#ffffff\" >\n                    \n\n    \n<figure class=\"ratio--landscape\" style=\"--ratio:1.5001464986815\">\n\n    <img decoding=\"async\"\n        class=\"lozad\"\n        src=\"data:image\/gif;base64,R0lGODlhAQABAIAAAAAAAP\/\/\/yH5BAEAAAAALAAAAAABAAEAAAIBRAA7\"\n        data-src=\"https:\/\/www.abk-stuttgart.de\/wp-content\/uploads\/2024\/07\/VA_Testgelaende2024_Keramikwerkstatt_DanielaWolf_TL01378-320x213.jpg\"\n        data-srcset=\"https:\/\/www.abk-stuttgart.de\/wp-content\/uploads\/2024\/07\/VA_Testgelaende2024_Keramikwerkstatt_DanielaWolf_TL01378-2048x1365.jpg 2048w, https:\/\/www.abk-stuttgart.de\/wp-content\/uploads\/2024\/07\/VA_Testgelaende2024_Keramikwerkstatt_DanielaWolf_TL01378-1600x1067.jpg 1600w, https:\/\/www.abk-stuttgart.de\/wp-content\/uploads\/2024\/07\/VA_Testgelaende2024_Keramikwerkstatt_DanielaWolf_TL01378-1440x960.jpg 1440w, https:\/\/www.abk-stuttgart.de\/wp-content\/uploads\/2024\/07\/VA_Testgelaende2024_Keramikwerkstatt_DanielaWolf_TL01378-1024x683.jpg 1024w, https:\/\/www.abk-stuttgart.de\/wp-content\/uploads\/2024\/07\/VA_Testgelaende2024_Keramikwerkstatt_DanielaWolf_TL01378-800x533.jpg 800w, https:\/\/www.abk-stuttgart.de\/wp-content\/uploads\/2024\/07\/VA_Testgelaende2024_Keramikwerkstatt_DanielaWolf_TL01378-320x213.jpg 640w, https:\/\/www.abk-stuttgart.de\/wp-content\/uploads\/2024\/07\/VA_Testgelaende2024_Keramikwerkstatt_DanielaWolf_TL01378-320x213.jpg 320w\"\n        data-sizes=\"100vw\"\n        data-iesrc=\"https:\/\/www.abk-stuttgart.de\/wp-content\/uploads\/2024\/07\/VA_Testgelaende2024_Keramikwerkstatt_DanielaWolf_TL01378.jpg\"\n        alt=\"\"\n        data-ratio=\"1.5001464986815\"\n        style=\"display:block;min-height:1rem;opacity:1;\"\n    \/>\n\n<\/figure>\n\n\n    \n\n<div class=\"mediainfo\" data-id=\"image-34948\">\n    <button class=\"btn btn--circle btn-mediainfoclose\" aria-label=\"Close media info\"><span>&times;<\/span><\/button>\n    <div class=\"mediainfo--innerwrapper\">\n        <div class=\"mediainfo--inner\">\n            <div class=\"mediainfo--content\">\n\n                <div class=\"preview\">No Preview<\/div>\n\n                \n                                                            \n                            <\/div>\n        <\/div>\n    <\/div>\n<\/div>\n\n    \n\n    <div class=\"media-interface\">\n\n        <button class=\"btn btn--circle btn-mediainfo\" data-id=\"image-34948\" aria-label=\"Open media info\"><span>i<\/span><\/button>\n\n        \n    <\/div>\n\n                <\/div>\n            \n        \n            \n            \n                \n                <div class=\"slider__slide width--full fit--cover type--image\"  style=\"background-color:#ffffff\" >\n                    \n\n    \n<figure class=\"ratio--landscape\" style=\"--ratio:1.5001464986815\">\n\n    <img decoding=\"async\"\n        class=\"lozad\"\n        src=\"data:image\/gif;base64,R0lGODlhAQABAIAAAAAAAP\/\/\/yH5BAEAAAAALAAAAAABAAEAAAIBRAA7\"\n        data-src=\"https:\/\/www.abk-stuttgart.de\/wp-content\/uploads\/2024\/07\/VA_Testgelaende2024_Lithographie_DanielaWolf_TL01421-320x213.jpg\"\n        data-srcset=\"https:\/\/www.abk-stuttgart.de\/wp-content\/uploads\/2024\/07\/VA_Testgelaende2024_Lithographie_DanielaWolf_TL01421-2048x1365.jpg 2048w, https:\/\/www.abk-stuttgart.de\/wp-content\/uploads\/2024\/07\/VA_Testgelaende2024_Lithographie_DanielaWolf_TL01421-1600x1067.jpg 1600w, https:\/\/www.abk-stuttgart.de\/wp-content\/uploads\/2024\/07\/VA_Testgelaende2024_Lithographie_DanielaWolf_TL01421-1440x960.jpg 1440w, https:\/\/www.abk-stuttgart.de\/wp-content\/uploads\/2024\/07\/VA_Testgelaende2024_Lithographie_DanielaWolf_TL01421-1024x683.jpg 1024w, https:\/\/www.abk-stuttgart.de\/wp-content\/uploads\/2024\/07\/VA_Testgelaende2024_Lithographie_DanielaWolf_TL01421-800x533.jpg 800w, https:\/\/www.abk-stuttgart.de\/wp-content\/uploads\/2024\/07\/VA_Testgelaende2024_Lithographie_DanielaWolf_TL01421-320x213.jpg 640w, https:\/\/www.abk-stuttgart.de\/wp-content\/uploads\/2024\/07\/VA_Testgelaende2024_Lithographie_DanielaWolf_TL01421-320x213.jpg 320w\"\n        data-sizes=\"100vw\"\n        data-iesrc=\"https:\/\/www.abk-stuttgart.de\/wp-content\/uploads\/2024\/07\/VA_Testgelaende2024_Lithographie_DanielaWolf_TL01421.jpg\"\n        alt=\"\"\n        data-ratio=\"1.5001464986815\"\n        style=\"display:block;min-height:1rem;opacity:1;\"\n    \/>\n\n<\/figure>\n\n\n    \n\n<div class=\"mediainfo\" data-id=\"image-34950\">\n    <button class=\"btn btn--circle btn-mediainfoclose\" aria-label=\"Close media info\"><span>&times;<\/span><\/button>\n    <div class=\"mediainfo--innerwrapper\">\n        <div class=\"mediainfo--inner\">\n            <div class=\"mediainfo--content\">\n\n                <div class=\"preview\">No Preview<\/div>\n\n                \n                                                            \n                            <\/div>\n        <\/div>\n    <\/div>\n<\/div>\n\n    \n\n    <div class=\"media-interface\">\n\n        <button class=\"btn btn--circle btn-mediainfo\" data-id=\"image-34950\" aria-label=\"Open media info\"><span>i<\/span><\/button>\n\n        \n    <\/div>\n\n                <\/div>\n            \n        \n            \n            \n                \n                <div class=\"slider__slide width--full fit--cover type--image\"  style=\"background-color:#ffffff\" >\n                    \n\n    \n<figure class=\"ratio--landscape\" style=\"--ratio:1.5001464986815\">\n\n    <img decoding=\"async\"\n        class=\"lozad\"\n        src=\"data:image\/gif;base64,R0lGODlhAQABAIAAAAAAAP\/\/\/yH5BAEAAAAALAAAAAABAAEAAAIBRAA7\"\n        data-src=\"https:\/\/www.abk-stuttgart.de\/wp-content\/uploads\/2024\/07\/VA_Testgelaende2024_Werkstatt-fuer-Maltechniken_DanielaWolf_TL02851-320x213.jpg\"\n        data-srcset=\"https:\/\/www.abk-stuttgart.de\/wp-content\/uploads\/2024\/07\/VA_Testgelaende2024_Werkstatt-fuer-Maltechniken_DanielaWolf_TL02851-2048x1365.jpg 2048w, https:\/\/www.abk-stuttgart.de\/wp-content\/uploads\/2024\/07\/VA_Testgelaende2024_Werkstatt-fuer-Maltechniken_DanielaWolf_TL02851-1600x1067.jpg 1600w, https:\/\/www.abk-stuttgart.de\/wp-content\/uploads\/2024\/07\/VA_Testgelaende2024_Werkstatt-fuer-Maltechniken_DanielaWolf_TL02851-1440x960.jpg 1440w, https:\/\/www.abk-stuttgart.de\/wp-content\/uploads\/2024\/07\/VA_Testgelaende2024_Werkstatt-fuer-Maltechniken_DanielaWolf_TL02851-1024x683.jpg 1024w, https:\/\/www.abk-stuttgart.de\/wp-content\/uploads\/2024\/07\/VA_Testgelaende2024_Werkstatt-fuer-Maltechniken_DanielaWolf_TL02851-800x533.jpg 800w, https:\/\/www.abk-stuttgart.de\/wp-content\/uploads\/2024\/07\/VA_Testgelaende2024_Werkstatt-fuer-Maltechniken_DanielaWolf_TL02851-320x213.jpg 640w, https:\/\/www.abk-stuttgart.de\/wp-content\/uploads\/2024\/07\/VA_Testgelaende2024_Werkstatt-fuer-Maltechniken_DanielaWolf_TL02851-320x213.jpg 320w\"\n        data-sizes=\"100vw\"\n        data-iesrc=\"https:\/\/www.abk-stuttgart.de\/wp-content\/uploads\/2024\/07\/VA_Testgelaende2024_Werkstatt-fuer-Maltechniken_DanielaWolf_TL02851.jpg\"\n        alt=\"\"\n        data-ratio=\"1.5001464986815\"\n        style=\"display:block;min-height:1rem;opacity:1;\"\n    \/>\n\n<\/figure>\n\n\n    \n\n<div class=\"mediainfo\" data-id=\"image-34952\">\n    <button class=\"btn btn--circle btn-mediainfoclose\" aria-label=\"Close media info\"><span>&times;<\/span><\/button>\n    <div class=\"mediainfo--innerwrapper\">\n        <div class=\"mediainfo--inner\">\n            <div class=\"mediainfo--content\">\n\n                <div class=\"preview\">No Preview<\/div>\n\n                \n                                                            \n                            <\/div>\n        <\/div>\n    <\/div>\n<\/div>\n\n    \n\n    <div class=\"media-interface\">\n\n        <button class=\"btn btn--circle btn-mediainfo\" data-id=\"image-34952\" aria-label=\"Open media info\"><span>i<\/span><\/button>\n\n        \n    <\/div>\n\n                <\/div>\n            \n        \n            \n            \n                \n                <div class=\"slider__slide width--full fit--cover type--image\"  style=\"background-color:#ffffff\" >\n                    \n\n    \n<figure class=\"ratio--landscape\" style=\"--ratio:1.5001464986815\">\n\n    <img decoding=\"async\"\n        class=\"lozad\"\n        src=\"data:image\/gif;base64,R0lGODlhAQABAIAAAAAAAP\/\/\/yH5BAEAAAAALAAAAAABAAEAAAIBRAA7\"\n        data-src=\"https:\/\/www.abk-stuttgart.de\/wp-content\/uploads\/2024\/07\/VA_Testgelaende2024_DanielaWolf_TL02451-320x213.jpg\"\n        data-srcset=\"https:\/\/www.abk-stuttgart.de\/wp-content\/uploads\/2024\/07\/VA_Testgelaende2024_DanielaWolf_TL02451-2048x1365.jpg 2048w, https:\/\/www.abk-stuttgart.de\/wp-content\/uploads\/2024\/07\/VA_Testgelaende2024_DanielaWolf_TL02451-1600x1067.jpg 1600w, https:\/\/www.abk-stuttgart.de\/wp-content\/uploads\/2024\/07\/VA_Testgelaende2024_DanielaWolf_TL02451-1440x960.jpg 1440w, https:\/\/www.abk-stuttgart.de\/wp-content\/uploads\/2024\/07\/VA_Testgelaende2024_DanielaWolf_TL02451-1024x683.jpg 1024w, https:\/\/www.abk-stuttgart.de\/wp-content\/uploads\/2024\/07\/VA_Testgelaende2024_DanielaWolf_TL02451-800x533.jpg 800w, https:\/\/www.abk-stuttgart.de\/wp-content\/uploads\/2024\/07\/VA_Testgelaende2024_DanielaWolf_TL02451-320x213.jpg 640w, https:\/\/www.abk-stuttgart.de\/wp-content\/uploads\/2024\/07\/VA_Testgelaende2024_DanielaWolf_TL02451-320x213.jpg 320w\"\n        data-sizes=\"100vw\"\n        data-iesrc=\"https:\/\/www.abk-stuttgart.de\/wp-content\/uploads\/2024\/07\/VA_Testgelaende2024_DanielaWolf_TL02451.jpg\"\n        alt=\"\"\n        data-ratio=\"1.5001464986815\"\n        style=\"display:block;min-height:1rem;opacity:1;\"\n    \/>\n\n<\/figure>\n\n\n    \n\n<div class=\"mediainfo\" data-id=\"image-34954\">\n    <button class=\"btn btn--circle btn-mediainfoclose\" aria-label=\"Close media info\"><span>&times;<\/span><\/button>\n    <div class=\"mediainfo--innerwrapper\">\n        <div class=\"mediainfo--inner\">\n            <div class=\"mediainfo--content\">\n\n                <div class=\"preview\">No Preview<\/div>\n\n                \n                                                            \n                            <\/div>\n        <\/div>\n    <\/div>\n<\/div>\n\n    \n\n    <div class=\"media-interface\">\n\n        <button class=\"btn btn--circle btn-mediainfo\" data-id=\"image-34954\" aria-label=\"Open media info\"><span>i<\/span><\/button>\n\n        \n    <\/div>\n\n                <\/div>\n            \n        \n            \n            \n                \n                <div class=\"slider__slide width--full fit--cover type--image\"  style=\"background-color:#ffffff\" >\n                    \n\n    \n<figure class=\"ratio--landscape\" style=\"--ratio:1.5001464986815\">\n\n    <img decoding=\"async\"\n        class=\"lozad\"\n        src=\"data:image\/gif;base64,R0lGODlhAQABAIAAAAAAAP\/\/\/yH5BAEAAAAALAAAAAABAAEAAAIBRAA7\"\n        data-src=\"https:\/\/www.abk-stuttgart.de\/wp-content\/uploads\/2024\/07\/VA_Testgelaende2024_Architektur_DanielaWolf_TL02339-320x213.jpg\"\n        data-srcset=\"https:\/\/www.abk-stuttgart.de\/wp-content\/uploads\/2024\/07\/VA_Testgelaende2024_Architektur_DanielaWolf_TL02339-2048x1365.jpg 2048w, https:\/\/www.abk-stuttgart.de\/wp-content\/uploads\/2024\/07\/VA_Testgelaende2024_Architektur_DanielaWolf_TL02339-1600x1067.jpg 1600w, https:\/\/www.abk-stuttgart.de\/wp-content\/uploads\/2024\/07\/VA_Testgelaende2024_Architektur_DanielaWolf_TL02339-1440x960.jpg 1440w, https:\/\/www.abk-stuttgart.de\/wp-content\/uploads\/2024\/07\/VA_Testgelaende2024_Architektur_DanielaWolf_TL02339-1024x683.jpg 1024w, https:\/\/www.abk-stuttgart.de\/wp-content\/uploads\/2024\/07\/VA_Testgelaende2024_Architektur_DanielaWolf_TL02339-800x533.jpg 800w, https:\/\/www.abk-stuttgart.de\/wp-content\/uploads\/2024\/07\/VA_Testgelaende2024_Architektur_DanielaWolf_TL02339-320x213.jpg 640w, https:\/\/www.abk-stuttgart.de\/wp-content\/uploads\/2024\/07\/VA_Testgelaende2024_Architektur_DanielaWolf_TL02339-320x213.jpg 320w\"\n        data-sizes=\"100vw\"\n        data-iesrc=\"https:\/\/www.abk-stuttgart.de\/wp-content\/uploads\/2024\/07\/VA_Testgelaende2024_Architektur_DanielaWolf_TL02339.jpg\"\n        alt=\"\"\n        data-ratio=\"1.5001464986815\"\n        style=\"display:block;min-height:1rem;opacity:1;\"\n    \/>\n\n<\/figure>\n\n\n    \n\n<div class=\"mediainfo\" data-id=\"image-34956\">\n    <button class=\"btn btn--circle btn-mediainfoclose\" aria-label=\"Close media info\"><span>&times;<\/span><\/button>\n    <div class=\"mediainfo--innerwrapper\">\n        <div class=\"mediainfo--inner\">\n            <div class=\"mediainfo--content\">\n\n                <div class=\"preview\">No Preview<\/div>\n\n                \n                                                            \n                            <\/div>\n        <\/div>\n    <\/div>\n<\/div>\n\n    \n\n    <div class=\"media-interface\">\n\n        <button class=\"btn btn--circle btn-mediainfo\" data-id=\"image-34956\" aria-label=\"Open media info\"><span>i<\/span><\/button>\n\n        \n    <\/div>\n\n                <\/div>\n            \n        \n            \n            \n                \n                <div class=\"slider__slide width--full fit--cover type--image\"  style=\"background-color:#ffffff\" >\n                    \n\n    \n<figure class=\"ratio--landscape\" style=\"--ratio:1.5001464986815\">\n\n    <img decoding=\"async\"\n        class=\"lozad\"\n        src=\"data:image\/gif;base64,R0lGODlhAQABAIAAAAAAAP\/\/\/yH5BAEAAAAALAAAAAABAAEAAAIBRAA7\"\n        data-src=\"https:\/\/www.abk-stuttgart.de\/wp-content\/uploads\/2024\/07\/VA_Testgelaende2024_DanielaWolf_TL02423-320x213.jpg\"\n        data-srcset=\"https:\/\/www.abk-stuttgart.de\/wp-content\/uploads\/2024\/07\/VA_Testgelaende2024_DanielaWolf_TL02423-2048x1365.jpg 2048w, https:\/\/www.abk-stuttgart.de\/wp-content\/uploads\/2024\/07\/VA_Testgelaende2024_DanielaWolf_TL02423-1600x1067.jpg 1600w, https:\/\/www.abk-stuttgart.de\/wp-content\/uploads\/2024\/07\/VA_Testgelaende2024_DanielaWolf_TL02423-1440x960.jpg 1440w, https:\/\/www.abk-stuttgart.de\/wp-content\/uploads\/2024\/07\/VA_Testgelaende2024_DanielaWolf_TL02423-1024x683.jpg 1024w, https:\/\/www.abk-stuttgart.de\/wp-content\/uploads\/2024\/07\/VA_Testgelaende2024_DanielaWolf_TL02423-800x533.jpg 800w, https:\/\/www.abk-stuttgart.de\/wp-content\/uploads\/2024\/07\/VA_Testgelaende2024_DanielaWolf_TL02423-320x213.jpg 640w, https:\/\/www.abk-stuttgart.de\/wp-content\/uploads\/2024\/07\/VA_Testgelaende2024_DanielaWolf_TL02423-320x213.jpg 320w\"\n        data-sizes=\"100vw\"\n        data-iesrc=\"https:\/\/www.abk-stuttgart.de\/wp-content\/uploads\/2024\/07\/VA_Testgelaende2024_DanielaWolf_TL02423.jpg\"\n        alt=\"\"\n        data-ratio=\"1.5001464986815\"\n        style=\"display:block;min-height:1rem;opacity:1;\"\n    \/>\n\n<\/figure>\n\n\n    \n\n<div class=\"mediainfo\" data-id=\"image-34958\">\n    <button class=\"btn btn--circle btn-mediainfoclose\" aria-label=\"Close media info\"><span>&times;<\/span><\/button>\n    <div class=\"mediainfo--innerwrapper\">\n        <div class=\"mediainfo--inner\">\n            <div class=\"mediainfo--content\">\n\n                <div class=\"preview\">No Preview<\/div>\n\n                \n                                                            \n                            <\/div>\n        <\/div>\n    <\/div>\n<\/div>\n\n    \n\n    <div class=\"media-interface\">\n\n        <button class=\"btn btn--circle btn-mediainfo\" data-id=\"image-34958\" aria-label=\"Open media info\"><span>i<\/span><\/button>\n\n        \n    <\/div>\n\n                <\/div>\n            \n        \n            \n            \n                \n                <div class=\"slider__slide width--full fit--cover type--image\"  style=\"background-color:#ffffff\" >\n                    \n\n    \n<figure class=\"ratio--landscape\" style=\"--ratio:1.5001464986815\">\n\n    <img decoding=\"async\"\n        class=\"lozad\"\n        src=\"data:image\/gif;base64,R0lGODlhAQABAIAAAAAAAP\/\/\/yH5BAEAAAAALAAAAAABAAEAAAIBRAA7\"\n        data-src=\"https:\/\/www.abk-stuttgart.de\/wp-content\/uploads\/2024\/07\/VA_Testgelaende2024_Architektur_DanielaWolf_TL02133-320x213.jpg\"\n        data-srcset=\"https:\/\/www.abk-stuttgart.de\/wp-content\/uploads\/2024\/07\/VA_Testgelaende2024_Architektur_DanielaWolf_TL02133-2048x1365.jpg 2048w, https:\/\/www.abk-stuttgart.de\/wp-content\/uploads\/2024\/07\/VA_Testgelaende2024_Architektur_DanielaWolf_TL02133-1600x1067.jpg 1600w, https:\/\/www.abk-stuttgart.de\/wp-content\/uploads\/2024\/07\/VA_Testgelaende2024_Architektur_DanielaWolf_TL02133-1440x960.jpg 1440w, https:\/\/www.abk-stuttgart.de\/wp-content\/uploads\/2024\/07\/VA_Testgelaende2024_Architektur_DanielaWolf_TL02133-1024x683.jpg 1024w, https:\/\/www.abk-stuttgart.de\/wp-content\/uploads\/2024\/07\/VA_Testgelaende2024_Architektur_DanielaWolf_TL02133-800x533.jpg 800w, https:\/\/www.abk-stuttgart.de\/wp-content\/uploads\/2024\/07\/VA_Testgelaende2024_Architektur_DanielaWolf_TL02133-320x213.jpg 640w, https:\/\/www.abk-stuttgart.de\/wp-content\/uploads\/2024\/07\/VA_Testgelaende2024_Architektur_DanielaWolf_TL02133-320x213.jpg 320w\"\n        data-sizes=\"100vw\"\n        data-iesrc=\"https:\/\/www.abk-stuttgart.de\/wp-content\/uploads\/2024\/07\/VA_Testgelaende2024_Architektur_DanielaWolf_TL02133.jpg\"\n        alt=\"\"\n        data-ratio=\"1.5001464986815\"\n        style=\"display:block;min-height:1rem;opacity:1;\"\n    \/>\n\n<\/figure>\n\n\n    \n\n<div class=\"mediainfo\" data-id=\"image-34960\">\n    <button class=\"btn btn--circle btn-mediainfoclose\" aria-label=\"Close media info\"><span>&times;<\/span><\/button>\n    <div class=\"mediainfo--innerwrapper\">\n        <div class=\"mediainfo--inner\">\n            <div class=\"mediainfo--content\">\n\n                <div class=\"preview\">No Preview<\/div>\n\n                \n                                                            \n                            <\/div>\n        <\/div>\n    <\/div>\n<\/div>\n\n    \n\n    <div class=\"media-interface\">\n\n        <button class=\"btn btn--circle btn-mediainfo\" data-id=\"image-34960\" aria-label=\"Open media info\"><span>i<\/span><\/button>\n\n        \n    <\/div>\n\n                <\/div>\n            \n        \n            \n            \n                \n                <div class=\"slider__slide width--full fit--cover type--image\"  style=\"background-color:#ffffff\" >\n                    \n\n    \n<figure class=\"ratio--landscape\" style=\"--ratio:1.5001464986815\">\n\n    <img decoding=\"async\"\n        class=\"lozad\"\n        src=\"data:image\/gif;base64,R0lGODlhAQABAIAAAAAAAP\/\/\/yH5BAEAAAAALAAAAAABAAEAAAIBRAA7\"\n        data-src=\"https:\/\/www.abk-stuttgart.de\/wp-content\/uploads\/2024\/07\/VA_Testgelaende2024_Architektur_DanielaWolf_TL02152-320x213.jpg\"\n        data-srcset=\"https:\/\/www.abk-stuttgart.de\/wp-content\/uploads\/2024\/07\/VA_Testgelaende2024_Architektur_DanielaWolf_TL02152-2048x1365.jpg 2048w, https:\/\/www.abk-stuttgart.de\/wp-content\/uploads\/2024\/07\/VA_Testgelaende2024_Architektur_DanielaWolf_TL02152-1600x1067.jpg 1600w, https:\/\/www.abk-stuttgart.de\/wp-content\/uploads\/2024\/07\/VA_Testgelaende2024_Architektur_DanielaWolf_TL02152-1440x960.jpg 1440w, https:\/\/www.abk-stuttgart.de\/wp-content\/uploads\/2024\/07\/VA_Testgelaende2024_Architektur_DanielaWolf_TL02152-1024x683.jpg 1024w, https:\/\/www.abk-stuttgart.de\/wp-content\/uploads\/2024\/07\/VA_Testgelaende2024_Architektur_DanielaWolf_TL02152-800x533.jpg 800w, https:\/\/www.abk-stuttgart.de\/wp-content\/uploads\/2024\/07\/VA_Testgelaende2024_Architektur_DanielaWolf_TL02152-320x213.jpg 640w, https:\/\/www.abk-stuttgart.de\/wp-content\/uploads\/2024\/07\/VA_Testgelaende2024_Architektur_DanielaWolf_TL02152-320x213.jpg 320w\"\n        data-sizes=\"100vw\"\n        data-iesrc=\"https:\/\/www.abk-stuttgart.de\/wp-content\/uploads\/2024\/07\/VA_Testgelaende2024_Architektur_DanielaWolf_TL02152.jpg\"\n        alt=\"\"\n        data-ratio=\"1.5001464986815\"\n        style=\"display:block;min-height:1rem;opacity:1;\"\n    \/>\n\n<\/figure>\n\n\n    \n\n<div class=\"mediainfo\" data-id=\"image-34962\">\n    <button class=\"btn btn--circle btn-mediainfoclose\" aria-label=\"Close media info\"><span>&times;<\/span><\/button>\n    <div class=\"mediainfo--innerwrapper\">\n        <div class=\"mediainfo--inner\">\n            <div class=\"mediainfo--content\">\n\n                <div class=\"preview\">No Preview<\/div>\n\n                \n                                                            \n                            <\/div>\n        <\/div>\n    <\/div>\n<\/div>\n\n    \n\n    <div class=\"media-interface\">\n\n        <button class=\"btn btn--circle btn-mediainfo\" data-id=\"image-34962\" aria-label=\"Open media info\"><span>i<\/span><\/button>\n\n        \n    <\/div>\n\n                <\/div>\n            \n        \n            \n            \n                \n                <div class=\"slider__slide width--full fit--cover type--image\"  style=\"background-color:#ffffff\" >\n                    \n\n    \n<figure class=\"ratio--landscape\" style=\"--ratio:1.5001464986815\">\n\n    <img decoding=\"async\"\n        class=\"lozad\"\n        src=\"data:image\/gif;base64,R0lGODlhAQABAIAAAAAAAP\/\/\/yH5BAEAAAAALAAAAAABAAEAAAIBRAA7\"\n        data-src=\"https:\/\/www.abk-stuttgart.de\/wp-content\/uploads\/2024\/07\/VA_Testgelaende2024_Architektur_DanielaWolf_TL02251-320x213.jpg\"\n        data-srcset=\"https:\/\/www.abk-stuttgart.de\/wp-content\/uploads\/2024\/07\/VA_Testgelaende2024_Architektur_DanielaWolf_TL02251-2048x1365.jpg 2048w, https:\/\/www.abk-stuttgart.de\/wp-content\/uploads\/2024\/07\/VA_Testgelaende2024_Architektur_DanielaWolf_TL02251-1600x1067.jpg 1600w, https:\/\/www.abk-stuttgart.de\/wp-content\/uploads\/2024\/07\/VA_Testgelaende2024_Architektur_DanielaWolf_TL02251-1440x960.jpg 1440w, https:\/\/www.abk-stuttgart.de\/wp-content\/uploads\/2024\/07\/VA_Testgelaende2024_Architektur_DanielaWolf_TL02251-1024x683.jpg 1024w, https:\/\/www.abk-stuttgart.de\/wp-content\/uploads\/2024\/07\/VA_Testgelaende2024_Architektur_DanielaWolf_TL02251-800x533.jpg 800w, https:\/\/www.abk-stuttgart.de\/wp-content\/uploads\/2024\/07\/VA_Testgelaende2024_Architektur_DanielaWolf_TL02251-320x213.jpg 640w, https:\/\/www.abk-stuttgart.de\/wp-content\/uploads\/2024\/07\/VA_Testgelaende2024_Architektur_DanielaWolf_TL02251-320x213.jpg 320w\"\n        data-sizes=\"100vw\"\n        data-iesrc=\"https:\/\/www.abk-stuttgart.de\/wp-content\/uploads\/2024\/07\/VA_Testgelaende2024_Architektur_DanielaWolf_TL02251.jpg\"\n        alt=\"\"\n        data-ratio=\"1.5001464986815\"\n        style=\"display:block;min-height:1rem;opacity:1;\"\n    \/>\n\n<\/figure>\n\n\n    \n\n<div class=\"mediainfo\" data-id=\"image-34964\">\n    <button class=\"btn btn--circle btn-mediainfoclose\" aria-label=\"Close media info\"><span>&times;<\/span><\/button>\n    <div class=\"mediainfo--innerwrapper\">\n        <div class=\"mediainfo--inner\">\n            <div class=\"mediainfo--content\">\n\n                <div class=\"preview\">No Preview<\/div>\n\n                \n                                                            \n                            <\/div>\n        <\/div>\n    <\/div>\n<\/div>\n\n    \n\n    <div class=\"media-interface\">\n\n        <button class=\"btn btn--circle btn-mediainfo\" data-id=\"image-34964\" aria-label=\"Open media info\"><span>i<\/span><\/button>\n\n        \n    <\/div>\n\n                <\/div>\n            \n            <\/div>\n    <button class=\"slider__button slider__button--prev keyboard-navigation-only\" aria-label=\"Previous slide\"><\/button>\n    <button class=\"slider__button slider__button--next keyboard-navigation-only\" aria-label=\"Next slide\"><\/button>\n<\/div>\n\n\n\n    <div class=\"block block-text\">\n        <div class=\"fs-text\">\n            \n<p>At Testgel&auml;nde, ABK Stuttgart&rsquo;s taster days, the academy opens its doors and offers prospective students the opportunity to experience the atmosphere at the academy and learn more about its study programmes.<\/p>\n\n        <\/div>\n    <\/div>\n\n\n\n<details class=\"block-bundle collapse-section\">\n    <summary class=\"block block-subsection-title\">\n        <h3>What is Testgel\u00e4nde?<\/h3>    <\/summary>\n    \n\n    <div class=\"block block-text\">\n        <div class=\"fs-text\">\n            \n<ul class=\"simple\">\n<li>Taster days for prospective students aged 16 to 25<\/li>\n<li>Insights into the various study programmes, workshops, laboratories and classes<\/li>\n<li>Information on application procedures, admission requirements and the portfolio application process<\/li>\n<li>Personal meetings and direct discussions with students, professors, artistic-technical teachers and academic staff<\/li>\n<\/ul>\n\n        <\/div>\n    <\/div>\n\n\n<\/details>\n\n\n\n<details class=\"block-bundle collapse-section\">\n    <summary class=\"block block-subsection-title\">\n        <h3>When does Testgel\u00e4nde take place?<\/h3>    <\/summary>\n    \n\n    <div class=\"block block-text\">\n        <div class=\"fs-text\">\n            \n<p>The test site will take place during the autumn holidays from <b>26 to 27 October 2026<\/b>.<\/p>\n\n        <\/div>\n    <\/div>\n\n\n<\/details>\n\n\n\n<details class=\"block-bundle collapse-section\">\n    <summary class=\"block block-subsection-title\">\n        <h3>Application<\/h3>    <\/summary>\n    \n\n    <div class=\"block block-text\">\n        <div class=\"fs-text\">\n            \n<p>The application period for Testgel&auml;nde 2026 will take place in September 2026. Further information will be announced in due course.<\/p>\n\n        <\/div>\n    <\/div>\n\n\n<\/details>\n\n\n\n<details class=\"block-bundle collapse-section\">\n    <summary class=\"block block-subsection-title\">\n        <h3>Study programmes<\/h3>    <\/summary>\n    \n\n    <div class=\"block block-text\">\n        <div class=\"fs-text\">\n            \n<p>Applications are possible for one of the following study programmes:<\/p>\n\n        <\/div>\n    <\/div>\n\n\n\n<div class=\"teaser-list fac-list columns-2\">\n\n    \n        \n        <div class=\"block block-teaser block-card fac has-image block-link\">\n\n                            <a href=\"https:\/\/www.abk-stuttgart.de\/programmes\/architektur\/\" title=\"Architecture\" target=\"_self\" class=\"block-link__link\" aria-label=\"Architecture\"><\/a>\n            \n            <div class=\"area image\">\n                \n\n    \n<figure class=\"ratio--landscape\" style=\"--ratio:1\">\n\n    <img decoding=\"async\"\n        class=\"lozad\"\n        src=\"data:image\/gif;base64,R0lGODlhAQABAIAAAAAAAP\/\/\/yH5BAEAAAAALAAAAAABAAEAAAIBRAA7\"\n        data-src=\"https:\/\/www.abk-stuttgart.de\/wp-content\/uploads\/2025\/01\/Kachel_Studienangebot_Arch-320x320.jpg\"\n        data-srcset=\"https:\/\/www.abk-stuttgart.de\/wp-content\/uploads\/2025\/01\/Kachel_Studienangebot_Arch.jpg 2048w, https:\/\/www.abk-stuttgart.de\/wp-content\/uploads\/2025\/01\/Kachel_Studienangebot_Arch.jpg 1600w, https:\/\/www.abk-stuttgart.de\/wp-content\/uploads\/2025\/01\/Kachel_Studienangebot_Arch.jpg 1440w, https:\/\/www.abk-stuttgart.de\/wp-content\/uploads\/2025\/01\/Kachel_Studienangebot_Arch.jpg 1024w, https:\/\/www.abk-stuttgart.de\/wp-content\/uploads\/2025\/01\/Kachel_Studienangebot_Arch.jpg 800w, https:\/\/www.abk-stuttgart.de\/wp-content\/uploads\/2025\/01\/Kachel_Studienangebot_Arch-320x320.jpg 640w, https:\/\/www.abk-stuttgart.de\/wp-content\/uploads\/2025\/01\/Kachel_Studienangebot_Arch-320x320.jpg 320w\"\n        data-sizes=\"100vw\"\n        data-iesrc=\"https:\/\/www.abk-stuttgart.de\/wp-content\/uploads\/2025\/01\/Kachel_Studienangebot_Arch.jpg\"\n        alt=\"\"\n        data-ratio=\"1\"\n        style=\"display:block;min-height:1rem;opacity:1;\"\n    \/>\n\n<\/figure>\n\n\n            <\/div>\n\n            <div class=\"area text\">\n                                    <div class=\"title\">\n                        <span>Architecture<\/span>\n                    <\/div>\n                                                \n            <\/div>\n\n            \n        <\/div>\n\n    \n        \n        <div class=\"block block-teaser block-card fac has-image block-link\">\n\n                            <a href=\"https:\/\/www.abk-stuttgart.de\/programmes\/industrial-design\/\" title=\"Industrial Design\" target=\"_self\" class=\"block-link__link\" aria-label=\"Industrial Design\"><\/a>\n            \n            <div class=\"area image\">\n                \n\n    \n<figure class=\"ratio--landscape\" style=\"--ratio:1\">\n\n    <img decoding=\"async\"\n        class=\"lozad\"\n        src=\"data:image\/gif;base64,R0lGODlhAQABAIAAAAAAAP\/\/\/yH5BAEAAAAALAAAAAABAAEAAAIBRAA7\"\n        data-src=\"https:\/\/www.abk-stuttgart.de\/wp-content\/uploads\/2025\/01\/Kachel_ID_2-320x320.jpg\"\n        data-srcset=\"https:\/\/www.abk-stuttgart.de\/wp-content\/uploads\/2025\/01\/Kachel_ID_2.jpg 2048w, https:\/\/www.abk-stuttgart.de\/wp-content\/uploads\/2025\/01\/Kachel_ID_2.jpg 1600w, https:\/\/www.abk-stuttgart.de\/wp-content\/uploads\/2025\/01\/Kachel_ID_2.jpg 1440w, https:\/\/www.abk-stuttgart.de\/wp-content\/uploads\/2025\/01\/Kachel_ID_2.jpg 1024w, https:\/\/www.abk-stuttgart.de\/wp-content\/uploads\/2025\/01\/Kachel_ID_2.jpg 800w, https:\/\/www.abk-stuttgart.de\/wp-content\/uploads\/2025\/01\/Kachel_ID_2-320x320.jpg 640w, https:\/\/www.abk-stuttgart.de\/wp-content\/uploads\/2025\/01\/Kachel_ID_2-320x320.jpg 320w\"\n        data-sizes=\"100vw\"\n        data-iesrc=\"https:\/\/www.abk-stuttgart.de\/wp-content\/uploads\/2025\/01\/Kachel_ID_2.jpg\"\n        alt=\"\"\n        data-ratio=\"1\"\n        style=\"display:block;min-height:1rem;opacity:1;\"\n    \/>\n\n<\/figure>\n\n\n            <\/div>\n\n            <div class=\"area text\">\n                                    <div class=\"title\">\n                        <span>Industrial Design<\/span>\n                    <\/div>\n                                                \n            <\/div>\n\n            \n        <\/div>\n\n    \n        \n        <div class=\"block block-teaser block-card fac has-image block-link\">\n\n                            <a href=\"https:\/\/www.abk-stuttgart.de\/programmes\/kommunikationsdesign\/\" title=\"Kommunikationsdesign\" target=\"_self\" class=\"block-link__link\" aria-label=\"Communication \u00adDesign\"><\/a>\n            \n            <div class=\"area image\">\n                \n\n    \n<figure class=\"ratio--landscape\" style=\"--ratio:1\">\n\n    <img decoding=\"async\"\n        class=\"lozad\"\n        src=\"data:image\/gif;base64,R0lGODlhAQABAIAAAAAAAP\/\/\/yH5BAEAAAAALAAAAAABAAEAAAIBRAA7\"\n        data-src=\"https:\/\/www.abk-stuttgart.de\/wp-content\/uploads\/2024\/05\/Kachel_Studienangebot_KD-320x320.jpg\"\n        data-srcset=\"https:\/\/www.abk-stuttgart.de\/wp-content\/uploads\/2024\/05\/Kachel_Studienangebot_KD.jpg 2048w, https:\/\/www.abk-stuttgart.de\/wp-content\/uploads\/2024\/05\/Kachel_Studienangebot_KD.jpg 1600w, https:\/\/www.abk-stuttgart.de\/wp-content\/uploads\/2024\/05\/Kachel_Studienangebot_KD.jpg 1440w, https:\/\/www.abk-stuttgart.de\/wp-content\/uploads\/2024\/05\/Kachel_Studienangebot_KD.jpg 1024w, https:\/\/www.abk-stuttgart.de\/wp-content\/uploads\/2024\/05\/Kachel_Studienangebot_KD.jpg 800w, https:\/\/www.abk-stuttgart.de\/wp-content\/uploads\/2024\/05\/Kachel_Studienangebot_KD-320x320.jpg 640w, https:\/\/www.abk-stuttgart.de\/wp-content\/uploads\/2024\/05\/Kachel_Studienangebot_KD-320x320.jpg 320w\"\n        data-sizes=\"100vw\"\n        data-iesrc=\"https:\/\/www.abk-stuttgart.de\/wp-content\/uploads\/2024\/05\/Kachel_Studienangebot_KD.jpg\"\n        alt=\"Acht gerahmte Poster zeitgen\u00f6ssischer Kunst, in zwei Reihen auf einer wei\u00dfen Galeriewand angeordnet, jedes mit unterschiedlichen Grafiken, Texten und Farben.\"\n        data-ratio=\"1\"\n        style=\"display:block;min-height:1rem;opacity:1;\"\n    \/>\n\n<\/figure>\n\n\n            <\/div>\n\n            <div class=\"area text\">\n                                    <div class=\"title\">\n                        <span>Communication \u00adDesign<\/span>\n                    <\/div>\n                                                \n            <\/div>\n\n            \n        <\/div>\n\n    \n        \n        <div class=\"block block-teaser block-card fac has-image block-link\">\n\n                            <a href=\"https:\/\/www.abk-stuttgart.de\/programmes\/textildesign\/\" title=\"Textildesign\" target=\"_self\" class=\"block-link__link\" aria-label=\"Textile Design\"><\/a>\n            \n            <div class=\"area image\">\n                \n\n    \n<figure class=\"ratio--landscape\" style=\"--ratio:1\">\n\n    <img decoding=\"async\"\n        class=\"lozad\"\n        src=\"data:image\/gif;base64,R0lGODlhAQABAIAAAAAAAP\/\/\/yH5BAEAAAAALAAAAAABAAEAAAIBRAA7\"\n        data-src=\"https:\/\/www.abk-stuttgart.de\/wp-content\/uploads\/2024\/05\/Kachel_Studienangebot_TD-320x320.jpg\"\n        data-srcset=\"https:\/\/www.abk-stuttgart.de\/wp-content\/uploads\/2024\/05\/Kachel_Studienangebot_TD.jpg 2048w, https:\/\/www.abk-stuttgart.de\/wp-content\/uploads\/2024\/05\/Kachel_Studienangebot_TD.jpg 1600w, https:\/\/www.abk-stuttgart.de\/wp-content\/uploads\/2024\/05\/Kachel_Studienangebot_TD.jpg 1440w, https:\/\/www.abk-stuttgart.de\/wp-content\/uploads\/2024\/05\/Kachel_Studienangebot_TD.jpg 1024w, https:\/\/www.abk-stuttgart.de\/wp-content\/uploads\/2024\/05\/Kachel_Studienangebot_TD.jpg 800w, https:\/\/www.abk-stuttgart.de\/wp-content\/uploads\/2024\/05\/Kachel_Studienangebot_TD-320x320.jpg 640w, https:\/\/www.abk-stuttgart.de\/wp-content\/uploads\/2024\/05\/Kachel_Studienangebot_TD-320x320.jpg 320w\"\n        data-sizes=\"100vw\"\n        data-iesrc=\"https:\/\/www.abk-stuttgart.de\/wp-content\/uploads\/2024\/05\/Kachel_Studienangebot_TD.jpg\"\n        alt=\"\"\n        data-ratio=\"1\"\n        style=\"display:block;min-height:1rem;opacity:1;\"\n    \/>\n\n<\/figure>\n\n\n            <\/div>\n\n            <div class=\"area text\">\n                                    <div class=\"title\">\n                        <span>Textile Design<\/span>\n                    <\/div>\n                                                \n            <\/div>\n\n            \n        <\/div>\n\n    \n        \n        <div class=\"block block-teaser block-card fac has-image block-link\">\n\n                            <a href=\"https:\/\/www.abk-stuttgart.de\/programmes\/bildende-kunst\/\" title=\"Bildende Kunst\" target=\"_self\" class=\"block-link__link\" aria-label=\"Fine Arts\"><\/a>\n            \n            <div class=\"area image\">\n                \n\n    \n<figure class=\"ratio--landscape\" style=\"--ratio:1\">\n\n    <img decoding=\"async\"\n        class=\"lozad\"\n        src=\"data:image\/gif;base64,R0lGODlhAQABAIAAAAAAAP\/\/\/yH5BAEAAAAALAAAAAABAAEAAAIBRAA7\"\n        data-src=\"https:\/\/www.abk-stuttgart.de\/wp-content\/uploads\/2025\/01\/Kachel_BildendeKunst-320x320.jpg\"\n        data-srcset=\"https:\/\/www.abk-stuttgart.de\/wp-content\/uploads\/2025\/01\/Kachel_BildendeKunst.jpg 2048w, https:\/\/www.abk-stuttgart.de\/wp-content\/uploads\/2025\/01\/Kachel_BildendeKunst.jpg 1600w, https:\/\/www.abk-stuttgart.de\/wp-content\/uploads\/2025\/01\/Kachel_BildendeKunst.jpg 1440w, https:\/\/www.abk-stuttgart.de\/wp-content\/uploads\/2025\/01\/Kachel_BildendeKunst.jpg 1024w, https:\/\/www.abk-stuttgart.de\/wp-content\/uploads\/2025\/01\/Kachel_BildendeKunst.jpg 800w, https:\/\/www.abk-stuttgart.de\/wp-content\/uploads\/2025\/01\/Kachel_BildendeKunst-320x320.jpg 640w, https:\/\/www.abk-stuttgart.de\/wp-content\/uploads\/2025\/01\/Kachel_BildendeKunst-320x320.jpg 320w\"\n        data-sizes=\"100vw\"\n        data-iesrc=\"https:\/\/www.abk-stuttgart.de\/wp-content\/uploads\/2025\/01\/Kachel_BildendeKunst.jpg\"\n        alt=\"\"\n        data-ratio=\"1\"\n        style=\"display:block;min-height:1rem;opacity:1;\"\n    \/>\n\n<\/figure>\n\n\n            <\/div>\n\n            <div class=\"area text\">\n                                    <div class=\"title\">\n                        <span>Fine Arts<\/span>\n                    <\/div>\n                                                \n            <\/div>\n\n            \n        <\/div>\n\n    \n        \n        <div class=\"block block-teaser block-card fac has-image block-link\">\n\n                            <a href=\"https:\/\/www.abk-stuttgart.de\/programmes\/kuenstlerisches-lehramt-mit-bildender-kunst\/\" title=\"K\u00fcnstlerisches Lehramt mit Bildender Kunst\" target=\"_self\" class=\"block-link__link\" aria-label=\"Art Education\"><\/a>\n            \n            <div class=\"area image\">\n                \n\n    \n<figure class=\"ratio--landscape\" style=\"--ratio:1\">\n\n    <img decoding=\"async\"\n        class=\"lozad\"\n        src=\"data:image\/gif;base64,R0lGODlhAQABAIAAAAAAAP\/\/\/yH5BAEAAAAALAAAAAABAAEAAAIBRAA7\"\n        data-src=\"https:\/\/www.abk-stuttgart.de\/wp-content\/uploads\/2025\/01\/Kachel_KuenstlerischesLehramt-320x320.jpg\"\n        data-srcset=\"https:\/\/www.abk-stuttgart.de\/wp-content\/uploads\/2025\/01\/Kachel_KuenstlerischesLehramt.jpg 2048w, https:\/\/www.abk-stuttgart.de\/wp-content\/uploads\/2025\/01\/Kachel_KuenstlerischesLehramt.jpg 1600w, https:\/\/www.abk-stuttgart.de\/wp-content\/uploads\/2025\/01\/Kachel_KuenstlerischesLehramt.jpg 1440w, https:\/\/www.abk-stuttgart.de\/wp-content\/uploads\/2025\/01\/Kachel_KuenstlerischesLehramt.jpg 1024w, https:\/\/www.abk-stuttgart.de\/wp-content\/uploads\/2025\/01\/Kachel_KuenstlerischesLehramt.jpg 800w, https:\/\/www.abk-stuttgart.de\/wp-content\/uploads\/2025\/01\/Kachel_KuenstlerischesLehramt-320x320.jpg 640w, https:\/\/www.abk-stuttgart.de\/wp-content\/uploads\/2025\/01\/Kachel_KuenstlerischesLehramt-320x320.jpg 320w\"\n        data-sizes=\"100vw\"\n        data-iesrc=\"https:\/\/www.abk-stuttgart.de\/wp-content\/uploads\/2025\/01\/Kachel_KuenstlerischesLehramt.jpg\"\n        alt=\"\"\n        data-ratio=\"1\"\n        style=\"display:block;min-height:1rem;opacity:1;\"\n    \/>\n\n<\/figure>\n\n\n            <\/div>\n\n            <div class=\"area text\">\n                                    <div class=\"title\">\n                        <span>Art Education<\/span>\n                    <\/div>\n                                                \n            <\/div>\n\n            \n        <\/div>\n\n    \n        \n        <div class=\"block block-teaser block-card fac has-image block-link\">\n\n                            <a href=\"https:\/\/www.abk-stuttgart.de\/programmes\/buehnen-und-kostuembild\/\" title=\"B\u00fchnen- und Kost\u00fcmbild\" target=\"_self\" class=\"block-link__link\" aria-label=\"Stage and Costume Design\"><\/a>\n            \n            <div class=\"area image\">\n                \n\n    \n<figure class=\"ratio--landscape\" style=\"--ratio:1\">\n\n    <img decoding=\"async\"\n        class=\"lozad\"\n        src=\"data:image\/gif;base64,R0lGODlhAQABAIAAAAAAAP\/\/\/yH5BAEAAAAALAAAAAABAAEAAAIBRAA7\"\n        data-src=\"https:\/\/www.abk-stuttgart.de\/wp-content\/uploads\/2025\/01\/Kachel_Buehne-Kostuem-1-320x320.jpg\"\n        data-srcset=\"https:\/\/www.abk-stuttgart.de\/wp-content\/uploads\/2025\/01\/Kachel_Buehne-Kostuem-1.jpg 2048w, https:\/\/www.abk-stuttgart.de\/wp-content\/uploads\/2025\/01\/Kachel_Buehne-Kostuem-1.jpg 1600w, https:\/\/www.abk-stuttgart.de\/wp-content\/uploads\/2025\/01\/Kachel_Buehne-Kostuem-1.jpg 1440w, https:\/\/www.abk-stuttgart.de\/wp-content\/uploads\/2025\/01\/Kachel_Buehne-Kostuem-1.jpg 1024w, https:\/\/www.abk-stuttgart.de\/wp-content\/uploads\/2025\/01\/Kachel_Buehne-Kostuem-1.jpg 800w, https:\/\/www.abk-stuttgart.de\/wp-content\/uploads\/2025\/01\/Kachel_Buehne-Kostuem-1-320x320.jpg 640w, https:\/\/www.abk-stuttgart.de\/wp-content\/uploads\/2025\/01\/Kachel_Buehne-Kostuem-1-320x320.jpg 320w\"\n        data-sizes=\"100vw\"\n        data-iesrc=\"https:\/\/www.abk-stuttgart.de\/wp-content\/uploads\/2025\/01\/Kachel_Buehne-Kostuem-1.jpg\"\n        alt=\"\"\n        data-ratio=\"1\"\n        style=\"display:block;min-height:1rem;opacity:1;\"\n    \/>\n\n<\/figure>\n\n\n            <\/div>\n\n            <div class=\"area text\">\n                                    <div class=\"title\">\n                        <span>Stage and Costume Design<\/span>\n                    <\/div>\n                                                \n            <\/div>\n\n            \n        <\/div>\n\n    \n        \n        <div class=\"block block-teaser block-card fac has-image block-link\">\n\n                            <a href=\"https:\/\/www.abk-stuttgart.de\/programmes\/gemaelde-und-skulpturenrestaurierung\/\" title=\"Gem\u00e4lde- und Skulpturenrestaurierung\" target=\"_self\" class=\"block-link__link\" aria-label=\"Paintings and Sculpture Conservation\"><\/a>\n            \n            <div class=\"area image\">\n                \n\n    \n<figure class=\"ratio--landscape\" style=\"--ratio:1\">\n\n    <img decoding=\"async\"\n        class=\"lozad\"\n        src=\"data:image\/gif;base64,R0lGODlhAQABAIAAAAAAAP\/\/\/yH5BAEAAAAALAAAAAABAAEAAAIBRAA7\"\n        data-src=\"https:\/\/www.abk-stuttgart.de\/wp-content\/uploads\/2024\/12\/Kachel_gemalderestaurierung-4-320x320.jpg\"\n        data-srcset=\"https:\/\/www.abk-stuttgart.de\/wp-content\/uploads\/2024\/12\/Kachel_gemalderestaurierung-4.jpg 2048w, https:\/\/www.abk-stuttgart.de\/wp-content\/uploads\/2024\/12\/Kachel_gemalderestaurierung-4.jpg 1600w, https:\/\/www.abk-stuttgart.de\/wp-content\/uploads\/2024\/12\/Kachel_gemalderestaurierung-4.jpg 1440w, https:\/\/www.abk-stuttgart.de\/wp-content\/uploads\/2024\/12\/Kachel_gemalderestaurierung-4.jpg 1024w, https:\/\/www.abk-stuttgart.de\/wp-content\/uploads\/2024\/12\/Kachel_gemalderestaurierung-4.jpg 800w, https:\/\/www.abk-stuttgart.de\/wp-content\/uploads\/2024\/12\/Kachel_gemalderestaurierung-4-320x320.jpg 640w, https:\/\/www.abk-stuttgart.de\/wp-content\/uploads\/2024\/12\/Kachel_gemalderestaurierung-4-320x320.jpg 320w\"\n        data-sizes=\"100vw\"\n        data-iesrc=\"https:\/\/www.abk-stuttgart.de\/wp-content\/uploads\/2024\/12\/Kachel_gemalderestaurierung-4.jpg\"\n        alt=\"\"\n        data-ratio=\"1\"\n        style=\"display:block;min-height:1rem;opacity:1;\"\n    \/>\n\n<\/figure>\n\n\n            <\/div>\n\n            <div class=\"area text\">\n                                    <div class=\"title\">\n                        <span>Paintings and Sculpture Conservation<\/span>\n                    <\/div>\n                                                \n            <\/div>\n\n            \n        <\/div>\n\n    \n        \n        <div class=\"block block-teaser block-card fac has-image block-link\">\n\n                            <a href=\"https:\/\/www.abk-stuttgart.de\/programmes\/medienrestaurierung\/\" title=\"Medienrestaurierung\" target=\"_self\" class=\"block-link__link\" aria-label=\"Media \u00adConservation\"><\/a>\n            \n            <div class=\"area image\">\n                \n\n    \n<figure class=\"ratio--landscape\" style=\"--ratio:1\">\n\n    <img decoding=\"async\"\n        class=\"lozad\"\n        src=\"data:image\/gif;base64,R0lGODlhAQABAIAAAAAAAP\/\/\/yH5BAEAAAAALAAAAAABAAEAAAIBRAA7\"\n        data-src=\"https:\/\/www.abk-stuttgart.de\/wp-content\/uploads\/2025\/01\/Kachel_Medienrestaurierung-320x320.jpg\"\n        data-srcset=\"https:\/\/www.abk-stuttgart.de\/wp-content\/uploads\/2025\/01\/Kachel_Medienrestaurierung.jpg 2048w, https:\/\/www.abk-stuttgart.de\/wp-content\/uploads\/2025\/01\/Kachel_Medienrestaurierung.jpg 1600w, https:\/\/www.abk-stuttgart.de\/wp-content\/uploads\/2025\/01\/Kachel_Medienrestaurierung.jpg 1440w, https:\/\/www.abk-stuttgart.de\/wp-content\/uploads\/2025\/01\/Kachel_Medienrestaurierung.jpg 1024w, https:\/\/www.abk-stuttgart.de\/wp-content\/uploads\/2025\/01\/Kachel_Medienrestaurierung.jpg 800w, https:\/\/www.abk-stuttgart.de\/wp-content\/uploads\/2025\/01\/Kachel_Medienrestaurierung-320x320.jpg 640w, https:\/\/www.abk-stuttgart.de\/wp-content\/uploads\/2025\/01\/Kachel_Medienrestaurierung-320x320.jpg 320w\"\n        data-sizes=\"100vw\"\n        data-iesrc=\"https:\/\/www.abk-stuttgart.de\/wp-content\/uploads\/2025\/01\/Kachel_Medienrestaurierung.jpg\"\n        alt=\"\"\n        data-ratio=\"1\"\n        style=\"display:block;min-height:1rem;opacity:1;\"\n    \/>\n\n<\/figure>\n\n\n            <\/div>\n\n            <div class=\"area text\">\n                                    <div class=\"title\">\n                        <span>Media \u00adConservation<\/span>\n                    <\/div>\n                                                \n            <\/div>\n\n            \n        <\/div>\n\n    \n        \n        <div class=\"block block-teaser block-card fac has-image block-link\">\n\n                            <a href=\"https:\/\/www.abk-stuttgart.de\/programmes\/objektrestaurierung\/\" title=\"Objektrestaurierung\" target=\"_self\" class=\"block-link__link\" aria-label=\"Object \u00adConservation\"><\/a>\n            \n            <div class=\"area image\">\n                \n\n    \n<figure class=\"ratio--landscape\" style=\"--ratio:1\">\n\n    <img decoding=\"async\"\n        class=\"lozad\"\n        src=\"data:image\/gif;base64,R0lGODlhAQABAIAAAAAAAP\/\/\/yH5BAEAAAAALAAAAAABAAEAAAIBRAA7\"\n        data-src=\"https:\/\/www.abk-stuttgart.de\/wp-content\/uploads\/2024\/12\/Kachel_objektrestaurierung-320x320.jpg\"\n        data-srcset=\"https:\/\/www.abk-stuttgart.de\/wp-content\/uploads\/2024\/12\/Kachel_objektrestaurierung.jpg 2048w, https:\/\/www.abk-stuttgart.de\/wp-content\/uploads\/2024\/12\/Kachel_objektrestaurierung.jpg 1600w, https:\/\/www.abk-stuttgart.de\/wp-content\/uploads\/2024\/12\/Kachel_objektrestaurierung.jpg 1440w, https:\/\/www.abk-stuttgart.de\/wp-content\/uploads\/2024\/12\/Kachel_objektrestaurierung.jpg 1024w, https:\/\/www.abk-stuttgart.de\/wp-content\/uploads\/2024\/12\/Kachel_objektrestaurierung.jpg 800w, https:\/\/www.abk-stuttgart.de\/wp-content\/uploads\/2024\/12\/Kachel_objektrestaurierung-320x320.jpg 640w, https:\/\/www.abk-stuttgart.de\/wp-content\/uploads\/2024\/12\/Kachel_objektrestaurierung-320x320.jpg 320w\"\n        data-sizes=\"100vw\"\n        data-iesrc=\"https:\/\/www.abk-stuttgart.de\/wp-content\/uploads\/2024\/12\/Kachel_objektrestaurierung.jpg\"\n        alt=\"\"\n        data-ratio=\"1\"\n        style=\"display:block;min-height:1rem;opacity:1;\"\n    \/>\n\n<\/figure>\n\n\n            <\/div>\n\n            <div class=\"area text\">\n                                    <div class=\"title\">\n                        <span>Object \u00adConservation<\/span>\n                    <\/div>\n                                                \n            <\/div>\n\n            \n        <\/div>\n\n    \n        \n        <div class=\"block block-teaser block-card fac has-image block-link\">\n\n                            <a href=\"https:\/\/www.abk-stuttgart.de\/programmes\/papierrestaurierung\/\" title=\"Papierrestaurierung\" target=\"_self\" class=\"block-link__link\" aria-label=\"Paper Conversation\"><\/a>\n            \n            <div class=\"area image\">\n                \n\n    \n<figure class=\"ratio--landscape\" style=\"--ratio:1\">\n\n    <img decoding=\"async\"\n        class=\"lozad\"\n        src=\"data:image\/gif;base64,R0lGODlhAQABAIAAAAAAAP\/\/\/yH5BAEAAAAALAAAAAABAAEAAAIBRAA7\"\n        data-src=\"https:\/\/www.abk-stuttgart.de\/wp-content\/uploads\/2024\/08\/Icon-papierrestaurierung_platzhalter-320x320.jpg\"\n        data-srcset=\"https:\/\/www.abk-stuttgart.de\/wp-content\/uploads\/2024\/08\/Kachel_papierrestaurierung.jpg 2048w, https:\/\/www.abk-stuttgart.de\/wp-content\/uploads\/2024\/08\/Kachel_papierrestaurierung.jpg 1600w, https:\/\/www.abk-stuttgart.de\/wp-content\/uploads\/2024\/08\/Kachel_papierrestaurierung.jpg 1440w, https:\/\/www.abk-stuttgart.de\/wp-content\/uploads\/2024\/08\/Kachel_papierrestaurierung.jpg 1024w, https:\/\/www.abk-stuttgart.de\/wp-content\/uploads\/2024\/08\/Kachel_papierrestaurierung.jpg 800w, https:\/\/www.abk-stuttgart.de\/wp-content\/uploads\/2024\/08\/Kachel_papierrestaurierung.jpg 640w, https:\/\/www.abk-stuttgart.de\/wp-content\/uploads\/2024\/08\/Icon-papierrestaurierung_platzhalter-320x320.jpg 320w\"\n        data-sizes=\"100vw\"\n        data-iesrc=\"https:\/\/www.abk-stuttgart.de\/wp-content\/uploads\/2024\/08\/Kachel_papierrestaurierung.jpg\"\n        alt=\"\"\n        data-ratio=\"1\"\n        style=\"display:block;min-height:1rem;opacity:1;\"\n    \/>\n\n<\/figure>\n\n\n            <\/div>\n\n            <div class=\"area text\">\n                                    <div class=\"title\">\n                        <span>Paper Conversation<\/span>\n                    <\/div>\n                                                \n            <\/div>\n\n            \n        <\/div>\n\n    \n        \n        <div class=\"block block-teaser block-card fac has-image block-link\">\n\n                            <a href=\"https:\/\/www.abk-stuttgart.de\/programmes\/wandmalereirestaurierung\/\" title=\"Wandmalereirestaurierung\" target=\"_self\" class=\"block-link__link\" aria-label=\"Wall Painting Conservation\"><\/a>\n            \n            <div class=\"area image\">\n                \n\n    \n<figure class=\"ratio--landscape\" style=\"--ratio:1\">\n\n    <img decoding=\"async\"\n        class=\"lozad\"\n        src=\"data:image\/gif;base64,R0lGODlhAQABAIAAAAAAAP\/\/\/yH5BAEAAAAALAAAAAABAAEAAAIBRAA7\"\n        data-src=\"https:\/\/www.abk-stuttgart.de\/wp-content\/uploads\/2024\/12\/Kachel_wandmalereirestaurierung-320x320.jpg\"\n        data-srcset=\"https:\/\/www.abk-stuttgart.de\/wp-content\/uploads\/2024\/12\/Kachel_wandmalereirestaurierung.jpg 2048w, https:\/\/www.abk-stuttgart.de\/wp-content\/uploads\/2024\/12\/Kachel_wandmalereirestaurierung.jpg 1600w, https:\/\/www.abk-stuttgart.de\/wp-content\/uploads\/2024\/12\/Kachel_wandmalereirestaurierung.jpg 1440w, https:\/\/www.abk-stuttgart.de\/wp-content\/uploads\/2024\/12\/Kachel_wandmalereirestaurierung.jpg 1024w, https:\/\/www.abk-stuttgart.de\/wp-content\/uploads\/2024\/12\/Kachel_wandmalereirestaurierung.jpg 800w, https:\/\/www.abk-stuttgart.de\/wp-content\/uploads\/2024\/12\/Kachel_wandmalereirestaurierung-320x320.jpg 640w, https:\/\/www.abk-stuttgart.de\/wp-content\/uploads\/2024\/12\/Kachel_wandmalereirestaurierung-320x320.jpg 320w\"\n        data-sizes=\"100vw\"\n        data-iesrc=\"https:\/\/www.abk-stuttgart.de\/wp-content\/uploads\/2024\/12\/Kachel_wandmalereirestaurierung.jpg\"\n        alt=\"\"\n        data-ratio=\"1\"\n        style=\"display:block;min-height:1rem;opacity:1;\"\n    \/>\n\n<\/figure>\n\n\n            <\/div>\n\n            <div class=\"area text\">\n                                    <div class=\"title\">\n                        <span>Wall Painting Conservation<\/span>\n                    <\/div>\n                                                \n            <\/div>\n\n            \n        <\/div>\n\n    \n<\/div>\n\n\n\n\n\n<\/details>\n\n\n\n<details class=\"block-bundle collapse-section\">\n    <summary class=\"block block-subsection-title\">\n        <h3>Contact us<\/h3>    <\/summary>\n    \n\n<div class=\"block block-teaser block-link block-card person has-image has-backgroundcolor\" style=\"--color-bg: var(--color-coral);\">\n\n        <a href=\"https:\/\/www.abk-stuttgart.de\/en\/person\/marion-butsch-ma-2\/\"\n        class=\"block-link__link\"\n        aria-label=\"Zur Personenseite von Marion Butsch M.A.\">\n    <\/a>\n\n                <div class=\"area image\">\n            \n\n    \n<figure class=\"ratio--landscape\" style=\"--ratio:1\">\n\n    <img decoding=\"async\"\n        class=\"lozad\"\n        src=\"data:image\/gif;base64,R0lGODlhAQABAIAAAAAAAP\/\/\/yH5BAEAAAAALAAAAAABAAEAAAIBRAA7\"\n        data-src=\"https:\/\/www.abk-stuttgart.de\/wp-content\/uploads\/2024\/05\/butsch_portrait1_abk_big-1.jpg\"\n        data-srcset=\"https:\/\/www.abk-stuttgart.de\/wp-content\/uploads\/2024\/05\/butsch_portrait1_abk_big-1.jpg 2048w, https:\/\/www.abk-stuttgart.de\/wp-content\/uploads\/2024\/05\/butsch_portrait1_abk_big-1.jpg 1600w, https:\/\/www.abk-stuttgart.de\/wp-content\/uploads\/2024\/05\/butsch_portrait1_abk_big-1.jpg 1440w, https:\/\/www.abk-stuttgart.de\/wp-content\/uploads\/2024\/05\/butsch_portrait1_abk_big-1.jpg 1024w, https:\/\/www.abk-stuttgart.de\/wp-content\/uploads\/2024\/05\/butsch_portrait1_abk_big-1.jpg 800w, https:\/\/www.abk-stuttgart.de\/wp-content\/uploads\/2024\/05\/butsch_portrait1_abk_big-1.jpg 640w, https:\/\/www.abk-stuttgart.de\/wp-content\/uploads\/2024\/05\/butsch_portrait1_abk_big-1.jpg 320w\"\n        data-sizes=\"100vw\"\n        data-iesrc=\"https:\/\/www.abk-stuttgart.de\/wp-content\/uploads\/2024\/05\/butsch_portrait1_abk_big-1.jpg\"\n        alt=\"Schwarz-Wei\u00df-Portr\u00e4t einer Frau mit schulterlangem Haar, Brille und hellem Oberteil, die vor einem schlichten Hintergrund in die Kamera l\u00e4chelt.\"\n        data-ratio=\"1\"\n        style=\"display:block;min-height:1rem;opacity:1;\"\n    \/>\n\n<\/figure>\n\n\n        <\/div>\n    \n        <div class=\"area text\">\n\n                    <div class=\"meta-container\">\n                <span class=\"subhead top\">Dipl.-Ing (FH)<\/span>\n            <\/div>\n        \n        <div class=\"title\">\n            <span>Marion Butsch M.A.<\/span>\n\n                    <\/div>\n\n                    <div class=\"description\">\n                <p>Staff unit Event Organisation and Student Marketing<\/p>\n            <\/div>\n        \n                    <div class=\"description\">\n                <p>Campus Wei\u00dfenhof, Neubau 1, Room 207<\/p>\n            <\/div>\n        \n                <div class=\"btn-group\">\n\n            \n<a\n    href=\"tel:+4971128440-321\"\n   class=\"link btn btn--default type-phone has-icon icon-left fs-uppercase\"\n    target=\"_blank\" rel=\"noopener noreferrer\"   data-type=\"phone\"\n      >\n\n            <span class=\"shrink-to-fit\">+49 711 28440-321<\/span>\n    \n    \n    \n            <svg width=\"25\" height=\"25\" viewBox=\"0 0 25 25\" fill=\"none\" xmlns=\"http:\/\/www.w3.org\/2000\/svg\">\n    <path d=\"M16.3886 14.7105L19 18.6969L17.1097 19.9138C13.3307 20.482 10.6279 18.1526 8.843 15.4993C7.12395 12.8036 6.07668 9.40838 8.13738 6.21696L10.0277 5L12.6167 8.95233L9.8672 10.7225C11.134 13.1039 11.9599 14.3647 13.6392 16.4806L16.3886 14.7105Z\" stroke=\"black\" \/>\n<\/svg>\n    <\/a>\n\n<a\n    href=\"mailto:marion.butsch@abk-stuttgart.de\"\n   class=\"link btn btn--default type-mail has-icon icon-left\"\n    target=\"_blank\" rel=\"noopener noreferrer\"   data-type=\"mail\"\n      >\n\n            <span class=\"shrink-to-fit\">marion.butsch@abk-stuttgart.de<\/span>\n    \n    \n    \n            <svg width=\"25\" height=\"25\" viewBox=\"0 0 25 25\" fill=\"none\" xmlns=\"http:\/\/www.w3.org\/2000\/svg\">\n    <path d=\"M18.1328 7.86621L12.4995 13.0662L6.86615 7.86621\" stroke=\"black\" \/>\n    <rect x=\"6.5\" y=\"7.5\" width=\"12\" height=\"9.4\" stroke=\"black\" \/>\n<\/svg>\n    <\/a>\n\n<a\n    href=\"\"\n   class=\"link btn btn--default type-download has-icon icon-left\"\n    target=\"_blank\" rel=\"noopener noreferrer\"   data-type=\"download\"\n      >\n\n    \n            <span class=\"filetype\">VCF<\/span>\n    \n    \n            <svg width=\"25\" height=\"25\" viewBox=\"0 0 25 25\" fill=\"none\" xmlns=\"http:\/\/www.w3.org\/2000\/svg\">\n    <path d=\"M18 10.5L12.5 15L7 10.5\" stroke=\"black\" \/>\n    <path d=\"M12.5 6V15\" stroke=\"black\" \/>\n    <path d=\"M18 19H7\" stroke=\"black\" \/>\n<\/svg>\n    <\/a>\n\n        <\/div>\n\n    <\/div>\n\n<\/div>\n\n<\/details>\n","protected":false},"author":2,"featured_media":34999,"parent":0,"menu_order":11,"template":"","class_list":["post-42633","application","type-application","status-publish","has-post-thumbnail","hentry"],"acf":[],"_links":{"self":[{"href":"https:\/\/www.abk-stuttgart.de\/en\/wp-json\/wp\/v2\/application\/42633","targetHints":{"allow":["GET"]}}],"collection":[{"href":"https:\/\/www.abk-stuttgart.de\/en\/wp-json\/wp\/v2\/application"}],"about":[{"href":"https:\/\/www.abk-stuttgart.de\/en\/wp-json\/wp\/v2\/types\/application"}],"author":[{"embeddable":true,"href":"https:\/\/www.abk-stuttgart.de\/en\/wp-json\/wp\/v2\/users\/2"}],"wp:featuredmedia":[{"embeddable":true,"href":"https:\/\/www.abk-stuttgart.de\/en\/wp-json\/wp\/v2\/media\/34999"}],"wp:attachment":[{"href":"https:\/\/www.abk-stuttgart.de\/en\/wp-json\/wp\/v2\/media?parent=42633"}],"curies":[{"name":"wp","href":"https:\/\/api.w.org\/{rel}","templated":true}]}}