{"id":42649,"date":"2024-07-11T18:19:54","date_gmt":"2024-07-11T16:19:54","guid":{"rendered":"https:\/\/www.abk-stuttgart.de\/application\/studien-und-mappenberatung\/"},"modified":"2026-02-26T11:27:14","modified_gmt":"2026-02-26T10:27:14","slug":"studien-und-mappenberatung","status":"publish","type":"application","link":"https:\/\/www.abk-stuttgart.de\/en\/application\/studien-und-mappenberatung\/","title":{"rendered":"Study and portfolio counselling"},"content":{"rendered":"\n<div class=\"block block-gallery size--big\" data-count=\"3\">\n\n    <div class=\"slider js-slick\">\n        \n            \n            \n                \n                <div class=\"slider__slide width--auto fit--cover type--image\"  style=\"background-color:#ffffff\" >\n                    \n\n    \n<figure class=\"ratio--portrait\" style=\"--ratio:0.66683660463931\">\n\n    <img decoding=\"async\"\n        class=\"lozad\"\n        src=\"data:image\/gif;base64,R0lGODlhAQABAIAAAAAAAP\/\/\/yH5BAEAAAAALAAAAAABAAEAAAIBRAA7\"\n        data-src=\"https:\/\/www.abk-stuttgart.de\/wp-content\/uploads\/2024\/08\/ABK_Mappenabgabe_2016_MarleneKehle_02488-320x480.jpg\"\n        data-srcset=\"https:\/\/www.abk-stuttgart.de\/wp-content\/uploads\/2024\/08\/ABK_Mappenabgabe_2016_MarleneKehle_02488-2048x3071.jpg 2048w, https:\/\/www.abk-stuttgart.de\/wp-content\/uploads\/2024\/08\/ABK_Mappenabgabe_2016_MarleneKehle_02488-1600x2399.jpg 1600w, https:\/\/www.abk-stuttgart.de\/wp-content\/uploads\/2024\/08\/ABK_Mappenabgabe_2016_MarleneKehle_02488-1440x2159.jpg 1440w, https:\/\/www.abk-stuttgart.de\/wp-content\/uploads\/2024\/08\/ABK_Mappenabgabe_2016_MarleneKehle_02488-1024x1536.jpg 1024w, https:\/\/www.abk-stuttgart.de\/wp-content\/uploads\/2024\/08\/ABK_Mappenabgabe_2016_MarleneKehle_02488.jpg 800w, https:\/\/www.abk-stuttgart.de\/wp-content\/uploads\/2024\/08\/ABK_Mappenabgabe_2016_MarleneKehle_02488.jpg 640w, https:\/\/www.abk-stuttgart.de\/wp-content\/uploads\/2024\/08\/ABK_Mappenabgabe_2016_MarleneKehle_02488-320x480.jpg 320w\"\n        data-sizes=\"100vw\"\n        data-iesrc=\"https:\/\/www.abk-stuttgart.de\/wp-content\/uploads\/2024\/08\/ABK_Mappenabgabe_2016_MarleneKehle_02488.jpg\"\n        alt=\"\"\n        data-ratio=\"0.66683660463931\"\n        style=\"display:block;min-height:1rem;opacity:1;\"\n    \/>\n\n<\/figure>\n\n\n    \n\n<div class=\"mediainfo\" data-id=\"image-3365\">\n    <button class=\"btn btn--circle btn-mediainfoclose\" aria-label=\"Close media info\"><span>&times;<\/span><\/button>\n    <div class=\"mediainfo--innerwrapper\">\n        <div class=\"mediainfo--inner\">\n            <div class=\"mediainfo--content\">\n\n                <div class=\"preview\">No Preview<\/div>\n\n                \n                                                            \n                            <\/div>\n        <\/div>\n    <\/div>\n<\/div>\n\n    \n\n    <div class=\"media-interface\">\n\n        <button class=\"btn btn--circle btn-mediainfo\" data-id=\"image-3365\" aria-label=\"Open media info\"><span>i<\/span><\/button>\n\n        \n    <\/div>\n\n                <\/div>\n            \n        \n            \n            \n                \n                <div class=\"slider__slide width--half fit--cover type--image\"  style=\"background-color:#ffffff\" >\n                    \n\n    \n<figure class=\"ratio--landscape\" style=\"--ratio:1.5\">\n\n    <img decoding=\"async\"\n        class=\"lozad\"\n        src=\"data:image\/gif;base64,R0lGODlhAQABAIAAAAAAAP\/\/\/yH5BAEAAAAALAAAAAABAAEAAAIBRAA7\"\n        data-src=\"https:\/\/www.abk-stuttgart.de\/wp-content\/uploads\/2024\/08\/ABK_Mappenabgabe_2016_MarleneKehle_02533-320x213.jpg\"\n        data-srcset=\"https:\/\/www.abk-stuttgart.de\/wp-content\/uploads\/2024\/08\/ABK_Mappenabgabe_2016_MarleneKehle_02533-2048x1365.jpg 2048w, https:\/\/www.abk-stuttgart.de\/wp-content\/uploads\/2024\/08\/ABK_Mappenabgabe_2016_MarleneKehle_02533-1600x1067.jpg 1600w, https:\/\/www.abk-stuttgart.de\/wp-content\/uploads\/2024\/08\/ABK_Mappenabgabe_2016_MarleneKehle_02533-1440x960.jpg 1440w, https:\/\/www.abk-stuttgart.de\/wp-content\/uploads\/2024\/08\/ABK_Mappenabgabe_2016_MarleneKehle_02533-1024x683.jpg 1024w, https:\/\/www.abk-stuttgart.de\/wp-content\/uploads\/2024\/08\/ABK_Mappenabgabe_2016_MarleneKehle_02533.jpg 800w, https:\/\/www.abk-stuttgart.de\/wp-content\/uploads\/2024\/08\/ABK_Mappenabgabe_2016_MarleneKehle_02533.jpg 640w, https:\/\/www.abk-stuttgart.de\/wp-content\/uploads\/2024\/08\/ABK_Mappenabgabe_2016_MarleneKehle_02533-320x213.jpg 320w\"\n        data-sizes=\"100vw\"\n        data-iesrc=\"https:\/\/www.abk-stuttgart.de\/wp-content\/uploads\/2024\/08\/ABK_Mappenabgabe_2016_MarleneKehle_02533.jpg\"\n        alt=\"\"\n        data-ratio=\"1.5\"\n        style=\"display:block;min-height:1rem;opacity:1;\"\n    \/>\n\n<\/figure>\n\n\n    \n\n<div class=\"mediainfo\" data-id=\"image-3359\">\n    <button class=\"btn btn--circle btn-mediainfoclose\" aria-label=\"Close media info\"><span>&times;<\/span><\/button>\n    <div class=\"mediainfo--innerwrapper\">\n        <div class=\"mediainfo--inner\">\n            <div class=\"mediainfo--content\">\n\n                <div class=\"preview\">No Preview<\/div>\n\n                \n                                                            \n                            <\/div>\n        <\/div>\n    <\/div>\n<\/div>\n\n    \n\n    <div class=\"media-interface\">\n\n        <button class=\"btn btn--circle btn-mediainfo\" data-id=\"image-3359\" aria-label=\"Open media info\"><span>i<\/span><\/button>\n\n        \n    <\/div>\n\n                <\/div>\n            \n        \n            \n            \n                \n                <div class=\"slider__slide width--half fit--cover type--image\"  style=\"background-color:#ffffff\" >\n                    \n\n    \n<figure class=\"ratio--portrait\" style=\"--ratio:0.66666666666667\">\n\n    <img decoding=\"async\"\n        class=\"lozad\"\n        src=\"data:image\/gif;base64,R0lGODlhAQABAIAAAAAAAP\/\/\/yH5BAEAAAAALAAAAAABAAEAAAIBRAA7\"\n        data-src=\"https:\/\/www.abk-stuttgart.de\/wp-content\/uploads\/2024\/08\/ABK_Mappenabgabe_2016_MarleneKehle_02508-320x480.jpg\"\n        data-srcset=\"https:\/\/www.abk-stuttgart.de\/wp-content\/uploads\/2024\/08\/ABK_Mappenabgabe_2016_MarleneKehle_02508-2048x3072.jpg 2048w, https:\/\/www.abk-stuttgart.de\/wp-content\/uploads\/2024\/08\/ABK_Mappenabgabe_2016_MarleneKehle_02508-1600x2400.jpg 1600w, https:\/\/www.abk-stuttgart.de\/wp-content\/uploads\/2024\/08\/ABK_Mappenabgabe_2016_MarleneKehle_02508-1440x2160.jpg 1440w, https:\/\/www.abk-stuttgart.de\/wp-content\/uploads\/2024\/08\/ABK_Mappenabgabe_2016_MarleneKehle_02508-1024x1536.jpg 1024w, https:\/\/www.abk-stuttgart.de\/wp-content\/uploads\/2024\/08\/ABK_Mappenabgabe_2016_MarleneKehle_02508.jpg 800w, https:\/\/www.abk-stuttgart.de\/wp-content\/uploads\/2024\/08\/ABK_Mappenabgabe_2016_MarleneKehle_02508.jpg 640w, https:\/\/www.abk-stuttgart.de\/wp-content\/uploads\/2024\/08\/ABK_Mappenabgabe_2016_MarleneKehle_02508-320x480.jpg 320w\"\n        data-sizes=\"100vw\"\n        data-iesrc=\"https:\/\/www.abk-stuttgart.de\/wp-content\/uploads\/2024\/08\/ABK_Mappenabgabe_2016_MarleneKehle_02508.jpg\"\n        alt=\"\"\n        data-ratio=\"0.66666666666667\"\n        style=\"display:block;min-height:1rem;opacity:1;\"\n    \/>\n\n<\/figure>\n\n\n    \n\n<div class=\"mediainfo\" data-id=\"image-3363\">\n    <button class=\"btn btn--circle btn-mediainfoclose\" aria-label=\"Close media info\"><span>&times;<\/span><\/button>\n    <div class=\"mediainfo--innerwrapper\">\n        <div class=\"mediainfo--inner\">\n            <div class=\"mediainfo--content\">\n\n                <div class=\"preview\">No Preview<\/div>\n\n                \n                                                            \n                            <\/div>\n        <\/div>\n    <\/div>\n<\/div>\n\n    \n\n    <div class=\"media-interface\">\n\n        <button class=\"btn btn--circle btn-mediainfo\" data-id=\"image-3363\" aria-label=\"Open media info\"><span>i<\/span><\/button>\n\n        \n    <\/div>\n\n                <\/div>\n            \n            <\/div>\n    <button class=\"slider__button slider__button--prev keyboard-navigation-only\" aria-label=\"Previous slide\"><\/button>\n    <button class=\"slider__button slider__button--next keyboard-navigation-only\" aria-label=\"Next slide\"><\/button>\n<\/div>\n\n\n\n    <div class=\"block block-text\">\n        <div class=\"fs-text\">\n            \n<p>Anyone interested in studying at ABK Stuttgart has the opportunity to take part in a study and portfolio counselling. Depending on the degree programme, consultations take place on site or digitally. Detailed information can be found below.<\/p>\n\n        <\/div>\n    <\/div>\n\n\n\n<details class=\"block-bundle collapse-section\">\n    <summary class=\"block block-subsection-title\">\n        <h3>Architecture<\/h3>    <\/summary>\n    \n\n<details class=\"block-bundle collapse-section collapsed\">\n    <summary class=\"block block-subsection-title\">\n        <h4>Architecture B.A.<\/h4>    <\/summary>\n    \n\n    <div class=\"block block-text\">\n        <div class=\"fs-text\">\n            \n<h5><strong>Study and portfolio counselling <\/strong><\/h5>\n<p>No study and portfolio consultation appointments are currently being offered.<\/p>\n<p>&nbsp;<\/p>\n\n        <\/div>\n    <\/div>\n\n\n\n    <div class=\"block block-text\">\n        <div class=\"fs-text\">\n            \n<h5>Registration and contact details:<\/h5>\n\n        <\/div>\n    <\/div>\n\n\n\n<div class=\"block block-teaser block-link block-card person has-image has-backgroundcolor\" style=\"--color-bg: var(--color-coral);\">\n\n        <a href=\"https:\/\/www.abk-stuttgart.de\/en\/person\/stefanie-nowak-2\/\"\n        class=\"block-link__link\"\n        aria-label=\"Zur Personenseite von Stefanie Nowak\">\n    <\/a>\n\n                <div class=\"area image\">\n            \n\n    \n<figure class=\"ratio--landscape\" style=\"--ratio:1\">\n\n    <img decoding=\"async\"\n        class=\"lozad\"\n        src=\"data:image\/gif;base64,R0lGODlhAQABAIAAAAAAAP\/\/\/yH5BAEAAAAALAAAAAABAAEAAAIBRAA7\"\n        data-src=\"https:\/\/www.abk-stuttgart.de\/wp-content\/themes\/abk\/assets\/img\/dummy-person.jpg\"\n        data-srcset=\"https:\/\/www.abk-stuttgart.de\/wp-content\/themes\/abk\/assets\/img\/dummy-person.jpg 2048w, https:\/\/www.abk-stuttgart.de\/wp-content\/themes\/abk\/assets\/img\/dummy-person.jpg 1600w, https:\/\/www.abk-stuttgart.de\/wp-content\/themes\/abk\/assets\/img\/dummy-person.jpg 1440w, https:\/\/www.abk-stuttgart.de\/wp-content\/themes\/abk\/assets\/img\/dummy-person.jpg 1024w, https:\/\/www.abk-stuttgart.de\/wp-content\/themes\/abk\/assets\/img\/dummy-person.jpg 320w\"\n        data-sizes=\"100vw\"\n        data-iesrc=\"https:\/\/www.abk-stuttgart.de\/wp-content\/themes\/abk\/assets\/img\/dummy-person.jpg\"\n        alt=\"\"\n        data-ratio=\"1\"\n        style=\"display:block;min-height:1rem;opacity:1;\"\n    \/>\n\n<\/figure>\n\n\n        <\/div>\n    \n        <div class=\"area text\">\n\n        \n        <div class=\"title\">\n            <span>Stefanie Nowak<\/span>\n\n                    <\/div>\n\n                    <div class=\"description\">\n                <p>Office of the Department of Architecture<\/p>\n            <\/div>\n        \n                    <div class=\"description\">\n                <p>Campus Wei\u00dfenhof, Neubau 1, Room 118<\/p>\n            <\/div>\n        \n                <div class=\"btn-group\">\n\n            \n<a\n    href=\"tel:+4971128440-203\"\n   class=\"link btn btn--default type-phone has-icon icon-left fs-uppercase\"\n    target=\"_blank\" rel=\"noopener noreferrer\"   data-type=\"phone\"\n      >\n\n            <span class=\"shrink-to-fit\">+49 711 28440-203<\/span>\n    \n    \n    \n            <svg width=\"25\" height=\"25\" viewBox=\"0 0 25 25\" fill=\"none\" xmlns=\"http:\/\/www.w3.org\/2000\/svg\">\n    <path d=\"M16.3886 14.7105L19 18.6969L17.1097 19.9138C13.3307 20.482 10.6279 18.1526 8.843 15.4993C7.12395 12.8036 6.07668 9.40838 8.13738 6.21696L10.0277 5L12.6167 8.95233L9.8672 10.7225C11.134 13.1039 11.9599 14.3647 13.6392 16.4806L16.3886 14.7105Z\" stroke=\"black\" \/>\n<\/svg>\n    <\/a>\n\n<a\n    href=\"mailto:stefanie.nowak@abk-stuttgart.de\"\n   class=\"link btn btn--default type-mail has-icon icon-left\"\n    target=\"_blank\" rel=\"noopener noreferrer\"   data-type=\"mail\"\n      >\n\n            <span class=\"shrink-to-fit\">stefanie.nowak@abk-stuttgart.de<\/span>\n    \n    \n    \n            <svg width=\"25\" height=\"25\" viewBox=\"0 0 25 25\" fill=\"none\" xmlns=\"http:\/\/www.w3.org\/2000\/svg\">\n    <path d=\"M18.1328 7.86621L12.4995 13.0662L6.86615 7.86621\" stroke=\"black\" \/>\n    <rect x=\"6.5\" y=\"7.5\" width=\"12\" height=\"9.4\" stroke=\"black\" \/>\n<\/svg>\n    <\/a>\n\n<a\n    href=\"\"\n   class=\"link btn btn--default type-download has-icon icon-left\"\n    target=\"_blank\" rel=\"noopener noreferrer\"   data-type=\"download\"\n      >\n\n    \n            <span class=\"filetype\">VCF<\/span>\n    \n    \n            <svg width=\"25\" height=\"25\" viewBox=\"0 0 25 25\" fill=\"none\" xmlns=\"http:\/\/www.w3.org\/2000\/svg\">\n    <path d=\"M18 10.5L12.5 15L7 10.5\" stroke=\"black\" \/>\n    <path d=\"M12.5 6V15\" stroke=\"black\" \/>\n    <path d=\"M18 19H7\" stroke=\"black\" \/>\n<\/svg>\n    <\/a>\n\n        <\/div>\n\n    <\/div>\n\n<\/div>\n\n<\/details>\n\n\n\n<details class=\"block-bundle collapse-section collapsed\">\n    <summary class=\"block block-subsection-title\">\n        <h4>Architecture M.A.<\/h4>    <\/summary>\n    \n\n    <div class=\"block block-text\">\n        <div class=\"fs-text\">\n            \n<h5>Appointments by arrangement<\/h5>\n<h5><\/h5>\n<h5>Registration and contact details:<\/h5>\n\n        <\/div>\n    <\/div>\n\n\n\n<div class=\"block block-teaser block-link block-card person has-image has-backgroundcolor\" style=\"--color-bg: var(--color-coral);\">\n\n        <a href=\"https:\/\/www.abk-stuttgart.de\/en\/person\/marianne-mueller-aa-dipl-2\/\"\n        class=\"block-link__link\"\n        aria-label=\"Zur Personenseite von Marianne Mueller\">\n    <\/a>\n\n                <div class=\"area image\">\n            \n\n    \n<figure class=\"ratio--landscape\" style=\"--ratio:1\">\n\n    <img decoding=\"async\"\n        class=\"lozad\"\n        src=\"data:image\/gif;base64,R0lGODlhAQABAIAAAAAAAP\/\/\/yH5BAEAAAAALAAAAAABAAEAAAIBRAA7\"\n        data-src=\"https:\/\/www.abk-stuttgart.de\/wp-content\/uploads\/2024\/05\/Marianne_Mueller_\u00a9Valerie_Bennett_2014_610_kl-320x320.jpg\"\n        data-srcset=\"https:\/\/www.abk-stuttgart.de\/wp-content\/uploads\/2024\/05\/Marianne_Mueller_\u00a9Valerie_Bennett_2014_610_kl.jpg 2048w, https:\/\/www.abk-stuttgart.de\/wp-content\/uploads\/2024\/05\/Marianne_Mueller_\u00a9Valerie_Bennett_2014_610_kl.jpg 1600w, https:\/\/www.abk-stuttgart.de\/wp-content\/uploads\/2024\/05\/Marianne_Mueller_\u00a9Valerie_Bennett_2014_610_kl.jpg 1440w, https:\/\/www.abk-stuttgart.de\/wp-content\/uploads\/2024\/05\/Marianne_Mueller_\u00a9Valerie_Bennett_2014_610_kl.jpg 1024w, https:\/\/www.abk-stuttgart.de\/wp-content\/uploads\/2024\/05\/Marianne_Mueller_\u00a9Valerie_Bennett_2014_610_kl.jpg 800w, https:\/\/www.abk-stuttgart.de\/wp-content\/uploads\/2024\/05\/Marianne_Mueller_\u00a9Valerie_Bennett_2014_610_kl-320x320.jpg 640w, https:\/\/www.abk-stuttgart.de\/wp-content\/uploads\/2024\/05\/Marianne_Mueller_\u00a9Valerie_Bennett_2014_610_kl-320x320.jpg 320w\"\n        data-sizes=\"100vw\"\n        data-iesrc=\"https:\/\/www.abk-stuttgart.de\/wp-content\/uploads\/2024\/05\/Marianne_Mueller_\u00a9Valerie_Bennett_2014_610_kl.jpg\"\n        alt=\"Eine Person mit kurzen dunklen Haaren und ernstem Gesichtsausdruck blickt in die Kamera. Sie tr\u00e4gt ein dunkles Button-up-Hemd vor einem dunklen Hintergrund.\"\n        data-ratio=\"1\"\n        style=\"display:block;min-height:1rem;opacity:1;\"\n    \/>\n\n<\/figure>\n\n\n        <\/div>\n    \n        <div class=\"area text\">\n\n                    <div class=\"meta-container\">\n                <span class=\"subhead top\">Prof.<\/span>\n            <\/div>\n        \n        <div class=\"title\">\n            <span>Marianne Mueller<\/span>\n\n                    <\/div>\n\n                    <div class=\"description\">\n                <p>Professor of Architectural Design and Building Typology in the Department of Architecture. Deputy chairwoman of the Department of Architecture<\/p>\n            <\/div>\n        \n                    <div class=\"description\">\n                <p>Campus Wei\u00dfenhof, Neubau 1, Room 105<\/p>\n            <\/div>\n        \n                <div class=\"btn-group\">\n\n            \n<a\n    href=\"tel:+4971128440-202\"\n   class=\"link btn btn--default type-phone has-icon icon-left fs-uppercase\"\n    target=\"_blank\" rel=\"noopener noreferrer\"   data-type=\"phone\"\n      >\n\n            <span class=\"shrink-to-fit\">+49 711 28440-202<\/span>\n    \n    \n    \n            <svg width=\"25\" height=\"25\" viewBox=\"0 0 25 25\" fill=\"none\" xmlns=\"http:\/\/www.w3.org\/2000\/svg\">\n    <path d=\"M16.3886 14.7105L19 18.6969L17.1097 19.9138C13.3307 20.482 10.6279 18.1526 8.843 15.4993C7.12395 12.8036 6.07668 9.40838 8.13738 6.21696L10.0277 5L12.6167 8.95233L9.8672 10.7225C11.134 13.1039 11.9599 14.3647 13.6392 16.4806L16.3886 14.7105Z\" stroke=\"black\" \/>\n<\/svg>\n    <\/a>\n\n<a\n    href=\"mailto:marianne.mueller@abk-stuttgart.de\"\n   class=\"link btn btn--default type-mail has-icon icon-left\"\n    target=\"_blank\" rel=\"noopener noreferrer\"   data-type=\"mail\"\n      >\n\n            <span class=\"shrink-to-fit\">marianne.mueller@abk-stuttgart.de<\/span>\n    \n    \n    \n            <svg width=\"25\" height=\"25\" viewBox=\"0 0 25 25\" fill=\"none\" xmlns=\"http:\/\/www.w3.org\/2000\/svg\">\n    <path d=\"M18.1328 7.86621L12.4995 13.0662L6.86615 7.86621\" stroke=\"black\" \/>\n    <rect x=\"6.5\" y=\"7.5\" width=\"12\" height=\"9.4\" stroke=\"black\" \/>\n<\/svg>\n    <\/a>\n\n<a\n    href=\"\"\n   class=\"link btn btn--default type-download has-icon icon-left\"\n    target=\"_blank\" rel=\"noopener noreferrer\"   data-type=\"download\"\n      >\n\n    \n            <span class=\"filetype\">VCF<\/span>\n    \n    \n            <svg width=\"25\" height=\"25\" viewBox=\"0 0 25 25\" fill=\"none\" xmlns=\"http:\/\/www.w3.org\/2000\/svg\">\n    <path d=\"M18 10.5L12.5 15L7 10.5\" stroke=\"black\" \/>\n    <path d=\"M12.5 6V15\" stroke=\"black\" \/>\n    <path d=\"M18 19H7\" stroke=\"black\" \/>\n<\/svg>\n    <\/a>\n\n        <\/div>\n\n    <\/div>\n\n<\/div>\n\n<\/details>\n\n\n<\/details>\n\n\n\n<details class=\"block-bundle collapse-section\">\n    <summary class=\"block block-subsection-title\">\n        <h3>Design<\/h3>    <\/summary>\n    \n\n<details class=\"block-bundle collapse-section collapsed\">\n    <summary class=\"block block-subsection-title\">\n        <h4>Industrial Design<\/h4>    <\/summary>\n    \n\n    <div class=\"block block-text\">\n        <div class=\"fs-text\">\n            \n<h5><strong>Study and portfolio counselling<\/strong><\/h5>\n<p>No study and portfolio consultation appointments are currently being offered.<\/p>\n\n        <\/div>\n    <\/div>\n\n\n\n    <div class=\"block block-text\">\n        <div class=\"fs-text\">\n            \n<h5>Registration and contact details:<\/h5>\n\n        <\/div>\n    <\/div>\n\n\n\n<div class=\"block block-teaser block-link block-card person has-image has-backgroundcolor\" style=\"--color-bg: var(--color-coral);\">\n\n        <a href=\"https:\/\/www.abk-stuttgart.de\/en\/person\/david-gebka-2\/\"\n        class=\"block-link__link\"\n        aria-label=\"Zur Personenseite von David Gebka\">\n    <\/a>\n\n                <div class=\"area image\">\n            \n\n    \n<figure class=\"ratio--landscape\" style=\"--ratio:1\">\n\n    <img decoding=\"async\"\n        class=\"lozad\"\n        src=\"data:image\/gif;base64,R0lGODlhAQABAIAAAAAAAP\/\/\/yH5BAEAAAAALAAAAAABAAEAAAIBRAA7\"\n        data-src=\"https:\/\/www.abk-stuttgart.de\/wp-content\/uploads\/2024\/05\/portrait_gebka_abk_big-1.jpg\"\n        data-srcset=\"https:\/\/www.abk-stuttgart.de\/wp-content\/uploads\/2024\/05\/portrait_gebka_abk_big-1.jpg 2048w, https:\/\/www.abk-stuttgart.de\/wp-content\/uploads\/2024\/05\/portrait_gebka_abk_big-1.jpg 1600w, https:\/\/www.abk-stuttgart.de\/wp-content\/uploads\/2024\/05\/portrait_gebka_abk_big-1.jpg 1440w, https:\/\/www.abk-stuttgart.de\/wp-content\/uploads\/2024\/05\/portrait_gebka_abk_big-1.jpg 1024w, https:\/\/www.abk-stuttgart.de\/wp-content\/uploads\/2024\/05\/portrait_gebka_abk_big-1.jpg 800w, https:\/\/www.abk-stuttgart.de\/wp-content\/uploads\/2024\/05\/portrait_gebka_abk_big-1.jpg 640w, https:\/\/www.abk-stuttgart.de\/wp-content\/uploads\/2024\/05\/portrait_gebka_abk_big-1.jpg 320w\"\n        data-sizes=\"100vw\"\n        data-iesrc=\"https:\/\/www.abk-stuttgart.de\/wp-content\/uploads\/2024\/05\/portrait_gebka_abk_big-1.jpg\"\n        alt=\"Ein Mann mit kurzen dunklen Haaren, Bart und Brille sowie einem dunklen Hemd posiert vor einem schlichten Hintergrund.\"\n        data-ratio=\"1\"\n        style=\"display:block;min-height:1rem;opacity:1;\"\n    \/>\n\n<\/figure>\n\n\n        <\/div>\n    \n        <div class=\"area text\">\n\n                    <div class=\"meta-container\">\n                <span class=\"subhead top\">Dipl.-Des.<\/span>\n            <\/div>\n        \n        <div class=\"title\">\n            <span>David Gebka<\/span>\n\n                    <\/div>\n\n                    <div class=\"description\">\n                <p>Academic associate in the study programme Industrial Design in the Department of Design<\/p>\n            <\/div>\n        \n                    <div class=\"description\">\n                <p>Campus Wei\u00dfenhof, Werkstattbau, Room 215<\/p>\n            <\/div>\n        \n                <div class=\"btn-group\">\n\n            \n<a\n    href=\"tel:+4971128440-220\"\n   class=\"link btn btn--default type-phone has-icon icon-left fs-uppercase\"\n    target=\"_blank\" rel=\"noopener noreferrer\"   data-type=\"phone\"\n      >\n\n            <span class=\"shrink-to-fit\">+49 711 28440-220<\/span>\n    \n    \n    \n            <svg width=\"25\" height=\"25\" viewBox=\"0 0 25 25\" fill=\"none\" xmlns=\"http:\/\/www.w3.org\/2000\/svg\">\n    <path d=\"M16.3886 14.7105L19 18.6969L17.1097 19.9138C13.3307 20.482 10.6279 18.1526 8.843 15.4993C7.12395 12.8036 6.07668 9.40838 8.13738 6.21696L10.0277 5L12.6167 8.95233L9.8672 10.7225C11.134 13.1039 11.9599 14.3647 13.6392 16.4806L16.3886 14.7105Z\" stroke=\"black\" \/>\n<\/svg>\n    <\/a>\n\n<a\n    href=\"mailto:david.gebka@abk-stuttgart.de\"\n   class=\"link btn btn--default type-mail has-icon icon-left\"\n    target=\"_blank\" rel=\"noopener noreferrer\"   data-type=\"mail\"\n      >\n\n            <span class=\"shrink-to-fit\">david.gebka@abk-stuttgart.de<\/span>\n    \n    \n    \n            <svg width=\"25\" height=\"25\" viewBox=\"0 0 25 25\" fill=\"none\" xmlns=\"http:\/\/www.w3.org\/2000\/svg\">\n    <path d=\"M18.1328 7.86621L12.4995 13.0662L6.86615 7.86621\" stroke=\"black\" \/>\n    <rect x=\"6.5\" y=\"7.5\" width=\"12\" height=\"9.4\" stroke=\"black\" \/>\n<\/svg>\n    <\/a>\n\n<a\n    href=\"\"\n   class=\"link btn btn--default type-download has-icon icon-left\"\n    target=\"_blank\" rel=\"noopener noreferrer\"   data-type=\"download\"\n      >\n\n    \n            <span class=\"filetype\">VCF<\/span>\n    \n    \n            <svg width=\"25\" height=\"25\" viewBox=\"0 0 25 25\" fill=\"none\" xmlns=\"http:\/\/www.w3.org\/2000\/svg\">\n    <path d=\"M18 10.5L12.5 15L7 10.5\" stroke=\"black\" \/>\n    <path d=\"M12.5 6V15\" stroke=\"black\" \/>\n    <path d=\"M18 19H7\" stroke=\"black\" \/>\n<\/svg>\n    <\/a>\n\n        <\/div>\n\n    <\/div>\n\n<\/div>\n\n<\/details>\n\n\n\n<details class=\"block-bundle collapse-section collapsed\">\n    <summary class=\"block block-subsection-title\">\n        <h4>Communication Design<\/h4>    <\/summary>\n    \n\n    <div class=\"block block-text\">\n        <div class=\"fs-text\">\n            \n<h5><strong>Study and portfolio counselling<\/strong><\/h5>\n<p>No study and portfolio consultation appointments are currently being offered.<\/p>\n\n        <\/div>\n    <\/div>\n\n\n\n    <div class=\"block block-text\">\n        <div class=\"fs-text\">\n            \n<h5>Registration and contact details:<\/h5>\n\n        <\/div>\n    <\/div>\n\n\n\n<div class=\"block block-teaser block-link block-card person has-image has-backgroundcolor\" style=\"--color-bg: var(--color-coral);\">\n\n        <a href=\"https:\/\/www.abk-stuttgart.de\/en\/person\/danina-piljagic-2\/\"\n        class=\"block-link__link\"\n        aria-label=\"Zur Personenseite von Danina Piljagic\">\n    <\/a>\n\n                <div class=\"area image\">\n            \n\n    \n<figure class=\"ratio--landscape\" style=\"--ratio:1\">\n\n    <img decoding=\"async\"\n        class=\"lozad\"\n        src=\"data:image\/gif;base64,R0lGODlhAQABAIAAAAAAAP\/\/\/yH5BAEAAAAALAAAAAABAAEAAAIBRAA7\"\n        data-src=\"https:\/\/www.abk-stuttgart.de\/wp-content\/themes\/abk\/assets\/img\/dummy-person.jpg\"\n        data-srcset=\"https:\/\/www.abk-stuttgart.de\/wp-content\/themes\/abk\/assets\/img\/dummy-person.jpg 2048w, https:\/\/www.abk-stuttgart.de\/wp-content\/themes\/abk\/assets\/img\/dummy-person.jpg 1600w, https:\/\/www.abk-stuttgart.de\/wp-content\/themes\/abk\/assets\/img\/dummy-person.jpg 1440w, https:\/\/www.abk-stuttgart.de\/wp-content\/themes\/abk\/assets\/img\/dummy-person.jpg 1024w, https:\/\/www.abk-stuttgart.de\/wp-content\/themes\/abk\/assets\/img\/dummy-person.jpg 320w\"\n        data-sizes=\"100vw\"\n        data-iesrc=\"https:\/\/www.abk-stuttgart.de\/wp-content\/themes\/abk\/assets\/img\/dummy-person.jpg\"\n        alt=\"\"\n        data-ratio=\"1\"\n        style=\"display:block;min-height:1rem;opacity:1;\"\n    \/>\n\n<\/figure>\n\n\n        <\/div>\n    \n        <div class=\"area text\">\n\n        \n        <div class=\"title\">\n            <span>Danina Piljagic<\/span>\n\n                    <\/div>\n\n                    <div class=\"description\">\n                <p>Office of the Department of Design<\/p>\n            <\/div>\n        \n                    <div class=\"description\">\n                <p>Campus Wei\u00dfenhof, Neubau 2, Room 0.12<\/p>\n            <\/div>\n        \n                <div class=\"btn-group\">\n\n            \n<a\n    href=\"tel:+4971128440-247\"\n   class=\"link btn btn--default type-phone has-icon icon-left fs-uppercase\"\n    target=\"_blank\" rel=\"noopener noreferrer\"   data-type=\"phone\"\n      >\n\n            <span class=\"shrink-to-fit\">+49 711 28440-247<\/span>\n    \n    \n    \n            <svg width=\"25\" height=\"25\" viewBox=\"0 0 25 25\" fill=\"none\" xmlns=\"http:\/\/www.w3.org\/2000\/svg\">\n    <path d=\"M16.3886 14.7105L19 18.6969L17.1097 19.9138C13.3307 20.482 10.6279 18.1526 8.843 15.4993C7.12395 12.8036 6.07668 9.40838 8.13738 6.21696L10.0277 5L12.6167 8.95233L9.8672 10.7225C11.134 13.1039 11.9599 14.3647 13.6392 16.4806L16.3886 14.7105Z\" stroke=\"black\" \/>\n<\/svg>\n    <\/a>\n\n<a\n    href=\"mailto:danina.piljagic@abk-stuttgart.de\"\n   class=\"link btn btn--default type-mail has-icon icon-left\"\n    target=\"_blank\" rel=\"noopener noreferrer\"   data-type=\"mail\"\n      >\n\n            <span class=\"shrink-to-fit\">danina.piljagic@abk-stuttgart.de<\/span>\n    \n    \n    \n            <svg width=\"25\" height=\"25\" viewBox=\"0 0 25 25\" fill=\"none\" xmlns=\"http:\/\/www.w3.org\/2000\/svg\">\n    <path d=\"M18.1328 7.86621L12.4995 13.0662L6.86615 7.86621\" stroke=\"black\" \/>\n    <rect x=\"6.5\" y=\"7.5\" width=\"12\" height=\"9.4\" stroke=\"black\" \/>\n<\/svg>\n    <\/a>\n\n<a\n    href=\"\"\n   class=\"link btn btn--default type-download has-icon icon-left\"\n    target=\"_blank\" rel=\"noopener noreferrer\"   data-type=\"download\"\n      >\n\n    \n            <span class=\"filetype\">VCF<\/span>\n    \n    \n            <svg width=\"25\" height=\"25\" viewBox=\"0 0 25 25\" fill=\"none\" xmlns=\"http:\/\/www.w3.org\/2000\/svg\">\n    <path d=\"M18 10.5L12.5 15L7 10.5\" stroke=\"black\" \/>\n    <path d=\"M12.5 6V15\" stroke=\"black\" \/>\n    <path d=\"M18 19H7\" stroke=\"black\" \/>\n<\/svg>\n    <\/a>\n\n        <\/div>\n\n    <\/div>\n\n<\/div>\n\n<\/details>\n\n\n\n<details class=\"block-bundle collapse-section collapsed\">\n    <summary class=\"block block-subsection-title\">\n        <h4>Textile Design<\/h4>    <\/summary>\n    \n\n    <div class=\"block block-text\">\n        <div class=\"fs-text\">\n            \n<h5><strong>Study and portfolio counselling<\/strong><\/h5>\n<p>No study and portfolio consultation appointments are currently being offered.<\/p>\n<p>&nbsp;<\/p>\n\n        <\/div>\n    <\/div>\n\n\n\n    <div class=\"block block-text\">\n        <div class=\"fs-text\">\n            \n<h5>Registration and contact details:<\/h5>\n\n        <\/div>\n    <\/div>\n\n\n\n<div class=\"block block-teaser block-link block-card person has-image has-backgroundcolor\" style=\"--color-bg: var(--color-coral);\">\n\n        <a href=\"https:\/\/www.abk-stuttgart.de\/en\/person\/dorothee-silbermann-2\/\"\n        class=\"block-link__link\"\n        aria-label=\"Zur Personenseite von Dorothee Silbermann\">\n    <\/a>\n\n                <div class=\"area image\">\n            \n\n    \n<figure class=\"ratio--landscape\" style=\"--ratio:1\">\n\n    <img decoding=\"async\"\n        class=\"lozad\"\n        src=\"data:image\/gif;base64,R0lGODlhAQABAIAAAAAAAP\/\/\/yH5BAEAAAAALAAAAAABAAEAAAIBRAA7\"\n        data-src=\"https:\/\/www.abk-stuttgart.de\/wp-content\/uploads\/2024\/05\/silbermannd_portrait_abk_big-1.jpg\"\n        data-srcset=\"https:\/\/www.abk-stuttgart.de\/wp-content\/uploads\/2024\/05\/silbermannd_portrait_abk_big-1.jpg 2048w, https:\/\/www.abk-stuttgart.de\/wp-content\/uploads\/2024\/05\/silbermannd_portrait_abk_big-1.jpg 1600w, https:\/\/www.abk-stuttgart.de\/wp-content\/uploads\/2024\/05\/silbermannd_portrait_abk_big-1.jpg 1440w, https:\/\/www.abk-stuttgart.de\/wp-content\/uploads\/2024\/05\/silbermannd_portrait_abk_big-1.jpg 1024w, https:\/\/www.abk-stuttgart.de\/wp-content\/uploads\/2024\/05\/silbermannd_portrait_abk_big-1.jpg 800w, https:\/\/www.abk-stuttgart.de\/wp-content\/uploads\/2024\/05\/silbermannd_portrait_abk_big-1.jpg 640w, https:\/\/www.abk-stuttgart.de\/wp-content\/uploads\/2024\/05\/silbermannd_portrait_abk_big-1.jpg 320w\"\n        data-sizes=\"100vw\"\n        data-iesrc=\"https:\/\/www.abk-stuttgart.de\/wp-content\/uploads\/2024\/05\/silbermannd_portrait_abk_big-1.jpg\"\n        alt=\"Schwarz-Wei\u00df-Portr\u00e4t einer l\u00e4chelnden Person mit Brille, zur\u00fcckgek\u00e4mmten Haaren und einem hellen Oberteil.\"\n        data-ratio=\"1\"\n        style=\"display:block;min-height:1rem;opacity:1;\"\n    \/>\n\n<\/figure>\n\n\n        <\/div>\n    \n        <div class=\"area text\">\n\n                    <div class=\"meta-container\">\n                <span class=\"subhead top\">Dipl.-Des. (FH)<\/span>\n            <\/div>\n        \n        <div class=\"title\">\n            <span>Dorothee Silbermann<\/span>\n\n                    <\/div>\n\n                    <div class=\"description\">\n                <p>Academic associate in the study programme Textile Design in the Department of Design<\/p>\n            <\/div>\n        \n                    <div class=\"description\">\n                <p>Campus Wei\u00dfenhof, Keramikbau<\/p>\n            <\/div>\n        \n                <div class=\"btn-group\">\n\n            \n<a\n    href=\"tel:+4971128440-281\"\n   class=\"link btn btn--default type-phone has-icon icon-left fs-uppercase\"\n    target=\"_blank\" rel=\"noopener noreferrer\"   data-type=\"phone\"\n      >\n\n            <span class=\"shrink-to-fit\">+49 711 28440-281<\/span>\n    \n    \n    \n            <svg width=\"25\" height=\"25\" viewBox=\"0 0 25 25\" fill=\"none\" xmlns=\"http:\/\/www.w3.org\/2000\/svg\">\n    <path d=\"M16.3886 14.7105L19 18.6969L17.1097 19.9138C13.3307 20.482 10.6279 18.1526 8.843 15.4993C7.12395 12.8036 6.07668 9.40838 8.13738 6.21696L10.0277 5L12.6167 8.95233L9.8672 10.7225C11.134 13.1039 11.9599 14.3647 13.6392 16.4806L16.3886 14.7105Z\" stroke=\"black\" \/>\n<\/svg>\n    <\/a>\n\n<a\n    href=\"mailto:dorothee.silbermann@abk-stuttgart.de\"\n   class=\"link btn btn--default type-mail has-icon icon-left\"\n    target=\"_blank\" rel=\"noopener noreferrer\"   data-type=\"mail\"\n      >\n\n            <span class=\"shrink-to-fit\">dorothee.silbermann@abk-stuttgart.de<\/span>\n    \n    \n    \n            <svg width=\"25\" height=\"25\" viewBox=\"0 0 25 25\" fill=\"none\" xmlns=\"http:\/\/www.w3.org\/2000\/svg\">\n    <path d=\"M18.1328 7.86621L12.4995 13.0662L6.86615 7.86621\" stroke=\"black\" \/>\n    <rect x=\"6.5\" y=\"7.5\" width=\"12\" height=\"9.4\" stroke=\"black\" \/>\n<\/svg>\n    <\/a>\n\n<a\n    href=\"\"\n   class=\"link btn btn--default type-download has-icon icon-left\"\n    target=\"_blank\" rel=\"noopener noreferrer\"   data-type=\"download\"\n      >\n\n    \n            <span class=\"filetype\">VCF<\/span>\n    \n    \n            <svg width=\"25\" height=\"25\" viewBox=\"0 0 25 25\" fill=\"none\" xmlns=\"http:\/\/www.w3.org\/2000\/svg\">\n    <path d=\"M18 10.5L12.5 15L7 10.5\" stroke=\"black\" \/>\n    <path d=\"M12.5 6V15\" stroke=\"black\" \/>\n    <path d=\"M18 19H7\" stroke=\"black\" \/>\n<\/svg>\n    <\/a>\n\n        <\/div>\n\n    <\/div>\n\n<\/div>\n\n<\/details>\n\n\n<\/details>\n\n\n\n<details class=\"block-bundle collapse-section\">\n    <summary class=\"block block-subsection-title\">\n        <h3>Art<\/h3>    <\/summary>\n    \n\n<details class=\"block-bundle collapse-section collapsed\">\n    <summary class=\"block block-subsection-title\">\n        <h4>Fine Arts and Art Education<\/h4>    <\/summary>\n    \n\n    <div class=\"block block-text\">\n        <div class=\"fs-text\">\n            \n<h5><strong>Study and portfolio counselling<\/strong><\/h5>\n<p>No study and portfolio consultation appointments are currently being offered.<\/p>\n\n        <\/div>\n    <\/div>\n\n\n\n    <div class=\"block block-text\">\n        <div class=\"fs-text\">\n            \n<h5>Registration and contact details:<\/h5>\n\n        <\/div>\n    <\/div>\n\n\n\n<div class=\"block block-teaser block-link block-card person has-image has-backgroundcolor\" style=\"--color-bg: var(--color-coral);\">\n\n        <a href=\"https:\/\/www.abk-stuttgart.de\/en\/person\/andrea-rudloff-2\/\"\n        class=\"block-link__link\"\n        aria-label=\"Zur Personenseite von Andrea Rudloff\">\n    <\/a>\n\n                <div class=\"area image\">\n            \n\n    \n<figure class=\"ratio--landscape\" style=\"--ratio:1\">\n\n    <img decoding=\"async\"\n        class=\"lozad\"\n        src=\"data:image\/gif;base64,R0lGODlhAQABAIAAAAAAAP\/\/\/yH5BAEAAAAALAAAAAABAAEAAAIBRAA7\"\n        data-src=\"https:\/\/www.abk-stuttgart.de\/wp-content\/themes\/abk\/assets\/img\/dummy-person.jpg\"\n        data-srcset=\"https:\/\/www.abk-stuttgart.de\/wp-content\/themes\/abk\/assets\/img\/dummy-person.jpg 2048w, https:\/\/www.abk-stuttgart.de\/wp-content\/themes\/abk\/assets\/img\/dummy-person.jpg 1600w, https:\/\/www.abk-stuttgart.de\/wp-content\/themes\/abk\/assets\/img\/dummy-person.jpg 1440w, https:\/\/www.abk-stuttgart.de\/wp-content\/themes\/abk\/assets\/img\/dummy-person.jpg 1024w, https:\/\/www.abk-stuttgart.de\/wp-content\/themes\/abk\/assets\/img\/dummy-person.jpg 320w\"\n        data-sizes=\"100vw\"\n        data-iesrc=\"https:\/\/www.abk-stuttgart.de\/wp-content\/themes\/abk\/assets\/img\/dummy-person.jpg\"\n        alt=\"\"\n        data-ratio=\"1\"\n        style=\"display:block;min-height:1rem;opacity:1;\"\n    \/>\n\n<\/figure>\n\n\n        <\/div>\n    \n        <div class=\"area text\">\n\n        \n        <div class=\"title\">\n            <span>Andrea Rudloff<\/span>\n\n                    <\/div>\n\n                    <div class=\"description\">\n                <p>Office of the Department of Art (study programmes Art,&nbsp;Stage and Costume Design, Art Education,&nbsp;Intermedia Art).&nbsp;Deputy Equal Opportunities Officer&nbsp;for the female non-academic staff<\/p>\n            <\/div>\n        \n                    <div class=\"description\">\n                <p>Campus Wei\u00dfenhof, Altbau<\/p>\n            <\/div>\n        \n                <div class=\"btn-group\">\n\n            \n<a\n    href=\"tel:+4971128440-162\"\n   class=\"link btn btn--default type-phone has-icon icon-left fs-uppercase\"\n    target=\"_blank\" rel=\"noopener noreferrer\"   data-type=\"phone\"\n      >\n\n            <span class=\"shrink-to-fit\">+49 711 28440-162<\/span>\n    \n    \n    \n            <svg width=\"25\" height=\"25\" viewBox=\"0 0 25 25\" fill=\"none\" xmlns=\"http:\/\/www.w3.org\/2000\/svg\">\n    <path d=\"M16.3886 14.7105L19 18.6969L17.1097 19.9138C13.3307 20.482 10.6279 18.1526 8.843 15.4993C7.12395 12.8036 6.07668 9.40838 8.13738 6.21696L10.0277 5L12.6167 8.95233L9.8672 10.7225C11.134 13.1039 11.9599 14.3647 13.6392 16.4806L16.3886 14.7105Z\" stroke=\"black\" \/>\n<\/svg>\n    <\/a>\n\n<a\n    href=\"mailto:andrea.rudloff@abk-stuttgart.de\"\n   class=\"link btn btn--default type-mail has-icon icon-left\"\n    target=\"_blank\" rel=\"noopener noreferrer\"   data-type=\"mail\"\n      >\n\n            <span class=\"shrink-to-fit\">andrea.rudloff@abk-stuttgart.de<\/span>\n    \n    \n    \n            <svg width=\"25\" height=\"25\" viewBox=\"0 0 25 25\" fill=\"none\" xmlns=\"http:\/\/www.w3.org\/2000\/svg\">\n    <path d=\"M18.1328 7.86621L12.4995 13.0662L6.86615 7.86621\" stroke=\"black\" \/>\n    <rect x=\"6.5\" y=\"7.5\" width=\"12\" height=\"9.4\" stroke=\"black\" \/>\n<\/svg>\n    <\/a>\n\n<a\n    href=\"\"\n   class=\"link btn btn--default type-download has-icon icon-left\"\n    target=\"_blank\" rel=\"noopener noreferrer\"   data-type=\"download\"\n      >\n\n    \n            <span class=\"filetype\">VCF<\/span>\n    \n    \n            <svg width=\"25\" height=\"25\" viewBox=\"0 0 25 25\" fill=\"none\" xmlns=\"http:\/\/www.w3.org\/2000\/svg\">\n    <path d=\"M18 10.5L12.5 15L7 10.5\" stroke=\"black\" \/>\n    <path d=\"M12.5 6V15\" stroke=\"black\" \/>\n    <path d=\"M18 19H7\" stroke=\"black\" \/>\n<\/svg>\n    <\/a>\n\n        <\/div>\n\n    <\/div>\n\n<\/div>\n\n\n<details class=\"block-bundle collapse-section collapsed\">\n    <summary class=\"block block-subsection-title\">\n        <h4>K\u00fcnstlerisches Lehramt mit Bildender Kunst<\/h4>    <\/summary>\n    \n\n    <div class=\"block block-text\">\n        <div class=\"fs-text\">\n            \n<h5>Appointments by arrangement<\/h5>\n<p>Information on specific questions about the Art Education degree programme (no portfolio consultation).<\/p>\n<h5>Registration and contact details:<\/h5>\n\n        <\/div>\n    <\/div>\n\n\n\n<div class=\"block block-teaser block-link block-card person has-image has-backgroundcolor\" style=\"--color-bg: var(--color-coral);\">\n\n        <a href=\"https:\/\/www.abk-stuttgart.de\/en\/person\/andreas-opiolka-2\/\"\n        class=\"block-link__link\"\n        aria-label=\"Zur Personenseite von Andreas Opiolka\">\n    <\/a>\n\n                <div class=\"area image\">\n            \n\n    \n<figure class=\"ratio--portrait\" style=\"--ratio:0.95833333333333\">\n\n    <img decoding=\"async\"\n        class=\"lozad\"\n        src=\"data:image\/gif;base64,R0lGODlhAQABAIAAAAAAAP\/\/\/yH5BAEAAAAALAAAAAABAAEAAAIBRAA7\"\n        data-src=\"https:\/\/www.abk-stuttgart.de\/wp-content\/uploads\/2024\/05\/opiolka_portrait_abk_big-1.jpg\"\n        data-srcset=\"https:\/\/www.abk-stuttgart.de\/wp-content\/uploads\/2024\/05\/opiolka_portrait_abk_big-1.jpg 2048w, https:\/\/www.abk-stuttgart.de\/wp-content\/uploads\/2024\/05\/opiolka_portrait_abk_big-1.jpg 1600w, https:\/\/www.abk-stuttgart.de\/wp-content\/uploads\/2024\/05\/opiolka_portrait_abk_big-1.jpg 1440w, https:\/\/www.abk-stuttgart.de\/wp-content\/uploads\/2024\/05\/opiolka_portrait_abk_big-1.jpg 1024w, https:\/\/www.abk-stuttgart.de\/wp-content\/uploads\/2024\/05\/opiolka_portrait_abk_big-1.jpg 800w, https:\/\/www.abk-stuttgart.de\/wp-content\/uploads\/2024\/05\/opiolka_portrait_abk_big-1.jpg 640w, https:\/\/www.abk-stuttgart.de\/wp-content\/uploads\/2024\/05\/opiolka_portrait_abk_big-1.jpg 320w\"\n        data-sizes=\"100vw\"\n        data-iesrc=\"https:\/\/www.abk-stuttgart.de\/wp-content\/uploads\/2024\/05\/opiolka_portrait_abk_big-1.jpg\"\n        alt=\"Ein Mann mit rasiertem Kopf, runder Brille und dunkler Jacke blickt vor einem schlichten Hintergrund in die Kamera.\"\n        data-ratio=\"0.95833333333333\"\n        style=\"display:block;min-height:1rem;opacity:1;\"\n    \/>\n\n<\/figure>\n\n\n        <\/div>\n    \n        <div class=\"area text\">\n\n                    <div class=\"meta-container\">\n                <span class=\"subhead top\">Prof.<\/span>\n            <\/div>\n        \n        <div class=\"title\">\n            <span>Andreas Opiolka<\/span>\n\n                    <\/div>\n\n                    <div class=\"description\">\n                <p>Professor of Fine Art Department \/ Undergraduate class<\/p>\n            <\/div>\n        \n                    <div class=\"description\">\n                <p>Campus Wei\u00dfenhof, Neubau 1, Room 122<\/p>\n            <\/div>\n        \n                <div class=\"btn-group\">\n\n            \n<a\n    href=\"tel:+4971128440-145\"\n   class=\"link btn btn--default type-phone has-icon icon-left fs-uppercase\"\n    target=\"_blank\" rel=\"noopener noreferrer\"   data-type=\"phone\"\n      >\n\n            <span class=\"shrink-to-fit\">+49 711 28440-145<\/span>\n    \n    \n    \n            <svg width=\"25\" height=\"25\" viewBox=\"0 0 25 25\" fill=\"none\" xmlns=\"http:\/\/www.w3.org\/2000\/svg\">\n    <path d=\"M16.3886 14.7105L19 18.6969L17.1097 19.9138C13.3307 20.482 10.6279 18.1526 8.843 15.4993C7.12395 12.8036 6.07668 9.40838 8.13738 6.21696L10.0277 5L12.6167 8.95233L9.8672 10.7225C11.134 13.1039 11.9599 14.3647 13.6392 16.4806L16.3886 14.7105Z\" stroke=\"black\" \/>\n<\/svg>\n    <\/a>\n\n<a\n    href=\"mailto:andreas.opiolka@abk-stuttgart.de\"\n   class=\"link btn btn--default type-mail has-icon icon-left\"\n    target=\"_blank\" rel=\"noopener noreferrer\"   data-type=\"mail\"\n      >\n\n            <span class=\"shrink-to-fit\">andreas.opiolka@abk-stuttgart.de<\/span>\n    \n    \n    \n            <svg width=\"25\" height=\"25\" viewBox=\"0 0 25 25\" fill=\"none\" xmlns=\"http:\/\/www.w3.org\/2000\/svg\">\n    <path d=\"M18.1328 7.86621L12.4995 13.0662L6.86615 7.86621\" stroke=\"black\" \/>\n    <rect x=\"6.5\" y=\"7.5\" width=\"12\" height=\"9.4\" stroke=\"black\" \/>\n<\/svg>\n    <\/a>\n\n<a\n    href=\"\"\n   class=\"link btn btn--default type-download has-icon icon-left\"\n    target=\"_blank\" rel=\"noopener noreferrer\"   data-type=\"download\"\n      >\n\n    \n            <span class=\"filetype\">VCF<\/span>\n    \n    \n            <svg width=\"25\" height=\"25\" viewBox=\"0 0 25 25\" fill=\"none\" xmlns=\"http:\/\/www.w3.org\/2000\/svg\">\n    <path d=\"M18 10.5L12.5 15L7 10.5\" stroke=\"black\" \/>\n    <path d=\"M12.5 6V15\" stroke=\"black\" \/>\n    <path d=\"M18 19H7\" stroke=\"black\" \/>\n<\/svg>\n    <\/a>\n\n        <\/div>\n\n    <\/div>\n\n<\/div>\n\n\n<div class=\"block block-teaser block-link block-card person has-image has-backgroundcolor\" style=\"--color-bg: var(--color-coral);\">\n\n        <a href=\"https:\/\/www.abk-stuttgart.de\/en\/person\/andreas-bauer\/\"\n        class=\"block-link__link\"\n        aria-label=\"Zur Personenseite von Dipl.-K\u00fcnstler Andreas Bauer\">\n    <\/a>\n\n                <div class=\"area image\">\n            \n\n    \n<figure class=\"ratio--landscape\" style=\"--ratio:1\">\n\n    <img decoding=\"async\"\n        class=\"lozad\"\n        src=\"data:image\/gif;base64,R0lGODlhAQABAIAAAAAAAP\/\/\/yH5BAEAAAAALAAAAAABAAEAAAIBRAA7\"\n        data-src=\"https:\/\/www.abk-stuttgart.de\/wp-content\/uploads\/2024\/05\/Bauer_Andreas_abk_big-3.png\"\n        data-srcset=\"https:\/\/www.abk-stuttgart.de\/wp-content\/uploads\/2024\/05\/Bauer_Andreas_abk_big-3.png 2048w, https:\/\/www.abk-stuttgart.de\/wp-content\/uploads\/2024\/05\/Bauer_Andreas_abk_big-3.png 1600w, https:\/\/www.abk-stuttgart.de\/wp-content\/uploads\/2024\/05\/Bauer_Andreas_abk_big-3.png 1440w, https:\/\/www.abk-stuttgart.de\/wp-content\/uploads\/2024\/05\/Bauer_Andreas_abk_big-3.png 1024w, https:\/\/www.abk-stuttgart.de\/wp-content\/uploads\/2024\/05\/Bauer_Andreas_abk_big-3.png 800w, https:\/\/www.abk-stuttgart.de\/wp-content\/uploads\/2024\/05\/Bauer_Andreas_abk_big-3.png 640w, https:\/\/www.abk-stuttgart.de\/wp-content\/uploads\/2024\/05\/Bauer_Andreas_abk_big-3.png 320w\"\n        data-sizes=\"100vw\"\n        data-iesrc=\"https:\/\/www.abk-stuttgart.de\/wp-content\/uploads\/2024\/05\/Bauer_Andreas_abk_big-3.png\"\n        alt=\"Ein Mann mit gestyltem Bart und Schnurrbart, kurzen Haaren und einem schwarzen Hemd, der vor einem schlichten wei\u00dfen Hintergrund in die Kamera l\u00e4chelt.\"\n        data-ratio=\"1\"\n        style=\"display:block;min-height:1rem;opacity:1;\"\n    \/>\n\n<\/figure>\n\n\n        <\/div>\n    \n        <div class=\"area text\">\n\n                    <div class=\"meta-container\">\n                <span class=\"subhead top\">Prof. i.V.<\/span>\n            <\/div>\n        \n        <div class=\"title\">\n            <span>Dipl.-K\u00fcnstler Andreas Bauer<\/span>\n\n                    <\/div>\n\n                    <div class=\"description\">\n                <p>Interim Professorship of\u00a0Visual Art\/Intermedia Art (IMG)\u00a0in the Department of Art<\/p>\n            <\/div>\n        \n                    <div class=\"description\">\n                <p>Campus Wei\u00dfenhof, Altbau, Room 213B<\/p>\n            <\/div>\n        \n                <div class=\"btn-group\">\n\n            \n<a\n    href=\"mailto:andreas.bauer@abk-stuttgart.de\"\n   class=\"link btn btn--default type-mail has-icon icon-left\"\n    target=\"_blank\" rel=\"noopener noreferrer\"   data-type=\"mail\"\n      >\n\n            <span class=\"shrink-to-fit\">andreas.bauer@abk-stuttgart.de<\/span>\n    \n    \n    \n            <svg width=\"25\" height=\"25\" viewBox=\"0 0 25 25\" fill=\"none\" xmlns=\"http:\/\/www.w3.org\/2000\/svg\">\n    <path d=\"M18.1328 7.86621L12.4995 13.0662L6.86615 7.86621\" stroke=\"black\" \/>\n    <rect x=\"6.5\" y=\"7.5\" width=\"12\" height=\"9.4\" stroke=\"black\" \/>\n<\/svg>\n    <\/a>\n\n<a\n    href=\"\"\n   class=\"link btn btn--default type-download has-icon icon-left\"\n    target=\"_blank\" rel=\"noopener noreferrer\"   data-type=\"download\"\n      >\n\n    \n            <span class=\"filetype\">VCF<\/span>\n    \n    \n            <svg width=\"25\" height=\"25\" viewBox=\"0 0 25 25\" fill=\"none\" xmlns=\"http:\/\/www.w3.org\/2000\/svg\">\n    <path d=\"M18 10.5L12.5 15L7 10.5\" stroke=\"black\" \/>\n    <path d=\"M12.5 6V15\" stroke=\"black\" \/>\n    <path d=\"M18 19H7\" stroke=\"black\" \/>\n<\/svg>\n    <\/a>\n\n        <\/div>\n\n    <\/div>\n\n<\/div>\n\n<\/details>\n\n\n<\/details>\n\n\n\n<details class=\"block-bundle collapse-section collapsed\">\n    <summary class=\"block block-subsection-title\">\n        <h4>Stage and Costume Design<\/h4>    <\/summary>\n    \n\n    <div class=\"block block-text\">\n        <div class=\"fs-text\">\n            \n<h5>Appointments by arrangement<\/h5>\n<p>&nbsp;<\/p>\n<h5>Registration and contact details:<\/h5>\n\n        <\/div>\n    <\/div>\n\n\n\n\n\n<div class=\"block block-teaser block-link block-card person has-image has-backgroundcolor\" style=\"--color-bg: var(--color-coral);\">\n\n        <a href=\"https:\/\/www.abk-stuttgart.de\/en\/person\/moritz-haakh-2\/\"\n        class=\"block-link__link\"\n        aria-label=\"Zur Personenseite von Moritz Haakh\">\n    <\/a>\n\n                <div class=\"area image\">\n            \n\n    \n<figure class=\"ratio--landscape\" style=\"--ratio:1\">\n\n    <img decoding=\"async\"\n        class=\"lozad\"\n        src=\"data:image\/gif;base64,R0lGODlhAQABAIAAAAAAAP\/\/\/yH5BAEAAAAALAAAAAABAAEAAAIBRAA7\"\n        data-src=\"https:\/\/www.abk-stuttgart.de\/wp-content\/uploads\/2024\/05\/P_Moritz_Haakh_privat-320x320.jpg\"\n        data-srcset=\"https:\/\/www.abk-stuttgart.de\/wp-content\/uploads\/2024\/05\/P_Moritz_Haakh_privat.jpg 2048w, https:\/\/www.abk-stuttgart.de\/wp-content\/uploads\/2024\/05\/P_Moritz_Haakh_privat.jpg 1600w, https:\/\/www.abk-stuttgart.de\/wp-content\/uploads\/2024\/05\/P_Moritz_Haakh_privat.jpg 1440w, https:\/\/www.abk-stuttgart.de\/wp-content\/uploads\/2024\/05\/P_Moritz_Haakh_privat-1024x1024.jpg 1024w, https:\/\/www.abk-stuttgart.de\/wp-content\/uploads\/2024\/05\/P_Moritz_Haakh_privat-800x800.jpg 800w, https:\/\/www.abk-stuttgart.de\/wp-content\/uploads\/2024\/05\/P_Moritz_Haakh_privat-320x320.jpg 640w, https:\/\/www.abk-stuttgart.de\/wp-content\/uploads\/2024\/05\/P_Moritz_Haakh_privat-320x320.jpg 320w\"\n        data-sizes=\"100vw\"\n        data-iesrc=\"https:\/\/www.abk-stuttgart.de\/wp-content\/uploads\/2024\/05\/P_Moritz_Haakh_privat.jpg\"\n        alt=\"\"\n        data-ratio=\"1\"\n        style=\"display:block;min-height:1rem;opacity:1;\"\n    \/>\n\n<\/figure>\n\n\n        <\/div>\n    \n        <div class=\"area text\">\n\n        \n        <div class=\"title\">\n            <span>Moritz Haakh<\/span>\n\n                    <\/div>\n\n                    <div class=\"description\">\n                <p>Academic associate in the study programme Costume Design in the Department of Art<\/p>\n            <\/div>\n        \n                    <div class=\"description\">\n                <p>Campus Wei\u00dfenhof, Altbau, Room 110A<\/p>\n            <\/div>\n        \n                <div class=\"btn-group\">\n\n            \n<a\n    href=\"tel:+4971128440-174\"\n   class=\"link btn btn--default type-phone has-icon icon-left fs-uppercase\"\n    target=\"_blank\" rel=\"noopener noreferrer\"   data-type=\"phone\"\n      >\n\n            <span class=\"shrink-to-fit\">+49 711 28440-174<\/span>\n    \n    \n    \n            <svg width=\"25\" height=\"25\" viewBox=\"0 0 25 25\" fill=\"none\" xmlns=\"http:\/\/www.w3.org\/2000\/svg\">\n    <path d=\"M16.3886 14.7105L19 18.6969L17.1097 19.9138C13.3307 20.482 10.6279 18.1526 8.843 15.4993C7.12395 12.8036 6.07668 9.40838 8.13738 6.21696L10.0277 5L12.6167 8.95233L9.8672 10.7225C11.134 13.1039 11.9599 14.3647 13.6392 16.4806L16.3886 14.7105Z\" stroke=\"black\" \/>\n<\/svg>\n    <\/a>\n\n<a\n    href=\"mailto:moritz.haakh@abk-stuttgart.de\"\n   class=\"link btn btn--default type-mail has-icon icon-left\"\n    target=\"_blank\" rel=\"noopener noreferrer\"   data-type=\"mail\"\n      >\n\n            <span class=\"shrink-to-fit\">moritz.haakh@abk-stuttgart.de<\/span>\n    \n    \n    \n            <svg width=\"25\" height=\"25\" viewBox=\"0 0 25 25\" fill=\"none\" xmlns=\"http:\/\/www.w3.org\/2000\/svg\">\n    <path d=\"M18.1328 7.86621L12.4995 13.0662L6.86615 7.86621\" stroke=\"black\" \/>\n    <rect x=\"6.5\" y=\"7.5\" width=\"12\" height=\"9.4\" stroke=\"black\" \/>\n<\/svg>\n    <\/a>\n\n<a\n    href=\"\"\n   class=\"link btn btn--default type-download has-icon icon-left\"\n    target=\"_blank\" rel=\"noopener noreferrer\"   data-type=\"download\"\n      >\n\n    \n            <span class=\"filetype\">VCF<\/span>\n    \n    \n            <svg width=\"25\" height=\"25\" viewBox=\"0 0 25 25\" fill=\"none\" xmlns=\"http:\/\/www.w3.org\/2000\/svg\">\n    <path d=\"M18 10.5L12.5 15L7 10.5\" stroke=\"black\" \/>\n    <path d=\"M12.5 6V15\" stroke=\"black\" \/>\n    <path d=\"M18 19H7\" stroke=\"black\" \/>\n<\/svg>\n    <\/a>\n\n        <\/div>\n\n    <\/div>\n\n<\/div>\n\n\n<div class=\"block block-teaser block-link block-card person has-image has-backgroundcolor\" style=\"--color-bg: var(--color-coral);\">\n\n        <a href=\"https:\/\/www.abk-stuttgart.de\/en\/person\/christian-forster-2\/\"\n        class=\"block-link__link\"\n        aria-label=\"Zur Personenseite von Christian Forster\">\n    <\/a>\n\n                <div class=\"area image\">\n            \n\n    \n<figure class=\"ratio--landscape\" style=\"--ratio:1\">\n\n    <img decoding=\"async\"\n        class=\"lozad\"\n        src=\"data:image\/gif;base64,R0lGODlhAQABAIAAAAAAAP\/\/\/yH5BAEAAAAALAAAAAABAAEAAAIBRAA7\"\n        data-src=\"https:\/\/www.abk-stuttgart.de\/wp-content\/uploads\/2024\/05\/P_Forster_Christian_sw_privat-320x320.jpg\"\n        data-srcset=\"https:\/\/www.abk-stuttgart.de\/wp-content\/uploads\/2024\/05\/P_Forster_Christian_sw_privat.jpg 2048w, https:\/\/www.abk-stuttgart.de\/wp-content\/uploads\/2024\/05\/P_Forster_Christian_sw_privat.jpg 1600w, https:\/\/www.abk-stuttgart.de\/wp-content\/uploads\/2024\/05\/P_Forster_Christian_sw_privat.jpg 1440w, https:\/\/www.abk-stuttgart.de\/wp-content\/uploads\/2024\/05\/P_Forster_Christian_sw_privat-1024x1024.jpg 1024w, https:\/\/www.abk-stuttgart.de\/wp-content\/uploads\/2024\/05\/P_Forster_Christian_sw_privat.jpg 800w, https:\/\/www.abk-stuttgart.de\/wp-content\/uploads\/2024\/05\/P_Forster_Christian_sw_privat.jpg 640w, https:\/\/www.abk-stuttgart.de\/wp-content\/uploads\/2024\/05\/P_Forster_Christian_sw_privat-320x320.jpg 320w\"\n        data-sizes=\"100vw\"\n        data-iesrc=\"https:\/\/www.abk-stuttgart.de\/wp-content\/uploads\/2024\/05\/P_Forster_Christian_sw_privat.jpg\"\n        alt=\"\"\n        data-ratio=\"1\"\n        style=\"display:block;min-height:1rem;opacity:1;\"\n    \/>\n\n<\/figure>\n\n\n        <\/div>\n    \n        <div class=\"area text\">\n\n        \n        <div class=\"title\">\n            <span>Christian Forster<\/span>\n\n                    <\/div>\n\n                    <div class=\"description\">\n                <p>Specialist technician in the workshop for Stage Design in the Department of Art. Member of the staff council<\/p>\n            <\/div>\n        \n        \n                <div class=\"btn-group\">\n\n            \n<a\n    href=\"tel:+4971128440-353\"\n   class=\"link btn btn--default type-phone has-icon icon-left fs-uppercase\"\n    target=\"_blank\" rel=\"noopener noreferrer\"   data-type=\"phone\"\n      >\n\n            <span class=\"shrink-to-fit\">+49 711 28440-353<\/span>\n    \n    \n    \n            <svg width=\"25\" height=\"25\" viewBox=\"0 0 25 25\" fill=\"none\" xmlns=\"http:\/\/www.w3.org\/2000\/svg\">\n    <path d=\"M16.3886 14.7105L19 18.6969L17.1097 19.9138C13.3307 20.482 10.6279 18.1526 8.843 15.4993C7.12395 12.8036 6.07668 9.40838 8.13738 6.21696L10.0277 5L12.6167 8.95233L9.8672 10.7225C11.134 13.1039 11.9599 14.3647 13.6392 16.4806L16.3886 14.7105Z\" stroke=\"black\" \/>\n<\/svg>\n    <\/a>\n\n<a\n    href=\"mailto:christian.forster@abk-stuttgart.de\"\n   class=\"link btn btn--default type-mail has-icon icon-left\"\n    target=\"_blank\" rel=\"noopener noreferrer\"   data-type=\"mail\"\n      >\n\n            <span class=\"shrink-to-fit\">christian.forster@abk-stuttgart.de<\/span>\n    \n    \n    \n            <svg width=\"25\" height=\"25\" viewBox=\"0 0 25 25\" fill=\"none\" xmlns=\"http:\/\/www.w3.org\/2000\/svg\">\n    <path d=\"M18.1328 7.86621L12.4995 13.0662L6.86615 7.86621\" stroke=\"black\" \/>\n    <rect x=\"6.5\" y=\"7.5\" width=\"12\" height=\"9.4\" stroke=\"black\" \/>\n<\/svg>\n    <\/a>\n\n<a\n    href=\"\"\n   class=\"link btn btn--default type-download has-icon icon-left\"\n    target=\"_blank\" rel=\"noopener noreferrer\"   data-type=\"download\"\n      >\n\n    \n            <span class=\"filetype\">VCF<\/span>\n    \n    \n            <svg width=\"25\" height=\"25\" viewBox=\"0 0 25 25\" fill=\"none\" xmlns=\"http:\/\/www.w3.org\/2000\/svg\">\n    <path d=\"M18 10.5L12.5 15L7 10.5\" stroke=\"black\" \/>\n    <path d=\"M12.5 6V15\" stroke=\"black\" \/>\n    <path d=\"M18 19H7\" stroke=\"black\" \/>\n<\/svg>\n    <\/a>\n\n        <\/div>\n\n    <\/div>\n\n<\/div>\n\n<\/details>\n\n\n\n<details class=\"block-bundle collapse-section collapsed\">\n    <summary class=\"block block-subsection-title\">\n        <h4>Intermedia Arts<\/h4>    <\/summary>\n    \n\n    <div class=\"block block-text\">\n        <div class=\"fs-text\">\n            \n<div class=\"block block-text collapse-content\">\n<div class=\"fs-text\">\n<h5><strong>Study and portfolio counselling<\/strong><\/h5>\n<p>No study and portfolio consultation appointments are currently being offered.<\/p>\n<\/div>\n<\/div>\n<div class=\"block block-text collapse-content\">\n<div class=\"fs-text\">\n<h5>Registration and contact details:<\/h5>\n<\/div>\n<\/div>\n\n        <\/div>\n    <\/div>\n\n\n\n<div class=\"block block-teaser block-link block-card person has-image has-backgroundcolor\" style=\"--color-bg: var(--color-coral);\">\n\n        <a href=\"https:\/\/www.abk-stuttgart.de\/en\/person\/andrea-rudloff-2\/\"\n        class=\"block-link__link\"\n        aria-label=\"Zur Personenseite von Andrea Rudloff\">\n    <\/a>\n\n                <div class=\"area image\">\n            \n\n    \n<figure class=\"ratio--landscape\" style=\"--ratio:1\">\n\n    <img decoding=\"async\"\n        class=\"lozad\"\n        src=\"data:image\/gif;base64,R0lGODlhAQABAIAAAAAAAP\/\/\/yH5BAEAAAAALAAAAAABAAEAAAIBRAA7\"\n        data-src=\"https:\/\/www.abk-stuttgart.de\/wp-content\/themes\/abk\/assets\/img\/dummy-person.jpg\"\n        data-srcset=\"https:\/\/www.abk-stuttgart.de\/wp-content\/themes\/abk\/assets\/img\/dummy-person.jpg 2048w, https:\/\/www.abk-stuttgart.de\/wp-content\/themes\/abk\/assets\/img\/dummy-person.jpg 1600w, https:\/\/www.abk-stuttgart.de\/wp-content\/themes\/abk\/assets\/img\/dummy-person.jpg 1440w, https:\/\/www.abk-stuttgart.de\/wp-content\/themes\/abk\/assets\/img\/dummy-person.jpg 1024w, https:\/\/www.abk-stuttgart.de\/wp-content\/themes\/abk\/assets\/img\/dummy-person.jpg 320w\"\n        data-sizes=\"100vw\"\n        data-iesrc=\"https:\/\/www.abk-stuttgart.de\/wp-content\/themes\/abk\/assets\/img\/dummy-person.jpg\"\n        alt=\"\"\n        data-ratio=\"1\"\n        style=\"display:block;min-height:1rem;opacity:1;\"\n    \/>\n\n<\/figure>\n\n\n        <\/div>\n    \n        <div class=\"area text\">\n\n        \n        <div class=\"title\">\n            <span>Andrea Rudloff<\/span>\n\n                    <\/div>\n\n                    <div class=\"description\">\n                <p>Office of the Department of Art (study programmes Art,&nbsp;Stage and Costume Design, Art Education,&nbsp;Intermedia Art).&nbsp;Deputy Equal Opportunities Officer&nbsp;for the female non-academic staff<\/p>\n            <\/div>\n        \n                    <div class=\"description\">\n                <p>Campus Wei\u00dfenhof, Altbau<\/p>\n            <\/div>\n        \n                <div class=\"btn-group\">\n\n            \n<a\n    href=\"tel:+4971128440-162\"\n   class=\"link btn btn--default type-phone has-icon icon-left fs-uppercase\"\n    target=\"_blank\" rel=\"noopener noreferrer\"   data-type=\"phone\"\n      >\n\n            <span class=\"shrink-to-fit\">+49 711 28440-162<\/span>\n    \n    \n    \n            <svg width=\"25\" height=\"25\" viewBox=\"0 0 25 25\" fill=\"none\" xmlns=\"http:\/\/www.w3.org\/2000\/svg\">\n    <path d=\"M16.3886 14.7105L19 18.6969L17.1097 19.9138C13.3307 20.482 10.6279 18.1526 8.843 15.4993C7.12395 12.8036 6.07668 9.40838 8.13738 6.21696L10.0277 5L12.6167 8.95233L9.8672 10.7225C11.134 13.1039 11.9599 14.3647 13.6392 16.4806L16.3886 14.7105Z\" stroke=\"black\" \/>\n<\/svg>\n    <\/a>\n\n<a\n    href=\"mailto:andrea.rudloff@abk-stuttgart.de\"\n   class=\"link btn btn--default type-mail has-icon icon-left\"\n    target=\"_blank\" rel=\"noopener noreferrer\"   data-type=\"mail\"\n      >\n\n            <span class=\"shrink-to-fit\">andrea.rudloff@abk-stuttgart.de<\/span>\n    \n    \n    \n            <svg width=\"25\" height=\"25\" viewBox=\"0 0 25 25\" fill=\"none\" xmlns=\"http:\/\/www.w3.org\/2000\/svg\">\n    <path d=\"M18.1328 7.86621L12.4995 13.0662L6.86615 7.86621\" stroke=\"black\" \/>\n    <rect x=\"6.5\" y=\"7.5\" width=\"12\" height=\"9.4\" stroke=\"black\" \/>\n<\/svg>\n    <\/a>\n\n<a\n    href=\"\"\n   class=\"link btn btn--default type-download has-icon icon-left\"\n    target=\"_blank\" rel=\"noopener noreferrer\"   data-type=\"download\"\n      >\n\n    \n            <span class=\"filetype\">VCF<\/span>\n    \n    \n            <svg width=\"25\" height=\"25\" viewBox=\"0 0 25 25\" fill=\"none\" xmlns=\"http:\/\/www.w3.org\/2000\/svg\">\n    <path d=\"M18 10.5L12.5 15L7 10.5\" stroke=\"black\" \/>\n    <path d=\"M12.5 6V15\" stroke=\"black\" \/>\n    <path d=\"M18 19H7\" stroke=\"black\" \/>\n<\/svg>\n    <\/a>\n\n        <\/div>\n\n    <\/div>\n\n<\/div>\n\n\n<div class=\"block block-teaser block-link block-card person has-image has-backgroundcolor\" style=\"--color-bg: var(--color-coral);\">\n\n        <a href=\"https:\/\/www.abk-stuttgart.de\/en\/person\/andreas-bauer\/\"\n        class=\"block-link__link\"\n        aria-label=\"Zur Personenseite von Dipl.-K\u00fcnstler Andreas Bauer\">\n    <\/a>\n\n                <div class=\"area image\">\n            \n\n    \n<figure class=\"ratio--landscape\" style=\"--ratio:1\">\n\n    <img decoding=\"async\"\n        class=\"lozad\"\n        src=\"data:image\/gif;base64,R0lGODlhAQABAIAAAAAAAP\/\/\/yH5BAEAAAAALAAAAAABAAEAAAIBRAA7\"\n        data-src=\"https:\/\/www.abk-stuttgart.de\/wp-content\/uploads\/2024\/05\/Bauer_Andreas_abk_big-3.png\"\n        data-srcset=\"https:\/\/www.abk-stuttgart.de\/wp-content\/uploads\/2024\/05\/Bauer_Andreas_abk_big-3.png 2048w, https:\/\/www.abk-stuttgart.de\/wp-content\/uploads\/2024\/05\/Bauer_Andreas_abk_big-3.png 1600w, https:\/\/www.abk-stuttgart.de\/wp-content\/uploads\/2024\/05\/Bauer_Andreas_abk_big-3.png 1440w, https:\/\/www.abk-stuttgart.de\/wp-content\/uploads\/2024\/05\/Bauer_Andreas_abk_big-3.png 1024w, https:\/\/www.abk-stuttgart.de\/wp-content\/uploads\/2024\/05\/Bauer_Andreas_abk_big-3.png 800w, https:\/\/www.abk-stuttgart.de\/wp-content\/uploads\/2024\/05\/Bauer_Andreas_abk_big-3.png 640w, https:\/\/www.abk-stuttgart.de\/wp-content\/uploads\/2024\/05\/Bauer_Andreas_abk_big-3.png 320w\"\n        data-sizes=\"100vw\"\n        data-iesrc=\"https:\/\/www.abk-stuttgart.de\/wp-content\/uploads\/2024\/05\/Bauer_Andreas_abk_big-3.png\"\n        alt=\"Ein Mann mit gestyltem Bart und Schnurrbart, kurzen Haaren und einem schwarzen Hemd, der vor einem schlichten wei\u00dfen Hintergrund in die Kamera l\u00e4chelt.\"\n        data-ratio=\"1\"\n        style=\"display:block;min-height:1rem;opacity:1;\"\n    \/>\n\n<\/figure>\n\n\n        <\/div>\n    \n        <div class=\"area text\">\n\n                    <div class=\"meta-container\">\n                <span class=\"subhead top\">Prof. i.V.<\/span>\n            <\/div>\n        \n        <div class=\"title\">\n            <span>Dipl.-K\u00fcnstler Andreas Bauer<\/span>\n\n                    <\/div>\n\n                    <div class=\"description\">\n                <p>Interim Professorship of\u00a0Visual Art\/Intermedia Art (IMG)\u00a0in the Department of Art<\/p>\n            <\/div>\n        \n                    <div class=\"description\">\n                <p>Campus Wei\u00dfenhof, Altbau, Room 213B<\/p>\n            <\/div>\n        \n                <div class=\"btn-group\">\n\n            \n<a\n    href=\"mailto:andreas.bauer@abk-stuttgart.de\"\n   class=\"link btn btn--default type-mail has-icon icon-left\"\n    target=\"_blank\" rel=\"noopener noreferrer\"   data-type=\"mail\"\n      >\n\n            <span class=\"shrink-to-fit\">andreas.bauer@abk-stuttgart.de<\/span>\n    \n    \n    \n            <svg width=\"25\" height=\"25\" viewBox=\"0 0 25 25\" fill=\"none\" xmlns=\"http:\/\/www.w3.org\/2000\/svg\">\n    <path d=\"M18.1328 7.86621L12.4995 13.0662L6.86615 7.86621\" stroke=\"black\" \/>\n    <rect x=\"6.5\" y=\"7.5\" width=\"12\" height=\"9.4\" stroke=\"black\" \/>\n<\/svg>\n    <\/a>\n\n<a\n    href=\"\"\n   class=\"link btn btn--default type-download has-icon icon-left\"\n    target=\"_blank\" rel=\"noopener noreferrer\"   data-type=\"download\"\n      >\n\n    \n            <span class=\"filetype\">VCF<\/span>\n    \n    \n            <svg width=\"25\" height=\"25\" viewBox=\"0 0 25 25\" fill=\"none\" xmlns=\"http:\/\/www.w3.org\/2000\/svg\">\n    <path d=\"M18 10.5L12.5 15L7 10.5\" stroke=\"black\" \/>\n    <path d=\"M12.5 6V15\" stroke=\"black\" \/>\n    <path d=\"M18 19H7\" stroke=\"black\" \/>\n<\/svg>\n    <\/a>\n\n        <\/div>\n\n    <\/div>\n\n<\/div>\n\n\n<div class=\"block block-teaser block-link block-card person has-image has-backgroundcolor\" style=\"--color-bg: var(--color-coral);\">\n\n        <a href=\"https:\/\/www.abk-stuttgart.de\/person\/prof-bastian-epple\/\"\n        class=\"block-link__link\"\n        aria-label=\"Zur Personenseite von Bastian Epple\">\n    <\/a>\n\n                <div class=\"area image\">\n            \n\n    \n<figure class=\"ratio--landscape\" style=\"--ratio:1\">\n\n    <img decoding=\"async\"\n        class=\"lozad\"\n        src=\"data:image\/gif;base64,R0lGODlhAQABAIAAAAAAAP\/\/\/yH5BAEAAAAALAAAAAABAAEAAAIBRAA7\"\n        data-src=\"https:\/\/www.abk-stuttgart.de\/wp-content\/themes\/abk\/assets\/img\/dummy-person.jpg\"\n        data-srcset=\"https:\/\/www.abk-stuttgart.de\/wp-content\/themes\/abk\/assets\/img\/dummy-person.jpg 2048w, https:\/\/www.abk-stuttgart.de\/wp-content\/themes\/abk\/assets\/img\/dummy-person.jpg 1600w, https:\/\/www.abk-stuttgart.de\/wp-content\/themes\/abk\/assets\/img\/dummy-person.jpg 1440w, https:\/\/www.abk-stuttgart.de\/wp-content\/themes\/abk\/assets\/img\/dummy-person.jpg 1024w, https:\/\/www.abk-stuttgart.de\/wp-content\/themes\/abk\/assets\/img\/dummy-person.jpg 320w\"\n        data-sizes=\"100vw\"\n        data-iesrc=\"https:\/\/www.abk-stuttgart.de\/wp-content\/themes\/abk\/assets\/img\/dummy-person.jpg\"\n        alt=\"\"\n        data-ratio=\"1\"\n        style=\"display:block;min-height:1rem;opacity:1;\"\n    \/>\n\n<\/figure>\n\n\n        <\/div>\n    \n        <div class=\"area text\">\n\n                    <div class=\"meta-container\">\n                <span class=\"subhead top\">Prof.<\/span>\n            <\/div>\n        \n        <div class=\"title\">\n            <span>Bastian Epple<\/span>\n\n                    <\/div>\n\n                    <div class=\"description\">\n                <p>Professor f\u00fcr Intermediales Gestalten (IMG) in der Fachgruppe Kunst<\/p>\n            <\/div>\n        \n                    <div class=\"description\">\n                <p>Campus Wei\u00dfenhof, Altbau, Raum 213B<\/p>\n            <\/div>\n        \n                <div class=\"btn-group\">\n\n            \n<a\n    href=\"tel:+4971128440-0\"\n   class=\"link btn btn--default type-phone has-icon icon-left fs-uppercase\"\n    target=\"_blank\" rel=\"noopener noreferrer\"   data-type=\"phone\"\n      >\n\n            <span class=\"shrink-to-fit\">+49 711 28440-0<\/span>\n    \n    \n    \n            <svg width=\"25\" height=\"25\" viewBox=\"0 0 25 25\" fill=\"none\" xmlns=\"http:\/\/www.w3.org\/2000\/svg\">\n    <path d=\"M16.3886 14.7105L19 18.6969L17.1097 19.9138C13.3307 20.482 10.6279 18.1526 8.843 15.4993C7.12395 12.8036 6.07668 9.40838 8.13738 6.21696L10.0277 5L12.6167 8.95233L9.8672 10.7225C11.134 13.1039 11.9599 14.3647 13.6392 16.4806L16.3886 14.7105Z\" stroke=\"black\" \/>\n<\/svg>\n    <\/a>\n\n<a\n    href=\"mailto:bastian.epple@abk-stuttgart.de\"\n   class=\"link btn btn--default type-mail has-icon icon-left\"\n    target=\"_blank\" rel=\"noopener noreferrer\"   data-type=\"mail\"\n      >\n\n            <span class=\"shrink-to-fit\">bastian.epple@abk-stuttgart.de<\/span>\n    \n    \n    \n            <svg width=\"25\" height=\"25\" viewBox=\"0 0 25 25\" fill=\"none\" xmlns=\"http:\/\/www.w3.org\/2000\/svg\">\n    <path d=\"M18.1328 7.86621L12.4995 13.0662L6.86615 7.86621\" stroke=\"black\" \/>\n    <rect x=\"6.5\" y=\"7.5\" width=\"12\" height=\"9.4\" stroke=\"black\" \/>\n<\/svg>\n    <\/a>\n\n<a\n    href=\"\"\n   class=\"link btn btn--default type-download has-icon icon-left\"\n    target=\"_blank\" rel=\"noopener noreferrer\"   data-type=\"download\"\n      >\n\n    \n            <span class=\"filetype\">VCF<\/span>\n    \n    \n            <svg width=\"25\" height=\"25\" viewBox=\"0 0 25 25\" fill=\"none\" xmlns=\"http:\/\/www.w3.org\/2000\/svg\">\n    <path d=\"M18 10.5L12.5 15L7 10.5\" stroke=\"black\" \/>\n    <path d=\"M12.5 6V15\" stroke=\"black\" \/>\n    <path d=\"M18 19H7\" stroke=\"black\" \/>\n<\/svg>\n    <\/a>\n\n        <\/div>\n\n    <\/div>\n\n<\/div>\n\n<\/details>\n\n\n<\/details>\n\n\n\n<details class=\"block-bundle collapse-section\">\n    <summary class=\"block block-subsection-title\">\n        <h3>Conservation<\/h3>    <\/summary>\n    \n\n<details class=\"block-bundle collapse-section collapsed\">\n    <summary class=\"block block-subsection-title\">\n        <h4>Paintings and Sculpture Conservation <\/h4>    <\/summary>\n    \n\n    <div class=\"block block-text\">\n        <div class=\"fs-text\">\n            \n<h5><b>Appointments for study consultations by arrangement<\/b><\/h5>\n<p>The completed confidentiality\/usage agreement must be sent at least two days before the consultation appointment (by 5 p.m. at the latest).<\/p>\n<p><a href=\"https:\/\/www.abk-stuttgart.de\/wp-content\/uploads\/2024\/08\/abk_Nutzungsvereinbarung-Mappenberatung_2021.pdf\" class=\"link btn btn--default has-icon icon-left type-download\" target=\"_blank\">\n            <span class=\"shrink-to-fit\">Vertraulichkeitsvereinbarung<\/span>\n            <span class=\"filetype\">pdf<\/span>\n            <svg width=\"25\" height=\"25\" viewBox=\"0 0 25 25\" fill=\"none\">\n                <path d=\"M17.9497 10.5L13 15.4498L8.05025 10.5\" stroke=\"black\"><\/path>\n                <path d=\"M13 5V15\" stroke=\"black\"><\/path>\n                <path d=\"M20 20H5\" stroke=\"black\"><\/path>\n            <\/svg>\n        <\/a><\/p>\n<h5>Registration and contact details:<\/h5>\n\n        <\/div>\n    <\/div>\n\n\n\n<div class=\"block block-teaser block-link block-card person has-image has-backgroundcolor\" style=\"--color-bg: var(--color-coral);\">\n\n        <a href=\"https:\/\/www.abk-stuttgart.de\/en\/person\/nina-lanzinger-2\/\"\n        class=\"block-link__link\"\n        aria-label=\"Zur Personenseite von Nina Lanzinger\">\n    <\/a>\n\n                <div class=\"area image\">\n            \n\n    \n<figure class=\"ratio--landscape\" style=\"--ratio:1\">\n\n    <img decoding=\"async\"\n        class=\"lozad\"\n        src=\"data:image\/gif;base64,R0lGODlhAQABAIAAAAAAAP\/\/\/yH5BAEAAAAALAAAAAABAAEAAAIBRAA7\"\n        data-src=\"https:\/\/www.abk-stuttgart.de\/wp-content\/uploads\/2024\/05\/nina-lanzinger_potrait_abk_big-1.jpg\"\n        data-srcset=\"https:\/\/www.abk-stuttgart.de\/wp-content\/uploads\/2024\/05\/nina-lanzinger_potrait_abk_big-1.jpg 2048w, https:\/\/www.abk-stuttgart.de\/wp-content\/uploads\/2024\/05\/nina-lanzinger_potrait_abk_big-1.jpg 1600w, https:\/\/www.abk-stuttgart.de\/wp-content\/uploads\/2024\/05\/nina-lanzinger_potrait_abk_big-1.jpg 1440w, https:\/\/www.abk-stuttgart.de\/wp-content\/uploads\/2024\/05\/nina-lanzinger_potrait_abk_big-1.jpg 1024w, https:\/\/www.abk-stuttgart.de\/wp-content\/uploads\/2024\/05\/nina-lanzinger_potrait_abk_big-1.jpg 800w, https:\/\/www.abk-stuttgart.de\/wp-content\/uploads\/2024\/05\/nina-lanzinger_potrait_abk_big-1.jpg 640w, https:\/\/www.abk-stuttgart.de\/wp-content\/uploads\/2024\/05\/nina-lanzinger_potrait_abk_big-1.jpg 320w\"\n        data-sizes=\"100vw\"\n        data-iesrc=\"https:\/\/www.abk-stuttgart.de\/wp-content\/uploads\/2024\/05\/nina-lanzinger_potrait_abk_big-1.jpg\"\n        alt=\"Eine Frau mit langen glatten Haaren l\u00e4chelt vor einem dunklen Hintergrund in die Kamera.\"\n        data-ratio=\"1\"\n        style=\"display:block;min-height:1rem;opacity:1;\"\n    \/>\n\n<\/figure>\n\n\n        <\/div>\n    \n        <div class=\"area text\">\n\n        \n        <div class=\"title\">\n            <span>Nina Lanzinger<\/span>\n\n                    <\/div>\n\n                    <div class=\"description\">\n                <p>Office of the Department of Conservation \u2013 Art History (responsible for the study programmes in the Department of Conservation \u2013 Art History)<\/p>\n            <\/div>\n        \n                    <div class=\"description\">\n                <p>Au\u00dfenstelle Birkenwaldstra\u00dfe<\/p>\n            <\/div>\n        \n                <div class=\"btn-group\">\n\n            \n<a\n    href=\"tel:+4971128440-260\"\n   class=\"link btn btn--default type-phone has-icon icon-left fs-uppercase\"\n    target=\"_blank\" rel=\"noopener noreferrer\"   data-type=\"phone\"\n      >\n\n            <span class=\"shrink-to-fit\">+49 711 28440-260<\/span>\n    \n    \n    \n            <svg width=\"25\" height=\"25\" viewBox=\"0 0 25 25\" fill=\"none\" xmlns=\"http:\/\/www.w3.org\/2000\/svg\">\n    <path d=\"M16.3886 14.7105L19 18.6969L17.1097 19.9138C13.3307 20.482 10.6279 18.1526 8.843 15.4993C7.12395 12.8036 6.07668 9.40838 8.13738 6.21696L10.0277 5L12.6167 8.95233L9.8672 10.7225C11.134 13.1039 11.9599 14.3647 13.6392 16.4806L16.3886 14.7105Z\" stroke=\"black\" \/>\n<\/svg>\n    <\/a>\n\n<a\n    href=\"mailto:nina.lanzinger@abk-stuttgart.de\"\n   class=\"link btn btn--default type-mail has-icon icon-left\"\n    target=\"_blank\" rel=\"noopener noreferrer\"   data-type=\"mail\"\n      >\n\n            <span class=\"shrink-to-fit\">nina.lanzinger@abk-stuttgart.de<\/span>\n    \n    \n    \n            <svg width=\"25\" height=\"25\" viewBox=\"0 0 25 25\" fill=\"none\" xmlns=\"http:\/\/www.w3.org\/2000\/svg\">\n    <path d=\"M18.1328 7.86621L12.4995 13.0662L6.86615 7.86621\" stroke=\"black\" \/>\n    <rect x=\"6.5\" y=\"7.5\" width=\"12\" height=\"9.4\" stroke=\"black\" \/>\n<\/svg>\n    <\/a>\n\n<a\n    href=\"\"\n   class=\"link btn btn--default type-download has-icon icon-left\"\n    target=\"_blank\" rel=\"noopener noreferrer\"   data-type=\"download\"\n      >\n\n    \n            <span class=\"filetype\">VCF<\/span>\n    \n    \n            <svg width=\"25\" height=\"25\" viewBox=\"0 0 25 25\" fill=\"none\" xmlns=\"http:\/\/www.w3.org\/2000\/svg\">\n    <path d=\"M18 10.5L12.5 15L7 10.5\" stroke=\"black\" \/>\n    <path d=\"M12.5 6V15\" stroke=\"black\" \/>\n    <path d=\"M18 19H7\" stroke=\"black\" \/>\n<\/svg>\n    <\/a>\n\n        <\/div>\n\n    <\/div>\n\n<\/div>\n\n<\/details>\n\n\n\n<details class=\"block-bundle collapse-section collapsed\">\n    <summary class=\"block block-subsection-title\">\n        <h4>Object Conservation<\/h4>    <\/summary>\n    \n\n    <div class=\"block block-text\">\n        <div class=\"fs-text\">\n            \n<h5><b>Appointments for study consultations by arrangement<\/b><\/h5>\n<p>The completed confidentiality\/usage agreement must be sent at least two days before the consultation appointment (by 5 p.m. at the latest).<\/p>\n<p><a href=\"https:\/\/www.abk-stuttgart.de\/wp-content\/uploads\/2024\/08\/abk_Nutzungsvereinbarung-Mappenberatung_2021.pdf\" class=\"link btn btn--default has-icon icon-left type-download\" target=\"_blank\">\n            <span class=\"shrink-to-fit\">Vertraulichkeitsvereinbarung<\/span>\n            <span class=\"filetype\">pdf<\/span>\n            <svg width=\"25\" height=\"25\" viewBox=\"0 0 25 25\" fill=\"none\">\n                <path d=\"M17.9497 10.5L13 15.4498L8.05025 10.5\" stroke=\"black\"><\/path>\n                <path d=\"M13 5V15\" stroke=\"black\"><\/path>\n                <path d=\"M20 20H5\" stroke=\"black\"><\/path>\n            <\/svg>\n        <\/a><\/p>\n<h5>Registration and contact details:<\/h5>\n\n        <\/div>\n    <\/div>\n\n\n\n<div class=\"block block-teaser block-link block-card person has-image has-backgroundcolor\" style=\"--color-bg: var(--color-coral);\">\n\n        <a href=\"https:\/\/www.abk-stuttgart.de\/en\/person\/andrea-funck-2\/\"\n        class=\"block-link__link\"\n        aria-label=\"Zur Personenseite von Andrea Funck\">\n    <\/a>\n\n                <div class=\"area image\">\n            \n\n    \n<figure class=\"ratio--landscape\" style=\"--ratio:1\">\n\n    <img decoding=\"async\"\n        class=\"lozad\"\n        src=\"data:image\/gif;base64,R0lGODlhAQABAIAAAAAAAP\/\/\/yH5BAEAAAAALAAAAAABAAEAAAIBRAA7\"\n        data-src=\"https:\/\/www.abk-stuttgart.de\/wp-content\/uploads\/2024\/05\/funck_portrait_abk_big-1.jpg\"\n        data-srcset=\"https:\/\/www.abk-stuttgart.de\/wp-content\/uploads\/2024\/05\/funck_portrait_abk_big-1.jpg 2048w, https:\/\/www.abk-stuttgart.de\/wp-content\/uploads\/2024\/05\/funck_portrait_abk_big-1.jpg 1600w, https:\/\/www.abk-stuttgart.de\/wp-content\/uploads\/2024\/05\/funck_portrait_abk_big-1.jpg 1440w, https:\/\/www.abk-stuttgart.de\/wp-content\/uploads\/2024\/05\/funck_portrait_abk_big-1.jpg 1024w, https:\/\/www.abk-stuttgart.de\/wp-content\/uploads\/2024\/05\/funck_portrait_abk_big-1.jpg 800w, https:\/\/www.abk-stuttgart.de\/wp-content\/uploads\/2024\/05\/funck_portrait_abk_big-1.jpg 640w, https:\/\/www.abk-stuttgart.de\/wp-content\/uploads\/2024\/05\/funck_portrait_abk_big-1.jpg 320w\"\n        data-sizes=\"100vw\"\n        data-iesrc=\"https:\/\/www.abk-stuttgart.de\/wp-content\/uploads\/2024\/05\/funck_portrait_abk_big-1.jpg\"\n        alt=\"Schwarz-Wei\u00df-Portr\u00e4t einer Frau mit heller Haut, zur\u00fcckgek\u00e4mmten kurzen Haaren, Ohrringen und dunklem Oberteil, die in die Kamera blickt und l\u00e4chelt.\"\n        data-ratio=\"1\"\n        style=\"display:block;min-height:1rem;opacity:1;\"\n    \/>\n\n<\/figure>\n\n\n        <\/div>\n    \n        <div class=\"area text\">\n\n                    <div class=\"meta-container\">\n                <span class=\"subhead top\">Prof. Dr.<\/span>\n            <\/div>\n        \n        <div class=\"title\">\n            <span>Andrea Funck<\/span>\n\n                    <\/div>\n\n                    <div class=\"description\">\n                <p>Professor of\u00a0Conservation of Archaeological, Ethnographic and Decorative Arts\u2019 Objects in the Department of\u00a0Conservation \u2013 Art History.<br \/>\nDeputy chairwoman of the Study Commission Conservation<\/p>\n            <\/div>\n        \n                    <div class=\"description\">\n                <p>Au\u00dfenstelle Birkenwaldstra\u00dfe<\/p>\n            <\/div>\n        \n                <div class=\"btn-group\">\n\n            \n<a\n    href=\"tel:+4971128440-217\"\n   class=\"link btn btn--default type-phone has-icon icon-left fs-uppercase\"\n    target=\"_blank\" rel=\"noopener noreferrer\"   data-type=\"phone\"\n      >\n\n            <span class=\"shrink-to-fit\">+49 711 28440-217<\/span>\n    \n    \n    \n            <svg width=\"25\" height=\"25\" viewBox=\"0 0 25 25\" fill=\"none\" xmlns=\"http:\/\/www.w3.org\/2000\/svg\">\n    <path d=\"M16.3886 14.7105L19 18.6969L17.1097 19.9138C13.3307 20.482 10.6279 18.1526 8.843 15.4993C7.12395 12.8036 6.07668 9.40838 8.13738 6.21696L10.0277 5L12.6167 8.95233L9.8672 10.7225C11.134 13.1039 11.9599 14.3647 13.6392 16.4806L16.3886 14.7105Z\" stroke=\"black\" \/>\n<\/svg>\n    <\/a>\n\n<a\n    href=\"mailto:andrea.funck@abk-stuttgart.de\"\n   class=\"link btn btn--default type-mail has-icon icon-left\"\n    target=\"_blank\" rel=\"noopener noreferrer\"   data-type=\"mail\"\n      >\n\n            <span class=\"shrink-to-fit\">andrea.funck@abk-stuttgart.de<\/span>\n    \n    \n    \n            <svg width=\"25\" height=\"25\" viewBox=\"0 0 25 25\" fill=\"none\" xmlns=\"http:\/\/www.w3.org\/2000\/svg\">\n    <path d=\"M18.1328 7.86621L12.4995 13.0662L6.86615 7.86621\" stroke=\"black\" \/>\n    <rect x=\"6.5\" y=\"7.5\" width=\"12\" height=\"9.4\" stroke=\"black\" \/>\n<\/svg>\n    <\/a>\n\n<a\n    href=\"\"\n   class=\"link btn btn--default type-download has-icon icon-left\"\n    target=\"_blank\" rel=\"noopener noreferrer\"   data-type=\"download\"\n      >\n\n    \n            <span class=\"filetype\">VCF<\/span>\n    \n    \n            <svg width=\"25\" height=\"25\" viewBox=\"0 0 25 25\" fill=\"none\" xmlns=\"http:\/\/www.w3.org\/2000\/svg\">\n    <path d=\"M18 10.5L12.5 15L7 10.5\" stroke=\"black\" \/>\n    <path d=\"M12.5 6V15\" stroke=\"black\" \/>\n    <path d=\"M18 19H7\" stroke=\"black\" \/>\n<\/svg>\n    <\/a>\n\n        <\/div>\n\n    <\/div>\n\n<\/div>\n\n<\/details>\n\n\n\n<details class=\"block-bundle collapse-section collapsed\">\n    <summary class=\"block block-subsection-title\">\n        <h4>Paper Conservation<\/h4>    <\/summary>\n    \n\n    <div class=\"block block-text\">\n        <div class=\"fs-text\">\n            \n<h5><b>Appointments for study consultations by arrangement<\/b><\/h5>\n<p>The completed confidentiality\/usage agreement must be sent at least two days before the consultation appointment (by 5 p.m. at the latest).<\/p>\n<p><a href=\"https:\/\/www.abk-stuttgart.de\/wp-content\/uploads\/2024\/08\/abk_Nutzungsvereinbarung-Mappenberatung_2021.pdf\" class=\"link btn btn--default has-icon icon-left type-download\" target=\"_blank\">\n            <span class=\"shrink-to-fit\">Vertraulichkeitsvereinbarung<\/span>\n            <span class=\"filetype\">pdf<\/span>\n            <svg width=\"25\" height=\"25\" viewBox=\"0 0 25 25\" fill=\"none\">\n                <path d=\"M17.9497 10.5L13 15.4498L8.05025 10.5\" stroke=\"black\"><\/path>\n                <path d=\"M13 5V15\" stroke=\"black\"><\/path>\n                <path d=\"M20 20H5\" stroke=\"black\"><\/path>\n            <\/svg>\n        <\/a><\/p>\n<h5>Registration and contact details:<\/h5>\n\n        <\/div>\n    <\/div>\n\n\n\n<div class=\"block block-teaser block-link block-card person has-image has-backgroundcolor\" style=\"--color-bg: var(--color-coral);\">\n\n        <a href=\"https:\/\/www.abk-stuttgart.de\/en\/person\/ute-woracek-2\/\"\n        class=\"block-link__link\"\n        aria-label=\"Zur Personenseite von Ute Woracek\">\n    <\/a>\n\n                <div class=\"area image\">\n            \n\n    \n<figure class=\"ratio--landscape\" style=\"--ratio:1\">\n\n    <img decoding=\"async\"\n        class=\"lozad\"\n        src=\"data:image\/gif;base64,R0lGODlhAQABAIAAAAAAAP\/\/\/yH5BAEAAAAALAAAAAABAAEAAAIBRAA7\"\n        data-src=\"https:\/\/www.abk-stuttgart.de\/wp-content\/themes\/abk\/assets\/img\/dummy-person.jpg\"\n        data-srcset=\"https:\/\/www.abk-stuttgart.de\/wp-content\/themes\/abk\/assets\/img\/dummy-person.jpg 2048w, https:\/\/www.abk-stuttgart.de\/wp-content\/themes\/abk\/assets\/img\/dummy-person.jpg 1600w, https:\/\/www.abk-stuttgart.de\/wp-content\/themes\/abk\/assets\/img\/dummy-person.jpg 1440w, https:\/\/www.abk-stuttgart.de\/wp-content\/themes\/abk\/assets\/img\/dummy-person.jpg 1024w, https:\/\/www.abk-stuttgart.de\/wp-content\/themes\/abk\/assets\/img\/dummy-person.jpg 320w\"\n        data-sizes=\"100vw\"\n        data-iesrc=\"https:\/\/www.abk-stuttgart.de\/wp-content\/themes\/abk\/assets\/img\/dummy-person.jpg\"\n        alt=\"\"\n        data-ratio=\"1\"\n        style=\"display:block;min-height:1rem;opacity:1;\"\n    \/>\n\n<\/figure>\n\n\n        <\/div>\n    \n        <div class=\"area text\">\n\n                    <div class=\"meta-container\">\n                <span class=\"subhead top\">Dipl.-K\u00fcnstlerin<\/span>\n            <\/div>\n        \n        <div class=\"title\">\n            <span>Ute Woracek<\/span>\n\n                    <\/div>\n\n                    <div class=\"description\">\n                <p>Office of the Department of Conservation \u2013 Art History (responsible for the study programme\u00a0Conservation of Works of Art on Paper, Archives and Library Materials)<\/p>\n            <\/div>\n        \n                    <div class=\"description\">\n                <p>Au\u00dfenstelle Fellbach<\/p>\n            <\/div>\n        \n                <div class=\"btn-group\">\n\n            \n<a\n    href=\"tel:+4971166463811\"\n   class=\"link btn btn--default type-phone has-icon icon-left fs-uppercase\"\n    target=\"_blank\" rel=\"noopener noreferrer\"   data-type=\"phone\"\n      >\n\n            <span class=\"shrink-to-fit\">+49 711 664 638 11<\/span>\n    \n    \n    \n            <svg width=\"25\" height=\"25\" viewBox=\"0 0 25 25\" fill=\"none\" xmlns=\"http:\/\/www.w3.org\/2000\/svg\">\n    <path d=\"M16.3886 14.7105L19 18.6969L17.1097 19.9138C13.3307 20.482 10.6279 18.1526 8.843 15.4993C7.12395 12.8036 6.07668 9.40838 8.13738 6.21696L10.0277 5L12.6167 8.95233L9.8672 10.7225C11.134 13.1039 11.9599 14.3647 13.6392 16.4806L16.3886 14.7105Z\" stroke=\"black\" \/>\n<\/svg>\n    <\/a>\n\n<a\n    href=\"mailto:ute.woracek@abk-stuttgart.de\"\n   class=\"link btn btn--default type-mail has-icon icon-left\"\n    target=\"_blank\" rel=\"noopener noreferrer\"   data-type=\"mail\"\n      >\n\n            <span class=\"shrink-to-fit\">ute.woracek@abk-stuttgart.de<\/span>\n    \n    \n    \n            <svg width=\"25\" height=\"25\" viewBox=\"0 0 25 25\" fill=\"none\" xmlns=\"http:\/\/www.w3.org\/2000\/svg\">\n    <path d=\"M18.1328 7.86621L12.4995 13.0662L6.86615 7.86621\" stroke=\"black\" \/>\n    <rect x=\"6.5\" y=\"7.5\" width=\"12\" height=\"9.4\" stroke=\"black\" \/>\n<\/svg>\n    <\/a>\n\n<a\n    href=\"\"\n   class=\"link btn btn--default type-download has-icon icon-left\"\n    target=\"_blank\" rel=\"noopener noreferrer\"   data-type=\"download\"\n      >\n\n    \n            <span class=\"filetype\">VCF<\/span>\n    \n    \n            <svg width=\"25\" height=\"25\" viewBox=\"0 0 25 25\" fill=\"none\" xmlns=\"http:\/\/www.w3.org\/2000\/svg\">\n    <path d=\"M18 10.5L12.5 15L7 10.5\" stroke=\"black\" \/>\n    <path d=\"M12.5 6V15\" stroke=\"black\" \/>\n    <path d=\"M18 19H7\" stroke=\"black\" \/>\n<\/svg>\n    <\/a>\n\n        <\/div>\n\n    <\/div>\n\n<\/div>\n\n<\/details>\n\n\n\n<details class=\"block-bundle collapse-section collapsed\">\n    <summary class=\"block block-subsection-title\">\n        <h4>Wall Painting Conservation<\/h4>    <\/summary>\n    \n\n    <div class=\"block block-text\">\n        <div class=\"fs-text\">\n            \n<h5><b>Appointments for study consultations by arrangement<\/b><\/h5>\n<p>The completed confidentiality\/usage agreement must be sent at least two days before the consultation appointment (by 5 p.m. at the latest).<\/p>\n<p><a href=\"https:\/\/www.abk-stuttgart.de\/wp-content\/uploads\/2024\/08\/abk_Nutzungsvereinbarung-Mappenberatung_2021.pdf\" class=\"link btn btn--default has-icon icon-left type-download\" target=\"_blank\">\n            <span class=\"shrink-to-fit\">Vertraulichkeitsvereinbarung<\/span>\n            <span class=\"filetype\">pdf<\/span>\n            <svg width=\"25\" height=\"25\" viewBox=\"0 0 25 25\" fill=\"none\">\n                <path d=\"M17.9497 10.5L13 15.4498L8.05025 10.5\" stroke=\"black\"><\/path>\n                <path d=\"M13 5V15\" stroke=\"black\"><\/path>\n                <path d=\"M20 20H5\" stroke=\"black\"><\/path>\n            <\/svg>\n        <\/a><\/p>\n<h5>Registration and contact details:<\/h5>\n\n        <\/div>\n    <\/div>\n\n\n\n<div class=\"block block-teaser block-link block-card person has-image has-backgroundcolor\" style=\"--color-bg: var(--color-coral);\">\n\n        <a href=\"https:\/\/www.abk-stuttgart.de\/en\/person\/ute-woracek-2\/\"\n        class=\"block-link__link\"\n        aria-label=\"Zur Personenseite von Ute Woracek\">\n    <\/a>\n\n                <div class=\"area image\">\n            \n\n    \n<figure class=\"ratio--landscape\" style=\"--ratio:1\">\n\n    <img decoding=\"async\"\n        class=\"lozad\"\n        src=\"data:image\/gif;base64,R0lGODlhAQABAIAAAAAAAP\/\/\/yH5BAEAAAAALAAAAAABAAEAAAIBRAA7\"\n        data-src=\"https:\/\/www.abk-stuttgart.de\/wp-content\/themes\/abk\/assets\/img\/dummy-person.jpg\"\n        data-srcset=\"https:\/\/www.abk-stuttgart.de\/wp-content\/themes\/abk\/assets\/img\/dummy-person.jpg 2048w, https:\/\/www.abk-stuttgart.de\/wp-content\/themes\/abk\/assets\/img\/dummy-person.jpg 1600w, https:\/\/www.abk-stuttgart.de\/wp-content\/themes\/abk\/assets\/img\/dummy-person.jpg 1440w, https:\/\/www.abk-stuttgart.de\/wp-content\/themes\/abk\/assets\/img\/dummy-person.jpg 1024w, https:\/\/www.abk-stuttgart.de\/wp-content\/themes\/abk\/assets\/img\/dummy-person.jpg 320w\"\n        data-sizes=\"100vw\"\n        data-iesrc=\"https:\/\/www.abk-stuttgart.de\/wp-content\/themes\/abk\/assets\/img\/dummy-person.jpg\"\n        alt=\"\"\n        data-ratio=\"1\"\n        style=\"display:block;min-height:1rem;opacity:1;\"\n    \/>\n\n<\/figure>\n\n\n        <\/div>\n    \n        <div class=\"area text\">\n\n                    <div class=\"meta-container\">\n                <span class=\"subhead top\">Dipl.-K\u00fcnstlerin<\/span>\n            <\/div>\n        \n        <div class=\"title\">\n            <span>Ute Woracek<\/span>\n\n                    <\/div>\n\n                    <div class=\"description\">\n                <p>Office of the Department of Conservation \u2013 Art History (responsible for the study programme\u00a0Conservation of Works of Art on Paper, Archives and Library Materials)<\/p>\n            <\/div>\n        \n                    <div class=\"description\">\n                <p>Au\u00dfenstelle Fellbach<\/p>\n            <\/div>\n        \n                <div class=\"btn-group\">\n\n            \n<a\n    href=\"tel:+4971166463811\"\n   class=\"link btn btn--default type-phone has-icon icon-left fs-uppercase\"\n    target=\"_blank\" rel=\"noopener noreferrer\"   data-type=\"phone\"\n      >\n\n            <span class=\"shrink-to-fit\">+49 711 664 638 11<\/span>\n    \n    \n    \n            <svg width=\"25\" height=\"25\" viewBox=\"0 0 25 25\" fill=\"none\" xmlns=\"http:\/\/www.w3.org\/2000\/svg\">\n    <path d=\"M16.3886 14.7105L19 18.6969L17.1097 19.9138C13.3307 20.482 10.6279 18.1526 8.843 15.4993C7.12395 12.8036 6.07668 9.40838 8.13738 6.21696L10.0277 5L12.6167 8.95233L9.8672 10.7225C11.134 13.1039 11.9599 14.3647 13.6392 16.4806L16.3886 14.7105Z\" stroke=\"black\" \/>\n<\/svg>\n    <\/a>\n\n<a\n    href=\"mailto:ute.woracek@abk-stuttgart.de\"\n   class=\"link btn btn--default type-mail has-icon icon-left\"\n    target=\"_blank\" rel=\"noopener noreferrer\"   data-type=\"mail\"\n      >\n\n            <span class=\"shrink-to-fit\">ute.woracek@abk-stuttgart.de<\/span>\n    \n    \n    \n            <svg width=\"25\" height=\"25\" viewBox=\"0 0 25 25\" fill=\"none\" xmlns=\"http:\/\/www.w3.org\/2000\/svg\">\n    <path d=\"M18.1328 7.86621L12.4995 13.0662L6.86615 7.86621\" stroke=\"black\" \/>\n    <rect x=\"6.5\" y=\"7.5\" width=\"12\" height=\"9.4\" stroke=\"black\" \/>\n<\/svg>\n    <\/a>\n\n<a\n    href=\"\"\n   class=\"link btn btn--default type-download has-icon icon-left\"\n    target=\"_blank\" rel=\"noopener noreferrer\"   data-type=\"download\"\n      >\n\n    \n            <span class=\"filetype\">VCF<\/span>\n    \n    \n            <svg width=\"25\" height=\"25\" viewBox=\"0 0 25 25\" fill=\"none\" xmlns=\"http:\/\/www.w3.org\/2000\/svg\">\n    <path d=\"M18 10.5L12.5 15L7 10.5\" stroke=\"black\" \/>\n    <path d=\"M12.5 6V15\" stroke=\"black\" \/>\n    <path d=\"M18 19H7\" stroke=\"black\" \/>\n<\/svg>\n    <\/a>\n\n        <\/div>\n\n    <\/div>\n\n<\/div>\n\n<\/details>\n\n\n\n<details class=\"block-bundle collapse-section collapsed\">\n    <summary class=\"block block-subsection-title\">\n        <h4>Media Conservation<\/h4>    <\/summary>\n    \n\n    <div class=\"block block-text\">\n        <div class=\"fs-text\">\n            \n<h5><b>Appointments for study consultations by arrangement<\/b><\/h5>\n<p>The completed confidentiality\/usage agreement must be sent at least two days before the consultation appointment (by 5 p.m. at the latest).<\/p>\n<p><a href=\"https:\/\/www.abk-stuttgart.de\/wp-content\/uploads\/2024\/08\/abk_Nutzungsvereinbarung-Mappenberatung_2021.pdf\" class=\"link btn btn--default has-icon icon-left type-download\" target=\"_blank\">\n            <span class=\"shrink-to-fit\">Vertraulichkeitsvereinbarung<\/span>\n            <span class=\"filetype\">pdf<\/span>\n            <svg width=\"25\" height=\"25\" viewBox=\"0 0 25 25\" fill=\"none\">\n                <path d=\"M17.9497 10.5L13 15.4498L8.05025 10.5\" stroke=\"black\"><\/path>\n                <path d=\"M13 5V15\" stroke=\"black\"><\/path>\n                <path d=\"M20 20H5\" stroke=\"black\"><\/path>\n            <\/svg>\n        <\/a><\/p>\n<h5>Registration and contact details:<\/h5>\n\n        <\/div>\n    <\/div>\n\n\n\n<div class=\"block block-teaser block-link block-card person has-image has-backgroundcolor\" style=\"--color-bg: var(--color-coral);\">\n\n        <a href=\"https:\/\/www.abk-stuttgart.de\/en\/person\/nina-lanzinger-2\/\"\n        class=\"block-link__link\"\n        aria-label=\"Zur Personenseite von Nina Lanzinger\">\n    <\/a>\n\n                <div class=\"area image\">\n            \n\n    \n<figure class=\"ratio--landscape\" style=\"--ratio:1\">\n\n    <img decoding=\"async\"\n        class=\"lozad\"\n        src=\"data:image\/gif;base64,R0lGODlhAQABAIAAAAAAAP\/\/\/yH5BAEAAAAALAAAAAABAAEAAAIBRAA7\"\n        data-src=\"https:\/\/www.abk-stuttgart.de\/wp-content\/uploads\/2024\/05\/nina-lanzinger_potrait_abk_big-1.jpg\"\n        data-srcset=\"https:\/\/www.abk-stuttgart.de\/wp-content\/uploads\/2024\/05\/nina-lanzinger_potrait_abk_big-1.jpg 2048w, https:\/\/www.abk-stuttgart.de\/wp-content\/uploads\/2024\/05\/nina-lanzinger_potrait_abk_big-1.jpg 1600w, https:\/\/www.abk-stuttgart.de\/wp-content\/uploads\/2024\/05\/nina-lanzinger_potrait_abk_big-1.jpg 1440w, https:\/\/www.abk-stuttgart.de\/wp-content\/uploads\/2024\/05\/nina-lanzinger_potrait_abk_big-1.jpg 1024w, https:\/\/www.abk-stuttgart.de\/wp-content\/uploads\/2024\/05\/nina-lanzinger_potrait_abk_big-1.jpg 800w, https:\/\/www.abk-stuttgart.de\/wp-content\/uploads\/2024\/05\/nina-lanzinger_potrait_abk_big-1.jpg 640w, https:\/\/www.abk-stuttgart.de\/wp-content\/uploads\/2024\/05\/nina-lanzinger_potrait_abk_big-1.jpg 320w\"\n        data-sizes=\"100vw\"\n        data-iesrc=\"https:\/\/www.abk-stuttgart.de\/wp-content\/uploads\/2024\/05\/nina-lanzinger_potrait_abk_big-1.jpg\"\n        alt=\"Eine Frau mit langen glatten Haaren l\u00e4chelt vor einem dunklen Hintergrund in die Kamera.\"\n        data-ratio=\"1\"\n        style=\"display:block;min-height:1rem;opacity:1;\"\n    \/>\n\n<\/figure>\n\n\n        <\/div>\n    \n        <div class=\"area text\">\n\n        \n        <div class=\"title\">\n            <span>Nina Lanzinger<\/span>\n\n                    <\/div>\n\n                    <div class=\"description\">\n                <p>Office of the Department of Conservation \u2013 Art History (responsible for the study programmes in the Department of Conservation \u2013 Art History)<\/p>\n            <\/div>\n        \n                    <div class=\"description\">\n                <p>Au\u00dfenstelle Birkenwaldstra\u00dfe<\/p>\n            <\/div>\n        \n                <div class=\"btn-group\">\n\n            \n<a\n    href=\"tel:+4971128440-260\"\n   class=\"link btn btn--default type-phone has-icon icon-left fs-uppercase\"\n    target=\"_blank\" rel=\"noopener noreferrer\"   data-type=\"phone\"\n      >\n\n            <span class=\"shrink-to-fit\">+49 711 28440-260<\/span>\n    \n    \n    \n            <svg width=\"25\" height=\"25\" viewBox=\"0 0 25 25\" fill=\"none\" xmlns=\"http:\/\/www.w3.org\/2000\/svg\">\n    <path d=\"M16.3886 14.7105L19 18.6969L17.1097 19.9138C13.3307 20.482 10.6279 18.1526 8.843 15.4993C7.12395 12.8036 6.07668 9.40838 8.13738 6.21696L10.0277 5L12.6167 8.95233L9.8672 10.7225C11.134 13.1039 11.9599 14.3647 13.6392 16.4806L16.3886 14.7105Z\" stroke=\"black\" \/>\n<\/svg>\n    <\/a>\n\n<a\n    href=\"mailto:nina.lanzinger@abk-stuttgart.de\"\n   class=\"link btn btn--default type-mail has-icon icon-left\"\n    target=\"_blank\" rel=\"noopener noreferrer\"   data-type=\"mail\"\n      >\n\n            <span class=\"shrink-to-fit\">nina.lanzinger@abk-stuttgart.de<\/span>\n    \n    \n    \n            <svg width=\"25\" height=\"25\" viewBox=\"0 0 25 25\" fill=\"none\" xmlns=\"http:\/\/www.w3.org\/2000\/svg\">\n    <path d=\"M18.1328 7.86621L12.4995 13.0662L6.86615 7.86621\" stroke=\"black\" \/>\n    <rect x=\"6.5\" y=\"7.5\" width=\"12\" height=\"9.4\" stroke=\"black\" \/>\n<\/svg>\n    <\/a>\n\n<a\n    href=\"\"\n   class=\"link btn btn--default type-download has-icon icon-left\"\n    target=\"_blank\" rel=\"noopener noreferrer\"   data-type=\"download\"\n      >\n\n    \n            <span class=\"filetype\">VCF<\/span>\n    \n    \n            <svg width=\"25\" height=\"25\" viewBox=\"0 0 25 25\" fill=\"none\" xmlns=\"http:\/\/www.w3.org\/2000\/svg\">\n    <path d=\"M18 10.5L12.5 15L7 10.5\" stroke=\"black\" \/>\n    <path d=\"M12.5 6V15\" stroke=\"black\" \/>\n    <path d=\"M18 19H7\" stroke=\"black\" \/>\n<\/svg>\n    <\/a>\n\n        <\/div>\n\n    <\/div>\n\n<\/div>\n\n<\/details>\n\n\n<\/details>\n","protected":false},"author":2,"featured_media":33706,"parent":0,"menu_order":6,"template":"","class_list":["post-42649","application","type-application","status-publish","has-post-thumbnail","hentry"],"acf":[],"_links":{"self":[{"href":"https:\/\/www.abk-stuttgart.de\/en\/wp-json\/wp\/v2\/application\/42649","targetHints":{"allow":["GET"]}}],"collection":[{"href":"https:\/\/www.abk-stuttgart.de\/en\/wp-json\/wp\/v2\/application"}],"about":[{"href":"https:\/\/www.abk-stuttgart.de\/en\/wp-json\/wp\/v2\/types\/application"}],"author":[{"embeddable":true,"href":"https:\/\/www.abk-stuttgart.de\/en\/wp-json\/wp\/v2\/users\/2"}],"wp:featuredmedia":[{"embeddable":true,"href":"https:\/\/www.abk-stuttgart.de\/en\/wp-json\/wp\/v2\/media\/33706"}],"wp:attachment":[{"href":"https:\/\/www.abk-stuttgart.de\/en\/wp-json\/wp\/v2\/media?parent=42649"}],"curies":[{"name":"wp","href":"https:\/\/api.w.org\/{rel}","templated":true}]}}