{"id":41955,"date":"2024-05-22T19:40:25","date_gmt":"2024-05-22T17:40:25","guid":{"rendered":"https:\/\/www.abk-stuttgart.de\/programmes\/communication-design\/"},"modified":"2026-01-02T15:52:17","modified_gmt":"2026-01-02T14:52:17","slug":"communication-design","status":"publish","type":"programme","link":"https:\/\/www.abk-stuttgart.de\/en\/programmes\/communication-design\/","title":{"rendered":"Communication Design"},"content":{"rendered":"\n<div class=\"block block-gallery size--big\" data-count=\"17\">\n\n    <div class=\"slider js-slick\">\n        \n            \n            \n                \n                <div class=\"slider__slide width--full fit--cover type--image\"  style=\"background-color:#ffffff\" >\n                    \n\n    \n<figure class=\"ratio--landscape\" style=\"--ratio:1.4982666246454\">\n\n    <img decoding=\"async\"\n        class=\"lozad\"\n        src=\"data:image\/gif;base64,R0lGODlhAQABAIAAAAAAAP\/\/\/yH5BAEAAAAALAAAAAABAAEAAAIBRAA7\"\n        data-src=\"https:\/\/www.abk-stuttgart.de\/wp-content\/uploads\/2024\/05\/VA_20240719_Rundgang_KD_KlasseThomas_PosterRoom_Martin_Lutz_R24_060_1-320x214.jpg\"\n        data-srcset=\"https:\/\/www.abk-stuttgart.de\/wp-content\/uploads\/2024\/05\/VA_20240719_Rundgang_KD_KlasseThomas_PosterRoom_Martin_Lutz_R24_060_1-2048x1367.jpg 2048w, https:\/\/www.abk-stuttgart.de\/wp-content\/uploads\/2024\/05\/VA_20240719_Rundgang_KD_KlasseThomas_PosterRoom_Martin_Lutz_R24_060_1-1600x1068.jpg 1600w, https:\/\/www.abk-stuttgart.de\/wp-content\/uploads\/2024\/05\/VA_20240719_Rundgang_KD_KlasseThomas_PosterRoom_Martin_Lutz_R24_060_1-1440x961.jpg 1440w, https:\/\/www.abk-stuttgart.de\/wp-content\/uploads\/2024\/05\/VA_20240719_Rundgang_KD_KlasseThomas_PosterRoom_Martin_Lutz_R24_060_1-1024x683.jpg 1024w, https:\/\/www.abk-stuttgart.de\/wp-content\/uploads\/2024\/05\/VA_20240719_Rundgang_KD_KlasseThomas_PosterRoom_Martin_Lutz_R24_060_1.jpg 800w, https:\/\/www.abk-stuttgart.de\/wp-content\/uploads\/2024\/05\/VA_20240719_Rundgang_KD_KlasseThomas_PosterRoom_Martin_Lutz_R24_060_1.jpg 640w, https:\/\/www.abk-stuttgart.de\/wp-content\/uploads\/2024\/05\/VA_20240719_Rundgang_KD_KlasseThomas_PosterRoom_Martin_Lutz_R24_060_1-320x214.jpg 320w\"\n        data-sizes=\"100vw\"\n        data-iesrc=\"https:\/\/www.abk-stuttgart.de\/wp-content\/uploads\/2024\/05\/VA_20240719_Rundgang_KD_KlasseThomas_PosterRoom_Martin_Lutz_R24_060_1.jpg\"\n        alt=\"\"\n        data-ratio=\"1.4982666246454\"\n        style=\"display:block;min-height:1rem;opacity:1;\"\n    \/>\n\n<\/figure>\n\n\n    \n\n<div class=\"mediainfo\" data-id=\"image-3647\">\n    <button class=\"btn btn--circle btn-mediainfoclose\" aria-label=\"Close media info\"><span>&times;<\/span><\/button>\n    <div class=\"mediainfo--innerwrapper\">\n        <div class=\"mediainfo--inner\">\n            <div class=\"mediainfo--content\">\n\n                <div class=\"preview\">No Preview<\/div>\n\n                \n                                                            \n                            <\/div>\n        <\/div>\n    <\/div>\n<\/div>\n\n    \n\n    <div class=\"media-interface\">\n\n        <button class=\"btn btn--circle btn-mediainfo\" data-id=\"image-3647\" aria-label=\"Open media info\"><span>i<\/span><\/button>\n\n        \n    <\/div>\n\n                <\/div>\n            \n        \n            \n            \n                \n                <div class=\"slider__slide width--full fit--cover type--image\"  style=\"background-color:#ffffff\" >\n                    \n\n    \n<figure class=\"ratio--portrait\" style=\"--ratio:0.75013881177124\">\n\n    <img decoding=\"async\"\n        class=\"lozad\"\n        src=\"data:image\/gif;base64,R0lGODlhAQABAIAAAAAAAP\/\/\/yH5BAEAAAAALAAAAAABAAEAAAIBRAA7\"\n        data-src=\"https:\/\/www.abk-stuttgart.de\/wp-content\/uploads\/2024\/05\/KD_VA_Workshop_mit_Lorraine_Hellwig_SoSe2024_Ulrike_Myrzik_IMG_0005-320x427.jpg\"\n        data-srcset=\"https:\/\/www.abk-stuttgart.de\/wp-content\/uploads\/2024\/05\/KD_VA_Workshop_mit_Lorraine_Hellwig_SoSe2024_Ulrike_Myrzik_IMG_0005-2048x2730.jpg 2048w, https:\/\/www.abk-stuttgart.de\/wp-content\/uploads\/2024\/05\/KD_VA_Workshop_mit_Lorraine_Hellwig_SoSe2024_Ulrike_Myrzik_IMG_0005-1600x2133.jpg 1600w, https:\/\/www.abk-stuttgart.de\/wp-content\/uploads\/2024\/05\/KD_VA_Workshop_mit_Lorraine_Hellwig_SoSe2024_Ulrike_Myrzik_IMG_0005-1440x1920.jpg 1440w, https:\/\/www.abk-stuttgart.de\/wp-content\/uploads\/2024\/05\/KD_VA_Workshop_mit_Lorraine_Hellwig_SoSe2024_Ulrike_Myrzik_IMG_0005-1024x1365.jpg 1024w, https:\/\/www.abk-stuttgart.de\/wp-content\/uploads\/2024\/05\/KD_VA_Workshop_mit_Lorraine_Hellwig_SoSe2024_Ulrike_Myrzik_IMG_0005-e1736425008271.jpg 800w, https:\/\/www.abk-stuttgart.de\/wp-content\/uploads\/2024\/05\/KD_VA_Workshop_mit_Lorraine_Hellwig_SoSe2024_Ulrike_Myrzik_IMG_0005-e1736425008271.jpg 640w, https:\/\/www.abk-stuttgart.de\/wp-content\/uploads\/2024\/05\/KD_VA_Workshop_mit_Lorraine_Hellwig_SoSe2024_Ulrike_Myrzik_IMG_0005-320x427.jpg 320w\"\n        data-sizes=\"100vw\"\n        data-iesrc=\"https:\/\/www.abk-stuttgart.de\/wp-content\/uploads\/2024\/05\/KD_VA_Workshop_mit_Lorraine_Hellwig_SoSe2024_Ulrike_Myrzik_IMG_0005-e1736425008271.jpg\"\n        alt=\"\"\n        data-ratio=\"0.75013881177124\"\n        style=\"display:block;min-height:1rem;opacity:1;\"\n    \/>\n\n<\/figure>\n\n\n    \n\n<div class=\"mediainfo\" data-id=\"image-3657\">\n    <button class=\"btn btn--circle btn-mediainfoclose\" aria-label=\"Close media info\"><span>&times;<\/span><\/button>\n    <div class=\"mediainfo--innerwrapper\">\n        <div class=\"mediainfo--inner\">\n            <div class=\"mediainfo--content\">\n\n                <div class=\"preview\">No Preview<\/div>\n\n                \n                                                            \n                            <\/div>\n        <\/div>\n    <\/div>\n<\/div>\n\n    \n\n    <div class=\"media-interface\">\n\n        <button class=\"btn btn--circle btn-mediainfo\" data-id=\"image-3657\" aria-label=\"Open media info\"><span>i<\/span><\/button>\n\n        \n    <\/div>\n\n                <\/div>\n            \n        \n            \n            \n                \n                <div class=\"slider__slide width--full fit--cover type--image\"  style=\"background-color:#ffffff\" >\n                    \n\n    \n<figure class=\"ratio--portrait\" style=\"--ratio:0.75\">\n\n    <img decoding=\"async\"\n        class=\"lozad\"\n        src=\"data:image\/gif;base64,R0lGODlhAQABAIAAAAAAAP\/\/\/yH5BAEAAAAALAAAAAABAAEAAAIBRAA7\"\n        data-src=\"https:\/\/www.abk-stuttgart.de\/wp-content\/uploads\/2024\/05\/KD_VA_20240720_Constant_Changes_KlasseMyrzik_Ulrike_Myrzik_IMG_1153-320x427.jpg\"\n        data-srcset=\"https:\/\/www.abk-stuttgart.de\/wp-content\/uploads\/2024\/05\/KD_VA_20240720_Constant_Changes_KlasseMyrzik_Ulrike_Myrzik_IMG_1153-2048x2731.jpg 2048w, https:\/\/www.abk-stuttgart.de\/wp-content\/uploads\/2024\/05\/KD_VA_20240720_Constant_Changes_KlasseMyrzik_Ulrike_Myrzik_IMG_1153-1600x2133.jpg 1600w, https:\/\/www.abk-stuttgart.de\/wp-content\/uploads\/2024\/05\/KD_VA_20240720_Constant_Changes_KlasseMyrzik_Ulrike_Myrzik_IMG_1153-1440x1920.jpg 1440w, https:\/\/www.abk-stuttgart.de\/wp-content\/uploads\/2024\/05\/KD_VA_20240720_Constant_Changes_KlasseMyrzik_Ulrike_Myrzik_IMG_1153-1024x1365.jpg 1024w, https:\/\/www.abk-stuttgart.de\/wp-content\/uploads\/2024\/05\/KD_VA_20240720_Constant_Changes_KlasseMyrzik_Ulrike_Myrzik_IMG_1153.jpg 800w, https:\/\/www.abk-stuttgart.de\/wp-content\/uploads\/2024\/05\/KD_VA_20240720_Constant_Changes_KlasseMyrzik_Ulrike_Myrzik_IMG_1153.jpg 640w, https:\/\/www.abk-stuttgart.de\/wp-content\/uploads\/2024\/05\/KD_VA_20240720_Constant_Changes_KlasseMyrzik_Ulrike_Myrzik_IMG_1153-320x427.jpg 320w\"\n        data-sizes=\"100vw\"\n        data-iesrc=\"https:\/\/www.abk-stuttgart.de\/wp-content\/uploads\/2024\/05\/KD_VA_20240720_Constant_Changes_KlasseMyrzik_Ulrike_Myrzik_IMG_1153.jpg\"\n        alt=\"\"\n        data-ratio=\"0.75\"\n        style=\"display:block;min-height:1rem;opacity:1;\"\n    \/>\n\n<\/figure>\n\n\n    \n\n<div class=\"mediainfo\" data-id=\"image-3655\">\n    <button class=\"btn btn--circle btn-mediainfoclose\" aria-label=\"Close media info\"><span>&times;<\/span><\/button>\n    <div class=\"mediainfo--innerwrapper\">\n        <div class=\"mediainfo--inner\">\n            <div class=\"mediainfo--content\">\n\n                <div class=\"preview\">No Preview<\/div>\n\n                \n                                                            \n                            <\/div>\n        <\/div>\n    <\/div>\n<\/div>\n\n    \n\n    <div class=\"media-interface\">\n\n        <button class=\"btn btn--circle btn-mediainfo\" data-id=\"image-3655\" aria-label=\"Open media info\"><span>i<\/span><\/button>\n\n        \n    <\/div>\n\n                <\/div>\n            \n        \n            \n            \n                \n                <div class=\"slider__slide width--helped fit--cover type--image\"  style=\"background-color:#ffffff\" >\n                    \n\n    \n<figure class=\"ratio--portrait\" style=\"--ratio:0.75\">\n\n    <img decoding=\"async\"\n        class=\"lozad\"\n        src=\"data:image\/gif;base64,R0lGODlhAQABAIAAAAAAAP\/\/\/yH5BAEAAAAALAAAAAABAAEAAAIBRAA7\"\n        data-src=\"https:\/\/www.abk-stuttgart.de\/wp-content\/uploads\/2024\/08\/KD_VA_Workshop_mit_Lorraine_Hellwig_SoSe2024_Ulrike_Myrzik_IMG_0021-320x427.jpg\"\n        data-srcset=\"https:\/\/www.abk-stuttgart.de\/wp-content\/uploads\/2024\/08\/KD_VA_Workshop_mit_Lorraine_Hellwig_SoSe2024_Ulrike_Myrzik_IMG_0021-2048x2731.jpg 2048w, https:\/\/www.abk-stuttgart.de\/wp-content\/uploads\/2024\/08\/KD_VA_Workshop_mit_Lorraine_Hellwig_SoSe2024_Ulrike_Myrzik_IMG_0021-1600x2133.jpg 1600w, https:\/\/www.abk-stuttgart.de\/wp-content\/uploads\/2024\/08\/KD_VA_Workshop_mit_Lorraine_Hellwig_SoSe2024_Ulrike_Myrzik_IMG_0021-1440x1920.jpg 1440w, https:\/\/www.abk-stuttgart.de\/wp-content\/uploads\/2024\/08\/KD_VA_Workshop_mit_Lorraine_Hellwig_SoSe2024_Ulrike_Myrzik_IMG_0021-1024x1365.jpg 1024w, https:\/\/www.abk-stuttgart.de\/wp-content\/uploads\/2024\/08\/KD_VA_Workshop_mit_Lorraine_Hellwig_SoSe2024_Ulrike_Myrzik_IMG_0021.jpg 800w, https:\/\/www.abk-stuttgart.de\/wp-content\/uploads\/2024\/08\/KD_VA_Workshop_mit_Lorraine_Hellwig_SoSe2024_Ulrike_Myrzik_IMG_0021.jpg 640w, https:\/\/www.abk-stuttgart.de\/wp-content\/uploads\/2024\/08\/KD_VA_Workshop_mit_Lorraine_Hellwig_SoSe2024_Ulrike_Myrzik_IMG_0021-320x427.jpg 320w\"\n        data-sizes=\"100vw\"\n        data-iesrc=\"https:\/\/www.abk-stuttgart.de\/wp-content\/uploads\/2024\/08\/KD_VA_Workshop_mit_Lorraine_Hellwig_SoSe2024_Ulrike_Myrzik_IMG_0021.jpg\"\n        alt=\"\"\n        data-ratio=\"0.75\"\n        style=\"display:block;min-height:1rem;opacity:1;\"\n    \/>\n\n<\/figure>\n\n\n    \n\n<div class=\"mediainfo\" data-id=\"image-3665\">\n    <button class=\"btn btn--circle btn-mediainfoclose\" aria-label=\"Close media info\"><span>&times;<\/span><\/button>\n    <div class=\"mediainfo--innerwrapper\">\n        <div class=\"mediainfo--inner\">\n            <div class=\"mediainfo--content\">\n\n                <div class=\"preview\">No Preview<\/div>\n\n                \n                                                            \n                            <\/div>\n        <\/div>\n    <\/div>\n<\/div>\n\n    \n\n    <div class=\"media-interface\">\n\n        <button class=\"btn btn--circle btn-mediainfo\" data-id=\"image-3665\" aria-label=\"Open media info\"><span>i<\/span><\/button>\n\n        \n    <\/div>\n\n                <\/div>\n            \n        \n            \n            \n                \n                <div class=\"slider__slide width--auto fit--cover type--image\"  style=\"background-color:#ffffff\" >\n                    \n\n    \n<figure class=\"ratio--portrait\" style=\"--ratio:0.79992671308171\">\n\n    <img decoding=\"async\"\n        class=\"lozad\"\n        src=\"data:image\/gif;base64,R0lGODlhAQABAIAAAAAAAP\/\/\/yH5BAEAAAAALAAAAAABAAEAAAIBRAA7\"\n        data-src=\"https:\/\/www.abk-stuttgart.de\/wp-content\/uploads\/2025\/01\/KD_PublikationUnfold2022_23_EmmaDreiucker_LinusGeiss_MarcRoecker_Inkubator_IMG_3961-320x400.jpeg\"\n        data-srcset=\"https:\/\/www.abk-stuttgart.de\/wp-content\/uploads\/2025\/01\/KD_PublikationUnfold2022_23_EmmaDreiucker_LinusGeiss_MarcRoecker_Inkubator_IMG_3961-2048x2560.jpeg 2048w, https:\/\/www.abk-stuttgart.de\/wp-content\/uploads\/2025\/01\/KD_PublikationUnfold2022_23_EmmaDreiucker_LinusGeiss_MarcRoecker_Inkubator_IMG_3961-1600x2000.jpeg 1600w, https:\/\/www.abk-stuttgart.de\/wp-content\/uploads\/2025\/01\/KD_PublikationUnfold2022_23_EmmaDreiucker_LinusGeiss_MarcRoecker_Inkubator_IMG_3961-1440x1800.jpeg 1440w, https:\/\/www.abk-stuttgart.de\/wp-content\/uploads\/2025\/01\/KD_PublikationUnfold2022_23_EmmaDreiucker_LinusGeiss_MarcRoecker_Inkubator_IMG_3961-1024x1280.jpeg 1024w, https:\/\/www.abk-stuttgart.de\/wp-content\/uploads\/2025\/01\/KD_PublikationUnfold2022_23_EmmaDreiucker_LinusGeiss_MarcRoecker_Inkubator_IMG_3961-800x1000.jpeg 800w, https:\/\/www.abk-stuttgart.de\/wp-content\/uploads\/2025\/01\/KD_PublikationUnfold2022_23_EmmaDreiucker_LinusGeiss_MarcRoecker_Inkubator_IMG_3961-320x400.jpeg 640w, https:\/\/www.abk-stuttgart.de\/wp-content\/uploads\/2025\/01\/KD_PublikationUnfold2022_23_EmmaDreiucker_LinusGeiss_MarcRoecker_Inkubator_IMG_3961-320x400.jpeg 320w\"\n        data-sizes=\"100vw\"\n        data-iesrc=\"https:\/\/www.abk-stuttgart.de\/wp-content\/uploads\/2025\/01\/KD_PublikationUnfold2022_23_EmmaDreiucker_LinusGeiss_MarcRoecker_Inkubator_IMG_3961.jpeg\"\n        alt=\"\"\n        data-ratio=\"0.79992671308171\"\n        style=\"display:block;min-height:1rem;opacity:1;\"\n    \/>\n\n<\/figure>\n\n\n    \n\n<div class=\"mediainfo\" data-id=\"image-25472\">\n    <button class=\"btn btn--circle btn-mediainfoclose\" aria-label=\"Close media info\"><span>&times;<\/span><\/button>\n    <div class=\"mediainfo--innerwrapper\">\n        <div class=\"mediainfo--inner\">\n            <div class=\"mediainfo--content\">\n\n                <div class=\"preview\">No Preview<\/div>\n\n                \n                                                            \n                            <\/div>\n        <\/div>\n    <\/div>\n<\/div>\n\n    \n\n    <div class=\"media-interface\">\n\n        <button class=\"btn btn--circle btn-mediainfo\" data-id=\"image-25472\" aria-label=\"Open media info\"><span>i<\/span><\/button>\n\n        \n    <\/div>\n\n                <\/div>\n            \n        \n            \n            \n                \n                <div class=\"slider__slide width--full fit--cover type--image\"  style=\"background-color:#ffffff\" >\n                    \n\n    \n<figure class=\"ratio--landscape\" style=\"--ratio:1.4983904009365\">\n\n    <img decoding=\"async\"\n        class=\"lozad\"\n        src=\"data:image\/gif;base64,R0lGODlhAQABAIAAAAAAAP\/\/\/yH5BAEAAAAALAAAAAABAAEAAAIBRAA7\"\n        data-src=\"https:\/\/www.abk-stuttgart.de\/wp-content\/uploads\/2024\/05\/VA_Rundgang2024_KD_KlasseSchmidt_BookRoom_Martin_Lutz_R24_083-320x214.jpg\"\n        data-srcset=\"https:\/\/www.abk-stuttgart.de\/wp-content\/uploads\/2024\/05\/VA_Rundgang2024_KD_KlasseSchmidt_BookRoom_Martin_Lutz_R24_083-2048x1367.jpg 2048w, https:\/\/www.abk-stuttgart.de\/wp-content\/uploads\/2024\/05\/VA_Rundgang2024_KD_KlasseSchmidt_BookRoom_Martin_Lutz_R24_083-1600x1068.jpg 1600w, https:\/\/www.abk-stuttgart.de\/wp-content\/uploads\/2024\/05\/VA_Rundgang2024_KD_KlasseSchmidt_BookRoom_Martin_Lutz_R24_083-1440x961.jpg 1440w, https:\/\/www.abk-stuttgart.de\/wp-content\/uploads\/2024\/05\/VA_Rundgang2024_KD_KlasseSchmidt_BookRoom_Martin_Lutz_R24_083-1024x683.jpg 1024w, https:\/\/www.abk-stuttgart.de\/wp-content\/uploads\/2024\/05\/VA_Rundgang2024_KD_KlasseSchmidt_BookRoom_Martin_Lutz_R24_083.jpg 800w, https:\/\/www.abk-stuttgart.de\/wp-content\/uploads\/2024\/05\/VA_Rundgang2024_KD_KlasseSchmidt_BookRoom_Martin_Lutz_R24_083.jpg 640w, https:\/\/www.abk-stuttgart.de\/wp-content\/uploads\/2024\/05\/VA_Rundgang2024_KD_KlasseSchmidt_BookRoom_Martin_Lutz_R24_083-320x214.jpg 320w\"\n        data-sizes=\"100vw\"\n        data-iesrc=\"https:\/\/www.abk-stuttgart.de\/wp-content\/uploads\/2024\/05\/VA_Rundgang2024_KD_KlasseSchmidt_BookRoom_Martin_Lutz_R24_083.jpg\"\n        alt=\"\"\n        data-ratio=\"1.4983904009365\"\n        style=\"display:block;min-height:1rem;opacity:1;\"\n    \/>\n\n<\/figure>\n\n\n    \n\n<div class=\"mediainfo\" data-id=\"image-3682\">\n    <button class=\"btn btn--circle btn-mediainfoclose\" aria-label=\"Close media info\"><span>&times;<\/span><\/button>\n    <div class=\"mediainfo--innerwrapper\">\n        <div class=\"mediainfo--inner\">\n            <div class=\"mediainfo--content\">\n\n                <div class=\"preview\">No Preview<\/div>\n\n                \n                                                            \n                            <\/div>\n        <\/div>\n    <\/div>\n<\/div>\n\n    \n\n    <div class=\"media-interface\">\n\n        <button class=\"btn btn--circle btn-mediainfo\" data-id=\"image-3682\" aria-label=\"Open media info\"><span>i<\/span><\/button>\n\n        \n    <\/div>\n\n                <\/div>\n            \n        \n            \n            \n                \n                <div class=\"slider__slide width--full fit--cover type--image\"  style=\"background-color:#ffffff\" >\n                    \n\n    \n<figure class=\"ratio--landscape\" style=\"--ratio:1.7777777777778\">\n\n    <img decoding=\"async\"\n        class=\"lozad\"\n        src=\"data:image\/gif;base64,R0lGODlhAQABAIAAAAAAAP\/\/\/yH5BAEAAAAALAAAAAABAAEAAAIBRAA7\"\n        data-src=\"https:\/\/www.abk-stuttgart.de\/wp-content\/uploads\/2024\/05\/VA_20240719_Rundgang_KlasseRoberts_RobertsSquare_JulianeHenning_BastianSteinhauer_2024-320x180.jpg\"\n        data-srcset=\"https:\/\/www.abk-stuttgart.de\/wp-content\/uploads\/2024\/05\/VA_20240719_Rundgang_KlasseRoberts_RobertsSquare_JulianeHenning_BastianSteinhauer_2024.jpg 2048w, https:\/\/www.abk-stuttgart.de\/wp-content\/uploads\/2024\/05\/VA_20240719_Rundgang_KlasseRoberts_RobertsSquare_JulianeHenning_BastianSteinhauer_2024.jpg 1600w, https:\/\/www.abk-stuttgart.de\/wp-content\/uploads\/2024\/05\/VA_20240719_Rundgang_KlasseRoberts_RobertsSquare_JulianeHenning_BastianSteinhauer_2024.jpg 1440w, https:\/\/www.abk-stuttgart.de\/wp-content\/uploads\/2024\/05\/VA_20240719_Rundgang_KlasseRoberts_RobertsSquare_JulianeHenning_BastianSteinhauer_2024-1024x576.jpg 1024w, https:\/\/www.abk-stuttgart.de\/wp-content\/uploads\/2024\/05\/VA_20240719_Rundgang_KlasseRoberts_RobertsSquare_JulianeHenning_BastianSteinhauer_2024-800x450.jpg 800w, https:\/\/www.abk-stuttgart.de\/wp-content\/uploads\/2024\/05\/VA_20240719_Rundgang_KlasseRoberts_RobertsSquare_JulianeHenning_BastianSteinhauer_2024-320x180.jpg 640w, https:\/\/www.abk-stuttgart.de\/wp-content\/uploads\/2024\/05\/VA_20240719_Rundgang_KlasseRoberts_RobertsSquare_JulianeHenning_BastianSteinhauer_2024-320x180.jpg 320w\"\n        data-sizes=\"100vw\"\n        data-iesrc=\"https:\/\/www.abk-stuttgart.de\/wp-content\/uploads\/2024\/05\/VA_20240719_Rundgang_KlasseRoberts_RobertsSquare_JulianeHenning_BastianSteinhauer_2024.jpg\"\n        alt=\"\"\n        data-ratio=\"1.7777777777778\"\n        style=\"display:block;min-height:1rem;opacity:1;\"\n    \/>\n\n<\/figure>\n\n\n    \n\n<div class=\"mediainfo\" data-id=\"image-34428\">\n    <button class=\"btn btn--circle btn-mediainfoclose\" aria-label=\"Close media info\"><span>&times;<\/span><\/button>\n    <div class=\"mediainfo--innerwrapper\">\n        <div class=\"mediainfo--inner\">\n            <div class=\"mediainfo--content\">\n\n                <div class=\"preview\">No Preview<\/div>\n\n                \n                                                            \n                            <\/div>\n        <\/div>\n    <\/div>\n<\/div>\n\n    \n\n    <div class=\"media-interface\">\n\n        <button class=\"btn btn--circle btn-mediainfo\" data-id=\"image-34428\" aria-label=\"Open media info\"><span>i<\/span><\/button>\n\n        \n    <\/div>\n\n                <\/div>\n            \n        \n            \n            \n                \n                <div class=\"slider__slide width--full fit--cover type--image\"  style=\"background-color:#ffffff\" >\n                    \n\n    \n<figure class=\"ratio--landscape\" style=\"--ratio:1.7777777777778\">\n\n    <img decoding=\"async\"\n        class=\"lozad\"\n        src=\"data:image\/gif;base64,R0lGODlhAQABAIAAAAAAAP\/\/\/yH5BAEAAAAALAAAAAABAAEAAAIBRAA7\"\n        data-src=\"https:\/\/www.abk-stuttgart.de\/wp-content\/uploads\/2024\/05\/KD_KlasseRoberts_Lola-Dutko_Words-Clothes-Expression_2023_Alta-Nguyen_Nina-Maise_AR_IMAGINE-320x180.jpg\"\n        data-srcset=\"https:\/\/www.abk-stuttgart.de\/wp-content\/uploads\/2024\/05\/KD_KlasseRoberts_Lola-Dutko_Words-Clothes-Expression_2023_Alta-Nguyen_Nina-Maise_AR_IMAGINE-2048x1152.jpg 2048w, https:\/\/www.abk-stuttgart.de\/wp-content\/uploads\/2024\/05\/KD_KlasseRoberts_Lola-Dutko_Words-Clothes-Expression_2023_Alta-Nguyen_Nina-Maise_AR_IMAGINE-1600x900.jpg 1600w, https:\/\/www.abk-stuttgart.de\/wp-content\/uploads\/2024\/05\/KD_KlasseRoberts_Lola-Dutko_Words-Clothes-Expression_2023_Alta-Nguyen_Nina-Maise_AR_IMAGINE-1440x810.jpg 1440w, https:\/\/www.abk-stuttgart.de\/wp-content\/uploads\/2024\/05\/KD_KlasseRoberts_Lola-Dutko_Words-Clothes-Expression_2023_Alta-Nguyen_Nina-Maise_AR_IMAGINE-1024x576.jpg 1024w, https:\/\/www.abk-stuttgart.de\/wp-content\/uploads\/2024\/05\/KD_KlasseRoberts_Lola-Dutko_Words-Clothes-Expression_2023_Alta-Nguyen_Nina-Maise_AR_IMAGINE-800x450.jpg 800w, https:\/\/www.abk-stuttgart.de\/wp-content\/uploads\/2024\/05\/KD_KlasseRoberts_Lola-Dutko_Words-Clothes-Expression_2023_Alta-Nguyen_Nina-Maise_AR_IMAGINE-320x180.jpg 640w, https:\/\/www.abk-stuttgart.de\/wp-content\/uploads\/2024\/05\/KD_KlasseRoberts_Lola-Dutko_Words-Clothes-Expression_2023_Alta-Nguyen_Nina-Maise_AR_IMAGINE-320x180.jpg 320w\"\n        data-sizes=\"100vw\"\n        data-iesrc=\"https:\/\/www.abk-stuttgart.de\/wp-content\/uploads\/2024\/05\/KD_KlasseRoberts_Lola-Dutko_Words-Clothes-Expression_2023_Alta-Nguyen_Nina-Maise_AR_IMAGINE.jpg\"\n        alt=\"\"\n        data-ratio=\"1.7777777777778\"\n        style=\"display:block;min-height:1rem;opacity:1;\"\n    \/>\n\n<\/figure>\n\n\n    \n\n<div class=\"mediainfo\" data-id=\"image-35056\">\n    <button class=\"btn btn--circle btn-mediainfoclose\" aria-label=\"Close media info\"><span>&times;<\/span><\/button>\n    <div class=\"mediainfo--innerwrapper\">\n        <div class=\"mediainfo--inner\">\n            <div class=\"mediainfo--content\">\n\n                <div class=\"preview\">No Preview<\/div>\n\n                \n                                                            \n                            <\/div>\n        <\/div>\n    <\/div>\n<\/div>\n\n    \n\n    <div class=\"media-interface\">\n\n        <button class=\"btn btn--circle btn-mediainfo\" data-id=\"image-35056\" aria-label=\"Open media info\"><span>i<\/span><\/button>\n\n        \n    <\/div>\n\n                <\/div>\n            \n        \n            \n            \n                \n                <div class=\"slider__slide width--full fit--cover type--image\"  style=\"background-color:#ffffff\" >\n                    \n\n    \n<figure class=\"ratio--landscape\" style=\"--ratio:1.7777777777778\">\n\n    <img decoding=\"async\"\n        class=\"lozad\"\n        src=\"data:image\/gif;base64,R0lGODlhAQABAIAAAAAAAP\/\/\/yH5BAEAAAAALAAAAAABAAEAAAIBRAA7\"\n        data-src=\"https:\/\/www.abk-stuttgart.de\/wp-content\/uploads\/2024\/05\/KD_VA_KlasseRoberts_IMAGINE_MarynaZevako_AvaHoesl_SusanHoesl_Staatgalerie-Flyer-320x180.jpg\"\n        data-srcset=\"https:\/\/www.abk-stuttgart.de\/wp-content\/uploads\/2024\/05\/KD_VA_KlasseRoberts_IMAGINE_MarynaZevako_AvaHoesl_SusanHoesl_Staatgalerie-Flyer-2048x1152.jpg 2048w, https:\/\/www.abk-stuttgart.de\/wp-content\/uploads\/2024\/05\/KD_VA_KlasseRoberts_IMAGINE_MarynaZevako_AvaHoesl_SusanHoesl_Staatgalerie-Flyer-1600x900.jpg 1600w, https:\/\/www.abk-stuttgart.de\/wp-content\/uploads\/2024\/05\/KD_VA_KlasseRoberts_IMAGINE_MarynaZevako_AvaHoesl_SusanHoesl_Staatgalerie-Flyer-1440x810.jpg 1440w, https:\/\/www.abk-stuttgart.de\/wp-content\/uploads\/2024\/05\/KD_VA_KlasseRoberts_IMAGINE_MarynaZevako_AvaHoesl_SusanHoesl_Staatgalerie-Flyer-1024x576.jpg 1024w, https:\/\/www.abk-stuttgart.de\/wp-content\/uploads\/2024\/05\/KD_VA_KlasseRoberts_IMAGINE_MarynaZevako_AvaHoesl_SusanHoesl_Staatgalerie-Flyer-800x450.jpg 800w, https:\/\/www.abk-stuttgart.de\/wp-content\/uploads\/2024\/05\/KD_VA_KlasseRoberts_IMAGINE_MarynaZevako_AvaHoesl_SusanHoesl_Staatgalerie-Flyer-320x180.jpg 640w, https:\/\/www.abk-stuttgart.de\/wp-content\/uploads\/2024\/05\/KD_VA_KlasseRoberts_IMAGINE_MarynaZevako_AvaHoesl_SusanHoesl_Staatgalerie-Flyer-320x180.jpg 320w\"\n        data-sizes=\"100vw\"\n        data-iesrc=\"https:\/\/www.abk-stuttgart.de\/wp-content\/uploads\/2024\/05\/KD_VA_KlasseRoberts_IMAGINE_MarynaZevako_AvaHoesl_SusanHoesl_Staatgalerie-Flyer.jpg\"\n        alt=\"\"\n        data-ratio=\"1.7777777777778\"\n        style=\"display:block;min-height:1rem;opacity:1;\"\n    \/>\n\n<\/figure>\n\n\n    \n\n<div class=\"mediainfo\" data-id=\"image-35054\">\n    <button class=\"btn btn--circle btn-mediainfoclose\" aria-label=\"Close media info\"><span>&times;<\/span><\/button>\n    <div class=\"mediainfo--innerwrapper\">\n        <div class=\"mediainfo--inner\">\n            <div class=\"mediainfo--content\">\n\n                <div class=\"preview\">No Preview<\/div>\n\n                \n                                                            \n                            <\/div>\n        <\/div>\n    <\/div>\n<\/div>\n\n    \n\n    <div class=\"media-interface\">\n\n        <button class=\"btn btn--circle btn-mediainfo\" data-id=\"image-35054\" aria-label=\"Open media info\"><span>i<\/span><\/button>\n\n        \n    <\/div>\n\n                <\/div>\n            \n        \n            \n            \n                \n                <div class=\"slider__slide width--full fit--cover type--video\"  style=\"background-color:#ffffff\" >\n                    \n\n    <video\n        autoplay\n        loop\n        muted\n        playsinline\n        width=\"100%\"\n        height=\"100%\"\n        data-duration=\"3000\"\n    >\n        <source\n            src=\"https:\/\/www.abk-stuttgart.de\/wp-content\/uploads\/2024\/05\/W_KlasseRoberts_301Days_2024.mp4\"\n            type=\"video\/mp4\"\n        >\n    <\/video>\n\n\n    \n\n<div class=\"mediainfo\" data-id=\"image-35052\">\n    <button class=\"btn btn--circle btn-mediainfoclose\" aria-label=\"Close media info\"><span>&times;<\/span><\/button>\n    <div class=\"mediainfo--innerwrapper\">\n        <div class=\"mediainfo--inner\">\n            <div class=\"mediainfo--content\">\n\n                <div class=\"preview\">No Preview<\/div>\n\n                \n                                                            \n                            <\/div>\n        <\/div>\n    <\/div>\n<\/div>\n\n    \n\n    <div class=\"media-interface\">\n\n        <button class=\"btn btn--circle btn-mediainfo\" data-id=\"image-35052\" aria-label=\"Open media info\"><span>i<\/span><\/button>\n\n        \n    <\/div>\n\n                <\/div>\n            \n        \n            \n            \n                \n                <div class=\"slider__slide width--helped fit--cover type--image\"  style=\"background-color:#ffffff\" >\n                    \n\n    \n<figure class=\"ratio--portrait\" style=\"--ratio:0.75\">\n\n    <img decoding=\"async\"\n        class=\"lozad\"\n        src=\"data:image\/gif;base64,R0lGODlhAQABAIAAAAAAAP\/\/\/yH5BAEAAAAALAAAAAABAAEAAAIBRAA7\"\n        data-src=\"https:\/\/www.abk-stuttgart.de\/wp-content\/uploads\/2024\/05\/VA_20240720_Constant_Changes_KlasseMyrzik_Miriam_-Haefele-320x427.jpg\"\n        data-srcset=\"https:\/\/www.abk-stuttgart.de\/wp-content\/uploads\/2024\/05\/VA_20240720_Constant_Changes_KlasseMyrzik_Miriam_-Haefele.jpg 2048w, https:\/\/www.abk-stuttgart.de\/wp-content\/uploads\/2024\/05\/VA_20240720_Constant_Changes_KlasseMyrzik_Miriam_-Haefele.jpg 1600w, https:\/\/www.abk-stuttgart.de\/wp-content\/uploads\/2024\/05\/VA_20240720_Constant_Changes_KlasseMyrzik_Miriam_-Haefele.jpg 1440w, https:\/\/www.abk-stuttgart.de\/wp-content\/uploads\/2024\/05\/VA_20240720_Constant_Changes_KlasseMyrzik_Miriam_-Haefele-1024x1365.jpg 1024w, https:\/\/www.abk-stuttgart.de\/wp-content\/uploads\/2024\/05\/VA_20240720_Constant_Changes_KlasseMyrzik_Miriam_-Haefele.jpg 800w, https:\/\/www.abk-stuttgart.de\/wp-content\/uploads\/2024\/05\/VA_20240720_Constant_Changes_KlasseMyrzik_Miriam_-Haefele.jpg 640w, https:\/\/www.abk-stuttgart.de\/wp-content\/uploads\/2024\/05\/VA_20240720_Constant_Changes_KlasseMyrzik_Miriam_-Haefele-320x427.jpg 320w\"\n        data-sizes=\"100vw\"\n        data-iesrc=\"https:\/\/www.abk-stuttgart.de\/wp-content\/uploads\/2024\/05\/VA_20240720_Constant_Changes_KlasseMyrzik_Miriam_-Haefele.jpg\"\n        alt=\"\"\n        data-ratio=\"0.75\"\n        style=\"display:block;min-height:1rem;opacity:1;\"\n    \/>\n\n<\/figure>\n\n\n    \n\n<div class=\"mediainfo\" data-id=\"image-3653\">\n    <button class=\"btn btn--circle btn-mediainfoclose\" aria-label=\"Close media info\"><span>&times;<\/span><\/button>\n    <div class=\"mediainfo--innerwrapper\">\n        <div class=\"mediainfo--inner\">\n            <div class=\"mediainfo--content\">\n\n                <div class=\"preview\">No Preview<\/div>\n\n                \n                                                            \n                            <\/div>\n        <\/div>\n    <\/div>\n<\/div>\n\n    \n\n    <div class=\"media-interface\">\n\n        <button class=\"btn btn--circle btn-mediainfo\" data-id=\"image-3653\" aria-label=\"Open media info\"><span>i<\/span><\/button>\n\n        \n    <\/div>\n\n                <\/div>\n            \n        \n            \n            \n                \n                <div class=\"slider__slide width--full fit--cover type--image\"  style=\"background-color:#ffffff\" >\n                    \n\n    \n<figure class=\"ratio--portrait\" style=\"--ratio:0.75\">\n\n    <img decoding=\"async\"\n        class=\"lozad\"\n        src=\"data:image\/gif;base64,R0lGODlhAQABAIAAAAAAAP\/\/\/yH5BAEAAAAALAAAAAABAAEAAAIBRAA7\"\n        data-src=\"https:\/\/www.abk-stuttgart.de\/wp-content\/uploads\/2024\/05\/VA_20240720_Constant_Changes_KlasseMyrzik_FrankaStefanie_Ulrike_Myrzik_1-320x427.jpg\"\n        data-srcset=\"https:\/\/www.abk-stuttgart.de\/wp-content\/uploads\/2024\/05\/VA_20240720_Constant_Changes_KlasseMyrzik_FrankaStefanie_Ulrike_Myrzik_1-2048x2731.jpg 2048w, https:\/\/www.abk-stuttgart.de\/wp-content\/uploads\/2024\/05\/VA_20240720_Constant_Changes_KlasseMyrzik_FrankaStefanie_Ulrike_Myrzik_1-1600x2133.jpg 1600w, https:\/\/www.abk-stuttgart.de\/wp-content\/uploads\/2024\/05\/VA_20240720_Constant_Changes_KlasseMyrzik_FrankaStefanie_Ulrike_Myrzik_1-1440x1920.jpg 1440w, https:\/\/www.abk-stuttgart.de\/wp-content\/uploads\/2024\/05\/VA_20240720_Constant_Changes_KlasseMyrzik_FrankaStefanie_Ulrike_Myrzik_1-1024x1365.jpg 1024w, https:\/\/www.abk-stuttgart.de\/wp-content\/uploads\/2024\/05\/VA_20240720_Constant_Changes_KlasseMyrzik_FrankaStefanie_Ulrike_Myrzik_1.jpg 800w, https:\/\/www.abk-stuttgart.de\/wp-content\/uploads\/2024\/05\/VA_20240720_Constant_Changes_KlasseMyrzik_FrankaStefanie_Ulrike_Myrzik_1.jpg 640w, https:\/\/www.abk-stuttgart.de\/wp-content\/uploads\/2024\/05\/VA_20240720_Constant_Changes_KlasseMyrzik_FrankaStefanie_Ulrike_Myrzik_1-320x427.jpg 320w\"\n        data-sizes=\"100vw\"\n        data-iesrc=\"https:\/\/www.abk-stuttgart.de\/wp-content\/uploads\/2024\/05\/VA_20240720_Constant_Changes_KlasseMyrzik_FrankaStefanie_Ulrike_Myrzik_1.jpg\"\n        alt=\"\"\n        data-ratio=\"0.75\"\n        style=\"display:block;min-height:1rem;opacity:1;\"\n    \/>\n\n<\/figure>\n\n\n    \n\n<div class=\"mediainfo\" data-id=\"image-3674\">\n    <button class=\"btn btn--circle btn-mediainfoclose\" aria-label=\"Close media info\"><span>&times;<\/span><\/button>\n    <div class=\"mediainfo--innerwrapper\">\n        <div class=\"mediainfo--inner\">\n            <div class=\"mediainfo--content\">\n\n                <div class=\"preview\">No Preview<\/div>\n\n                \n                                                            \n                            <\/div>\n        <\/div>\n    <\/div>\n<\/div>\n\n    \n\n    <div class=\"media-interface\">\n\n        <button class=\"btn btn--circle btn-mediainfo\" data-id=\"image-3674\" aria-label=\"Open media info\"><span>i<\/span><\/button>\n\n        \n    <\/div>\n\n                <\/div>\n            \n        \n            \n            \n                \n                <div class=\"slider__slide width--helped fit--cover type--image\"  style=\"background-color:#ffffff\" >\n                    \n\n    \n<figure class=\"ratio--portrait\" style=\"--ratio:0.73890741215696\">\n\n    <img decoding=\"async\"\n        class=\"lozad\"\n        src=\"data:image\/gif;base64,R0lGODlhAQABAIAAAAAAAP\/\/\/yH5BAEAAAAALAAAAAABAAEAAAIBRAA7\"\n        data-src=\"https:\/\/www.abk-stuttgart.de\/wp-content\/uploads\/2024\/05\/VA_20240720_Constant_Changes_KlasseMyrzik_ClaraImberger_Ulrike_Myrzik_IMG_1160-320x433.jpg\"\n        data-srcset=\"https:\/\/www.abk-stuttgart.de\/wp-content\/uploads\/2024\/05\/VA_20240720_Constant_Changes_KlasseMyrzik_ClaraImberger_Ulrike_Myrzik_IMG_1160-2048x2772.jpg 2048w, https:\/\/www.abk-stuttgart.de\/wp-content\/uploads\/2024\/05\/VA_20240720_Constant_Changes_KlasseMyrzik_ClaraImberger_Ulrike_Myrzik_IMG_1160-1600x2165.jpg 1600w, https:\/\/www.abk-stuttgart.de\/wp-content\/uploads\/2024\/05\/VA_20240720_Constant_Changes_KlasseMyrzik_ClaraImberger_Ulrike_Myrzik_IMG_1160-1440x1949.jpg 1440w, https:\/\/www.abk-stuttgart.de\/wp-content\/uploads\/2024\/05\/VA_20240720_Constant_Changes_KlasseMyrzik_ClaraImberger_Ulrike_Myrzik_IMG_1160-1024x1386.jpg 1024w, https:\/\/www.abk-stuttgart.de\/wp-content\/uploads\/2024\/05\/VA_20240720_Constant_Changes_KlasseMyrzik_ClaraImberger_Ulrike_Myrzik_IMG_1160.jpg 800w, https:\/\/www.abk-stuttgart.de\/wp-content\/uploads\/2024\/05\/VA_20240720_Constant_Changes_KlasseMyrzik_ClaraImberger_Ulrike_Myrzik_IMG_1160.jpg 640w, https:\/\/www.abk-stuttgart.de\/wp-content\/uploads\/2024\/05\/VA_20240720_Constant_Changes_KlasseMyrzik_ClaraImberger_Ulrike_Myrzik_IMG_1160-320x433.jpg 320w\"\n        data-sizes=\"100vw\"\n        data-iesrc=\"https:\/\/www.abk-stuttgart.de\/wp-content\/uploads\/2024\/05\/VA_20240720_Constant_Changes_KlasseMyrzik_ClaraImberger_Ulrike_Myrzik_IMG_1160.jpg\"\n        alt=\"\"\n        data-ratio=\"0.73890741215696\"\n        style=\"display:block;min-height:1rem;opacity:1;\"\n    \/>\n\n<\/figure>\n\n\n    \n\n<div class=\"mediainfo\" data-id=\"image-3649\">\n    <button class=\"btn btn--circle btn-mediainfoclose\" aria-label=\"Close media info\"><span>&times;<\/span><\/button>\n    <div class=\"mediainfo--innerwrapper\">\n        <div class=\"mediainfo--inner\">\n            <div class=\"mediainfo--content\">\n\n                <div class=\"preview\">No Preview<\/div>\n\n                \n                                                            \n                            <\/div>\n        <\/div>\n    <\/div>\n<\/div>\n\n    \n\n    <div class=\"media-interface\">\n\n        <button class=\"btn btn--circle btn-mediainfo\" data-id=\"image-3649\" aria-label=\"Open media info\"><span>i<\/span><\/button>\n\n        \n    <\/div>\n\n                <\/div>\n            \n        \n            \n            \n                \n                <div class=\"slider__slide width--full fit--cover type--image\"  style=\"background-color:#ffffff\" >\n                    \n\n    \n<figure class=\"ratio--landscape\" style=\"--ratio:1.5\">\n\n    <img decoding=\"async\"\n        class=\"lozad\"\n        src=\"data:image\/gif;base64,R0lGODlhAQABAIAAAAAAAP\/\/\/yH5BAEAAAAALAAAAAABAAEAAAIBRAA7\"\n        data-src=\"https:\/\/www.abk-stuttgart.de\/wp-content\/uploads\/2024\/05\/KD_Workshop_Kurt-Weidemann-Preis_StellwerkWest_Jonas_Schneider__DSF1174-320x213.jpg\"\n        data-srcset=\"https:\/\/www.abk-stuttgart.de\/wp-content\/uploads\/2024\/05\/KD_Workshop_Kurt-Weidemann-Preis_StellwerkWest_Jonas_Schneider__DSF1174-2048x1365.jpg 2048w, https:\/\/www.abk-stuttgart.de\/wp-content\/uploads\/2024\/05\/KD_Workshop_Kurt-Weidemann-Preis_StellwerkWest_Jonas_Schneider__DSF1174-1600x1067.jpg 1600w, https:\/\/www.abk-stuttgart.de\/wp-content\/uploads\/2024\/05\/KD_Workshop_Kurt-Weidemann-Preis_StellwerkWest_Jonas_Schneider__DSF1174-1440x960.jpg 1440w, https:\/\/www.abk-stuttgart.de\/wp-content\/uploads\/2024\/05\/KD_Workshop_Kurt-Weidemann-Preis_StellwerkWest_Jonas_Schneider__DSF1174-1024x683.jpg 1024w, https:\/\/www.abk-stuttgart.de\/wp-content\/uploads\/2024\/05\/KD_Workshop_Kurt-Weidemann-Preis_StellwerkWest_Jonas_Schneider__DSF1174.jpg 800w, https:\/\/www.abk-stuttgart.de\/wp-content\/uploads\/2024\/05\/KD_Workshop_Kurt-Weidemann-Preis_StellwerkWest_Jonas_Schneider__DSF1174.jpg 640w, https:\/\/www.abk-stuttgart.de\/wp-content\/uploads\/2024\/05\/KD_Workshop_Kurt-Weidemann-Preis_StellwerkWest_Jonas_Schneider__DSF1174-320x213.jpg 320w\"\n        data-sizes=\"100vw\"\n        data-iesrc=\"https:\/\/www.abk-stuttgart.de\/wp-content\/uploads\/2024\/05\/KD_Workshop_Kurt-Weidemann-Preis_StellwerkWest_Jonas_Schneider__DSF1174.jpg\"\n        alt=\"\"\n        data-ratio=\"1.5\"\n        style=\"display:block;min-height:1rem;opacity:1;\"\n    \/>\n\n<\/figure>\n\n\n    \n\n<div class=\"mediainfo\" data-id=\"image-3639\">\n    <button class=\"btn btn--circle btn-mediainfoclose\" aria-label=\"Close media info\"><span>&times;<\/span><\/button>\n    <div class=\"mediainfo--innerwrapper\">\n        <div class=\"mediainfo--inner\">\n            <div class=\"mediainfo--content\">\n\n                <div class=\"preview\">No Preview<\/div>\n\n                \n                                                            \n                            <\/div>\n        <\/div>\n    <\/div>\n<\/div>\n\n    \n\n    <div class=\"media-interface\">\n\n        <button class=\"btn btn--circle btn-mediainfo\" data-id=\"image-3639\" aria-label=\"Open media info\"><span>i<\/span><\/button>\n\n        \n    <\/div>\n\n                <\/div>\n            \n        \n            \n            \n                \n                <div class=\"slider__slide width--full fit--cover type--image\"  style=\"background-color:#ffffff\" >\n                    \n\n    \n<figure class=\"ratio--portrait\" style=\"--ratio:0.66678224687933\">\n\n    <img decoding=\"async\"\n        class=\"lozad\"\n        src=\"data:image\/gif;base64,R0lGODlhAQABAIAAAAAAAP\/\/\/yH5BAEAAAAALAAAAAABAAEAAAIBRAA7\"\n        data-src=\"https:\/\/www.abk-stuttgart.de\/wp-content\/uploads\/2024\/05\/KD_Workshop_Kurt-Weidemann-Preis_StellwerkWest_Jonas_Schneider_DSF1037_1-320x480.jpg\"\n        data-srcset=\"https:\/\/www.abk-stuttgart.de\/wp-content\/uploads\/2024\/05\/KD_Workshop_Kurt-Weidemann-Preis_StellwerkWest_Jonas_Schneider_DSF1037_1.jpg 2048w, https:\/\/www.abk-stuttgart.de\/wp-content\/uploads\/2024\/05\/KD_Workshop_Kurt-Weidemann-Preis_StellwerkWest_Jonas_Schneider_DSF1037_1-1600x2400.jpg 1600w, https:\/\/www.abk-stuttgart.de\/wp-content\/uploads\/2024\/05\/KD_Workshop_Kurt-Weidemann-Preis_StellwerkWest_Jonas_Schneider_DSF1037_1-1440x2160.jpg 1440w, https:\/\/www.abk-stuttgart.de\/wp-content\/uploads\/2024\/05\/KD_Workshop_Kurt-Weidemann-Preis_StellwerkWest_Jonas_Schneider_DSF1037_1-1024x1536.jpg 1024w, https:\/\/www.abk-stuttgart.de\/wp-content\/uploads\/2024\/05\/KD_Workshop_Kurt-Weidemann-Preis_StellwerkWest_Jonas_Schneider_DSF1037_1.jpg 800w, https:\/\/www.abk-stuttgart.de\/wp-content\/uploads\/2024\/05\/KD_Workshop_Kurt-Weidemann-Preis_StellwerkWest_Jonas_Schneider_DSF1037_1.jpg 640w, https:\/\/www.abk-stuttgart.de\/wp-content\/uploads\/2024\/05\/KD_Workshop_Kurt-Weidemann-Preis_StellwerkWest_Jonas_Schneider_DSF1037_1-320x480.jpg 320w\"\n        data-sizes=\"100vw\"\n        data-iesrc=\"https:\/\/www.abk-stuttgart.de\/wp-content\/uploads\/2024\/05\/KD_Workshop_Kurt-Weidemann-Preis_StellwerkWest_Jonas_Schneider_DSF1037_1.jpg\"\n        alt=\"\"\n        data-ratio=\"0.66678224687933\"\n        style=\"display:block;min-height:1rem;opacity:1;\"\n    \/>\n\n<\/figure>\n\n\n    \n\n<div class=\"mediainfo\" data-id=\"image-3641\">\n    <button class=\"btn btn--circle btn-mediainfoclose\" aria-label=\"Close media info\"><span>&times;<\/span><\/button>\n    <div class=\"mediainfo--innerwrapper\">\n        <div class=\"mediainfo--inner\">\n            <div class=\"mediainfo--content\">\n\n                <div class=\"preview\">No Preview<\/div>\n\n                \n                                                            \n                            <\/div>\n        <\/div>\n    <\/div>\n<\/div>\n\n    \n\n    <div class=\"media-interface\">\n\n        <button class=\"btn btn--circle btn-mediainfo\" data-id=\"image-3641\" aria-label=\"Open media info\"><span>i<\/span><\/button>\n\n        \n    <\/div>\n\n                <\/div>\n            \n        \n            \n            \n                \n                <div class=\"slider__slide width--full fit--cover type--image\"  style=\"background-color:#ffffff\" >\n                    \n\n    \n<figure class=\"ratio--landscape\" style=\"--ratio:1.5\">\n\n    <img decoding=\"async\"\n        class=\"lozad\"\n        src=\"data:image\/gif;base64,R0lGODlhAQABAIAAAAAAAP\/\/\/yH5BAEAAAAALAAAAAABAAEAAAIBRAA7\"\n        data-src=\"https:\/\/www.abk-stuttgart.de\/wp-content\/uploads\/2024\/05\/KD_Workshop_Kurt-Weidemann-Preis_StellwerkWest_Jonas_Schneider__DSF1119-1-320x213.jpg\"\n        data-srcset=\"https:\/\/www.abk-stuttgart.de\/wp-content\/uploads\/2024\/05\/KD_Workshop_Kurt-Weidemann-Preis_StellwerkWest_Jonas_Schneider__DSF1119-1-2048x1365.jpg 2048w, https:\/\/www.abk-stuttgart.de\/wp-content\/uploads\/2024\/05\/KD_Workshop_Kurt-Weidemann-Preis_StellwerkWest_Jonas_Schneider__DSF1119-1-1600x1067.jpg 1600w, https:\/\/www.abk-stuttgart.de\/wp-content\/uploads\/2024\/05\/KD_Workshop_Kurt-Weidemann-Preis_StellwerkWest_Jonas_Schneider__DSF1119-1-1440x960.jpg 1440w, https:\/\/www.abk-stuttgart.de\/wp-content\/uploads\/2024\/05\/KD_Workshop_Kurt-Weidemann-Preis_StellwerkWest_Jonas_Schneider__DSF1119-1-1024x683.jpg 1024w, https:\/\/www.abk-stuttgart.de\/wp-content\/uploads\/2024\/05\/KD_Workshop_Kurt-Weidemann-Preis_StellwerkWest_Jonas_Schneider__DSF1119-1.jpg 800w, https:\/\/www.abk-stuttgart.de\/wp-content\/uploads\/2024\/05\/KD_Workshop_Kurt-Weidemann-Preis_StellwerkWest_Jonas_Schneider__DSF1119-1.jpg 640w, https:\/\/www.abk-stuttgart.de\/wp-content\/uploads\/2024\/05\/KD_Workshop_Kurt-Weidemann-Preis_StellwerkWest_Jonas_Schneider__DSF1119-1-320x213.jpg 320w\"\n        data-sizes=\"100vw\"\n        data-iesrc=\"https:\/\/www.abk-stuttgart.de\/wp-content\/uploads\/2024\/05\/KD_Workshop_Kurt-Weidemann-Preis_StellwerkWest_Jonas_Schneider__DSF1119-1.jpg\"\n        alt=\"\"\n        data-ratio=\"1.5\"\n        style=\"display:block;min-height:1rem;opacity:1;\"\n    \/>\n\n<\/figure>\n\n\n    \n\n<div class=\"mediainfo\" data-id=\"image-3635\">\n    <button class=\"btn btn--circle btn-mediainfoclose\" aria-label=\"Close media info\"><span>&times;<\/span><\/button>\n    <div class=\"mediainfo--innerwrapper\">\n        <div class=\"mediainfo--inner\">\n            <div class=\"mediainfo--content\">\n\n                <div class=\"preview\">No Preview<\/div>\n\n                \n                                                            \n                            <\/div>\n        <\/div>\n    <\/div>\n<\/div>\n\n    \n\n    <div class=\"media-interface\">\n\n        <button class=\"btn btn--circle btn-mediainfo\" data-id=\"image-3635\" aria-label=\"Open media info\"><span>i<\/span><\/button>\n\n        \n    <\/div>\n\n                <\/div>\n            \n        \n            \n            \n                \n                <div class=\"slider__slide width--full fit--cover type--image\"  style=\"background-color:#ffffff\" >\n                    \n\n    \n<figure class=\"ratio--landscape\" style=\"--ratio:1.4983904009365\">\n\n    <img decoding=\"async\"\n        class=\"lozad\"\n        src=\"data:image\/gif;base64,R0lGODlhAQABAIAAAAAAAP\/\/\/yH5BAEAAAAALAAAAAABAAEAAAIBRAA7\"\n        data-src=\"https:\/\/www.abk-stuttgart.de\/wp-content\/uploads\/2024\/05\/VA_Rundgang2024_KD_KlasseRoberts_Page1_Martin-Lutz_R24_063-320x214.jpg\"\n        data-srcset=\"https:\/\/www.abk-stuttgart.de\/wp-content\/uploads\/2024\/05\/VA_Rundgang2024_KD_KlasseRoberts_Page1_Martin-Lutz_R24_063-2048x1367.jpg 2048w, https:\/\/www.abk-stuttgart.de\/wp-content\/uploads\/2024\/05\/VA_Rundgang2024_KD_KlasseRoberts_Page1_Martin-Lutz_R24_063-1600x1068.jpg 1600w, https:\/\/www.abk-stuttgart.de\/wp-content\/uploads\/2024\/05\/VA_Rundgang2024_KD_KlasseRoberts_Page1_Martin-Lutz_R24_063-1440x961.jpg 1440w, https:\/\/www.abk-stuttgart.de\/wp-content\/uploads\/2024\/05\/VA_Rundgang2024_KD_KlasseRoberts_Page1_Martin-Lutz_R24_063-1024x683.jpg 1024w, https:\/\/www.abk-stuttgart.de\/wp-content\/uploads\/2024\/05\/VA_Rundgang2024_KD_KlasseRoberts_Page1_Martin-Lutz_R24_063.jpg 800w, https:\/\/www.abk-stuttgart.de\/wp-content\/uploads\/2024\/05\/VA_Rundgang2024_KD_KlasseRoberts_Page1_Martin-Lutz_R24_063.jpg 640w, https:\/\/www.abk-stuttgart.de\/wp-content\/uploads\/2024\/05\/VA_Rundgang2024_KD_KlasseRoberts_Page1_Martin-Lutz_R24_063-320x214.jpg 320w\"\n        data-sizes=\"100vw\"\n        data-iesrc=\"https:\/\/www.abk-stuttgart.de\/wp-content\/uploads\/2024\/05\/VA_Rundgang2024_KD_KlasseRoberts_Page1_Martin-Lutz_R24_063.jpg\"\n        alt=\"\"\n        data-ratio=\"1.4983904009365\"\n        style=\"display:block;min-height:1rem;opacity:1;\"\n    \/>\n\n<\/figure>\n\n\n    \n\n<div class=\"mediainfo\" data-id=\"image-3680\">\n    <button class=\"btn btn--circle btn-mediainfoclose\" aria-label=\"Close media info\"><span>&times;<\/span><\/button>\n    <div class=\"mediainfo--innerwrapper\">\n        <div class=\"mediainfo--inner\">\n            <div class=\"mediainfo--content\">\n\n                <div class=\"preview\">No Preview<\/div>\n\n                \n                                                            \n                            <\/div>\n        <\/div>\n    <\/div>\n<\/div>\n\n    \n\n    <div class=\"media-interface\">\n\n        <button class=\"btn btn--circle btn-mediainfo\" data-id=\"image-3680\" aria-label=\"Open media info\"><span>i<\/span><\/button>\n\n        \n    <\/div>\n\n                <\/div>\n            \n            <\/div>\n    <button class=\"slider__button slider__button--prev keyboard-navigation-only\" aria-label=\"Previous slide\"><\/button>\n    <button class=\"slider__button slider__button--next keyboard-navigation-only\" aria-label=\"Next slide\"><\/button>\n<\/div>\n\n\n\n    <div class=\"block block-text\">\n        <div class=\"fs-text\">\n            \n<p>Communication design involves developing targeted strategies and implementing them creatively. Complex issues are translated into a visual language that can be understood immediately &ndash; from traditional print media to spatial design and digital applications. Communication designers create posters, flyers, books and magazines, develop corporate identities and design websites and apps. During their communication design studies, students develop their own creative personality. They acquire technical skills, theoretical knowledge and conceptual and artistic competencies in all relevant media. The programme focuses on book design, typography, corporate design, film and animation, photography, aesthetics, philosophy of design, illustration and screen-oriented design.<\/p>\n\n        <\/div>\n    <\/div>\n\n\n\n<details class=\"block-bundle collapse-section\">\n    <summary class=\"block block-subsection-title\">\n        <h3>Student research projects<\/h3>    <\/summary>\n    \n<div class=\"btn-group\">\n    <a href=\"https:\/\/www.abk-stuttgart.de\/en\/studienarbeiten\/?studyprogramme=kommunikationsdesign\" target=\"_self\" class=\"link btn btn--default has-icon icon-right type-arrow\">\n        <span class=\"shrink-to-fit\">Alle Studienarbeiten dieses Studiengangs<\/span>\n        <svg width=\"25\" height=\"25\" viewBox=\"0 0 25 25\" fill=\"none\" xmlns=\"http:\/\/www.w3.org\/2000\/svg\">\n    <path d=\"M10.5 8L15.5 12.5L10.5 17\" stroke=\"black\" \/>\n<\/svg>\n    <\/a>\n<\/div>\n\n\n<\/details>\n\n\n\n<details class=\"block-bundle collapse-section\">\n    <summary class=\"block block-subsection-title\">\n        <h3>Duration and completion<\/h3>    <\/summary>\n    \n\n\n    \n    <div class=\"block block-text\">\n        <table class=\"table--simple\">\n\n            \n            <tbody>\n                                    <tr>\n                        <th>Duration of study<\/th>                        <td><p>Standard period of study 9 semesters<\/p>\n<\/td>\n                                            <\/tr>\n                                    <tr>\n                        <th>Degree<\/th>                        <td><p>Diploma<\/p>\n<\/td>\n                                            <\/tr>\n                            <\/tbody>\n\n        <\/table>\n    <\/div>\n\n\n\n<\/details>\n\n\n\n<details class=\"block-bundle collapse-section collapsed\">\n    <summary class=\"block block-subsection-title\">\n        <h3>Course content<\/h3>    <\/summary>\n    \n\n    <div class=\"block block-text\">\n        <div class=\"fs-text\">\n            \n<p>Das Studium des Kommunikationsdesigns findet an der ABK Stuttgart eingebunden ins Umfeld einer Vielzahl weiterer k&uuml;nstlerisch-gestalterischer Studieng&auml;nge statt. Diese Besonderheit macht das Studium an der ABK einzigartig und unterscheidet es damit stark von einem Designstudium an anderen Hochschulen. Gelehrt wird in kleinen, exzellent betreuten Gruppen, die Werkst&auml;tten und Labore sind dabei von zentraler Bedeutung f&uuml;r die k&uuml;nstlerische Ausbildung.<\/p>\n<p><strong>Grundstudium<\/strong><br>\nIm Grundstudium werden in den ersten zwei Semestern die Grundlagen des Kommunikationsdesigns und eine fachspezifische Grundbildung vermittelt. Kleine Klassen mit maximal 25 Studienanf&auml;nger*innen und studentische Ateliers garantieren ein intensives Arbeiten und ein interdisziplin&auml;res Studium voller Austausch und N&auml;he. Zwei umfangreiche Semesterprojekte werden begleitet von Gestaltungsaufgaben in den Bereichen Typografie, Illustration und Fotografie.<\/p>\n<p>Begleitende Lehrinhalte sind wissenschaftliche F&auml;cher und technische Kurse in Satz, Druck, Buchbinden, Foto- und Filmtechnik oder Computeranwendung. Diese werden in den Werkst&auml;tten f&uuml;r Typografie und Schriftgestaltung, Reproduktion und Offsetdruck, Fotografie, Buchdruck, Buchbinde- und Verpackungstechniken, Film und Animation sowie Computer-Anwendungen angeboten.<\/p>\n<p>Im dritten und vierten Semester mit den Schwerpunkten Typografie und Film\/Animation erweitern die Studierenden ihre Erfahrungen in der Erstellung von typografischen Layouts und der Rastersystematik. Konzept, Recherche, Bilderzeugung und Satzgestaltung sind grundlegende Lerninhalte. Anhand zweier langfristiger Projekte (Buch und Film) wird das Ausformulieren eigenst&auml;ndiger gestalterischer L&ouml;sungen in Inhalt und Form erarbeitet.<\/p>\n\n        <\/div>\n    <\/div>\n\n\n\n    <div class=\"block block-text\">\n        <div class=\"fs-text\">\n            \n<p><strong>Hauptstudium<\/strong><br>\nIm Hauptstudium bewerben sich die Studierenden f&uuml;r eine der vier Fachklassen mit den Schwerpunkten Illustration und Plakat, Buchgestaltung und Corporate Design, Ausstellungsgestaltung oder Fotografie. In allen vier Klassen steht das Experimentieren und Entwickeln einer eigenst&auml;ndigen gestalterischen Autorenschaft im Vordergrund. Fiktive Unterrichtsprojekte mit einem H&ouml;chstma&szlig; an Freiheit und Phantasie sind dabei ebenso unverzichtbar wie praxisbezogene, realistische Aufgabenstellungen. Theoretische F&auml;cher wie &Auml;sthetik und Kulturphilosophie erg&auml;nzen den Unterricht.<\/p>\n<p><strong>Diplom<br>\n<\/strong>Den Abschluss des Studiums bildet die Diplomarbeit, eine umfassend angelegte, selbst&auml;ndige Entwurfsarbeit.<\/p>\n\n        <\/div>\n    <\/div>\n\n\n<\/details>\n\n\n\n<details class=\"block-bundle collapse-section collapsed\">\n    <summary class=\"block block-subsection-title\">\n        <h3>Procedure<\/h3>    <\/summary>\n    \n\n\n    \n    <div class=\"block block-text\">\n        <table class=\"table--simple\" data-widths=\"[30,70]\">\n\n                            <thead>\n                    <tr>\n                        <th>basic studies<\/th>\n                        <th><\/th>\n                                            <\/tr>\n                <\/thead>\n            \n            <tbody>\n                                    <tr>\n                        <td>1st\u20132nd semester <\/td>                        <td><ul>\n<li>Fundamentals of Communication Design 01+02<\/li>\n<li>Typography 01+02<\/li>\n<li>Printing Technique 01+02<\/li>\n<li>Print template creation and colour management<\/li>\n<li>Photographic Technology<\/li>\n<li>Bookbinding Technique<\/li>\n<li>Introduction to academic work \/ Philosophy of design<\/li>\n<li>Design History 01<\/li>\n<li>Advanced Photography 01, Illustration 01 or Screen-Oriented Design 01<\/li>\n<\/ul>\n<\/td>\n                                            <\/tr>\n                                    <tr>\n                        <td>3rd\u20134th semester <\/td>                        <td><p>Fundamentals of Communication Design 03+04<br \/>\nAudiovisual Techniques 01+02<br \/>\nAesthetics<br \/>\nDesign History 02<br \/>\nAdvertising 01+02<br \/>\nIndustrial Book Production<br \/>\nIntroduction to Scientific Work \/ Philosophy of Design<br \/>\nDesign History<br \/>\nAdvanced Photography 02, Illustration 02 or Screen-Oriented Design 02<\/p>\n<\/td>\n                                            <\/tr>\n                            <\/tbody>\n\n        <\/table>\n    <\/div>\n\n\n\n\n\n    \n    <div class=\"block block-text\">\n        <table class=\"table--simple\" data-widths=\"[30,70]\">\n\n                            <thead>\n                    <tr>\n                        <th>advanced studies<\/th>\n                        <th><\/th>\n                                            <\/tr>\n                <\/thead>\n            \n            <tbody>\n                                    <tr>\n                        <td>5th\u20138th semester <\/td>                        <td><p>Communication Design 01\u201304 or Photography 01\u201304<br \/>\nCultural Philosophy<br \/>\nPhotography Certificate<br \/>\nIllustration Certificate<br \/>\nScreen-Oriented Design Certificate<br \/>\nMarketing<\/p>\n<\/td>\n                                            <\/tr>\n                                    <tr>\n                        <td>9th semester<\/td>                        <td><p>Diploma<\/p>\n<\/td>\n                                            <\/tr>\n                            <\/tbody>\n\n        <\/table>\n    <\/div>\n\n\n\n<\/details>\n\n\n\n<details class=\"block-bundle collapse-section\">\n    <summary class=\"block block-subsection-title\">\n        <h3>Regulations<\/h3>    <\/summary>\n    \n\n\n    <div class=\"block btn-column\">\n        \n<a\n    href=\"https:\/\/www.abk-stuttgart.de\/wp-content\/uploads\/2024\/11\/abk_KD_Modulhandbuch_20241021.pdf\"\n   class=\"link btn btn--default type-download has-icon icon-left\"\n    target=\"_blank\" rel=\"noopener noreferrer\"   data-type=\"download\"\n      >\n\n            <span class=\"shrink-to-fit\">abk_Design_KD_Modulhandbuch_2023<\/span>\n    \n            <span class=\"filetype\">PDF<\/span>\n    \n    \n            <svg width=\"25\" height=\"25\" viewBox=\"0 0 25 25\" fill=\"none\" xmlns=\"http:\/\/www.w3.org\/2000\/svg\">\n    <path d=\"M18 10.5L12.5 15L7 10.5\" stroke=\"black\" \/>\n    <path d=\"M12.5 6V15\" stroke=\"black\" \/>\n    <path d=\"M18 19H7\" stroke=\"black\" \/>\n<\/svg>\n    <\/a>\n\n<a\n    href=\"https:\/\/www.abk-stuttgart.de\/wp-content\/uploads\/2024\/09\/abk_Design_Studien-Pruefungsordnung_2021.pdf\"\n   class=\"link btn btn--default type-download has-icon icon-left\"\n    target=\"_blank\" rel=\"noopener noreferrer\"   data-type=\"download\"\n      >\n\n            <span class=\"shrink-to-fit\">abk_Design_Studien-Pruefungsordnung_2021<\/span>\n    \n            <span class=\"filetype\">PDF<\/span>\n    \n    \n            <svg width=\"25\" height=\"25\" viewBox=\"0 0 25 25\" fill=\"none\" xmlns=\"http:\/\/www.w3.org\/2000\/svg\">\n    <path d=\"M18 10.5L12.5 15L7 10.5\" stroke=\"black\" \/>\n    <path d=\"M12.5 6V15\" stroke=\"black\" \/>\n    <path d=\"M18 19H7\" stroke=\"black\" \/>\n<\/svg>\n    <\/a>\n\n\n    <\/div>\n\n\n\n<\/details>\n\n\n\n<details class=\"block-bundle collapse-section\">\n    <summary class=\"block block-subsection-title\">\n        <h3>Apply<\/h3>    <\/summary>\n    \n\n    <div class=\"block block-text\">\n        <div class=\"fs-text\">\n            \n<p><a href=\"https:\/\/www.abk-stuttgart.de\/application\/bewerbung\/kommunikationsdesign-diplom\/\" class=\"link btn btn--default has-icon icon-right type-arrow\" target=\"self\">\n            <span class=\"shrink-to-fit\">Application<\/span>\n            <svg width=\"25\" height=\"25\" viewBox=\"0 0 25 25\" fill=\"none\">\n                <path d=\"M10.5 8L15.5 12.5L10.5 17\" stroke=\"black\"><\/path>\n            <\/svg>\n        <\/a><\/p>\n<p><a href=\"https:\/\/www.abk-stuttgart.de\/bewerbung\/studien-und-mappenberatung\/\" class=\"link btn btn--default has-icon icon-right type-arrow\" target=\"self\">\n            <span class=\"shrink-to-fit\">Student counselling and portfolio services<\/span>\n            <svg width=\"25\" height=\"25\" viewBox=\"0 0 25 25\" fill=\"none\">\n                <path d=\"M10.5 8L15.5 12.5L10.5 17\" stroke=\"black\"><\/path>\n            <\/svg>\n        <\/a><\/p>\n\n        <\/div>\n    <\/div>\n\n\n<\/details>\n\n\n\n<details class=\"block-bundle collapse-section\">\n    <summary class=\"block block-subsection-title\">\n        <h3>Workshops<\/h3>    <\/summary>\n    \n\n<div class=\"teaser-list fac-list columns-2\">\n\n    \n        \n        <div class=\"block block-teaser block-card fac has-image block-link\">\n\n                            <a href=\"https:\/\/www.abk-stuttgart.de\/workshops\/audiovision-und-video\/\" title=\"Werkstatt f\u00fcr Audiovision und Video\" target=\"_self\" class=\"block-link__link\" aria-label=\"Audio vision and video workshop\"><\/a>\n            \n            <div class=\"area image\">\n                \n\n    \n<figure class=\"ratio--landscape\" style=\"--ratio:1\">\n\n    <img decoding=\"async\"\n        class=\"lozad\"\n        src=\"data:image\/gif;base64,R0lGODlhAQABAIAAAAAAAP\/\/\/yH5BAEAAAAALAAAAAABAAEAAAIBRAA7\"\n        data-src=\"https:\/\/www.abk-stuttgart.de\/wp-content\/uploads\/2024\/10\/Kachel_Werkstatt_Audiovision_und_Video-320x320.jpg\"\n        data-srcset=\"https:\/\/www.abk-stuttgart.de\/wp-content\/uploads\/2024\/10\/Kachel_Werkstatt_Audiovision_und_Video.jpg 2048w, https:\/\/www.abk-stuttgart.de\/wp-content\/uploads\/2024\/10\/Kachel_Werkstatt_Audiovision_und_Video.jpg 1600w, https:\/\/www.abk-stuttgart.de\/wp-content\/uploads\/2024\/10\/Kachel_Werkstatt_Audiovision_und_Video.jpg 1440w, https:\/\/www.abk-stuttgart.de\/wp-content\/uploads\/2024\/10\/Kachel_Werkstatt_Audiovision_und_Video.jpg 1024w, https:\/\/www.abk-stuttgart.de\/wp-content\/uploads\/2024\/10\/Kachel_Werkstatt_Audiovision_und_Video.jpg 800w, https:\/\/www.abk-stuttgart.de\/wp-content\/uploads\/2024\/10\/Kachel_Werkstatt_Audiovision_und_Video.jpg 640w, https:\/\/www.abk-stuttgart.de\/wp-content\/uploads\/2024\/10\/Kachel_Werkstatt_Audiovision_und_Video-320x320.jpg 320w\"\n        data-sizes=\"100vw\"\n        data-iesrc=\"https:\/\/www.abk-stuttgart.de\/wp-content\/uploads\/2024\/10\/Kachel_Werkstatt_Audiovision_und_Video.jpg\"\n        alt=\"\"\n        data-ratio=\"1\"\n        style=\"display:block;min-height:1rem;opacity:1;\"\n    \/>\n\n<\/figure>\n\n\n            <\/div>\n\n            <div class=\"area text\">\n                                    <div class=\"title\">\n                        <span>Audio vision and video workshop<\/span>\n                    <\/div>\n                                                                    <div class=\"description\">\n                        Carsten Fuhrmann\n                    <\/div>\n                \n            <\/div>\n\n            \n        <\/div>\n\n    \n        \n        <div class=\"block block-teaser block-card fac has-image block-link\">\n\n                            <a href=\"https:\/\/www.abk-stuttgart.de\/workshops\/buchbinde-und-verpackungstechniken\/\" title=\"Bookbinding and packaging techniques workshop\" target=\"_self\" class=\"block-link__link\" aria-label=\"Bookbinding and packaging techniques workshop\"><\/a>\n            \n            <div class=\"area image\">\n                \n\n    \n<figure class=\"ratio--landscape\" style=\"--ratio:1\">\n\n    <img decoding=\"async\"\n        class=\"lozad\"\n        src=\"data:image\/gif;base64,R0lGODlhAQABAIAAAAAAAP\/\/\/yH5BAEAAAAALAAAAAABAAEAAAIBRAA7\"\n        data-src=\"https:\/\/www.abk-stuttgart.de\/wp-content\/uploads\/2024\/10\/Kachel_Werkstatt_Buchbinde_u_Verpackungstechniken-320x320.jpg\"\n        data-srcset=\"https:\/\/www.abk-stuttgart.de\/wp-content\/uploads\/2024\/10\/Kachel_Werkstatt_Buchbinde_u_Verpackungstechniken.jpg 2048w, https:\/\/www.abk-stuttgart.de\/wp-content\/uploads\/2024\/10\/Kachel_Werkstatt_Buchbinde_u_Verpackungstechniken.jpg 1600w, https:\/\/www.abk-stuttgart.de\/wp-content\/uploads\/2024\/10\/Kachel_Werkstatt_Buchbinde_u_Verpackungstechniken.jpg 1440w, https:\/\/www.abk-stuttgart.de\/wp-content\/uploads\/2024\/10\/Kachel_Werkstatt_Buchbinde_u_Verpackungstechniken.jpg 1024w, https:\/\/www.abk-stuttgart.de\/wp-content\/uploads\/2024\/10\/Kachel_Werkstatt_Buchbinde_u_Verpackungstechniken.jpg 800w, https:\/\/www.abk-stuttgart.de\/wp-content\/uploads\/2024\/10\/Kachel_Werkstatt_Buchbinde_u_Verpackungstechniken.jpg 640w, https:\/\/www.abk-stuttgart.de\/wp-content\/uploads\/2024\/10\/Kachel_Werkstatt_Buchbinde_u_Verpackungstechniken-320x320.jpg 320w\"\n        data-sizes=\"100vw\"\n        data-iesrc=\"https:\/\/www.abk-stuttgart.de\/wp-content\/uploads\/2024\/10\/Kachel_Werkstatt_Buchbinde_u_Verpackungstechniken.jpg\"\n        alt=\"\"\n        data-ratio=\"1\"\n        style=\"display:block;min-height:1rem;opacity:1;\"\n    \/>\n\n<\/figure>\n\n\n            <\/div>\n\n            <div class=\"area text\">\n                                    <div class=\"title\">\n                        <span>Bookbinding and packaging techniques workshop<\/span>\n                    <\/div>\n                                                                    <div class=\"description\">\n                        Katja Liebig\n                    <\/div>\n                \n            <\/div>\n\n            \n        <\/div>\n\n    \n        \n        <div class=\"block block-teaser block-card fac has-image block-link\">\n\n                            <a href=\"https:\/\/www.abk-stuttgart.de\/workshops\/buchdruck\/\" title=\"Book printing workshop\" target=\"_self\" class=\"block-link__link\" aria-label=\"Book printing workshop\"><\/a>\n            \n            <div class=\"area image\">\n                \n\n    \n<figure class=\"ratio--landscape\" style=\"--ratio:1\">\n\n    <img decoding=\"async\"\n        class=\"lozad\"\n        src=\"data:image\/gif;base64,R0lGODlhAQABAIAAAAAAAP\/\/\/yH5BAEAAAAALAAAAAABAAEAAAIBRAA7\"\n        data-src=\"https:\/\/www.abk-stuttgart.de\/wp-content\/uploads\/2024\/10\/Kachel_Werkstatt_Buchdruck-320x320.jpg\"\n        data-srcset=\"https:\/\/www.abk-stuttgart.de\/wp-content\/uploads\/2024\/10\/Kachel_Werkstatt_Buchdruck.jpg 2048w, https:\/\/www.abk-stuttgart.de\/wp-content\/uploads\/2024\/10\/Kachel_Werkstatt_Buchdruck.jpg 1600w, https:\/\/www.abk-stuttgart.de\/wp-content\/uploads\/2024\/10\/Kachel_Werkstatt_Buchdruck.jpg 1440w, https:\/\/www.abk-stuttgart.de\/wp-content\/uploads\/2024\/10\/Kachel_Werkstatt_Buchdruck.jpg 1024w, https:\/\/www.abk-stuttgart.de\/wp-content\/uploads\/2024\/10\/Kachel_Werkstatt_Buchdruck.jpg 800w, https:\/\/www.abk-stuttgart.de\/wp-content\/uploads\/2024\/10\/Kachel_Werkstatt_Buchdruck.jpg 640w, https:\/\/www.abk-stuttgart.de\/wp-content\/uploads\/2024\/10\/Kachel_Werkstatt_Buchdruck-320x320.jpg 320w\"\n        data-sizes=\"100vw\"\n        data-iesrc=\"https:\/\/www.abk-stuttgart.de\/wp-content\/uploads\/2024\/10\/Kachel_Werkstatt_Buchdruck.jpg\"\n        alt=\"\"\n        data-ratio=\"1\"\n        style=\"display:block;min-height:1rem;opacity:1;\"\n    \/>\n\n<\/figure>\n\n\n            <\/div>\n\n            <div class=\"area text\">\n                                    <div class=\"title\">\n                        <span>Book printing workshop<\/span>\n                    <\/div>\n                                                                    <div class=\"description\">\n                        Johannes Oestringer B.Eng.\n                    <\/div>\n                \n            <\/div>\n\n            \n        <\/div>\n\n    \n        \n        <div class=\"block block-teaser block-card fac has-image block-link\">\n\n                            <a href=\"https:\/\/www.abk-stuttgart.de\/workshops\/computeranwendungen\/\" title=\"Computer applications workshop\" target=\"_self\" class=\"block-link__link\" aria-label=\"Computer applications workshop\"><\/a>\n            \n            <div class=\"area image\">\n                \n\n    \n<figure class=\"ratio--landscape\" style=\"--ratio:1\">\n\n    <img decoding=\"async\"\n        class=\"lozad\"\n        src=\"data:image\/gif;base64,R0lGODlhAQABAIAAAAAAAP\/\/\/yH5BAEAAAAALAAAAAABAAEAAAIBRAA7\"\n        data-src=\"https:\/\/www.abk-stuttgart.de\/wp-content\/uploads\/2024\/12\/Kachel_Werkstatt_Computeranwendungen-320x320.jpg\"\n        data-srcset=\"https:\/\/www.abk-stuttgart.de\/wp-content\/uploads\/2024\/12\/Kachel_Werkstatt_Computeranwendungen.jpg 2048w, https:\/\/www.abk-stuttgart.de\/wp-content\/uploads\/2024\/12\/Kachel_Werkstatt_Computeranwendungen.jpg 1600w, https:\/\/www.abk-stuttgart.de\/wp-content\/uploads\/2024\/12\/Kachel_Werkstatt_Computeranwendungen.jpg 1440w, https:\/\/www.abk-stuttgart.de\/wp-content\/uploads\/2024\/12\/Kachel_Werkstatt_Computeranwendungen.jpg 1024w, https:\/\/www.abk-stuttgart.de\/wp-content\/uploads\/2024\/12\/Kachel_Werkstatt_Computeranwendungen.jpg 800w, https:\/\/www.abk-stuttgart.de\/wp-content\/uploads\/2024\/12\/Kachel_Werkstatt_Computeranwendungen-320x320.jpg 640w, https:\/\/www.abk-stuttgart.de\/wp-content\/uploads\/2024\/12\/Kachel_Werkstatt_Computeranwendungen-320x320.jpg 320w\"\n        data-sizes=\"100vw\"\n        data-iesrc=\"https:\/\/www.abk-stuttgart.de\/wp-content\/uploads\/2024\/12\/Kachel_Werkstatt_Computeranwendungen.jpg\"\n        alt=\"\"\n        data-ratio=\"1\"\n        style=\"display:block;min-height:1rem;opacity:1;\"\n    \/>\n\n<\/figure>\n\n\n            <\/div>\n\n            <div class=\"area text\">\n                                    <div class=\"title\">\n                        <span>Computer applications workshop<\/span>\n                    <\/div>\n                                                                    <div class=\"description\">\n                        Dipl.-Ing. (FH) Tekle Ghebre\n                    <\/div>\n                \n            <\/div>\n\n            \n        <\/div>\n\n    \n        \n        <div class=\"block block-teaser block-card fac has-image block-link\">\n\n                            <a href=\"https:\/\/www.abk-stuttgart.de\/workshops\/fotografie\/\" title=\"Photography workshop\" target=\"_self\" class=\"block-link__link\" aria-label=\"Photography workshop\"><\/a>\n            \n            <div class=\"area image\">\n                \n\n    \n<figure class=\"ratio--landscape\" style=\"--ratio:1\">\n\n    <img decoding=\"async\"\n        class=\"lozad\"\n        src=\"data:image\/gif;base64,R0lGODlhAQABAIAAAAAAAP\/\/\/yH5BAEAAAAALAAAAAABAAEAAAIBRAA7\"\n        data-src=\"https:\/\/www.abk-stuttgart.de\/wp-content\/uploads\/2024\/10\/Kachel_Werkstatt_Fotografie_Design-320x320.jpg\"\n        data-srcset=\"https:\/\/www.abk-stuttgart.de\/wp-content\/uploads\/2024\/10\/Kachel_Werkstatt_Fotografie_Design.jpg 2048w, https:\/\/www.abk-stuttgart.de\/wp-content\/uploads\/2024\/10\/Kachel_Werkstatt_Fotografie_Design.jpg 1600w, https:\/\/www.abk-stuttgart.de\/wp-content\/uploads\/2024\/10\/Kachel_Werkstatt_Fotografie_Design.jpg 1440w, https:\/\/www.abk-stuttgart.de\/wp-content\/uploads\/2024\/10\/Kachel_Werkstatt_Fotografie_Design.jpg 1024w, https:\/\/www.abk-stuttgart.de\/wp-content\/uploads\/2024\/10\/Kachel_Werkstatt_Fotografie_Design.jpg 800w, https:\/\/www.abk-stuttgart.de\/wp-content\/uploads\/2024\/10\/Kachel_Werkstatt_Fotografie_Design.jpg 640w, https:\/\/www.abk-stuttgart.de\/wp-content\/uploads\/2024\/10\/Kachel_Werkstatt_Fotografie_Design-320x320.jpg 320w\"\n        data-sizes=\"100vw\"\n        data-iesrc=\"https:\/\/www.abk-stuttgart.de\/wp-content\/uploads\/2024\/10\/Kachel_Werkstatt_Fotografie_Design.jpg\"\n        alt=\"\"\n        data-ratio=\"1\"\n        style=\"display:block;min-height:1rem;opacity:1;\"\n    \/>\n\n<\/figure>\n\n\n            <\/div>\n\n            <div class=\"area text\">\n                                    <div class=\"title\">\n                        <span>Photography workshop<\/span>\n                    <\/div>\n                                                                    <div class=\"description\">\n                        Dipl.-Des. (FH) Martin Lutz\n                    <\/div>\n                \n            <\/div>\n\n            \n        <\/div>\n\n    \n        \n        <div class=\"block block-teaser block-card fac has-image block-link\">\n\n                            <a href=\"https:\/\/www.abk-stuttgart.de\/workshops\/reproduktion-und-offsetdruck\/\" title=\"Reproduction and offset printing workshop\" target=\"_self\" class=\"block-link__link\" aria-label=\"Reproduction and offset printing workshop\"><\/a>\n            \n            <div class=\"area image\">\n                \n\n    \n<figure class=\"ratio--landscape\" style=\"--ratio:1\">\n\n    <img decoding=\"async\"\n        class=\"lozad\"\n        src=\"data:image\/gif;base64,R0lGODlhAQABAIAAAAAAAP\/\/\/yH5BAEAAAAALAAAAAABAAEAAAIBRAA7\"\n        data-src=\"https:\/\/www.abk-stuttgart.de\/wp-content\/uploads\/2024\/10\/Kachel_Werkstatt_Reproduktion_u_Offsetdruck-320x320.jpg\"\n        data-srcset=\"https:\/\/www.abk-stuttgart.de\/wp-content\/uploads\/2024\/10\/Kachel_Werkstatt_Reproduktion_u_Offsetdruck.jpg 2048w, https:\/\/www.abk-stuttgart.de\/wp-content\/uploads\/2024\/10\/Kachel_Werkstatt_Reproduktion_u_Offsetdruck.jpg 1600w, https:\/\/www.abk-stuttgart.de\/wp-content\/uploads\/2024\/10\/Kachel_Werkstatt_Reproduktion_u_Offsetdruck.jpg 1440w, https:\/\/www.abk-stuttgart.de\/wp-content\/uploads\/2024\/10\/Kachel_Werkstatt_Reproduktion_u_Offsetdruck.jpg 1024w, https:\/\/www.abk-stuttgart.de\/wp-content\/uploads\/2024\/10\/Kachel_Werkstatt_Reproduktion_u_Offsetdruck.jpg 800w, https:\/\/www.abk-stuttgart.de\/wp-content\/uploads\/2024\/10\/Kachel_Werkstatt_Reproduktion_u_Offsetdruck.jpg 640w, https:\/\/www.abk-stuttgart.de\/wp-content\/uploads\/2024\/10\/Kachel_Werkstatt_Reproduktion_u_Offsetdruck-320x320.jpg 320w\"\n        data-sizes=\"100vw\"\n        data-iesrc=\"https:\/\/www.abk-stuttgart.de\/wp-content\/uploads\/2024\/10\/Kachel_Werkstatt_Reproduktion_u_Offsetdruck.jpg\"\n        alt=\"\"\n        data-ratio=\"1\"\n        style=\"display:block;min-height:1rem;opacity:1;\"\n    \/>\n\n<\/figure>\n\n\n            <\/div>\n\n            <div class=\"area text\">\n                                    <div class=\"title\">\n                        <span>Reproduction and offset printing workshop<\/span>\n                    <\/div>\n                                                                    <div class=\"description\">\n                        Dipl.-Ing. (FH) Gerhard M\u00fcller\n                    <\/div>\n                \n            <\/div>\n\n            \n        <\/div>\n\n    \n        \n        <div class=\"block block-teaser block-card fac has-image block-link\">\n\n                            <a href=\"https:\/\/www.abk-stuttgart.de\/workshops\/typografie-und-schriftgestaltung\/\" title=\"Typography and font design workshop\" target=\"_self\" class=\"block-link__link\" aria-label=\"Typography and font design workshop\"><\/a>\n            \n            <div class=\"area image\">\n                \n\n    \n<figure class=\"ratio--landscape\" style=\"--ratio:1\">\n\n    <img decoding=\"async\"\n        class=\"lozad\"\n        src=\"data:image\/gif;base64,R0lGODlhAQABAIAAAAAAAP\/\/\/yH5BAEAAAAALAAAAAABAAEAAAIBRAA7\"\n        data-src=\"https:\/\/www.abk-stuttgart.de\/wp-content\/uploads\/2024\/10\/Kachel_Werkstatt_Typografie_u_Schriftgestaltung-320x320.jpg\"\n        data-srcset=\"https:\/\/www.abk-stuttgart.de\/wp-content\/uploads\/2024\/10\/Kachel_Werkstatt_Typografie_u_Schriftgestaltung.jpg 2048w, https:\/\/www.abk-stuttgart.de\/wp-content\/uploads\/2024\/10\/Kachel_Werkstatt_Typografie_u_Schriftgestaltung.jpg 1600w, https:\/\/www.abk-stuttgart.de\/wp-content\/uploads\/2024\/10\/Kachel_Werkstatt_Typografie_u_Schriftgestaltung.jpg 1440w, https:\/\/www.abk-stuttgart.de\/wp-content\/uploads\/2024\/10\/Kachel_Werkstatt_Typografie_u_Schriftgestaltung.jpg 1024w, https:\/\/www.abk-stuttgart.de\/wp-content\/uploads\/2024\/10\/Kachel_Werkstatt_Typografie_u_Schriftgestaltung.jpg 800w, https:\/\/www.abk-stuttgart.de\/wp-content\/uploads\/2024\/10\/Kachel_Werkstatt_Typografie_u_Schriftgestaltung.jpg 640w, https:\/\/www.abk-stuttgart.de\/wp-content\/uploads\/2024\/10\/Kachel_Werkstatt_Typografie_u_Schriftgestaltung-320x320.jpg 320w\"\n        data-sizes=\"100vw\"\n        data-iesrc=\"https:\/\/www.abk-stuttgart.de\/wp-content\/uploads\/2024\/10\/Kachel_Werkstatt_Typografie_u_Schriftgestaltung.jpg\"\n        alt=\"\"\n        data-ratio=\"1\"\n        style=\"display:block;min-height:1rem;opacity:1;\"\n    \/>\n\n<\/figure>\n\n\n            <\/div>\n\n            <div class=\"area text\">\n                                    <div class=\"title\">\n                        <span>Typography and font design workshop<\/span>\n                    <\/div>\n                                                                    <div class=\"description\">\n                        Dipl.-Des. (FH) Stefanie Schwarz M.A.\n                    <\/div>\n                \n            <\/div>\n\n            \n        <\/div>\n\n    \n<\/div>\n\n\n\n    <div class=\"block block-text\">\n        <div class=\"fs-text\">\n            \n<p><a href=\"https:\/\/www.abk-stuttgart.de\/einrichtungen\/werkstaetten\/\" class=\"link btn btn--default has-icon icon-right type-arrow\" target=\"self\">\n            <span class=\"shrink-to-fit\">Alle Werkst&auml;tten der ABK<\/span>\n            <svg width=\"25\" height=\"25\" viewBox=\"0 0 25 25\" fill=\"none\">\n                <path d=\"M10.5 8L15.5 12.5L10.5 17\" stroke=\"black\"><\/path>\n            <\/svg>\n        <\/a><\/p>\n\n        <\/div>\n    <\/div>\n\n\n<\/details>\n\n\n\n\n\n<details class=\"block-bundle collapse-section collapsed\">\n    <summary class=\"block block-subsection-title\">\n        <h3>Staff<\/h3>    <\/summary>\n    \n\n<details class=\"block-bundle collapse-section\">\n    <summary class=\"block block-subsection-title\">\n        <h4>Professors<\/h4>    <\/summary>\n    \n\n<div class=\"block block-teaser block-link block-card person has-image has-backgroundcolor\" style=\"--color-bg: var(--color-coral);\">\n\n        <a href=\"https:\/\/www.abk-stuttgart.de\/en\/person\/uli-cluss-2\/\"\n        class=\"block-link__link\"\n        aria-label=\"Zur Personenseite von Uli Cluss\">\n    <\/a>\n\n                <div class=\"area image\">\n            \n\n    \n<figure class=\"ratio--portrait\" style=\"--ratio:0.95833333333333\">\n\n    <img decoding=\"async\"\n        class=\"lozad\"\n        src=\"data:image\/gif;base64,R0lGODlhAQABAIAAAAAAAP\/\/\/yH5BAEAAAAALAAAAAABAAEAAAIBRAA7\"\n        data-src=\"https:\/\/www.abk-stuttgart.de\/wp-content\/uploads\/2024\/05\/cluss_portrait_abk_big-1.jpg\"\n        data-srcset=\"https:\/\/www.abk-stuttgart.de\/wp-content\/uploads\/2024\/05\/cluss_portrait_abk_big-1.jpg 2048w, https:\/\/www.abk-stuttgart.de\/wp-content\/uploads\/2024\/05\/cluss_portrait_abk_big-1.jpg 1600w, https:\/\/www.abk-stuttgart.de\/wp-content\/uploads\/2024\/05\/cluss_portrait_abk_big-1.jpg 1440w, https:\/\/www.abk-stuttgart.de\/wp-content\/uploads\/2024\/05\/cluss_portrait_abk_big-1.jpg 1024w, https:\/\/www.abk-stuttgart.de\/wp-content\/uploads\/2024\/05\/cluss_portrait_abk_big-1.jpg 800w, https:\/\/www.abk-stuttgart.de\/wp-content\/uploads\/2024\/05\/cluss_portrait_abk_big-1.jpg 640w, https:\/\/www.abk-stuttgart.de\/wp-content\/uploads\/2024\/05\/cluss_portrait_abk_big-1.jpg 320w\"\n        data-sizes=\"100vw\"\n        data-iesrc=\"https:\/\/www.abk-stuttgart.de\/wp-content\/uploads\/2024\/05\/cluss_portrait_abk_big-1.jpg\"\n        alt=\"Ein Mann mit Brille und Anzugjacke \u00fcber einem Hemd mit Kragen blickt vor einem schlichten Hintergrund in die Kamera.\"\n        data-ratio=\"0.95833333333333\"\n        style=\"display:block;min-height:1rem;opacity:1;\"\n    \/>\n\n<\/figure>\n\n\n        <\/div>\n    \n        <div class=\"area text\">\n\n                    <div class=\"meta-container\">\n                <span class=\"subhead top\">Prof.<\/span>\n            <\/div>\n        \n        <div class=\"title\">\n            <span>Uli Cluss<\/span>\n\n                    <\/div>\n\n                    <div class=\"description\">\n                <p>Professor of Communication Design (Corporate Design) in the Department of Design. Head of the Institute for Book Design and Media Development.<\/p>\n            <\/div>\n        \n                    <div class=\"description\">\n                <p>Campus Wei\u00dfenhof, Neubau 2, Raum 2.12<\/p>\n            <\/div>\n        \n                <div class=\"btn-group\">\n\n            \n<a\n    href=\"tel:+4971128440-238\"\n   class=\"link btn btn--default type-phone has-icon icon-left fs-uppercase\"\n    target=\"_blank\" rel=\"noopener noreferrer\"   data-type=\"phone\"\n      >\n\n            <span class=\"shrink-to-fit\">+49 711 28440-238<\/span>\n    \n    \n    \n            <svg width=\"25\" height=\"25\" viewBox=\"0 0 25 25\" fill=\"none\" xmlns=\"http:\/\/www.w3.org\/2000\/svg\">\n    <path d=\"M16.3886 14.7105L19 18.6969L17.1097 19.9138C13.3307 20.482 10.6279 18.1526 8.843 15.4993C7.12395 12.8036 6.07668 9.40838 8.13738 6.21696L10.0277 5L12.6167 8.95233L9.8672 10.7225C11.134 13.1039 11.9599 14.3647 13.6392 16.4806L16.3886 14.7105Z\" stroke=\"black\" \/>\n<\/svg>\n    <\/a>\n\n<a\n    href=\"mailto:ulrich.cluss@abk-stuttgart.de\"\n   class=\"link btn btn--default type-mail has-icon icon-left\"\n    target=\"_blank\" rel=\"noopener noreferrer\"   data-type=\"mail\"\n      >\n\n            <span class=\"shrink-to-fit\">ulrich.cluss@abk-stuttgart.de<\/span>\n    \n    \n    \n            <svg width=\"25\" height=\"25\" viewBox=\"0 0 25 25\" fill=\"none\" xmlns=\"http:\/\/www.w3.org\/2000\/svg\">\n    <path d=\"M18.1328 7.86621L12.4995 13.0662L6.86615 7.86621\" stroke=\"black\" \/>\n    <rect x=\"6.5\" y=\"7.5\" width=\"12\" height=\"9.4\" stroke=\"black\" \/>\n<\/svg>\n    <\/a>\n\n<a\n    href=\"\"\n   class=\"link btn btn--default type-download has-icon icon-left\"\n    target=\"_blank\" rel=\"noopener noreferrer\"   data-type=\"download\"\n      >\n\n    \n            <span class=\"filetype\">VCF<\/span>\n    \n    \n            <svg width=\"25\" height=\"25\" viewBox=\"0 0 25 25\" fill=\"none\" xmlns=\"http:\/\/www.w3.org\/2000\/svg\">\n    <path d=\"M18 10.5L12.5 15L7 10.5\" stroke=\"black\" \/>\n    <path d=\"M12.5 6V15\" stroke=\"black\" \/>\n    <path d=\"M18 19H7\" stroke=\"black\" \/>\n<\/svg>\n    <\/a>\n\n        <\/div>\n\n    <\/div>\n\n<\/div>\n\n\n<div class=\"block block-teaser block-link block-card person has-image has-backgroundcolor\" style=\"--color-bg: var(--color-coral);\">\n\n        <a href=\"https:\/\/www.abk-stuttgart.de\/en\/person\/daniel-martin-feige-2\/\"\n        class=\"block-link__link\"\n        aria-label=\"Zur Personenseite von Daniel Martin Feige\">\n    <\/a>\n\n                <div class=\"area image\">\n            \n\n    \n<figure class=\"ratio--landscape\" style=\"--ratio:1\">\n\n    <img decoding=\"async\"\n        class=\"lozad\"\n        src=\"data:image\/gif;base64,R0lGODlhAQABAIAAAAAAAP\/\/\/yH5BAEAAAAALAAAAAABAAEAAAIBRAA7\"\n        data-src=\"https:\/\/www.abk-stuttgart.de\/wp-content\/uploads\/2024\/05\/feige_portrait_abk_neu_abk_big-1.jpg\"\n        data-srcset=\"https:\/\/www.abk-stuttgart.de\/wp-content\/uploads\/2024\/05\/feige_portrait_abk_neu_abk_big-1.jpg 2048w, https:\/\/www.abk-stuttgart.de\/wp-content\/uploads\/2024\/05\/feige_portrait_abk_neu_abk_big-1.jpg 1600w, https:\/\/www.abk-stuttgart.de\/wp-content\/uploads\/2024\/05\/feige_portrait_abk_neu_abk_big-1.jpg 1440w, https:\/\/www.abk-stuttgart.de\/wp-content\/uploads\/2024\/05\/feige_portrait_abk_neu_abk_big-1.jpg 1024w, https:\/\/www.abk-stuttgart.de\/wp-content\/uploads\/2024\/05\/feige_portrait_abk_neu_abk_big-1.jpg 800w, https:\/\/www.abk-stuttgart.de\/wp-content\/uploads\/2024\/05\/feige_portrait_abk_neu_abk_big-1.jpg 640w, https:\/\/www.abk-stuttgart.de\/wp-content\/uploads\/2024\/05\/feige_portrait_abk_neu_abk_big-1.jpg 320w\"\n        data-sizes=\"100vw\"\n        data-iesrc=\"https:\/\/www.abk-stuttgart.de\/wp-content\/uploads\/2024\/05\/feige_portrait_abk_neu_abk_big-1.jpg\"\n        alt=\"Ein Mann mittleren Alters mit Brille und kurzen, lockigen Haaren blickt mit neutralem Gesichtsausdruck direkt in die Kamera. Das Bild ist in Schwarzwei\u00df.\"\n        data-ratio=\"1\"\n        style=\"display:block;min-height:1rem;opacity:1;\"\n    \/>\n\n<\/figure>\n\n\n        <\/div>\n    \n        <div class=\"area text\">\n\n                    <div class=\"meta-container\">\n                <span class=\"subhead top\">Prof. Dr.<\/span>\n            <\/div>\n        \n        <div class=\"title\">\n            <span>Daniel Martin Feige<\/span>\n\n                    <\/div>\n\n                    <div class=\"description\">\n                <p>Professor of Philosophy and Aesthetics\u00a0in the Department of Design. Chairman of the Study Commission Design. Deputy head of the\u00a0Wei\u00dfenhof Institute (comissioned).\u00a0Member of the Senate<\/p>\n            <\/div>\n        \n                    <div class=\"description\">\n                <p>Campus Wei\u00dfenhof, Neubau 2, Room 0.13<\/p>\n            <\/div>\n        \n                <div class=\"btn-group\">\n\n            \n<a\n    href=\"tel:+4971128440-331\"\n   class=\"link btn btn--default type-phone has-icon icon-left fs-uppercase\"\n    target=\"_blank\" rel=\"noopener noreferrer\"   data-type=\"phone\"\n      >\n\n            <span class=\"shrink-to-fit\">+49 711 28440-331<\/span>\n    \n    \n    \n            <svg width=\"25\" height=\"25\" viewBox=\"0 0 25 25\" fill=\"none\" xmlns=\"http:\/\/www.w3.org\/2000\/svg\">\n    <path d=\"M16.3886 14.7105L19 18.6969L17.1097 19.9138C13.3307 20.482 10.6279 18.1526 8.843 15.4993C7.12395 12.8036 6.07668 9.40838 8.13738 6.21696L10.0277 5L12.6167 8.95233L9.8672 10.7225C11.134 13.1039 11.9599 14.3647 13.6392 16.4806L16.3886 14.7105Z\" stroke=\"black\" \/>\n<\/svg>\n    <\/a>\n\n<a\n    href=\"mailto:daniel.feige@abk-stuttgart.de\"\n   class=\"link btn btn--default type-mail has-icon icon-left\"\n    target=\"_blank\" rel=\"noopener noreferrer\"   data-type=\"mail\"\n      >\n\n            <span class=\"shrink-to-fit\">daniel.feige@abk-stuttgart.de<\/span>\n    \n    \n    \n            <svg width=\"25\" height=\"25\" viewBox=\"0 0 25 25\" fill=\"none\" xmlns=\"http:\/\/www.w3.org\/2000\/svg\">\n    <path d=\"M18.1328 7.86621L12.4995 13.0662L6.86615 7.86621\" stroke=\"black\" \/>\n    <rect x=\"6.5\" y=\"7.5\" width=\"12\" height=\"9.4\" stroke=\"black\" \/>\n<\/svg>\n    <\/a>\n\n<a\n    href=\"\"\n   class=\"link btn btn--default type-download has-icon icon-left\"\n    target=\"_blank\" rel=\"noopener noreferrer\"   data-type=\"download\"\n      >\n\n    \n            <span class=\"filetype\">VCF<\/span>\n    \n    \n            <svg width=\"25\" height=\"25\" viewBox=\"0 0 25 25\" fill=\"none\" xmlns=\"http:\/\/www.w3.org\/2000\/svg\">\n    <path d=\"M18 10.5L12.5 15L7 10.5\" stroke=\"black\" \/>\n    <path d=\"M12.5 6V15\" stroke=\"black\" \/>\n    <path d=\"M18 19H7\" stroke=\"black\" \/>\n<\/svg>\n    <\/a>\n\n        <\/div>\n\n    <\/div>\n\n<\/div>\n\n\n<div class=\"block block-teaser block-link block-card person has-image has-backgroundcolor\" style=\"--color-bg: var(--color-coral);\">\n\n        <a href=\"https:\/\/www.abk-stuttgart.de\/en\/person\/ulrike-myrzik-2\/\"\n        class=\"block-link__link\"\n        aria-label=\"Zur Personenseite von Ulrike Myrzik\">\n    <\/a>\n\n                <div class=\"area image\">\n            \n\n    \n<figure class=\"ratio--landscape\" style=\"--ratio:1\">\n\n    <img decoding=\"async\"\n        class=\"lozad\"\n        src=\"data:image\/gif;base64,R0lGODlhAQABAIAAAAAAAP\/\/\/yH5BAEAAAAALAAAAAABAAEAAAIBRAA7\"\n        data-src=\"https:\/\/www.abk-stuttgart.de\/wp-content\/uploads\/2024\/05\/myrzik_portrait_abk_big-1.jpg\"\n        data-srcset=\"https:\/\/www.abk-stuttgart.de\/wp-content\/uploads\/2024\/05\/myrzik_portrait_abk_big-1.jpg 2048w, https:\/\/www.abk-stuttgart.de\/wp-content\/uploads\/2024\/05\/myrzik_portrait_abk_big-1.jpg 1600w, https:\/\/www.abk-stuttgart.de\/wp-content\/uploads\/2024\/05\/myrzik_portrait_abk_big-1.jpg 1440w, https:\/\/www.abk-stuttgart.de\/wp-content\/uploads\/2024\/05\/myrzik_portrait_abk_big-1.jpg 1024w, https:\/\/www.abk-stuttgart.de\/wp-content\/uploads\/2024\/05\/myrzik_portrait_abk_big-1.jpg 800w, https:\/\/www.abk-stuttgart.de\/wp-content\/uploads\/2024\/05\/myrzik_portrait_abk_big-1.jpg 640w, https:\/\/www.abk-stuttgart.de\/wp-content\/uploads\/2024\/05\/myrzik_portrait_abk_big-1.jpg 320w\"\n        data-sizes=\"100vw\"\n        data-iesrc=\"https:\/\/www.abk-stuttgart.de\/wp-content\/uploads\/2024\/05\/myrzik_portrait_abk_big-1.jpg\"\n        alt=\"Eine Frau mit zur\u00fcckgek\u00e4mmtem dunklem Haar, einem dunklen Oberteil und einer Halskette tr\u00e4gt vor einem schlichten Hintergrund direkt in die Kamera.\"\n        data-ratio=\"1\"\n        style=\"display:block;min-height:1rem;opacity:1;\"\n    \/>\n\n<\/figure>\n\n\n        <\/div>\n    \n        <div class=\"area text\">\n\n                    <div class=\"meta-container\">\n                <span class=\"subhead top\">Prof.<\/span>\n            <\/div>\n        \n        <div class=\"title\">\n            <span>Ulrike Myrzik<\/span>\n\n                    <\/div>\n\n                    <div class=\"description\">\n                <p>Professor of Photography in the Department of Design<\/p>\n            <\/div>\n        \n                    <div class=\"description\">\n                <p>Campus Wei\u00dfenhof, Neubau 2, Room 1.11<\/p>\n            <\/div>\n        \n                <div class=\"btn-group\">\n\n            \n<a\n    href=\"tel:+4971128440-156\"\n   class=\"link btn btn--default type-phone has-icon icon-left fs-uppercase\"\n    target=\"_blank\" rel=\"noopener noreferrer\"   data-type=\"phone\"\n      >\n\n            <span class=\"shrink-to-fit\">+49 711 28440-156<\/span>\n    \n    \n    \n            <svg width=\"25\" height=\"25\" viewBox=\"0 0 25 25\" fill=\"none\" xmlns=\"http:\/\/www.w3.org\/2000\/svg\">\n    <path d=\"M16.3886 14.7105L19 18.6969L17.1097 19.9138C13.3307 20.482 10.6279 18.1526 8.843 15.4993C7.12395 12.8036 6.07668 9.40838 8.13738 6.21696L10.0277 5L12.6167 8.95233L9.8672 10.7225C11.134 13.1039 11.9599 14.3647 13.6392 16.4806L16.3886 14.7105Z\" stroke=\"black\" \/>\n<\/svg>\n    <\/a>\n\n<a\n    href=\"mailto:ulrike.myrzik@abk-stuttgart.de\"\n   class=\"link btn btn--default type-mail has-icon icon-left\"\n    target=\"_blank\" rel=\"noopener noreferrer\"   data-type=\"mail\"\n      >\n\n            <span class=\"shrink-to-fit\">ulrike.myrzik@abk-stuttgart.de<\/span>\n    \n    \n    \n            <svg width=\"25\" height=\"25\" viewBox=\"0 0 25 25\" fill=\"none\" xmlns=\"http:\/\/www.w3.org\/2000\/svg\">\n    <path d=\"M18.1328 7.86621L12.4995 13.0662L6.86615 7.86621\" stroke=\"black\" \/>\n    <rect x=\"6.5\" y=\"7.5\" width=\"12\" height=\"9.4\" stroke=\"black\" \/>\n<\/svg>\n    <\/a>\n\n<a\n    href=\"\"\n   class=\"link btn btn--default type-download has-icon icon-left\"\n    target=\"_blank\" rel=\"noopener noreferrer\"   data-type=\"download\"\n      >\n\n    \n            <span class=\"filetype\">VCF<\/span>\n    \n    \n            <svg width=\"25\" height=\"25\" viewBox=\"0 0 25 25\" fill=\"none\" xmlns=\"http:\/\/www.w3.org\/2000\/svg\">\n    <path d=\"M18 10.5L12.5 15L7 10.5\" stroke=\"black\" \/>\n    <path d=\"M12.5 6V15\" stroke=\"black\" \/>\n    <path d=\"M18 19H7\" stroke=\"black\" \/>\n<\/svg>\n    <\/a>\n\n        <\/div>\n\n    <\/div>\n\n<\/div>\n\n\n<div class=\"block block-teaser block-link block-card person has-image has-backgroundcolor\" style=\"--color-bg: var(--color-coral);\">\n\n        <a href=\"https:\/\/www.abk-stuttgart.de\/en\/person\/lucienne-roberts-2\/\"\n        class=\"block-link__link\"\n        aria-label=\"Zur Personenseite von Lucienne Roberts\">\n    <\/a>\n\n                <div class=\"area image\">\n            \n\n    \n<figure class=\"ratio--landscape\" style=\"--ratio:1\">\n\n    <img decoding=\"async\"\n        class=\"lozad\"\n        src=\"data:image\/gif;base64,R0lGODlhAQABAIAAAAAAAP\/\/\/yH5BAEAAAAALAAAAAABAAEAAAIBRAA7\"\n        data-src=\"https:\/\/www.abk-stuttgart.de\/wp-content\/themes\/abk\/assets\/img\/dummy-person.jpg\"\n        data-srcset=\"https:\/\/www.abk-stuttgart.de\/wp-content\/themes\/abk\/assets\/img\/dummy-person.jpg 2048w, https:\/\/www.abk-stuttgart.de\/wp-content\/themes\/abk\/assets\/img\/dummy-person.jpg 1600w, https:\/\/www.abk-stuttgart.de\/wp-content\/themes\/abk\/assets\/img\/dummy-person.jpg 1440w, https:\/\/www.abk-stuttgart.de\/wp-content\/themes\/abk\/assets\/img\/dummy-person.jpg 1024w, https:\/\/www.abk-stuttgart.de\/wp-content\/themes\/abk\/assets\/img\/dummy-person.jpg 320w\"\n        data-sizes=\"100vw\"\n        data-iesrc=\"https:\/\/www.abk-stuttgart.de\/wp-content\/themes\/abk\/assets\/img\/dummy-person.jpg\"\n        alt=\"\"\n        data-ratio=\"1\"\n        style=\"display:block;min-height:1rem;opacity:1;\"\n    \/>\n\n<\/figure>\n\n\n        <\/div>\n    \n        <div class=\"area text\">\n\n                    <div class=\"meta-container\">\n                <span class=\"subhead top\">Prof.<\/span>\n            <\/div>\n        \n        <div class=\"title\">\n            <span>Lucienne Roberts<\/span>\n\n                    <\/div>\n\n                    <div class=\"description\">\n                <p>Professor of\u00a0Communication Design in the Department of Design. Focus:\u00a0design in the wider world,\u00a0design ethics,\u00a0cross-disciplinary working\u00a0exhibition and experiential design,\u00a0originating content,\u00a0curation<br \/>\nbook design,\u00a0typography and\u00a0lettering<\/p>\n<p>&nbsp;<\/p>\n            <\/div>\n        \n                    <div class=\"description\">\n                <p>Campus Wei\u00dfenhof, Neubau 2<\/p>\n            <\/div>\n        \n                <div class=\"btn-group\">\n\n            \n<a\n    href=\"tel:+4971128440-0\"\n   class=\"link btn btn--default type-phone has-icon icon-left fs-uppercase\"\n    target=\"_blank\" rel=\"noopener noreferrer\"   data-type=\"phone\"\n      >\n\n            <span class=\"shrink-to-fit\">+49 711 28440-0<\/span>\n    \n    \n    \n            <svg width=\"25\" height=\"25\" viewBox=\"0 0 25 25\" fill=\"none\" xmlns=\"http:\/\/www.w3.org\/2000\/svg\">\n    <path d=\"M16.3886 14.7105L19 18.6969L17.1097 19.9138C13.3307 20.482 10.6279 18.1526 8.843 15.4993C7.12395 12.8036 6.07668 9.40838 8.13738 6.21696L10.0277 5L12.6167 8.95233L9.8672 10.7225C11.134 13.1039 11.9599 14.3647 13.6392 16.4806L16.3886 14.7105Z\" stroke=\"black\" \/>\n<\/svg>\n    <\/a>\n\n<a\n    href=\"mailto:lucienne.roberts@abk-stuttgart.de\"\n   class=\"link btn btn--default type-mail has-icon icon-left\"\n    target=\"_blank\" rel=\"noopener noreferrer\"   data-type=\"mail\"\n      >\n\n            <span class=\"shrink-to-fit\">lucienne.roberts@abk-stuttgart.de<\/span>\n    \n    \n    \n            <svg width=\"25\" height=\"25\" viewBox=\"0 0 25 25\" fill=\"none\" xmlns=\"http:\/\/www.w3.org\/2000\/svg\">\n    <path d=\"M18.1328 7.86621L12.4995 13.0662L6.86615 7.86621\" stroke=\"black\" \/>\n    <rect x=\"6.5\" y=\"7.5\" width=\"12\" height=\"9.4\" stroke=\"black\" \/>\n<\/svg>\n    <\/a>\n\n<a\n    href=\"\"\n   class=\"link btn btn--default type-download has-icon icon-left\"\n    target=\"_blank\" rel=\"noopener noreferrer\"   data-type=\"download\"\n      >\n\n    \n            <span class=\"filetype\">VCF<\/span>\n    \n    \n            <svg width=\"25\" height=\"25\" viewBox=\"0 0 25 25\" fill=\"none\" xmlns=\"http:\/\/www.w3.org\/2000\/svg\">\n    <path d=\"M18 10.5L12.5 15L7 10.5\" stroke=\"black\" \/>\n    <path d=\"M12.5 6V15\" stroke=\"black\" \/>\n    <path d=\"M18 19H7\" stroke=\"black\" \/>\n<\/svg>\n    <\/a>\n\n        <\/div>\n\n    <\/div>\n\n<\/div>\n\n\n<div class=\"block block-teaser block-link block-card person has-image has-backgroundcolor\" style=\"--color-bg: var(--color-coral);\">\n\n        <a href=\"https:\/\/www.abk-stuttgart.de\/en\/person\/gerwin-schmidt-2\/\"\n        class=\"block-link__link\"\n        aria-label=\"Zur Personenseite von Gerwin Schmidt\">\n    <\/a>\n\n                <div class=\"area image\">\n            \n\n    \n<figure class=\"ratio--landscape\" style=\"--ratio:1\">\n\n    <img decoding=\"async\"\n        class=\"lozad\"\n        src=\"data:image\/gif;base64,R0lGODlhAQABAIAAAAAAAP\/\/\/yH5BAEAAAAALAAAAAABAAEAAAIBRAA7\"\n        data-src=\"https:\/\/www.abk-stuttgart.de\/wp-content\/uploads\/2024\/05\/schmidtgerwin_portrait_abk_big-1.jpg\"\n        data-srcset=\"https:\/\/www.abk-stuttgart.de\/wp-content\/uploads\/2024\/05\/schmidtgerwin_portrait_abk_big-1.jpg 2048w, https:\/\/www.abk-stuttgart.de\/wp-content\/uploads\/2024\/05\/schmidtgerwin_portrait_abk_big-1.jpg 1600w, https:\/\/www.abk-stuttgart.de\/wp-content\/uploads\/2024\/05\/schmidtgerwin_portrait_abk_big-1.jpg 1440w, https:\/\/www.abk-stuttgart.de\/wp-content\/uploads\/2024\/05\/schmidtgerwin_portrait_abk_big-1.jpg 1024w, https:\/\/www.abk-stuttgart.de\/wp-content\/uploads\/2024\/05\/schmidtgerwin_portrait_abk_big-1.jpg 800w, https:\/\/www.abk-stuttgart.de\/wp-content\/uploads\/2024\/05\/schmidtgerwin_portrait_abk_big-1.jpg 640w, https:\/\/www.abk-stuttgart.de\/wp-content\/uploads\/2024\/05\/schmidtgerwin_portrait_abk_big-1.jpg 320w\"\n        data-sizes=\"100vw\"\n        data-iesrc=\"https:\/\/www.abk-stuttgart.de\/wp-content\/uploads\/2024\/05\/schmidtgerwin_portrait_abk_big-1.jpg\"\n        alt=\"Ein Mann mittleren Alters mit kurzen dunklen Haaren blickt mit ernstem Gesichtsausdruck direkt in die Kamera, vor einem schlichten hellen Hintergrund.\"\n        data-ratio=\"1\"\n        style=\"display:block;min-height:1rem;opacity:1;\"\n    \/>\n\n<\/figure>\n\n\n        <\/div>\n    \n        <div class=\"area text\">\n\n                    <div class=\"meta-container\">\n                <span class=\"subhead top\">Prof.<\/span>\n            <\/div>\n        \n        <div class=\"title\">\n            <span>Gerwin Schmidt<\/span>\n\n                    <\/div>\n\n                    <div class=\"description\">\n                <p>Professor of Communication Design (Typography and AV Media)\u00a0in the Department of Design. Member of the Senate. Deputy chairman of the Study Commission Design<\/p>\n            <\/div>\n        \n                    <div class=\"description\">\n                <p>Campus Wei\u00dfenhof, Neubau 2<\/p>\n            <\/div>\n        \n                <div class=\"btn-group\">\n\n            \n<a\n    href=\"tel:+4971128440-243\"\n   class=\"link btn btn--default type-phone has-icon icon-left fs-uppercase\"\n    target=\"_blank\" rel=\"noopener noreferrer\"   data-type=\"phone\"\n      >\n\n            <span class=\"shrink-to-fit\">+49 711 28440-243<\/span>\n    \n    \n    \n            <svg width=\"25\" height=\"25\" viewBox=\"0 0 25 25\" fill=\"none\" xmlns=\"http:\/\/www.w3.org\/2000\/svg\">\n    <path d=\"M16.3886 14.7105L19 18.6969L17.1097 19.9138C13.3307 20.482 10.6279 18.1526 8.843 15.4993C7.12395 12.8036 6.07668 9.40838 8.13738 6.21696L10.0277 5L12.6167 8.95233L9.8672 10.7225C11.134 13.1039 11.9599 14.3647 13.6392 16.4806L16.3886 14.7105Z\" stroke=\"black\" \/>\n<\/svg>\n    <\/a>\n\n<a\n    href=\"mailto:gerwin.schmidt@abk-stuttgart.de\"\n   class=\"link btn btn--default type-mail has-icon icon-left\"\n    target=\"_blank\" rel=\"noopener noreferrer\"   data-type=\"mail\"\n      >\n\n            <span class=\"shrink-to-fit\">gerwin.schmidt@abk-stuttgart.de<\/span>\n    \n    \n    \n            <svg width=\"25\" height=\"25\" viewBox=\"0 0 25 25\" fill=\"none\" xmlns=\"http:\/\/www.w3.org\/2000\/svg\">\n    <path d=\"M18.1328 7.86621L12.4995 13.0662L6.86615 7.86621\" stroke=\"black\" \/>\n    <rect x=\"6.5\" y=\"7.5\" width=\"12\" height=\"9.4\" stroke=\"black\" \/>\n<\/svg>\n    <\/a>\n\n<a\n    href=\"\"\n   class=\"link btn btn--default type-download has-icon icon-left\"\n    target=\"_blank\" rel=\"noopener noreferrer\"   data-type=\"download\"\n      >\n\n    \n            <span class=\"filetype\">VCF<\/span>\n    \n    \n            <svg width=\"25\" height=\"25\" viewBox=\"0 0 25 25\" fill=\"none\" xmlns=\"http:\/\/www.w3.org\/2000\/svg\">\n    <path d=\"M18 10.5L12.5 15L7 10.5\" stroke=\"black\" \/>\n    <path d=\"M12.5 6V15\" stroke=\"black\" \/>\n    <path d=\"M18 19H7\" stroke=\"black\" \/>\n<\/svg>\n    <\/a>\n\n        <\/div>\n\n    <\/div>\n\n<\/div>\n\n\n<div class=\"block block-teaser block-link block-card person has-image has-backgroundcolor\" style=\"--color-bg: var(--color-coral);\">\n\n        <a href=\"https:\/\/www.abk-stuttgart.de\/en\/person\/patrick-thomas-2\/\"\n        class=\"block-link__link\"\n        aria-label=\"Zur Personenseite von Patrick Thomas\">\n    <\/a>\n\n                <div class=\"area image\">\n            \n\n    \n<figure class=\"ratio--portrait\" style=\"--ratio:0.95833333333333\">\n\n    <img decoding=\"async\"\n        class=\"lozad\"\n        src=\"data:image\/gif;base64,R0lGODlhAQABAIAAAAAAAP\/\/\/yH5BAEAAAAALAAAAAABAAEAAAIBRAA7\"\n        data-src=\"https:\/\/www.abk-stuttgart.de\/wp-content\/uploads\/2024\/05\/thomas_portrait_abk_big-1.jpg\"\n        data-srcset=\"https:\/\/www.abk-stuttgart.de\/wp-content\/uploads\/2024\/05\/thomas_portrait_abk_big-1.jpg 2048w, https:\/\/www.abk-stuttgart.de\/wp-content\/uploads\/2024\/05\/thomas_portrait_abk_big-1.jpg 1600w, https:\/\/www.abk-stuttgart.de\/wp-content\/uploads\/2024\/05\/thomas_portrait_abk_big-1.jpg 1440w, https:\/\/www.abk-stuttgart.de\/wp-content\/uploads\/2024\/05\/thomas_portrait_abk_big-1.jpg 1024w, https:\/\/www.abk-stuttgart.de\/wp-content\/uploads\/2024\/05\/thomas_portrait_abk_big-1.jpg 800w, https:\/\/www.abk-stuttgart.de\/wp-content\/uploads\/2024\/05\/thomas_portrait_abk_big-1.jpg 640w, https:\/\/www.abk-stuttgart.de\/wp-content\/uploads\/2024\/05\/thomas_portrait_abk_big-1.jpg 320w\"\n        data-sizes=\"100vw\"\n        data-iesrc=\"https:\/\/www.abk-stuttgart.de\/wp-content\/uploads\/2024\/05\/thomas_portrait_abk_big-1.jpg\"\n        alt=\"Ein Mann im Profil mit Schieberm\u00fctze und Jacke steht vor einer Wand mit abstrakter Schwarz-Wei\u00df-Kunst.\"\n        data-ratio=\"0.95833333333333\"\n        style=\"display:block;min-height:1rem;opacity:1;\"\n    \/>\n\n<\/figure>\n\n\n        <\/div>\n    \n        <div class=\"area text\">\n\n                    <div class=\"meta-container\">\n                <span class=\"subhead top\">Prof. Dr. h.c.<\/span>\n            <\/div>\n        \n        <div class=\"title\">\n            <span>Patrick Thomas<\/span>\n\n                    <\/div>\n\n                    <div class=\"description\">\n                <p>Professor of Communiaction Design&nbsp;in the Department of Design. Member of the Senate<\/p>\n            <\/div>\n        \n                    <div class=\"description\">\n                <p>Campus Wei\u00dfenhof, Neubau 2<\/p>\n            <\/div>\n        \n                <div class=\"btn-group\">\n\n            \n<a\n    href=\"tel:+4971128440-240\"\n   class=\"link btn btn--default type-phone has-icon icon-left fs-uppercase\"\n    target=\"_blank\" rel=\"noopener noreferrer\"   data-type=\"phone\"\n      >\n\n            <span class=\"shrink-to-fit\">+49 711 28440-240<\/span>\n    \n    \n    \n            <svg width=\"25\" height=\"25\" viewBox=\"0 0 25 25\" fill=\"none\" xmlns=\"http:\/\/www.w3.org\/2000\/svg\">\n    <path d=\"M16.3886 14.7105L19 18.6969L17.1097 19.9138C13.3307 20.482 10.6279 18.1526 8.843 15.4993C7.12395 12.8036 6.07668 9.40838 8.13738 6.21696L10.0277 5L12.6167 8.95233L9.8672 10.7225C11.134 13.1039 11.9599 14.3647 13.6392 16.4806L16.3886 14.7105Z\" stroke=\"black\" \/>\n<\/svg>\n    <\/a>\n\n<a\n    href=\"mailto:patrick.thomas@abk-stuttgart.de\"\n   class=\"link btn btn--default type-mail has-icon icon-left\"\n    target=\"_blank\" rel=\"noopener noreferrer\"   data-type=\"mail\"\n      >\n\n            <span class=\"shrink-to-fit\">patrick.thomas@abk-stuttgart.de<\/span>\n    \n    \n    \n            <svg width=\"25\" height=\"25\" viewBox=\"0 0 25 25\" fill=\"none\" xmlns=\"http:\/\/www.w3.org\/2000\/svg\">\n    <path d=\"M18.1328 7.86621L12.4995 13.0662L6.86615 7.86621\" stroke=\"black\" \/>\n    <rect x=\"6.5\" y=\"7.5\" width=\"12\" height=\"9.4\" stroke=\"black\" \/>\n<\/svg>\n    <\/a>\n\n<a\n    href=\"\"\n   class=\"link btn btn--default type-download has-icon icon-left\"\n    target=\"_blank\" rel=\"noopener noreferrer\"   data-type=\"download\"\n      >\n\n    \n            <span class=\"filetype\">VCF<\/span>\n    \n    \n            <svg width=\"25\" height=\"25\" viewBox=\"0 0 25 25\" fill=\"none\" xmlns=\"http:\/\/www.w3.org\/2000\/svg\">\n    <path d=\"M18 10.5L12.5 15L7 10.5\" stroke=\"black\" \/>\n    <path d=\"M12.5 6V15\" stroke=\"black\" \/>\n    <path d=\"M18 19H7\" stroke=\"black\" \/>\n<\/svg>\n    <\/a>\n\n        <\/div>\n\n    <\/div>\n\n<\/div>\n\n\n<div class=\"block block-teaser block-link block-card person has-image has-backgroundcolor\" style=\"--color-bg: var(--color-coral);\">\n\n        <a href=\"https:\/\/www.abk-stuttgart.de\/en\/person\/marcus-wichmann-2\/\"\n        class=\"block-link__link\"\n        aria-label=\"Zur Personenseite von Marcus Wichmann\">\n    <\/a>\n\n                <div class=\"area image\">\n            \n\n    \n<figure class=\"ratio--portrait\" style=\"--ratio:0.95833333333333\">\n\n    <img decoding=\"async\"\n        class=\"lozad\"\n        src=\"data:image\/gif;base64,R0lGODlhAQABAIAAAAAAAP\/\/\/yH5BAEAAAAALAAAAAABAAEAAAIBRAA7\"\n        data-src=\"https:\/\/www.abk-stuttgart.de\/wp-content\/uploads\/2024\/05\/wichmann_portrait_abk_big-1.jpg\"\n        data-srcset=\"https:\/\/www.abk-stuttgart.de\/wp-content\/uploads\/2024\/05\/wichmann_portrait_abk_big-1.jpg 2048w, https:\/\/www.abk-stuttgart.de\/wp-content\/uploads\/2024\/05\/wichmann_portrait_abk_big-1.jpg 1600w, https:\/\/www.abk-stuttgart.de\/wp-content\/uploads\/2024\/05\/wichmann_portrait_abk_big-1.jpg 1440w, https:\/\/www.abk-stuttgart.de\/wp-content\/uploads\/2024\/05\/wichmann_portrait_abk_big-1.jpg 1024w, https:\/\/www.abk-stuttgart.de\/wp-content\/uploads\/2024\/05\/wichmann_portrait_abk_big-1.jpg 800w, https:\/\/www.abk-stuttgart.de\/wp-content\/uploads\/2024\/05\/wichmann_portrait_abk_big-1.jpg 640w, https:\/\/www.abk-stuttgart.de\/wp-content\/uploads\/2024\/05\/wichmann_portrait_abk_big-1.jpg 320w\"\n        data-sizes=\"100vw\"\n        data-iesrc=\"https:\/\/www.abk-stuttgart.de\/wp-content\/uploads\/2024\/05\/wichmann_portrait_abk_big-1.jpg\"\n        alt=\"Ein Mann mit kurzen grauen Haaren und einer schwarz umrandeten Brille sowie einem Hemd mit Kragen blickt vor einem schlichten Hintergrund in die Kamera.\"\n        data-ratio=\"0.95833333333333\"\n        style=\"display:block;min-height:1rem;opacity:1;\"\n    \/>\n\n<\/figure>\n\n\n        <\/div>\n    \n        <div class=\"area text\">\n\n                    <div class=\"meta-container\">\n                <span class=\"subhead top\">Prof.<\/span>\n            <\/div>\n        \n        <div class=\"title\">\n            <span>Marcus Wichmann<\/span>\n\n                    <\/div>\n\n                    <div class=\"description\">\n                <p>Professor of Communication Design (Focus: Basics) in the Department of Design. Member of the Senate<\/p>\n            <\/div>\n        \n                    <div class=\"description\">\n                <p>Campus Wei\u00dfenhof, Neubau 2<\/p>\n            <\/div>\n        \n                <div class=\"btn-group\">\n\n            \n<a\n    href=\"tel:+4971128440-143\"\n   class=\"link btn btn--default type-phone has-icon icon-left fs-uppercase\"\n    target=\"_blank\" rel=\"noopener noreferrer\"   data-type=\"phone\"\n      >\n\n            <span class=\"shrink-to-fit\">+49 711 28440-143<\/span>\n    \n    \n    \n            <svg width=\"25\" height=\"25\" viewBox=\"0 0 25 25\" fill=\"none\" xmlns=\"http:\/\/www.w3.org\/2000\/svg\">\n    <path d=\"M16.3886 14.7105L19 18.6969L17.1097 19.9138C13.3307 20.482 10.6279 18.1526 8.843 15.4993C7.12395 12.8036 6.07668 9.40838 8.13738 6.21696L10.0277 5L12.6167 8.95233L9.8672 10.7225C11.134 13.1039 11.9599 14.3647 13.6392 16.4806L16.3886 14.7105Z\" stroke=\"black\" \/>\n<\/svg>\n    <\/a>\n\n<a\n    href=\"mailto:marcus.wichmann@abk-stuttgart.de\"\n   class=\"link btn btn--default type-mail has-icon icon-left\"\n    target=\"_blank\" rel=\"noopener noreferrer\"   data-type=\"mail\"\n      >\n\n            <span class=\"shrink-to-fit\">marcus.wichmann@abk-stuttgart.de<\/span>\n    \n    \n    \n            <svg width=\"25\" height=\"25\" viewBox=\"0 0 25 25\" fill=\"none\" xmlns=\"http:\/\/www.w3.org\/2000\/svg\">\n    <path d=\"M18.1328 7.86621L12.4995 13.0662L6.86615 7.86621\" stroke=\"black\" \/>\n    <rect x=\"6.5\" y=\"7.5\" width=\"12\" height=\"9.4\" stroke=\"black\" \/>\n<\/svg>\n    <\/a>\n\n<a\n    href=\"\"\n   class=\"link btn btn--default type-download has-icon icon-left\"\n    target=\"_blank\" rel=\"noopener noreferrer\"   data-type=\"download\"\n      >\n\n    \n            <span class=\"filetype\">VCF<\/span>\n    \n    \n            <svg width=\"25\" height=\"25\" viewBox=\"0 0 25 25\" fill=\"none\" xmlns=\"http:\/\/www.w3.org\/2000\/svg\">\n    <path d=\"M18 10.5L12.5 15L7 10.5\" stroke=\"black\" \/>\n    <path d=\"M12.5 6V15\" stroke=\"black\" \/>\n    <path d=\"M18 19H7\" stroke=\"black\" \/>\n<\/svg>\n    <\/a>\n\n        <\/div>\n\n    <\/div>\n\n<\/div>\n\n<\/details>\n\n\n\n<details class=\"block-bundle collapse-section\">\n    <summary class=\"block block-subsection-title\">\n        <h4>Academic associates<\/h4>    <\/summary>\n    \n\n<div class=\"block block-teaser block-link block-card person has-image has-backgroundcolor\" style=\"--color-bg: var(--color-coral);\">\n\n        <a href=\"https:\/\/www.abk-stuttgart.de\/en\/person\/florian-arnold\/\"\n        class=\"block-link__link\"\n        aria-label=\"Zur Personenseite von Florian Arnold\">\n    <\/a>\n\n                <div class=\"area image\">\n            \n\n    \n<figure class=\"ratio--landscape\" style=\"--ratio:1\">\n\n    <img decoding=\"async\"\n        class=\"lozad\"\n        src=\"data:image\/gif;base64,R0lGODlhAQABAIAAAAAAAP\/\/\/yH5BAEAAAAALAAAAAABAAEAAAIBRAA7\"\n        data-src=\"https:\/\/www.abk-stuttgart.de\/wp-content\/uploads\/2024\/05\/arnold_portrait_abk_big-54.jpg\"\n        data-srcset=\"https:\/\/www.abk-stuttgart.de\/wp-content\/uploads\/2024\/05\/arnold_portrait_abk_big-54.jpg 2048w, https:\/\/www.abk-stuttgart.de\/wp-content\/uploads\/2024\/05\/arnold_portrait_abk_big-54.jpg 1600w, https:\/\/www.abk-stuttgart.de\/wp-content\/uploads\/2024\/05\/arnold_portrait_abk_big-54.jpg 1440w, https:\/\/www.abk-stuttgart.de\/wp-content\/uploads\/2024\/05\/arnold_portrait_abk_big-54.jpg 1024w, https:\/\/www.abk-stuttgart.de\/wp-content\/uploads\/2024\/05\/arnold_portrait_abk_big-54.jpg 800w, https:\/\/www.abk-stuttgart.de\/wp-content\/uploads\/2024\/05\/arnold_portrait_abk_big-54.jpg 640w, https:\/\/www.abk-stuttgart.de\/wp-content\/uploads\/2024\/05\/arnold_portrait_abk_big-54.jpg 320w\"\n        data-sizes=\"100vw\"\n        data-iesrc=\"https:\/\/www.abk-stuttgart.de\/wp-content\/uploads\/2024\/05\/arnold_portrait_abk_big-54.jpg\"\n        alt=\"Ein Mann mit lockigem Haar und Bart blickt direkt in die Kamera. Er tr\u00e4gt ein Hemd mit Kragen und eine Jacke und hat einen neutralen Gesichtsausdruck vor einem schlichten Hintergrund.\"\n        data-ratio=\"1\"\n        style=\"display:block;min-height:1rem;opacity:1;\"\n    \/>\n\n<\/figure>\n\n\n        <\/div>\n    \n        <div class=\"area text\">\n\n                    <div class=\"meta-container\">\n                <span class=\"subhead top\">PD Dr. Dr. <\/span>\n            <\/div>\n        \n        <div class=\"title\">\n            <span>Florian Arnold<\/span>\n\n                    <\/div>\n\n                    <div class=\"description\">\n                <p>Academic associate for\u00a0Philosophy and Aesthetics with special consideration of Design in the Department of Design<\/p>\n            <\/div>\n        \n                    <div class=\"description\">\n                <p>Campus Wei\u00dfenhof, Neubau 2<\/p>\n            <\/div>\n        \n                <div class=\"btn-group\">\n\n            \n<a\n    href=\"mailto:florian.arnold@abk-stuttgart.de\"\n   class=\"link btn btn--default type-mail has-icon icon-left\"\n    target=\"_blank\" rel=\"noopener noreferrer\"   data-type=\"mail\"\n      >\n\n            <span class=\"shrink-to-fit\">florian.arnold@abk-stuttgart.de<\/span>\n    \n    \n    \n            <svg width=\"25\" height=\"25\" viewBox=\"0 0 25 25\" fill=\"none\" xmlns=\"http:\/\/www.w3.org\/2000\/svg\">\n    <path d=\"M18.1328 7.86621L12.4995 13.0662L6.86615 7.86621\" stroke=\"black\" \/>\n    <rect x=\"6.5\" y=\"7.5\" width=\"12\" height=\"9.4\" stroke=\"black\" \/>\n<\/svg>\n    <\/a>\n\n<a\n    href=\"\"\n   class=\"link btn btn--default type-download has-icon icon-left\"\n    target=\"_blank\" rel=\"noopener noreferrer\"   data-type=\"download\"\n      >\n\n    \n            <span class=\"filetype\">VCF<\/span>\n    \n    \n            <svg width=\"25\" height=\"25\" viewBox=\"0 0 25 25\" fill=\"none\" xmlns=\"http:\/\/www.w3.org\/2000\/svg\">\n    <path d=\"M18 10.5L12.5 15L7 10.5\" stroke=\"black\" \/>\n    <path d=\"M12.5 6V15\" stroke=\"black\" \/>\n    <path d=\"M18 19H7\" stroke=\"black\" \/>\n<\/svg>\n    <\/a>\n\n        <\/div>\n\n    <\/div>\n\n<\/div>\n\n<\/details>\n\n\n\n<details class=\"block-bundle collapse-section\">\n    <summary class=\"block block-subsection-title\">\n        <h4>Artistic-technical teachers<\/h4>    <\/summary>\n    \n\n\n\n<\/details>\n\n\n\n<div class=\"block block-teaser block-link block-card person has-image has-backgroundcolor\" style=\"--color-bg: var(--color-coral);\">\n\n        <a href=\"https:\/\/www.abk-stuttgart.de\/en\/person\/carsten-fuhrmann-2\/\"\n        class=\"block-link__link\"\n        aria-label=\"Zur Personenseite von Carsten Fuhrmann\">\n    <\/a>\n\n                <div class=\"area image\">\n            \n\n    \n<figure class=\"ratio--landscape\" style=\"--ratio:1\">\n\n    <img decoding=\"async\"\n        class=\"lozad\"\n        src=\"data:image\/gif;base64,R0lGODlhAQABAIAAAAAAAP\/\/\/yH5BAEAAAAALAAAAAABAAEAAAIBRAA7\"\n        data-src=\"https:\/\/www.abk-stuttgart.de\/wp-content\/themes\/abk\/assets\/img\/dummy-person.jpg\"\n        data-srcset=\"https:\/\/www.abk-stuttgart.de\/wp-content\/themes\/abk\/assets\/img\/dummy-person.jpg 2048w, https:\/\/www.abk-stuttgart.de\/wp-content\/themes\/abk\/assets\/img\/dummy-person.jpg 1600w, https:\/\/www.abk-stuttgart.de\/wp-content\/themes\/abk\/assets\/img\/dummy-person.jpg 1440w, https:\/\/www.abk-stuttgart.de\/wp-content\/themes\/abk\/assets\/img\/dummy-person.jpg 1024w, https:\/\/www.abk-stuttgart.de\/wp-content\/themes\/abk\/assets\/img\/dummy-person.jpg 320w\"\n        data-sizes=\"100vw\"\n        data-iesrc=\"https:\/\/www.abk-stuttgart.de\/wp-content\/themes\/abk\/assets\/img\/dummy-person.jpg\"\n        alt=\"\"\n        data-ratio=\"1\"\n        style=\"display:block;min-height:1rem;opacity:1;\"\n    \/>\n\n<\/figure>\n\n\n        <\/div>\n    \n        <div class=\"area text\">\n\n        \n        <div class=\"title\">\n            <span>Carsten Fuhrmann<\/span>\n\n                    <\/div>\n\n                    <div class=\"description\">\n                <p>Artistic-technical teaching staff in the workshop for Audio vision and video in the study programme Communication Design in the Department of Design<\/p>\n            <\/div>\n        \n                    <div class=\"description\">\n                <p>Campus Wei\u00dfenhof, Neubau 2, Room 01.12\u201301.23<\/p>\n            <\/div>\n        \n                <div class=\"btn-group\">\n\n            \n<a\n    href=\"tel:+4971128440-245\"\n   class=\"link btn btn--default type-phone has-icon icon-left fs-uppercase\"\n    target=\"_blank\" rel=\"noopener noreferrer\"   data-type=\"phone\"\n      >\n\n            <span class=\"shrink-to-fit\">+49 711 28440-245<\/span>\n    \n    \n    \n            <svg width=\"25\" height=\"25\" viewBox=\"0 0 25 25\" fill=\"none\" xmlns=\"http:\/\/www.w3.org\/2000\/svg\">\n    <path d=\"M16.3886 14.7105L19 18.6969L17.1097 19.9138C13.3307 20.482 10.6279 18.1526 8.843 15.4993C7.12395 12.8036 6.07668 9.40838 8.13738 6.21696L10.0277 5L12.6167 8.95233L9.8672 10.7225C11.134 13.1039 11.9599 14.3647 13.6392 16.4806L16.3886 14.7105Z\" stroke=\"black\" \/>\n<\/svg>\n    <\/a>\n\n<a\n    href=\"mailto:carsten.fuhrmann@abk-stuttgart.de\"\n   class=\"link btn btn--default type-mail has-icon icon-left\"\n    target=\"_blank\" rel=\"noopener noreferrer\"   data-type=\"mail\"\n      >\n\n            <span class=\"shrink-to-fit\">carsten.fuhrmann@abk-stuttgart.de<\/span>\n    \n    \n    \n            <svg width=\"25\" height=\"25\" viewBox=\"0 0 25 25\" fill=\"none\" xmlns=\"http:\/\/www.w3.org\/2000\/svg\">\n    <path d=\"M18.1328 7.86621L12.4995 13.0662L6.86615 7.86621\" stroke=\"black\" \/>\n    <rect x=\"6.5\" y=\"7.5\" width=\"12\" height=\"9.4\" stroke=\"black\" \/>\n<\/svg>\n    <\/a>\n\n<a\n    href=\"\"\n   class=\"link btn btn--default type-download has-icon icon-left\"\n    target=\"_blank\" rel=\"noopener noreferrer\"   data-type=\"download\"\n      >\n\n    \n            <span class=\"filetype\">VCF<\/span>\n    \n    \n            <svg width=\"25\" height=\"25\" viewBox=\"0 0 25 25\" fill=\"none\" xmlns=\"http:\/\/www.w3.org\/2000\/svg\">\n    <path d=\"M18 10.5L12.5 15L7 10.5\" stroke=\"black\" \/>\n    <path d=\"M12.5 6V15\" stroke=\"black\" \/>\n    <path d=\"M18 19H7\" stroke=\"black\" \/>\n<\/svg>\n    <\/a>\n\n        <\/div>\n\n    <\/div>\n\n<\/div>\n\n\n<div class=\"block block-teaser block-link block-card person has-image has-backgroundcolor\" style=\"--color-bg: var(--color-coral);\">\n\n        <a href=\"https:\/\/www.abk-stuttgart.de\/en\/person\/tekle-ghebre-2\/\"\n        class=\"block-link__link\"\n        aria-label=\"Zur Personenseite von Tekle Ghebre\">\n    <\/a>\n\n                <div class=\"area image\">\n            \n\n    \n<figure class=\"ratio--portrait\" style=\"--ratio:0.9504132231405\">\n\n    <img decoding=\"async\"\n        class=\"lozad\"\n        src=\"data:image\/gif;base64,R0lGODlhAQABAIAAAAAAAP\/\/\/yH5BAEAAAAALAAAAAABAAEAAAIBRAA7\"\n        data-src=\"https:\/\/www.abk-stuttgart.de\/wp-content\/uploads\/2024\/05\/ghebre_portrait_abk_big-1.jpg\"\n        data-srcset=\"https:\/\/www.abk-stuttgart.de\/wp-content\/uploads\/2024\/05\/ghebre_portrait_abk_big-1.jpg 2048w, https:\/\/www.abk-stuttgart.de\/wp-content\/uploads\/2024\/05\/ghebre_portrait_abk_big-1.jpg 1600w, https:\/\/www.abk-stuttgart.de\/wp-content\/uploads\/2024\/05\/ghebre_portrait_abk_big-1.jpg 1440w, https:\/\/www.abk-stuttgart.de\/wp-content\/uploads\/2024\/05\/ghebre_portrait_abk_big-1.jpg 1024w, https:\/\/www.abk-stuttgart.de\/wp-content\/uploads\/2024\/05\/ghebre_portrait_abk_big-1.jpg 800w, https:\/\/www.abk-stuttgart.de\/wp-content\/uploads\/2024\/05\/ghebre_portrait_abk_big-1.jpg 640w, https:\/\/www.abk-stuttgart.de\/wp-content\/uploads\/2024\/05\/ghebre_portrait_abk_big-1.jpg 320w\"\n        data-sizes=\"100vw\"\n        data-iesrc=\"https:\/\/www.abk-stuttgart.de\/wp-content\/uploads\/2024\/05\/ghebre_portrait_abk_big-1.jpg\"\n        alt=\"Ein Mann mit kurzen lockigen Haaren, Brille und kurzem Bart blickt mit neutralem Gesichtsausdruck in die Kamera. Der Hintergrund ist schlicht und grau.\"\n        data-ratio=\"0.9504132231405\"\n        style=\"display:block;min-height:1rem;opacity:1;\"\n    \/>\n\n<\/figure>\n\n\n        <\/div>\n    \n        <div class=\"area text\">\n\n                    <div class=\"meta-container\">\n                <span class=\"subhead top\">Dipl.-Ing. (FH)<\/span>\n            <\/div>\n        \n        <div class=\"title\">\n            <span>Tekle Ghebre<\/span>\n\n                    <\/div>\n\n                    <div class=\"description\">\n                <p>Artistic-technical teaching staff in the workshop for Computer Applications in the study programme Communication Design in the Department of Design<\/p>\n            <\/div>\n        \n                    <div class=\"description\">\n                <p>Campus Wei\u00dfenhof, Neubau 2, Room 2.06<\/p>\n            <\/div>\n        \n                <div class=\"btn-group\">\n\n            \n<a\n    href=\"tel:+4971128440-212\"\n   class=\"link btn btn--default type-phone has-icon icon-left fs-uppercase\"\n    target=\"_blank\" rel=\"noopener noreferrer\"   data-type=\"phone\"\n      >\n\n            <span class=\"shrink-to-fit\">+49 711 28440-212<\/span>\n    \n    \n    \n            <svg width=\"25\" height=\"25\" viewBox=\"0 0 25 25\" fill=\"none\" xmlns=\"http:\/\/www.w3.org\/2000\/svg\">\n    <path d=\"M16.3886 14.7105L19 18.6969L17.1097 19.9138C13.3307 20.482 10.6279 18.1526 8.843 15.4993C7.12395 12.8036 6.07668 9.40838 8.13738 6.21696L10.0277 5L12.6167 8.95233L9.8672 10.7225C11.134 13.1039 11.9599 14.3647 13.6392 16.4806L16.3886 14.7105Z\" stroke=\"black\" \/>\n<\/svg>\n    <\/a>\n\n<a\n    href=\"mailto:tekle.ghebre@abk-stuttgart.de\"\n   class=\"link btn btn--default type-mail has-icon icon-left\"\n    target=\"_blank\" rel=\"noopener noreferrer\"   data-type=\"mail\"\n      >\n\n            <span class=\"shrink-to-fit\">tekle.ghebre@abk-stuttgart.de<\/span>\n    \n    \n    \n            <svg width=\"25\" height=\"25\" viewBox=\"0 0 25 25\" fill=\"none\" xmlns=\"http:\/\/www.w3.org\/2000\/svg\">\n    <path d=\"M18.1328 7.86621L12.4995 13.0662L6.86615 7.86621\" stroke=\"black\" \/>\n    <rect x=\"6.5\" y=\"7.5\" width=\"12\" height=\"9.4\" stroke=\"black\" \/>\n<\/svg>\n    <\/a>\n\n<a\n    href=\"\"\n   class=\"link btn btn--default type-download has-icon icon-left\"\n    target=\"_blank\" rel=\"noopener noreferrer\"   data-type=\"download\"\n      >\n\n    \n            <span class=\"filetype\">VCF<\/span>\n    \n    \n            <svg width=\"25\" height=\"25\" viewBox=\"0 0 25 25\" fill=\"none\" xmlns=\"http:\/\/www.w3.org\/2000\/svg\">\n    <path d=\"M18 10.5L12.5 15L7 10.5\" stroke=\"black\" \/>\n    <path d=\"M12.5 6V15\" stroke=\"black\" \/>\n    <path d=\"M18 19H7\" stroke=\"black\" \/>\n<\/svg>\n    <\/a>\n\n        <\/div>\n\n    <\/div>\n\n<\/div>\n\n\n\n\n<div class=\"block block-teaser block-link block-card person has-image has-backgroundcolor\" style=\"--color-bg: var(--color-coral);\">\n\n        <a href=\"https:\/\/www.abk-stuttgart.de\/en\/person\/martin-lutz-2\/\"\n        class=\"block-link__link\"\n        aria-label=\"Zur Personenseite von Martin Lutz\">\n    <\/a>\n\n                <div class=\"area image\">\n            \n\n    \n<figure class=\"ratio--portrait\" style=\"--ratio:0.95833333333333\">\n\n    <img decoding=\"async\"\n        class=\"lozad\"\n        src=\"data:image\/gif;base64,R0lGODlhAQABAIAAAAAAAP\/\/\/yH5BAEAAAAALAAAAAABAAEAAAIBRAA7\"\n        data-src=\"https:\/\/www.abk-stuttgart.de\/wp-content\/uploads\/2024\/05\/lutz_m_portrait_abk_big-1.jpg\"\n        data-srcset=\"https:\/\/www.abk-stuttgart.de\/wp-content\/uploads\/2024\/05\/lutz_m_portrait_abk_big-1.jpg 2048w, https:\/\/www.abk-stuttgart.de\/wp-content\/uploads\/2024\/05\/lutz_m_portrait_abk_big-1.jpg 1600w, https:\/\/www.abk-stuttgart.de\/wp-content\/uploads\/2024\/05\/lutz_m_portrait_abk_big-1.jpg 1440w, https:\/\/www.abk-stuttgart.de\/wp-content\/uploads\/2024\/05\/lutz_m_portrait_abk_big-1.jpg 1024w, https:\/\/www.abk-stuttgart.de\/wp-content\/uploads\/2024\/05\/lutz_m_portrait_abk_big-1.jpg 800w, https:\/\/www.abk-stuttgart.de\/wp-content\/uploads\/2024\/05\/lutz_m_portrait_abk_big-1.jpg 640w, https:\/\/www.abk-stuttgart.de\/wp-content\/uploads\/2024\/05\/lutz_m_portrait_abk_big-1.jpg 320w\"\n        data-sizes=\"100vw\"\n        data-iesrc=\"https:\/\/www.abk-stuttgart.de\/wp-content\/uploads\/2024\/05\/lutz_m_portrait_abk_big-1.jpg\"\n        alt=\"Schwarz-Wei\u00df-Portr\u00e4t eines Mannes mittleren Alters mit kurzen Haaren, der mit neutralem Gesichtsausdruck direkt in die Kamera blickt.\"\n        data-ratio=\"0.95833333333333\"\n        style=\"display:block;min-height:1rem;opacity:1;\"\n    \/>\n\n<\/figure>\n\n\n        <\/div>\n    \n        <div class=\"area text\">\n\n                    <div class=\"meta-container\">\n                <span class=\"subhead top\">Dipl.-Des. (FH)<\/span>\n            <\/div>\n        \n        <div class=\"title\">\n            <span>Martin Lutz<\/span>\n\n                    <\/div>\n\n                    <div class=\"description\">\n                <p>Artistic-technical teaching staff in the workshop for Photography in the study programme Communication Design in the Department of Design<\/p>\n            <\/div>\n        \n                    <div class=\"description\">\n                <p>Campus Wei\u00dfenhof, Neubau 2, Room 01.24<\/p>\n            <\/div>\n        \n                <div class=\"btn-group\">\n\n            \n<a\n    href=\"tel:+4971128440-257\"\n   class=\"link btn btn--default type-phone has-icon icon-left fs-uppercase\"\n    target=\"_blank\" rel=\"noopener noreferrer\"   data-type=\"phone\"\n      >\n\n            <span class=\"shrink-to-fit\">+49 711 28440-257<\/span>\n    \n    \n    \n            <svg width=\"25\" height=\"25\" viewBox=\"0 0 25 25\" fill=\"none\" xmlns=\"http:\/\/www.w3.org\/2000\/svg\">\n    <path d=\"M16.3886 14.7105L19 18.6969L17.1097 19.9138C13.3307 20.482 10.6279 18.1526 8.843 15.4993C7.12395 12.8036 6.07668 9.40838 8.13738 6.21696L10.0277 5L12.6167 8.95233L9.8672 10.7225C11.134 13.1039 11.9599 14.3647 13.6392 16.4806L16.3886 14.7105Z\" stroke=\"black\" \/>\n<\/svg>\n    <\/a>\n\n<a\n    href=\"mailto:martin.lutz@abk-stuttgart.de\"\n   class=\"link btn btn--default type-mail has-icon icon-left\"\n    target=\"_blank\" rel=\"noopener noreferrer\"   data-type=\"mail\"\n      >\n\n            <span class=\"shrink-to-fit\">martin.lutz@abk-stuttgart.de<\/span>\n    \n    \n    \n            <svg width=\"25\" height=\"25\" viewBox=\"0 0 25 25\" fill=\"none\" xmlns=\"http:\/\/www.w3.org\/2000\/svg\">\n    <path d=\"M18.1328 7.86621L12.4995 13.0662L6.86615 7.86621\" stroke=\"black\" \/>\n    <rect x=\"6.5\" y=\"7.5\" width=\"12\" height=\"9.4\" stroke=\"black\" \/>\n<\/svg>\n    <\/a>\n\n<a\n    href=\"\"\n   class=\"link btn btn--default type-download has-icon icon-left\"\n    target=\"_blank\" rel=\"noopener noreferrer\"   data-type=\"download\"\n      >\n\n    \n            <span class=\"filetype\">VCF<\/span>\n    \n    \n            <svg width=\"25\" height=\"25\" viewBox=\"0 0 25 25\" fill=\"none\" xmlns=\"http:\/\/www.w3.org\/2000\/svg\">\n    <path d=\"M18 10.5L12.5 15L7 10.5\" stroke=\"black\" \/>\n    <path d=\"M12.5 6V15\" stroke=\"black\" \/>\n    <path d=\"M18 19H7\" stroke=\"black\" \/>\n<\/svg>\n    <\/a>\n\n        <\/div>\n\n    <\/div>\n\n<\/div>\n\n\n<div class=\"block block-teaser block-link block-card person has-image has-backgroundcolor\" style=\"--color-bg: var(--color-coral);\">\n\n        <a href=\"https:\/\/www.abk-stuttgart.de\/en\/person\/gerhard-mueller-2\/\"\n        class=\"block-link__link\"\n        aria-label=\"Zur Personenseite von Gerhard M\u00fcller\">\n    <\/a>\n\n                <div class=\"area image\">\n            \n\n    \n<figure class=\"ratio--portrait\" style=\"--ratio:0.95435684647303\">\n\n    <img decoding=\"async\"\n        class=\"lozad\"\n        src=\"data:image\/gif;base64,R0lGODlhAQABAIAAAAAAAP\/\/\/yH5BAEAAAAALAAAAAABAAEAAAIBRAA7\"\n        data-src=\"https:\/\/www.abk-stuttgart.de\/wp-content\/uploads\/2024\/05\/mueller_g_portrait_abk_big-1.jpg\"\n        data-srcset=\"https:\/\/www.abk-stuttgart.de\/wp-content\/uploads\/2024\/05\/mueller_g_portrait_abk_big-1.jpg 2048w, https:\/\/www.abk-stuttgart.de\/wp-content\/uploads\/2024\/05\/mueller_g_portrait_abk_big-1.jpg 1600w, https:\/\/www.abk-stuttgart.de\/wp-content\/uploads\/2024\/05\/mueller_g_portrait_abk_big-1.jpg 1440w, https:\/\/www.abk-stuttgart.de\/wp-content\/uploads\/2024\/05\/mueller_g_portrait_abk_big-1.jpg 1024w, https:\/\/www.abk-stuttgart.de\/wp-content\/uploads\/2024\/05\/mueller_g_portrait_abk_big-1.jpg 800w, https:\/\/www.abk-stuttgart.de\/wp-content\/uploads\/2024\/05\/mueller_g_portrait_abk_big-1.jpg 640w, https:\/\/www.abk-stuttgart.de\/wp-content\/uploads\/2024\/05\/mueller_g_portrait_abk_big-1.jpg 320w\"\n        data-sizes=\"100vw\"\n        data-iesrc=\"https:\/\/www.abk-stuttgart.de\/wp-content\/uploads\/2024\/05\/mueller_g_portrait_abk_big-1.jpg\"\n        alt=\"Ein Mann mit kurzen Haaren und einem leichten L\u00e4cheln blickt in die Kamera. Er tr\u00e4gt ein Hemd mit Kn\u00f6pfen und der Hintergrund ist schlicht und hell.\"\n        data-ratio=\"0.95435684647303\"\n        style=\"display:block;min-height:1rem;opacity:1;\"\n    \/>\n\n<\/figure>\n\n\n        <\/div>\n    \n        <div class=\"area text\">\n\n                    <div class=\"meta-container\">\n                <span class=\"subhead top\">Dipl.-Ing. (FH)<\/span>\n            <\/div>\n        \n        <div class=\"title\">\n            <span>Gerhard M\u00fcller<\/span>\n\n                    <\/div>\n\n                    <div class=\"description\">\n                <p>Artistic-technical teaching staff in the reproduction and offset printing workshop in the study programme Communication Design in the Department of Design<\/p>\n            <\/div>\n        \n                    <div class=\"description\">\n                <p>Campus Wei\u00dfenhof, Altbau, Room 1<\/p>\n            <\/div>\n        \n                <div class=\"btn-group\">\n\n            \n<a\n    href=\"tel:+4971128440-250\"\n   class=\"link btn btn--default type-phone has-icon icon-left fs-uppercase\"\n    target=\"_blank\" rel=\"noopener noreferrer\"   data-type=\"phone\"\n      >\n\n            <span class=\"shrink-to-fit\">+49 711 28440-250<\/span>\n    \n    \n    \n            <svg width=\"25\" height=\"25\" viewBox=\"0 0 25 25\" fill=\"none\" xmlns=\"http:\/\/www.w3.org\/2000\/svg\">\n    <path d=\"M16.3886 14.7105L19 18.6969L17.1097 19.9138C13.3307 20.482 10.6279 18.1526 8.843 15.4993C7.12395 12.8036 6.07668 9.40838 8.13738 6.21696L10.0277 5L12.6167 8.95233L9.8672 10.7225C11.134 13.1039 11.9599 14.3647 13.6392 16.4806L16.3886 14.7105Z\" stroke=\"black\" \/>\n<\/svg>\n    <\/a>\n\n<a\n    href=\"mailto:gerhard.mueller@abk-stuttgart.de\"\n   class=\"link btn btn--default type-mail has-icon icon-left\"\n    target=\"_blank\" rel=\"noopener noreferrer\"   data-type=\"mail\"\n      >\n\n            <span class=\"shrink-to-fit\">gerhard.mueller@abk-stuttgart.de<\/span>\n    \n    \n    \n            <svg width=\"25\" height=\"25\" viewBox=\"0 0 25 25\" fill=\"none\" xmlns=\"http:\/\/www.w3.org\/2000\/svg\">\n    <path d=\"M18.1328 7.86621L12.4995 13.0662L6.86615 7.86621\" stroke=\"black\" \/>\n    <rect x=\"6.5\" y=\"7.5\" width=\"12\" height=\"9.4\" stroke=\"black\" \/>\n<\/svg>\n    <\/a>\n\n<a\n    href=\"\"\n   class=\"link btn btn--default type-download has-icon icon-left\"\n    target=\"_blank\" rel=\"noopener noreferrer\"   data-type=\"download\"\n      >\n\n    \n            <span class=\"filetype\">VCF<\/span>\n    \n    \n            <svg width=\"25\" height=\"25\" viewBox=\"0 0 25 25\" fill=\"none\" xmlns=\"http:\/\/www.w3.org\/2000\/svg\">\n    <path d=\"M18 10.5L12.5 15L7 10.5\" stroke=\"black\" \/>\n    <path d=\"M12.5 6V15\" stroke=\"black\" \/>\n    <path d=\"M18 19H7\" stroke=\"black\" \/>\n<\/svg>\n    <\/a>\n\n        <\/div>\n\n    <\/div>\n\n<\/div>\n\n\n<div class=\"block block-teaser block-link block-card person has-image has-backgroundcolor\" style=\"--color-bg: var(--color-coral);\">\n\n        <a href=\"https:\/\/www.abk-stuttgart.de\/en\/person\/stefanie-schwarz-m-a-2\/\"\n        class=\"block-link__link\"\n        aria-label=\"Zur Personenseite von Dipl.-Des. (FH) Stefanie Schwarz M.A.\">\n    <\/a>\n\n                <div class=\"area image\">\n            \n\n    \n<figure class=\"ratio--portrait\" style=\"--ratio:0.95833333333333\">\n\n    <img decoding=\"async\"\n        class=\"lozad\"\n        src=\"data:image\/gif;base64,R0lGODlhAQABAIAAAAAAAP\/\/\/yH5BAEAAAAALAAAAAABAAEAAAIBRAA7\"\n        data-src=\"https:\/\/www.abk-stuttgart.de\/wp-content\/uploads\/2024\/05\/schwarz_portrait_abk_big-1.jpg\"\n        data-srcset=\"https:\/\/www.abk-stuttgart.de\/wp-content\/uploads\/2024\/05\/schwarz_portrait_abk_big-1.jpg 2048w, https:\/\/www.abk-stuttgart.de\/wp-content\/uploads\/2024\/05\/schwarz_portrait_abk_big-1.jpg 1600w, https:\/\/www.abk-stuttgart.de\/wp-content\/uploads\/2024\/05\/schwarz_portrait_abk_big-1.jpg 1440w, https:\/\/www.abk-stuttgart.de\/wp-content\/uploads\/2024\/05\/schwarz_portrait_abk_big-1.jpg 1024w, https:\/\/www.abk-stuttgart.de\/wp-content\/uploads\/2024\/05\/schwarz_portrait_abk_big-1.jpg 800w, https:\/\/www.abk-stuttgart.de\/wp-content\/uploads\/2024\/05\/schwarz_portrait_abk_big-1.jpg 640w, https:\/\/www.abk-stuttgart.de\/wp-content\/uploads\/2024\/05\/schwarz_portrait_abk_big-1.jpg 320w\"\n        data-sizes=\"100vw\"\n        data-iesrc=\"https:\/\/www.abk-stuttgart.de\/wp-content\/uploads\/2024\/05\/schwarz_portrait_abk_big-1.jpg\"\n        alt=\"Schwarz-Wei\u00df-Portr\u00e4t einer Frau mit glattem, schulterlangem Haar, die ein schlichtes Oberteil tr\u00e4gt und mit neutralem Gesichtsausdruck in die Kamera blickt.\"\n        data-ratio=\"0.95833333333333\"\n        style=\"display:block;min-height:1rem;opacity:1;\"\n    \/>\n\n<\/figure>\n\n\n        <\/div>\n    \n        <div class=\"area text\">\n\n        \n        <div class=\"title\">\n            <span>Dipl.-Des. (FH) Stefanie Schwarz M.A.<\/span>\n\n                    <\/div>\n\n                    <div class=\"description\">\n                <p>Artistic-technical teaching staff in the workshop for Typography and Type Design in the study programme Communication Design in the Department of Design.<\/p>\n            <\/div>\n        \n                    <div class=\"description\">\n                <p>Campus Wei\u00dfenhof, Altbau<\/p>\n            <\/div>\n        \n                <div class=\"btn-group\">\n\n            \n<a\n    href=\"tel:+4971128440-249\"\n   class=\"link btn btn--default type-phone has-icon icon-left fs-uppercase\"\n    target=\"_blank\" rel=\"noopener noreferrer\"   data-type=\"phone\"\n      >\n\n            <span class=\"shrink-to-fit\">+49 711 28440-249<\/span>\n    \n    \n    \n            <svg width=\"25\" height=\"25\" viewBox=\"0 0 25 25\" fill=\"none\" xmlns=\"http:\/\/www.w3.org\/2000\/svg\">\n    <path d=\"M16.3886 14.7105L19 18.6969L17.1097 19.9138C13.3307 20.482 10.6279 18.1526 8.843 15.4993C7.12395 12.8036 6.07668 9.40838 8.13738 6.21696L10.0277 5L12.6167 8.95233L9.8672 10.7225C11.134 13.1039 11.9599 14.3647 13.6392 16.4806L16.3886 14.7105Z\" stroke=\"black\" \/>\n<\/svg>\n    <\/a>\n\n<a\n    href=\"mailto:stefanie.schwarz@abk-stuttgart.de\"\n   class=\"link btn btn--default type-mail has-icon icon-left\"\n    target=\"_blank\" rel=\"noopener noreferrer\"   data-type=\"mail\"\n      >\n\n            <span class=\"shrink-to-fit\">stefanie.schwarz@abk-stuttgart.de<\/span>\n    \n    \n    \n            <svg width=\"25\" height=\"25\" viewBox=\"0 0 25 25\" fill=\"none\" xmlns=\"http:\/\/www.w3.org\/2000\/svg\">\n    <path d=\"M18.1328 7.86621L12.4995 13.0662L6.86615 7.86621\" stroke=\"black\" \/>\n    <rect x=\"6.5\" y=\"7.5\" width=\"12\" height=\"9.4\" stroke=\"black\" \/>\n<\/svg>\n    <\/a>\n\n<a\n    href=\"\"\n   class=\"link btn btn--default type-download has-icon icon-left\"\n    target=\"_blank\" rel=\"noopener noreferrer\"   data-type=\"download\"\n      >\n\n    \n            <span class=\"filetype\">VCF<\/span>\n    \n    \n            <svg width=\"25\" height=\"25\" viewBox=\"0 0 25 25\" fill=\"none\" xmlns=\"http:\/\/www.w3.org\/2000\/svg\">\n    <path d=\"M18 10.5L12.5 15L7 10.5\" stroke=\"black\" \/>\n    <path d=\"M12.5 6V15\" stroke=\"black\" \/>\n    <path d=\"M18 19H7\" stroke=\"black\" \/>\n<\/svg>\n    <\/a>\n\n        <\/div>\n\n    <\/div>\n\n<\/div>\n\n<\/details>\n\n\n\n<details class=\"block-bundle collapse-section\">\n    <summary class=\"block block-subsection-title\">\n        <h3>Contact<\/h3>    <\/summary>\n    \n\n<div class=\"block block-teaser block-link block-card person has-image has-backgroundcolor\" style=\"--color-bg: var(--color-coral);\">\n\n        <a href=\"https:\/\/www.abk-stuttgart.de\/en\/person\/danina-piljagic-2\/\"\n        class=\"block-link__link\"\n        aria-label=\"Zur Personenseite von Danina Piljagic\">\n    <\/a>\n\n                <div class=\"area image\">\n            \n\n    \n<figure class=\"ratio--landscape\" style=\"--ratio:1\">\n\n    <img decoding=\"async\"\n        class=\"lozad\"\n        src=\"data:image\/gif;base64,R0lGODlhAQABAIAAAAAAAP\/\/\/yH5BAEAAAAALAAAAAABAAEAAAIBRAA7\"\n        data-src=\"https:\/\/www.abk-stuttgart.de\/wp-content\/themes\/abk\/assets\/img\/dummy-person.jpg\"\n        data-srcset=\"https:\/\/www.abk-stuttgart.de\/wp-content\/themes\/abk\/assets\/img\/dummy-person.jpg 2048w, https:\/\/www.abk-stuttgart.de\/wp-content\/themes\/abk\/assets\/img\/dummy-person.jpg 1600w, https:\/\/www.abk-stuttgart.de\/wp-content\/themes\/abk\/assets\/img\/dummy-person.jpg 1440w, https:\/\/www.abk-stuttgart.de\/wp-content\/themes\/abk\/assets\/img\/dummy-person.jpg 1024w, https:\/\/www.abk-stuttgart.de\/wp-content\/themes\/abk\/assets\/img\/dummy-person.jpg 320w\"\n        data-sizes=\"100vw\"\n        data-iesrc=\"https:\/\/www.abk-stuttgart.de\/wp-content\/themes\/abk\/assets\/img\/dummy-person.jpg\"\n        alt=\"\"\n        data-ratio=\"1\"\n        style=\"display:block;min-height:1rem;opacity:1;\"\n    \/>\n\n<\/figure>\n\n\n        <\/div>\n    \n        <div class=\"area text\">\n\n        \n        <div class=\"title\">\n            <span>Danina Piljagic<\/span>\n\n                    <\/div>\n\n                    <div class=\"description\">\n                <p>Office of the Department of Design<\/p>\n            <\/div>\n        \n                    <div class=\"description\">\n                <p>Campus Wei\u00dfenhof, Neubau 2, Room 0.12<\/p>\n            <\/div>\n        \n                <div class=\"btn-group\">\n\n            \n<a\n    href=\"tel:+4971128440-247\"\n   class=\"link btn btn--default type-phone has-icon icon-left fs-uppercase\"\n    target=\"_blank\" rel=\"noopener noreferrer\"   data-type=\"phone\"\n      >\n\n            <span class=\"shrink-to-fit\">+49 711 28440-247<\/span>\n    \n    \n    \n            <svg width=\"25\" height=\"25\" viewBox=\"0 0 25 25\" fill=\"none\" xmlns=\"http:\/\/www.w3.org\/2000\/svg\">\n    <path d=\"M16.3886 14.7105L19 18.6969L17.1097 19.9138C13.3307 20.482 10.6279 18.1526 8.843 15.4993C7.12395 12.8036 6.07668 9.40838 8.13738 6.21696L10.0277 5L12.6167 8.95233L9.8672 10.7225C11.134 13.1039 11.9599 14.3647 13.6392 16.4806L16.3886 14.7105Z\" stroke=\"black\" \/>\n<\/svg>\n    <\/a>\n\n<a\n    href=\"mailto:danina.piljagic@abk-stuttgart.de\"\n   class=\"link btn btn--default type-mail has-icon icon-left\"\n    target=\"_blank\" rel=\"noopener noreferrer\"   data-type=\"mail\"\n      >\n\n            <span class=\"shrink-to-fit\">danina.piljagic@abk-stuttgart.de<\/span>\n    \n    \n    \n            <svg width=\"25\" height=\"25\" viewBox=\"0 0 25 25\" fill=\"none\" xmlns=\"http:\/\/www.w3.org\/2000\/svg\">\n    <path d=\"M18.1328 7.86621L12.4995 13.0662L6.86615 7.86621\" stroke=\"black\" \/>\n    <rect x=\"6.5\" y=\"7.5\" width=\"12\" height=\"9.4\" stroke=\"black\" \/>\n<\/svg>\n    <\/a>\n\n<a\n    href=\"\"\n   class=\"link btn btn--default type-download has-icon icon-left\"\n    target=\"_blank\" rel=\"noopener noreferrer\"   data-type=\"download\"\n      >\n\n    \n            <span class=\"filetype\">VCF<\/span>\n    \n    \n            <svg width=\"25\" height=\"25\" viewBox=\"0 0 25 25\" fill=\"none\" xmlns=\"http:\/\/www.w3.org\/2000\/svg\">\n    <path d=\"M18 10.5L12.5 15L7 10.5\" stroke=\"black\" \/>\n    <path d=\"M12.5 6V15\" stroke=\"black\" \/>\n    <path d=\"M18 19H7\" stroke=\"black\" \/>\n<\/svg>\n    <\/a>\n\n        <\/div>\n\n    <\/div>\n\n<\/div>\n\n<\/details>\n","protected":false},"author":4,"featured_media":33700,"parent":0,"menu_order":9,"template":"","class_list":["post-41955","programme","type-programme","status-publish","has-post-thumbnail","hentry"],"acf":[],"_links":{"self":[{"href":"https:\/\/www.abk-stuttgart.de\/en\/wp-json\/wp\/v2\/programme\/41955","targetHints":{"allow":["GET"]}}],"collection":[{"href":"https:\/\/www.abk-stuttgart.de\/en\/wp-json\/wp\/v2\/programme"}],"about":[{"href":"https:\/\/www.abk-stuttgart.de\/en\/wp-json\/wp\/v2\/types\/programme"}],"author":[{"embeddable":true,"href":"https:\/\/www.abk-stuttgart.de\/en\/wp-json\/wp\/v2\/users\/4"}],"wp:featuredmedia":[{"embeddable":true,"href":"https:\/\/www.abk-stuttgart.de\/en\/wp-json\/wp\/v2\/media\/33700"}],"wp:attachment":[{"href":"https:\/\/www.abk-stuttgart.de\/en\/wp-json\/wp\/v2\/media?parent=41955"}],"curies":[{"name":"wp","href":"https:\/\/api.w.org\/{rel}","templated":true}]}}