{"id":42451,"date":"2024-07-01T13:20:55","date_gmt":"2024-07-01T11:20:55","guid":{"rendered":"https:\/\/www.abk-stuttgart.de\/resources\/sammlung-und-archiv\/"},"modified":"2026-02-18T11:54:34","modified_gmt":"2026-02-18T10:54:34","slug":"sammlung-und-archiv","status":"publish","type":"resources","link":"https:\/\/www.abk-stuttgart.de\/en\/resources\/sammlung-und-archiv\/","title":{"rendered":"Collection and Archive"},"content":{"rendered":"\n<div class=\"block block-gallery size--big\" data-count=\"6\">\n\n    <div class=\"slider js-slick\">\n        \n            \n            \n                \n                <div class=\"slider__slide width--full fit--cover type--image\"  style=\"background-color:#ffffff\" >\n                    \n\n    \n<figure class=\"ratio--landscape\" style=\"--ratio:1.5001464986815\">\n\n    <img decoding=\"async\"\n        class=\"lozad\"\n        src=\"data:image\/gif;base64,R0lGODlhAQABAIAAAAAAAP\/\/\/yH5BAEAAAAALAAAAAABAAEAAAIBRAA7\"\n        data-src=\"https:\/\/www.abk-stuttgart.de\/wp-content\/uploads\/2025\/01\/ABK_Sammlung_Archiv_DanielaWolf_a04899-320x213.jpg\"\n        data-srcset=\"https:\/\/www.abk-stuttgart.de\/wp-content\/uploads\/2025\/01\/ABK_Sammlung_Archiv_DanielaWolf_a04899-2048x1365.jpg 2048w, https:\/\/www.abk-stuttgart.de\/wp-content\/uploads\/2025\/01\/ABK_Sammlung_Archiv_DanielaWolf_a04899-1600x1067.jpg 1600w, https:\/\/www.abk-stuttgart.de\/wp-content\/uploads\/2025\/01\/ABK_Sammlung_Archiv_DanielaWolf_a04899-1440x960.jpg 1440w, https:\/\/www.abk-stuttgart.de\/wp-content\/uploads\/2025\/01\/ABK_Sammlung_Archiv_DanielaWolf_a04899-1024x683.jpg 1024w, https:\/\/www.abk-stuttgart.de\/wp-content\/uploads\/2025\/01\/ABK_Sammlung_Archiv_DanielaWolf_a04899-800x533.jpg 800w, https:\/\/www.abk-stuttgart.de\/wp-content\/uploads\/2025\/01\/ABK_Sammlung_Archiv_DanielaWolf_a04899-320x213.jpg 640w, https:\/\/www.abk-stuttgart.de\/wp-content\/uploads\/2025\/01\/ABK_Sammlung_Archiv_DanielaWolf_a04899-320x213.jpg 320w\"\n        data-sizes=\"100vw\"\n        data-iesrc=\"https:\/\/www.abk-stuttgart.de\/wp-content\/uploads\/2025\/01\/ABK_Sammlung_Archiv_DanielaWolf_a04899.jpg\"\n        alt=\"\"\n        data-ratio=\"1.5001464986815\"\n        style=\"display:block;min-height:1rem;opacity:1;\"\n    \/>\n\n<\/figure>\n\n\n    \n\n<div class=\"mediainfo\" data-id=\"image-33448\">\n    <button class=\"btn btn--circle btn-mediainfoclose\" aria-label=\"Close media info\"><span>&times;<\/span><\/button>\n    <div class=\"mediainfo--innerwrapper\">\n        <div class=\"mediainfo--inner\">\n            <div class=\"mediainfo--content\">\n\n                <div class=\"preview\">No Preview<\/div>\n\n                \n                                                            \n                            <\/div>\n        <\/div>\n    <\/div>\n<\/div>\n\n    \n\n    <div class=\"media-interface\">\n\n        <button class=\"btn btn--circle btn-mediainfo\" data-id=\"image-33448\" aria-label=\"Open media info\"><span>i<\/span><\/button>\n\n        \n    <\/div>\n\n                <\/div>\n            \n        \n            \n            \n                \n                <div class=\"slider__slide width--full fit--cover type--image\"  style=\"background-color:#ffffff\" >\n                    \n\n    \n<figure class=\"ratio--landscape\" style=\"--ratio:1.5001464986815\">\n\n    <img decoding=\"async\"\n        class=\"lozad\"\n        src=\"data:image\/gif;base64,R0lGODlhAQABAIAAAAAAAP\/\/\/yH5BAEAAAAALAAAAAABAAEAAAIBRAA7\"\n        data-src=\"https:\/\/www.abk-stuttgart.de\/wp-content\/uploads\/2025\/01\/ABK_Sammlung_Archiv_DanielaWolf_a04962-320x213.jpg\"\n        data-srcset=\"https:\/\/www.abk-stuttgart.de\/wp-content\/uploads\/2025\/01\/ABK_Sammlung_Archiv_DanielaWolf_a04962-2048x1365.jpg 2048w, https:\/\/www.abk-stuttgart.de\/wp-content\/uploads\/2025\/01\/ABK_Sammlung_Archiv_DanielaWolf_a04962-1600x1067.jpg 1600w, https:\/\/www.abk-stuttgart.de\/wp-content\/uploads\/2025\/01\/ABK_Sammlung_Archiv_DanielaWolf_a04962-1440x960.jpg 1440w, https:\/\/www.abk-stuttgart.de\/wp-content\/uploads\/2025\/01\/ABK_Sammlung_Archiv_DanielaWolf_a04962-1024x683.jpg 1024w, https:\/\/www.abk-stuttgart.de\/wp-content\/uploads\/2025\/01\/ABK_Sammlung_Archiv_DanielaWolf_a04962-800x533.jpg 800w, https:\/\/www.abk-stuttgart.de\/wp-content\/uploads\/2025\/01\/ABK_Sammlung_Archiv_DanielaWolf_a04962-320x213.jpg 640w, https:\/\/www.abk-stuttgart.de\/wp-content\/uploads\/2025\/01\/ABK_Sammlung_Archiv_DanielaWolf_a04962-320x213.jpg 320w\"\n        data-sizes=\"100vw\"\n        data-iesrc=\"https:\/\/www.abk-stuttgart.de\/wp-content\/uploads\/2025\/01\/ABK_Sammlung_Archiv_DanielaWolf_a04962.jpg\"\n        alt=\"\"\n        data-ratio=\"1.5001464986815\"\n        style=\"display:block;min-height:1rem;opacity:1;\"\n    \/>\n\n<\/figure>\n\n\n    \n\n<div class=\"mediainfo\" data-id=\"image-33450\">\n    <button class=\"btn btn--circle btn-mediainfoclose\" aria-label=\"Close media info\"><span>&times;<\/span><\/button>\n    <div class=\"mediainfo--innerwrapper\">\n        <div class=\"mediainfo--inner\">\n            <div class=\"mediainfo--content\">\n\n                <div class=\"preview\">No Preview<\/div>\n\n                \n                                                            \n                            <\/div>\n        <\/div>\n    <\/div>\n<\/div>\n\n    \n\n    <div class=\"media-interface\">\n\n        <button class=\"btn btn--circle btn-mediainfo\" data-id=\"image-33450\" aria-label=\"Open media info\"><span>i<\/span><\/button>\n\n        \n    <\/div>\n\n                <\/div>\n            \n        \n            \n            \n                \n                <div class=\"slider__slide width--full fit--cover type--image\"  style=\"background-color:#ffffff\" >\n                    \n\n    \n<figure class=\"ratio--landscape\" style=\"--ratio:1.5001464986815\">\n\n    <img decoding=\"async\"\n        class=\"lozad\"\n        src=\"data:image\/gif;base64,R0lGODlhAQABAIAAAAAAAP\/\/\/yH5BAEAAAAALAAAAAABAAEAAAIBRAA7\"\n        data-src=\"https:\/\/www.abk-stuttgart.de\/wp-content\/uploads\/2025\/01\/ABK_Sammlung_Archiv_DanielaWolf_a04800-320x213.jpg\"\n        data-srcset=\"https:\/\/www.abk-stuttgart.de\/wp-content\/uploads\/2025\/01\/ABK_Sammlung_Archiv_DanielaWolf_a04800-2048x1365.jpg 2048w, https:\/\/www.abk-stuttgart.de\/wp-content\/uploads\/2025\/01\/ABK_Sammlung_Archiv_DanielaWolf_a04800-1600x1067.jpg 1600w, https:\/\/www.abk-stuttgart.de\/wp-content\/uploads\/2025\/01\/ABK_Sammlung_Archiv_DanielaWolf_a04800-1440x960.jpg 1440w, https:\/\/www.abk-stuttgart.de\/wp-content\/uploads\/2025\/01\/ABK_Sammlung_Archiv_DanielaWolf_a04800-1024x683.jpg 1024w, https:\/\/www.abk-stuttgart.de\/wp-content\/uploads\/2025\/01\/ABK_Sammlung_Archiv_DanielaWolf_a04800-800x533.jpg 800w, https:\/\/www.abk-stuttgart.de\/wp-content\/uploads\/2025\/01\/ABK_Sammlung_Archiv_DanielaWolf_a04800-320x213.jpg 640w, https:\/\/www.abk-stuttgart.de\/wp-content\/uploads\/2025\/01\/ABK_Sammlung_Archiv_DanielaWolf_a04800-320x213.jpg 320w\"\n        data-sizes=\"100vw\"\n        data-iesrc=\"https:\/\/www.abk-stuttgart.de\/wp-content\/uploads\/2025\/01\/ABK_Sammlung_Archiv_DanielaWolf_a04800.jpg\"\n        alt=\"\"\n        data-ratio=\"1.5001464986815\"\n        style=\"display:block;min-height:1rem;opacity:1;\"\n    \/>\n\n<\/figure>\n\n\n    \n\n<div class=\"mediainfo\" data-id=\"image-33440\">\n    <button class=\"btn btn--circle btn-mediainfoclose\" aria-label=\"Close media info\"><span>&times;<\/span><\/button>\n    <div class=\"mediainfo--innerwrapper\">\n        <div class=\"mediainfo--inner\">\n            <div class=\"mediainfo--content\">\n\n                <div class=\"preview\">No Preview<\/div>\n\n                \n                                                            \n                            <\/div>\n        <\/div>\n    <\/div>\n<\/div>\n\n    \n\n    <div class=\"media-interface\">\n\n        <button class=\"btn btn--circle btn-mediainfo\" data-id=\"image-33440\" aria-label=\"Open media info\"><span>i<\/span><\/button>\n\n        \n    <\/div>\n\n                <\/div>\n            \n        \n            \n            \n                \n                <div class=\"slider__slide width--full fit--cover type--image\"  style=\"background-color:#ffffff\" >\n                    \n\n    \n<figure class=\"ratio--landscape\" style=\"--ratio:1.5001464986815\">\n\n    <img decoding=\"async\"\n        class=\"lozad\"\n        src=\"data:image\/gif;base64,R0lGODlhAQABAIAAAAAAAP\/\/\/yH5BAEAAAAALAAAAAABAAEAAAIBRAA7\"\n        data-src=\"https:\/\/www.abk-stuttgart.de\/wp-content\/uploads\/2025\/01\/ABK_Sammlung_Archiv_DanielaWolf_a04816-320x213.jpg\"\n        data-srcset=\"https:\/\/www.abk-stuttgart.de\/wp-content\/uploads\/2025\/01\/ABK_Sammlung_Archiv_DanielaWolf_a04816-2048x1365.jpg 2048w, https:\/\/www.abk-stuttgart.de\/wp-content\/uploads\/2025\/01\/ABK_Sammlung_Archiv_DanielaWolf_a04816-1600x1067.jpg 1600w, https:\/\/www.abk-stuttgart.de\/wp-content\/uploads\/2025\/01\/ABK_Sammlung_Archiv_DanielaWolf_a04816-1440x960.jpg 1440w, https:\/\/www.abk-stuttgart.de\/wp-content\/uploads\/2025\/01\/ABK_Sammlung_Archiv_DanielaWolf_a04816-1024x683.jpg 1024w, https:\/\/www.abk-stuttgart.de\/wp-content\/uploads\/2025\/01\/ABK_Sammlung_Archiv_DanielaWolf_a04816-800x533.jpg 800w, https:\/\/www.abk-stuttgart.de\/wp-content\/uploads\/2025\/01\/ABK_Sammlung_Archiv_DanielaWolf_a04816-320x213.jpg 640w, https:\/\/www.abk-stuttgart.de\/wp-content\/uploads\/2025\/01\/ABK_Sammlung_Archiv_DanielaWolf_a04816-320x213.jpg 320w\"\n        data-sizes=\"100vw\"\n        data-iesrc=\"https:\/\/www.abk-stuttgart.de\/wp-content\/uploads\/2025\/01\/ABK_Sammlung_Archiv_DanielaWolf_a04816.jpg\"\n        alt=\"\"\n        data-ratio=\"1.5001464986815\"\n        style=\"display:block;min-height:1rem;opacity:1;\"\n    \/>\n\n<\/figure>\n\n\n    \n\n<div class=\"mediainfo\" data-id=\"image-33442\">\n    <button class=\"btn btn--circle btn-mediainfoclose\" aria-label=\"Close media info\"><span>&times;<\/span><\/button>\n    <div class=\"mediainfo--innerwrapper\">\n        <div class=\"mediainfo--inner\">\n            <div class=\"mediainfo--content\">\n\n                <div class=\"preview\">No Preview<\/div>\n\n                \n                                                            \n                            <\/div>\n        <\/div>\n    <\/div>\n<\/div>\n\n    \n\n    <div class=\"media-interface\">\n\n        <button class=\"btn btn--circle btn-mediainfo\" data-id=\"image-33442\" aria-label=\"Open media info\"><span>i<\/span><\/button>\n\n        \n    <\/div>\n\n                <\/div>\n            \n        \n            \n            \n                \n                <div class=\"slider__slide width--half fit--cover type--image\"  style=\"background-color:#ffffff\" >\n                    \n\n    \n<figure class=\"ratio--portrait\" style=\"--ratio:0.6666015625\">\n\n    <img decoding=\"async\"\n        class=\"lozad\"\n        src=\"data:image\/gif;base64,R0lGODlhAQABAIAAAAAAAP\/\/\/yH5BAEAAAAALAAAAAABAAEAAAIBRAA7\"\n        data-src=\"https:\/\/www.abk-stuttgart.de\/wp-content\/uploads\/2025\/01\/ABK_Sammlung_Archiv_DanielaWolf_a04869-320x480.jpg\"\n        data-srcset=\"https:\/\/www.abk-stuttgart.de\/wp-content\/uploads\/2025\/01\/ABK_Sammlung_Archiv_DanielaWolf_a04869-2048x3072.jpg 2048w, https:\/\/www.abk-stuttgart.de\/wp-content\/uploads\/2025\/01\/ABK_Sammlung_Archiv_DanielaWolf_a04869-1600x2400.jpg 1600w, https:\/\/www.abk-stuttgart.de\/wp-content\/uploads\/2025\/01\/ABK_Sammlung_Archiv_DanielaWolf_a04869-1440x2160.jpg 1440w, https:\/\/www.abk-stuttgart.de\/wp-content\/uploads\/2025\/01\/ABK_Sammlung_Archiv_DanielaWolf_a04869-1024x1536.jpg 1024w, https:\/\/www.abk-stuttgart.de\/wp-content\/uploads\/2025\/01\/ABK_Sammlung_Archiv_DanielaWolf_a04869-800x1200.jpg 800w, https:\/\/www.abk-stuttgart.de\/wp-content\/uploads\/2025\/01\/ABK_Sammlung_Archiv_DanielaWolf_a04869-320x480.jpg 640w, https:\/\/www.abk-stuttgart.de\/wp-content\/uploads\/2025\/01\/ABK_Sammlung_Archiv_DanielaWolf_a04869-320x480.jpg 320w\"\n        data-sizes=\"100vw\"\n        data-iesrc=\"https:\/\/www.abk-stuttgart.de\/wp-content\/uploads\/2025\/01\/ABK_Sammlung_Archiv_DanielaWolf_a04869.jpg\"\n        alt=\"\"\n        data-ratio=\"0.6666015625\"\n        style=\"display:block;min-height:1rem;opacity:1;\"\n    \/>\n\n<\/figure>\n\n\n    \n\n<div class=\"mediainfo\" data-id=\"image-33446\">\n    <button class=\"btn btn--circle btn-mediainfoclose\" aria-label=\"Close media info\"><span>&times;<\/span><\/button>\n    <div class=\"mediainfo--innerwrapper\">\n        <div class=\"mediainfo--inner\">\n            <div class=\"mediainfo--content\">\n\n                <div class=\"preview\">No Preview<\/div>\n\n                \n                                                            \n                            <\/div>\n        <\/div>\n    <\/div>\n<\/div>\n\n    \n\n    <div class=\"media-interface\">\n\n        <button class=\"btn btn--circle btn-mediainfo\" data-id=\"image-33446\" aria-label=\"Open media info\"><span>i<\/span><\/button>\n\n        \n    <\/div>\n\n                <\/div>\n            \n        \n            \n            \n                \n                <div class=\"slider__slide width--full fit--cover type--image\"  style=\"background-color:#ffffff\" >\n                    \n\n    \n<figure class=\"ratio--landscape\" style=\"--ratio:1.5001464986815\">\n\n    <img decoding=\"async\"\n        class=\"lozad\"\n        src=\"data:image\/gif;base64,R0lGODlhAQABAIAAAAAAAP\/\/\/yH5BAEAAAAALAAAAAABAAEAAAIBRAA7\"\n        data-src=\"https:\/\/www.abk-stuttgart.de\/wp-content\/uploads\/2025\/01\/ABK_Sammlung_Archiv_DanielaWolf_a04840-320x213.jpg\"\n        data-srcset=\"https:\/\/www.abk-stuttgart.de\/wp-content\/uploads\/2025\/01\/ABK_Sammlung_Archiv_DanielaWolf_a04840-2048x1365.jpg 2048w, https:\/\/www.abk-stuttgart.de\/wp-content\/uploads\/2025\/01\/ABK_Sammlung_Archiv_DanielaWolf_a04840-1600x1067.jpg 1600w, https:\/\/www.abk-stuttgart.de\/wp-content\/uploads\/2025\/01\/ABK_Sammlung_Archiv_DanielaWolf_a04840-1440x960.jpg 1440w, https:\/\/www.abk-stuttgart.de\/wp-content\/uploads\/2025\/01\/ABK_Sammlung_Archiv_DanielaWolf_a04840-1024x683.jpg 1024w, https:\/\/www.abk-stuttgart.de\/wp-content\/uploads\/2025\/01\/ABK_Sammlung_Archiv_DanielaWolf_a04840-800x533.jpg 800w, https:\/\/www.abk-stuttgart.de\/wp-content\/uploads\/2025\/01\/ABK_Sammlung_Archiv_DanielaWolf_a04840-320x213.jpg 640w, https:\/\/www.abk-stuttgart.de\/wp-content\/uploads\/2025\/01\/ABK_Sammlung_Archiv_DanielaWolf_a04840-320x213.jpg 320w\"\n        data-sizes=\"100vw\"\n        data-iesrc=\"https:\/\/www.abk-stuttgart.de\/wp-content\/uploads\/2025\/01\/ABK_Sammlung_Archiv_DanielaWolf_a04840.jpg\"\n        alt=\"\"\n        data-ratio=\"1.5001464986815\"\n        style=\"display:block;min-height:1rem;opacity:1;\"\n    \/>\n\n<\/figure>\n\n\n    \n\n<div class=\"mediainfo\" data-id=\"image-33444\">\n    <button class=\"btn btn--circle btn-mediainfoclose\" aria-label=\"Close media info\"><span>&times;<\/span><\/button>\n    <div class=\"mediainfo--innerwrapper\">\n        <div class=\"mediainfo--inner\">\n            <div class=\"mediainfo--content\">\n\n                <div class=\"preview\">No Preview<\/div>\n\n                \n                                                            \n                            <\/div>\n        <\/div>\n    <\/div>\n<\/div>\n\n    \n\n    <div class=\"media-interface\">\n\n        <button class=\"btn btn--circle btn-mediainfo\" data-id=\"image-33444\" aria-label=\"Open media info\"><span>i<\/span><\/button>\n\n        \n    <\/div>\n\n                <\/div>\n            \n            <\/div>\n    <button class=\"slider__button slider__button--prev keyboard-navigation-only\" aria-label=\"Previous slide\"><\/button>\n    <button class=\"slider__button slider__button--next keyboard-navigation-only\" aria-label=\"Next slide\"><\/button>\n<\/div>\n\n\n\n<div class=\"block block-contact-card-header inner header\">\n    <div class=\"area\">\n        <h2>Collection and Archive<\/h2>\n    <\/div>\n    <div class=\"area\">\n        <p>Mon 10 a.m.\u201312 p.m.<br \/>\nTue 2 p.m.\u20134 p.m.<br \/>\nand by appointment<\/p>\n<p>&nbsp;<\/p>\n\n        \n    <\/div>\n<\/div>\n\n\n\n    <div class=\"block block-text\">\n        <div class=\"fs-text\">\n            \n<p>The ABK Stuttgart looks back on over 250 years of history, making it one of the oldest art academies in Germany. In its current form, it was established in 1941 through the merger of the art academy with the school of applied arts and the teaching and experimental workshops. After the war-related destruction of the art academy&rsquo;s buildings on Urbanstra&szlig;e, which also largely destroyed the academy&rsquo;s collection and archive, the three institutions were merged in 1946 and relocated to Weissenhof.<\/p>\n<p>Since its foundation, the ABK Stuttgart has used the royal collections as teaching and instructional materials, which still form the basis of the Staatsgalerie&rsquo;s holdings today. The teaching and instructional materials of the School of Applied Arts and the sample collection of plaster casts were lost during the war. With the donation of a pastel by Adolf H&ouml;lzel for the inauguration of the Werkstattbau (Building D) on the academy grounds in 1972, a collection activity related to the history and present of the university began. Since then, several thousand art objects have been collected that document teaching and learning at the academy.<\/p>\n<p>The publication <a href=\"https:\/\/archiv.ub.uni-heidelberg.de\/artdok\/3291\/\" target=\"_blank\" rel=\"noopener\">&bdquo;250 Jahre Akademie der Bildenden K&uuml;nste Stuttgart: R&uuml;cksichten; ein Lesebuch&ldquo;<\/a> provides an overview of all teachers and an outline of the history of the academy and its predecessor institutions.<\/p>\n\n        <\/div>\n    <\/div>\n\n\n\n<details class=\"block-bundle collapse-section\">\n    <summary class=\"block block-subsection-title\">\n        <h3>Inventory<\/h3>    <\/summary>\n    \n\n    <div class=\"block block-text\">\n        <div class=\"fs-text\">\n            \n<p>Both units &ndash; the art collection and the archive &ndash; are dynamic institutions that see themselves as central service providers, available for external research, exhibition and investigation projects as well as for internal academic requests and enquiries.<\/p>\n\n        <\/div>\n    <\/div>\n\n\n\n    <div class=\"block block-text\">\n        <div class=\"fs-text\">\n            \n<ul class=\"simple\">\n<li>Matriculation register of the School of Arts and Crafts, provenance: Student Office, 5,583 individual files, closed inventory, period: approx. 1900&ndash;1942<\/li>\n<li>Personnel files, over 500 individual files, provenance: Personnel Administration, growing inventory, period: approx. 1900&ndash;1990, partially restricted<\/li>\n<li>Poster collection, 2,700 objects, provenance: printing workshops and mainly the design department, growing collection, period: 1950&ndash;present<\/li>\n<li>Art collection, approx. 3,300 objects, growing collection, period: approx. 1880&ndash;present<\/li>\n<li>Collection of lithographs and prints from the holdings of the ABK Stuttgart, approx. 1,000 sheets, closed collection, period: approx. 1950&ndash;1980<\/li>\n<li>Estate of Prof. Erich Feyerabend, 180 objects, provenance: heirs of the artist, closed collection, period: 1920&ndash;1945<\/li>\n<li>Partial estate of Prof. Alexander Eckener, approx. 200 objects, provenance: heirs of the artist, closed collection, period: 1900&ndash;1940<\/li>\n<li>Estate of Prof. Kurt Weidemann, approx. 60 linear metres of shelving, provenance: heirs of the artist, closed collection, period: approx. 1930&ndash;2010<\/li>\n<li>Estate of Prof. Sotirios Michou, approx. 16 linear metres plus approx. 300 CDs and 250 video tapes, provenance: artist&rsquo;s estate, closed inventory, period: approx. 1970&ndash;2005<\/li>\n<li>Estate of Prof. Eugen Funk, approx. 1,550 objects, provenance: artist&rsquo;s estate, closed inventory, period: approx. 1935&ndash;2000<\/li>\n<li>Estate of Prof. F.H. Ernst Schneidler, approx. 24 linear metres, approx. 2,000 objects, provenance: artist&rsquo;s heirs and permanent loans, closed inventory, period: 1903&ndash;1955<\/li>\n<li>Estate of Adolf and Albert Grimm, approx. 500 objects, provenance: heirs of the artist and permanent loans, closed inventory, period: 1900&ndash;1960<\/li>\n<li>Oscar Obier 1910&ndash;1950<\/li>\n<li>Estate of Eva Zippel, approx. 20 linear metres of shelving, provenance: heirs of the artist, closed inventory, period: approx. 1960&ndash;2012. The catalogue of works can be viewed at <a href=\"https:\/\/www.arthistoricum.net\/themen\/wvz\/zippel\/wvz\">arthistoricum.net<\/a>.<\/li>\n<\/ul>\n\n        <\/div>\n    <\/div>\n\n\n<\/details>\n\n\n\n<details class=\"block-bundle collapse-section\">\n    <summary class=\"block block-subsection-title\">\n        <h3>Contact us<\/h3>    <\/summary>\n    \n\n<div class=\"block block-teaser block-link block-card person has-image has-backgroundcolor\" style=\"--color-bg: var(--color-coral);\">\n\n        <a href=\"https:\/\/www.abk-stuttgart.de\/en\/person\/nils-buettner-2\/\"\n        class=\"block-link__link\"\n        aria-label=\"Zur Personenseite von Nils B\u00fcttner\">\n    <\/a>\n\n                <div class=\"area image\">\n            \n\n    \n<figure class=\"ratio--portrait\" style=\"--ratio:0.95833333333333\">\n\n    <img decoding=\"async\"\n        class=\"lozad\"\n        src=\"data:image\/gif;base64,R0lGODlhAQABAIAAAAAAAP\/\/\/yH5BAEAAAAALAAAAAABAAEAAAIBRAA7\"\n        data-src=\"https:\/\/www.abk-stuttgart.de\/wp-content\/uploads\/2024\/05\/buettner_portrait_abk_big-1.jpg\"\n        data-srcset=\"https:\/\/www.abk-stuttgart.de\/wp-content\/uploads\/2024\/05\/buettner_portrait_abk_big-1.jpg 2048w, https:\/\/www.abk-stuttgart.de\/wp-content\/uploads\/2024\/05\/buettner_portrait_abk_big-1.jpg 1600w, https:\/\/www.abk-stuttgart.de\/wp-content\/uploads\/2024\/05\/buettner_portrait_abk_big-1.jpg 1440w, https:\/\/www.abk-stuttgart.de\/wp-content\/uploads\/2024\/05\/buettner_portrait_abk_big-1.jpg 1024w, https:\/\/www.abk-stuttgart.de\/wp-content\/uploads\/2024\/05\/buettner_portrait_abk_big-1.jpg 800w, https:\/\/www.abk-stuttgart.de\/wp-content\/uploads\/2024\/05\/buettner_portrait_abk_big-1.jpg 640w, https:\/\/www.abk-stuttgart.de\/wp-content\/uploads\/2024\/05\/buettner_portrait_abk_big-1.jpg 320w\"\n        data-sizes=\"100vw\"\n        data-iesrc=\"https:\/\/www.abk-stuttgart.de\/wp-content\/uploads\/2024\/05\/buettner_portrait_abk_big-1.jpg\"\n        alt=\"Ein Mann mit kurzen hellen Haaren, Brille und dunkler Jacke blickt vor schwarzem Hintergrund in die Kamera.\"\n        data-ratio=\"0.95833333333333\"\n        style=\"display:block;min-height:1rem;opacity:1;\"\n    \/>\n\n<\/figure>\n\n\n        <\/div>\n    \n        <div class=\"area text\">\n\n                    <div class=\"meta-container\">\n                <span class=\"subhead top\">Prof. Dr.<\/span>\n            <\/div>\n        \n        <div class=\"title\">\n            <span>Nils B\u00fcttner<\/span>\n\n                    <\/div>\n\n                    <div class=\"description\">\n                <p>Professor of Art History\u00a0in the Department of Conservation \u2013 Art History. Head of the collection and archive<\/p>\n            <\/div>\n        \n                    <div class=\"description\">\n                <p>Campus Wei\u00dfenhof, Altbau, Raum 317<\/p>\n            <\/div>\n        \n                <div class=\"btn-group\">\n\n            \n<a\n    href=\"tel:+4971128440-124\"\n   class=\"link btn btn--default type-phone has-icon icon-left fs-uppercase\"\n    target=\"_blank\" rel=\"noopener noreferrer\"   data-type=\"phone\"\n      >\n\n            <span class=\"shrink-to-fit\">+49 711 28440-124<\/span>\n    \n    \n    \n            <svg width=\"25\" height=\"25\" viewBox=\"0 0 25 25\" fill=\"none\" xmlns=\"http:\/\/www.w3.org\/2000\/svg\">\n    <path d=\"M16.3886 14.7105L19 18.6969L17.1097 19.9138C13.3307 20.482 10.6279 18.1526 8.843 15.4993C7.12395 12.8036 6.07668 9.40838 8.13738 6.21696L10.0277 5L12.6167 8.95233L9.8672 10.7225C11.134 13.1039 11.9599 14.3647 13.6392 16.4806L16.3886 14.7105Z\" stroke=\"black\" \/>\n<\/svg>\n    <\/a>\n\n<a\n    href=\"mailto:nils.buettner@abk-stuttgart.de\"\n   class=\"link btn btn--default type-mail has-icon icon-left\"\n    target=\"_blank\" rel=\"noopener noreferrer\"   data-type=\"mail\"\n      >\n\n            <span class=\"shrink-to-fit\">nils.buettner@abk-stuttgart.de<\/span>\n    \n    \n    \n            <svg width=\"25\" height=\"25\" viewBox=\"0 0 25 25\" fill=\"none\" xmlns=\"http:\/\/www.w3.org\/2000\/svg\">\n    <path d=\"M18.1328 7.86621L12.4995 13.0662L6.86615 7.86621\" stroke=\"black\" \/>\n    <rect x=\"6.5\" y=\"7.5\" width=\"12\" height=\"9.4\" stroke=\"black\" \/>\n<\/svg>\n    <\/a>\n\n<a\n    href=\"\"\n   class=\"link btn btn--default type-download has-icon icon-left\"\n    target=\"_blank\" rel=\"noopener noreferrer\"   data-type=\"download\"\n      >\n\n    \n            <span class=\"filetype\">VCF<\/span>\n    \n    \n            <svg width=\"25\" height=\"25\" viewBox=\"0 0 25 25\" fill=\"none\" xmlns=\"http:\/\/www.w3.org\/2000\/svg\">\n    <path d=\"M18 10.5L12.5 15L7 10.5\" stroke=\"black\" \/>\n    <path d=\"M12.5 6V15\" stroke=\"black\" \/>\n    <path d=\"M18 19H7\" stroke=\"black\" \/>\n<\/svg>\n    <\/a>\n\n        <\/div>\n\n    <\/div>\n\n<\/div>\n\n\n<div class=\"block block-teaser block-link block-card person has-image has-backgroundcolor\" style=\"--color-bg: var(--color-coral);\">\n\n        <a href=\"https:\/\/www.abk-stuttgart.de\/en\/person\/ulrike-buettner-2\/\"\n        class=\"block-link__link\"\n        aria-label=\"Zur Personenseite von Ulrike B\u00fcttner\">\n    <\/a>\n\n                <div class=\"area image\">\n            \n\n    \n<figure class=\"ratio--landscape\" style=\"--ratio:1\">\n\n    <img decoding=\"async\"\n        class=\"lozad\"\n        src=\"data:image\/gif;base64,R0lGODlhAQABAIAAAAAAAP\/\/\/yH5BAEAAAAALAAAAAABAAEAAAIBRAA7\"\n        data-src=\"https:\/\/www.abk-stuttgart.de\/wp-content\/uploads\/2024\/05\/buettner-ulrike_portrait_abk_big-1.jpg\"\n        data-srcset=\"https:\/\/www.abk-stuttgart.de\/wp-content\/uploads\/2024\/05\/buettner-ulrike_portrait_abk_big-1.jpg 2048w, https:\/\/www.abk-stuttgart.de\/wp-content\/uploads\/2024\/05\/buettner-ulrike_portrait_abk_big-1.jpg 1600w, https:\/\/www.abk-stuttgart.de\/wp-content\/uploads\/2024\/05\/buettner-ulrike_portrait_abk_big-1.jpg 1440w, https:\/\/www.abk-stuttgart.de\/wp-content\/uploads\/2024\/05\/buettner-ulrike_portrait_abk_big-1.jpg 1024w, https:\/\/www.abk-stuttgart.de\/wp-content\/uploads\/2024\/05\/buettner-ulrike_portrait_abk_big-1.jpg 800w, https:\/\/www.abk-stuttgart.de\/wp-content\/uploads\/2024\/05\/buettner-ulrike_portrait_abk_big-1.jpg 640w, https:\/\/www.abk-stuttgart.de\/wp-content\/uploads\/2024\/05\/buettner-ulrike_portrait_abk_big-1.jpg 320w\"\n        data-sizes=\"100vw\"\n        data-iesrc=\"https:\/\/www.abk-stuttgart.de\/wp-content\/uploads\/2024\/05\/buettner-ulrike_portrait_abk_big-1.jpg\"\n        alt=\"Eine Frau mit glattem, dunklem, schulterlangem Haar blickt mit einem leichten L\u00e4cheln in die Kamera. Sie tr\u00e4gt ein dunkles Top und kleine Ohrringe. Das Bild ist schwarz-wei\u00df.\"\n        data-ratio=\"1\"\n        style=\"display:block;min-height:1rem;opacity:1;\"\n    \/>\n\n<\/figure>\n\n\n        <\/div>\n    \n        <div class=\"area text\">\n\n                    <div class=\"meta-container\">\n                <span class=\"subhead top\">Dr.<\/span>\n            <\/div>\n        \n        <div class=\"title\">\n            <span>Ulrike B\u00fcttner<\/span>\n\n                    <\/div>\n\n                    <div class=\"description\">\n                <p>Curator of the art collection. Works in the archive of the Stuttgart State Academy of Art and Design<\/p>\n            <\/div>\n        \n                    <div class=\"description\">\n                <p>Campus Wei\u00dfenhof, Altbau, Room A 316<\/p>\n            <\/div>\n        \n                <div class=\"btn-group\">\n\n            \n<a\n    href=\"tel:+4971128440-275\"\n   class=\"link btn btn--default type-phone has-icon icon-left fs-uppercase\"\n    target=\"_blank\" rel=\"noopener noreferrer\"   data-type=\"phone\"\n      >\n\n            <span class=\"shrink-to-fit\">+49 711 28440-275<\/span>\n    \n    \n    \n            <svg width=\"25\" height=\"25\" viewBox=\"0 0 25 25\" fill=\"none\" xmlns=\"http:\/\/www.w3.org\/2000\/svg\">\n    <path d=\"M16.3886 14.7105L19 18.6969L17.1097 19.9138C13.3307 20.482 10.6279 18.1526 8.843 15.4993C7.12395 12.8036 6.07668 9.40838 8.13738 6.21696L10.0277 5L12.6167 8.95233L9.8672 10.7225C11.134 13.1039 11.9599 14.3647 13.6392 16.4806L16.3886 14.7105Z\" stroke=\"black\" \/>\n<\/svg>\n    <\/a>\n\n<a\n    href=\"mailto:ulrike.buettner@abk-stuttgart.de\"\n   class=\"link btn btn--default type-mail has-icon icon-left\"\n    target=\"_blank\" rel=\"noopener noreferrer\"   data-type=\"mail\"\n      >\n\n            <span class=\"shrink-to-fit\">ulrike.buettner@abk-stuttgart.de<\/span>\n    \n    \n    \n            <svg width=\"25\" height=\"25\" viewBox=\"0 0 25 25\" fill=\"none\" xmlns=\"http:\/\/www.w3.org\/2000\/svg\">\n    <path d=\"M18.1328 7.86621L12.4995 13.0662L6.86615 7.86621\" stroke=\"black\" \/>\n    <rect x=\"6.5\" y=\"7.5\" width=\"12\" height=\"9.4\" stroke=\"black\" \/>\n<\/svg>\n    <\/a>\n\n<a\n    href=\"\"\n   class=\"link btn btn--default type-download has-icon icon-left\"\n    target=\"_blank\" rel=\"noopener noreferrer\"   data-type=\"download\"\n      >\n\n    \n            <span class=\"filetype\">VCF<\/span>\n    \n    \n            <svg width=\"25\" height=\"25\" viewBox=\"0 0 25 25\" fill=\"none\" xmlns=\"http:\/\/www.w3.org\/2000\/svg\">\n    <path d=\"M18 10.5L12.5 15L7 10.5\" stroke=\"black\" \/>\n    <path d=\"M12.5 6V15\" stroke=\"black\" \/>\n    <path d=\"M18 19H7\" stroke=\"black\" \/>\n<\/svg>\n    <\/a>\n\n        <\/div>\n\n    <\/div>\n\n<\/div>\n\n<\/details>\n","protected":false},"author":4,"featured_media":33454,"parent":0,"menu_order":5,"template":"","class_list":["post-42451","resources","type-resources","status-publish","has-post-thumbnail","hentry"],"acf":[],"_links":{"self":[{"href":"https:\/\/www.abk-stuttgart.de\/en\/wp-json\/wp\/v2\/resources\/42451","targetHints":{"allow":["GET"]}}],"collection":[{"href":"https:\/\/www.abk-stuttgart.de\/en\/wp-json\/wp\/v2\/resources"}],"about":[{"href":"https:\/\/www.abk-stuttgart.de\/en\/wp-json\/wp\/v2\/types\/resources"}],"author":[{"embeddable":true,"href":"https:\/\/www.abk-stuttgart.de\/en\/wp-json\/wp\/v2\/users\/4"}],"wp:featuredmedia":[{"embeddable":true,"href":"https:\/\/www.abk-stuttgart.de\/en\/wp-json\/wp\/v2\/media\/33454"}],"wp:attachment":[{"href":"https:\/\/www.abk-stuttgart.de\/en\/wp-json\/wp\/v2\/media?parent=42451"}],"curies":[{"name":"wp","href":"https:\/\/api.w.org\/{rel}","templated":true}]}}